

{"id":20619,"date":"2019-12-12T13:15:50","date_gmt":"2019-12-12T12:15:50","guid":{"rendered":"https:\/\/fundaciojoseppla.cat\/exposiciones-temporales\/professors-de-solitud-j-esquirol-fotograf-j-pla-escriptor\/"},"modified":"2022-06-17T18:35:56","modified_gmt":"2022-06-17T16:35:56","slug":"professors-de-solitud-j-esquirol-fotograf-j-pla-escriptor","status":"publish","type":"page","link":"https:\/\/fundaciojoseppla.cat\/es\/exposiciones-temporales\/professors-de-solitud-j-esquirol-fotograf-j-pla-escriptor\/","title":{"rendered":"Professors de solitud. J. Esquirol, fot\u00f2graf \u2013 J. Pla, escriptor"},"content":{"rendered":"\t\t<div data-elementor-type=\"wp-post\" data-elementor-id=\"20619\" class=\"elementor elementor-20619 elementor-13213\" data-elementor-post-type=\"page\">\n\t\t\t\t\t\t<section class=\"elementor-section elementor-top-section elementor-element elementor-element-2a40542 elementor-section-boxed elementor-section-height-default elementor-section-height-default\" data-id=\"2a40542\" data-element_type=\"section\">\n\t\t\t\t\t\t<div class=\"elementor-container elementor-column-gap-default\">\n\t\t\t\t\t<div class=\"elementor-column elementor-col-100 elementor-top-column elementor-element elementor-element-12e84a6\" data-id=\"12e84a6\" data-element_type=\"column\">\n\t\t\t<div class=\"elementor-widget-wrap elementor-element-populated\">\n\t\t\t\t\t\t<div class=\"elementor-element elementor-element-7addf23 claredonlight elementor-widget elementor-widget-heading\" data-id=\"7addf23\" data-element_type=\"widget\" data-widget_type=\"heading.default\">\n\t\t\t\t<div class=\"elementor-widget-container\">\n\t\t\t\t\t<h1 class=\"elementor-heading-title elementor-size-default\">Exposiciones temporales<\/h1>\t\t\t\t<\/div>\n\t\t\t\t<\/div>\n\t\t\t\t<div class=\"elementor-element elementor-element-15992e6 elementor-widget elementor-widget-text-editor\" data-id=\"15992e6\" data-element_type=\"widget\" data-widget_type=\"text-editor.default\">\n\t\t\t\t<div class=\"elementor-widget-container\">\n\t\t\t\t\t\t\t\t\t<ul><li><a class=\"linkverd\" href=\"https:\/\/fundaciojoseppla.cat\/es\/exposiciones-temporales\/joan-fuster-josep-pla-una-conversa-infinita\/#seccio2022\">2022 Joan Fuster &#8211; Josep Pla: una conversa infinita<\/a><\/li><li class=\"expoany\"><a class=\"linkverd\" href=\"https:\/\/fundaciojoseppla.cat\/es\/exposiciones-temporales\/de-palafrugell-a-paris-1913-1925-josep-pla-y-los-artistas-una-mirada-literaria\/#seccio27\">2021 De Palafrugell a Par\u00eds, 1913-1925. Josep Pla i els artistes, una mirada liter\u00e0ria<\/a><\/li><li class=\"expoany\"><a class=\"linkverd\" href=\"https:\/\/fundaciojoseppla.cat\/es\/exposiciones-temporales\/josep-pla-vist-per-eugeni-forcano\/#seccio26\">2020\u00a0<\/a><a class=\"linkverd\" href=\"https:\/\/fundaciojoseppla.cat\/exposicions-temporals\/josep-pla-vist-per-eugeni-forcano\/#seccio26\">Josep Pla vist per Eugeni Forcano<\/a><\/li><li class=\"expoany\"><a class=\"linkverd\" href=\"https:\/\/fundaciojoseppla.cat\/es\/exposiciones-temporales\/el-primer-artista-que-vaig-coneixer-joan-b-coromina-i-josep-pla\/#seccio25\">2019\u00a0<\/a><a class=\"linkverd \" href=\"https:\/\/fundaciojoseppla.cat\/es\/exposiciones-temporales\/el-primer-artista-que-vaig-coneixer-joan-b-coromina-i-josep-pla\/#seccio25\">\u201cEl primer artista que vaig con\u00e8ixer\u201d. Joan B. Coromina i Josep Pla<\/a><\/li><li class=\"expoany\"><a class=\"linkverd\" href=\"https:\/\/fundaciojoseppla.cat\/es\/exposiciones-temporales\/josep-pla-i-la-civilitzacio-surera\/#seccio24\">2018\u00a0<\/a><a class=\"linkverd\" href=\"https:\/\/fundaciojoseppla.cat\/es\/exposiciones-temporales\/professors-de-solitud-j-esquirol-fotograf-j-pla-escriptor\/#seccio24\">Professors de solitud.J. Esquirol, fot\u00f2graf \u2013J.Pla, escriptor<\/a><\/li><li class=\"expoany\"><a class=\"linkverd\" href=\"https:\/\/fundaciojoseppla.cat\/es\/exposiciones-temporales\/josep-pla-i-la-civilitzacio-surera\/#seccio24\">2017<\/a> <a class=\"linkverd\" href=\"https:\/\/fundaciojoseppla.cat\/es\/exposiciones-temporales\/mig-europa-cau-impressions-de-josep-pla-sobre-la-gran-guerra\/#seccio24\">Mig Europa cau.Impressions de Josep Pla sobre la Gran Guerra.<\/a><\/li><li class=\"expoany\"><a class=\"linkverd\" href=\"https:\/\/fundaciojoseppla.cat\/es\/exposiciones-temporales\/josep-pla-i-la-civilitzacio-surera\/#seccio24\">2016\u00a0<\/a><a class=\"linkverd\" href=\"https:\/\/fundaciojoseppla.cat\/es\/exposiciones-temporales\/josep-pla-i-la-civilitzacio-surera\/#seccio24\">Josep Pla i la civilitzaci\u00f3 surera<\/a><\/li><li class=\"expoany\"><a class=\"linkverd\" href=\"https:\/\/fundaciojoseppla.cat\/es\/exposiciones-temporales\/pop-up-dibuixam-un-conte\/#seccio23\">2015\u00a0<\/a><a class=\"linkverd\" href=\"https:\/\/fundaciojoseppla.cat\/es\/exposiciones-temporales\/pop-up-dibuixam-un-conte\/#seccio23\">Pop-up! Dibuixa&#8217;m un conte<\/a><\/li><li class=\"expoany\"><a class=\"linkverd\" href=\"https:\/\/fundaciojoseppla.cat\/es\/exposiciones-temporales\/notes-sobre-paris-joan-pujol-creus-josep-pla\/#seccio23\">2014\u00a0<\/a><a class=\"linkverd\" href=\"https:\/\/fundaciojoseppla.cat\/es\/exposiciones-temporales\/notes-sobre-paris-joan-pujol-creus-josep-pla\/#seccio23\">Notes sobre Par\u00eds. Joan Pujol-Creus \u2014 Josep Pla<\/a><\/li><li class=\"expoany\"><a class=\"linkverd\" href=\"https:\/\/fundaciojoseppla.cat\/es\/exposiciones-temporales\/les-ciutats-europees-de-josep-pla\/#seccio19\">2013 <\/a><a class=\"linkverd\" href=\"https:\/\/fundaciojoseppla.cat\/es\/exposiciones-temporales\/les-ciutats-europees-de-josep-pla\/#seccio19\">Les ciutats europees de Josep Pla<\/a><\/li><li><a class=\"linkverd\" href=\"https:\/\/fundaciojoseppla.cat\/es\/exposiciones-temporales\/dues-mirades-a-maillol-josep-pla-i-torres-monso\/#seccio21\">2012\u00a0<\/a><a class=\"linkverd\" href=\"https:\/\/fundaciojoseppla.cat\/es\/exposiciones-temporales\/dues-mirades-a-maillol-josep-pla-i-torres-monso\/#seccio21\">Dues mirades a Maillol. Josep Pla i Torres Mons\u00f3<\/a><\/li><li class=\"expoany\"><a class=\"linkverd\" href=\"https:\/\/fundaciojoseppla.cat\/es\/exposiciones-temporales\/a-lombra-de-josep-pla\/#seccio20\">2011\u00a0<\/a><a class=\"linkverd\" href=\"https:\/\/fundaciojoseppla.cat\/es\/exposiciones-temporales\/a-lombra-de-josep-pla\/#seccio20\">A l&#8217;ombra de Josep Pla<\/a><\/li><li class=\"expoany\"><a class=\"linkverd\" href=\"https:\/\/fundaciojoseppla.cat\/es\/exposiciones-temporales\/jaume-vicens-i-vives-josep-pla-complicitats\/#seccio18\">2010\u00a0<\/a><a class=\"linkverd\" href=\"https:\/\/fundaciojoseppla.cat\/es\/exposiciones-temporales\/jaume-vicens-i-vives-josep-pla-complicitats\/#seccio18\">Jaume Vicens i Vives &#8211; Josep Pla. Complicitats<\/a><\/li><li class=\"expoany\"><a class=\"linkverd\" href=\"https:\/\/fundaciojoseppla.cat\/es\/exposiciones-temporales\/aigua-de-mar\/#seccio17\">2010\u00a0<\/a><a class=\"linkverd\" href=\"https:\/\/fundaciojoseppla.cat\/es\/exposiciones-temporales\/aigua-de-mar\/#seccio17\">Aigua de mar<\/a><\/li><li class=\"expoany\"><a class=\"linkverd\" href=\"https:\/\/fundaciojoseppla.cat\/es\/exposiciones-temporales\/el-madrid-de-josep-pla\/#seccio16\">2010 <\/a><a class=\"linkverd\" href=\"https:\/\/fundaciojoseppla.cat\/es\/exposiciones-temporales\/el-madrid-de-josep-pla\/#seccio16\">El Madrid de Josep Pla<\/a><\/li><li class=\"expoany\"><a class=\"linkverd\" href=\"https:\/\/fundaciojoseppla.cat\/es\/exposiciones-temporales\/maria-angels-anglada-1930-1999-vida-i-obra\/#seccio15\">2009 <\/a><a class=\"linkverd\" href=\"https:\/\/fundaciojoseppla.cat\/es\/exposiciones-temporales\/maria-angels-anglada-1930-1999-vida-i-obra\/#seccio15\">Maria \u00c0ngels Anglada (1930-1999). Vida i obra<\/a><\/li><li class=\"expoany\"><a class=\"linkverd\" href=\"https:\/\/fundaciojoseppla.cat\/es\/exposiciones-temporales\/pla-lhermos-i-companyia-figures-literaries-ii\/#seccio14\">2008\u00a0<\/a><a class=\"linkverd\" href=\"https:\/\/fundaciojoseppla.cat\/es\/exposiciones-temporales\/pla-lhermos-i-companyia-figures-literaries-ii\/#seccio14\">Pla, l&#8217;Herm\u00f3s i companyia. Figures liter\u00e0ries II<\/a><\/li><li class=\"expoany\"><a class=\"linkverd\" href=\"https:\/\/fundaciojoseppla.cat\/es\/exposiciones-temporales\/pels-camins-de-lemporda-gunter-grass-josep-pla\/#seccio13\">2008\u00a0<\/a><a class=\"linkverd\" href=\"https:\/\/fundaciojoseppla.cat\/es\/exposiciones-temporales\/pels-camins-de-lemporda-gunter-grass-josep-pla\/#seccio13\">Pels camins de l&#8217;Empord\u00e0. G\u00fcnter Grass &#8211; Josep Pla<\/a><\/li><li class=\"expoany\"><a class=\"linkverd\" href=\"https:\/\/fundaciojoseppla.cat\/es\/exposiciones-temporales\/pla-biograf-de-rusinol\/#seccio12\">2007\u00a0<\/a><a class=\"linkverd\" href=\"https:\/\/fundaciojoseppla.cat\/es\/exposiciones-temporales\/pla-biograf-de-rusinol\/#seccio12\">Pla, bi\u00f2graf de Rusi\u00f1ol.<\/a><\/li><li class=\"expoany\"><a class=\"linkverd\" href=\"https:\/\/fundaciojoseppla.cat\/es\/exposiciones-temporales\/josep-pla-com-a-pretext\/#seccio11\">2006\u00a0<\/a><a class=\"linkverd\" href=\"https:\/\/fundaciojoseppla.cat\/es\/exposiciones-temporales\/josep-pla-com-a-pretext\/#seccio11\">Josep Pla com a pretext<\/a><\/li><li class=\"expoany\"><a class=\"linkverd\" href=\"https:\/\/fundaciojoseppla.cat\/es\/exposiciones-temporales\/josep-pla-i-els-pintors\/#seccio10\">2006\u00a0<\/a><a class=\"linkverd\" href=\"https:\/\/fundaciojoseppla.cat\/es\/exposiciones-temporales\/josep-pla-i-els-pintors\/#seccio10\">Josep Pla i els pintors.<\/a><\/li><li class=\"expoany\"><a class=\"linkverd\" href=\"https:\/\/fundaciojoseppla.cat\/es\/exposiciones-temporales\/josep-pla-cartes-ditalia\/#seccio9\">2005\u00a0<\/a><a class=\"linkverd\" href=\"https:\/\/fundaciojoseppla.cat\/es\/exposiciones-temporales\/josep-pla-cartes-ditalia\/#seccio9\">Josep Pla. Cartes d&#8217;It\u00e0lia<\/a><\/li><li class=\"expoany\"><a class=\"linkverd\" href=\"https:\/\/fundaciojoseppla.cat\/es\/exposiciones-temporales\/salvador-dali-josep-pla-coincidencies\/#seccio8\">2004\u00a0<\/a><a class=\"linkverd\" href=\"https:\/\/fundaciojoseppla.cat\/es\/exposiciones-temporales\/salvador-dali-josep-pla-coincidencies\/#seccio8\">Salvador Dal\u00ed, Josep Pla. Coincid\u00e8ncies<\/a><\/li><li class=\"expoany\"><a class=\"linkverd\" href=\"https:\/\/fundaciojoseppla.cat\/es\/exposiciones-temporales\/el-temps-que-fuig-narcis-comadira-i-josep-pla\/#seccio7\">2003\u00a0<\/a><a class=\"linkverd\" href=\"https:\/\/fundaciojoseppla.cat\/es\/exposiciones-temporales\/el-temps-que-fuig-narcis-comadira-i-josep-pla\/#seccio7\">El temps que fuig. Narc\u00eds Comadira i Josep Pla<\/a><\/li><li class=\"expoany\"><a class=\"linkverd\" href=\"https:\/\/fundaciojoseppla.cat\/es\/exposiciones-temporales\/josep-pla-soc-un-illoman\/#seccio6\">2001-02 <\/a><a class=\"linkverd\" href=\"https:\/\/fundaciojoseppla.cat\/es\/exposiciones-temporales\/josep-pla-soc-un-illoman\/#seccio6\">Josep Pla: \u201c&#8230;s\u00f3c un ill\u00f2man\u201d<\/a><\/li><li class=\"expoany\"><a class=\"linkverd\" href=\"https:\/\/fundaciojoseppla.cat\/es\/exposiciones-temporales\/gaudi-i-verdaguer-llegits-per-josep-pla\/#seccio5\">2002\u00a0<\/a><a class=\"linkverd\" href=\"https:\/\/fundaciojoseppla.cat\/es\/exposiciones-temporales\/gaudi-i-verdaguer-llegits-per-josep-pla\/#seccio5\">Gaud\u00ed i Verdaguer llegits per Josep Pla<\/a><\/li><li class=\"expoany\"><a class=\"linkverd\" href=\"https:\/\/fundaciojoseppla.cat\/es\/exposiciones-temporales\/el-carrer-estret-la-poetica-de-la-banalitat\/#seccio4\">2001\u00a0<\/a><a class=\"linkverd\" href=\"https:\/\/fundaciojoseppla.cat\/es\/exposiciones-temporales\/el-carrer-estret-la-poetica-de-la-banalitat\/#seccio4\">El carrer Estret, la po\u00e8tica de la banalitat<\/a><\/li><\/ul>\t\t\t\t\t\t\t\t<\/div>\n\t\t\t\t<\/div>\n\t\t\t\t\t<\/div>\n\t\t<\/div>\n\t\t\t\t\t<\/div>\n\t\t<\/section>\n\t\t\t\t<section class=\"elementor-section elementor-top-section elementor-element elementor-element-8b3dfcd elementor-section-boxed elementor-section-height-default elementor-section-height-default\" data-id=\"8b3dfcd\" data-element_type=\"section\">\n\t\t\t\t\t\t<div class=\"elementor-container elementor-column-gap-default\">\n\t\t\t\t\t<div class=\"elementor-column elementor-col-100 elementor-top-column elementor-element elementor-element-22883ebf\" data-id=\"22883ebf\" data-element_type=\"column\">\n\t\t\t<div class=\"elementor-widget-wrap elementor-element-populated\">\n\t\t\t\t\t\t<div class=\"elementor-element elementor-element-1b6ba7c6 elementor-widget elementor-widget-menu-anchor\" data-id=\"1b6ba7c6\" data-element_type=\"widget\" data-widget_type=\"menu-anchor.default\">\n\t\t\t\t<div class=\"elementor-widget-container\">\n\t\t\t\t\t\t\t<div class=\"elementor-menu-anchor\" id=\"seccio24\"><\/div>\n\t\t\t\t\t\t<\/div>\n\t\t\t\t<\/div>\n\t\t\t\t\t<\/div>\n\t\t<\/div>\n\t\t\t\t\t<\/div>\n\t\t<\/section>\n\t\t\t\t<section class=\"elementor-section elementor-top-section elementor-element elementor-element-17a691c0 elementor-section-full_width elementor-section-height-default elementor-section-height-default\" data-id=\"17a691c0\" data-element_type=\"section\" data-settings=\"{&quot;background_background&quot;:&quot;classic&quot;}\">\n\t\t\t\t\t\t\t<div class=\"elementor-background-overlay\"><\/div>\n\t\t\t\t\t\t\t<div class=\"elementor-container elementor-column-gap-default\">\n\t\t\t\t\t<div class=\"elementor-column elementor-col-100 elementor-top-column elementor-element elementor-element-3d6aeb48\" data-id=\"3d6aeb48\" data-element_type=\"column\">\n\t\t\t<div class=\"elementor-widget-wrap elementor-element-populated\">\n\t\t\t\t\t\t<div class=\"elementor-element elementor-element-6f625248 elementor-widget elementor-widget-heading\" data-id=\"6f625248\" data-element_type=\"widget\" data-widget_type=\"heading.default\">\n\t\t\t\t<div class=\"elementor-widget-container\">\n\t\t\t\t\t<h2 class=\"elementor-heading-title elementor-size-default\"><p class=\"claredonlight\">2018<\/p><p class=\"claredonbold\">Professors de Solitud. J. Esquirol, fot\u00f2graf \u2013 J. Pla, escriptor<\/p><\/h2>\t\t\t\t<\/div>\n\t\t\t\t<\/div>\n\t\t\t\t\t<\/div>\n\t\t<\/div>\n\t\t\t\t\t<\/div>\n\t\t<\/section>\n\t\t\t\t<section class=\"elementor-section elementor-top-section elementor-element elementor-element-a214718 elementor-section-boxed elementor-section-height-default elementor-section-height-default\" data-id=\"a214718\" data-element_type=\"section\">\n\t\t\t\t\t\t<div class=\"elementor-container elementor-column-gap-default\">\n\t\t\t\t\t<div class=\"elementor-column elementor-col-66 elementor-top-column elementor-element elementor-element-342ae6d\" data-id=\"342ae6d\" data-element_type=\"column\">\n\t\t\t<div class=\"elementor-widget-wrap elementor-element-populated\">\n\t\t\t\t\t\t<div class=\"elementor-element elementor-element-29f608c3 elementor-widget elementor-widget-text-editor\" data-id=\"29f608c3\" data-element_type=\"widget\" data-widget_type=\"text-editor.default\">\n\t\t\t\t<div class=\"elementor-widget-container\">\n\t\t\t\t\t\t\t\t\t<p class=\"citaplajustifica\">Palafrugell, de l&#8217;1 de juliol de 2018 al 5 de maig de 2019<\/p>\n<p align=\"justify\">Suposem que Josep Pla i Josep Esquirol no es van con\u00e8ixer perqu\u00e8 no van viure a l\u2019Escala durant la mateixa \u00e8poca. De tota manera, malgrat que la coincid\u00e8ncia en el temps no \u00e9s exacte, creiem que no hi havia d\u2019haver gaire difer\u00e8ncia entre el paisatge i la gent de l\u2019Escala dels anys 10 que retrata Esquirol, i la que coneix Josep Pla durant els primers anys 40, en plena postguerra.<br \/>\nEls textos de Pla que acompanyen les fotografies d\u2019Esquirol s\u00f3n de proced\u00e8ncia diversa. Estan publicats en diferents volums de la seva Obra Completa: El quadern gris (OC I), Tres guies (OC XXX), El meu pa\u00eds (OC VII)&#8230; i sobretot, Aigua de mar (OC II), llibre en el qual hi apleg\u00e0 narracions de tem\u00e0tica marinera i on descriu magistralment la forma de vida dels pescadors de la costa empordanesa i les seves fam\u00edlies.<br \/>\nA partir de les imatges d\u2019Esquirol hem ampliat el ventall tem\u00e0tic que ens permet acarar-los: els embats d\u2019una climatologia gens benigna, l\u2019inter\u00e8s pels primers treballs d\u2019arqueologia al jaciment d\u2019Emp\u00faries, la navegaci\u00f3 a la vela llatina, els diferents arts de pesca, els pescadors i els seus excel\u00b7lents retrats, la sala\u00f3 de l\u2019anxova i la sardina, i la vida a la vila o a pag\u00e8s, de l\u2019Escala.<\/p>\n\t\t\t\t\t\t\t\t<\/div>\n\t\t\t\t<\/div>\n\t\t\t\t<div class=\"elementor-element elementor-element-49d53ee claredonbold elementor-widget elementor-widget-text-editor\" data-id=\"49d53ee\" data-element_type=\"widget\" data-widget_type=\"text-editor.default\">\n\t\t\t\t<div class=\"elementor-widget-container\">\n\t\t\t\t\t\t\t\t\t<p>&#8220;Em glorio de tenir alguns bons amics entre la poblaci\u00f3 pescadora de l&#8217;Escala: els vaig con\u00e8ixer tots a les cales, a l&#8217;ombra fresca de llurs tendes, davant el fog\u00f3 de foc de llenya de pi, on es guisava una perfumada olla de peix. Ells van \u00e9sser els meus professors de solitud i els qui m&#8217;ensenyaren a comprendre que en aquesta vida, on tots els dies s\u00f3n iguals, tant li fa que bufa el garb\u00ed com el gregal, el xaloc com la tramuntana.&#8221;<\/p>\n\t\t\t\t\t\t\t\t<\/div>\n\t\t\t\t<\/div>\n\t\t\t\t<div class=\"elementor-element elementor-element-a9bf8cc pitchlight elementor-widget elementor-widget-heading\" data-id=\"a9bf8cc\" data-element_type=\"widget\" data-widget_type=\"heading.default\">\n\t\t\t\t<div class=\"elementor-widget-container\">\n\t\t\t\t\t<h2 class=\"elementor-heading-title elementor-size-default\"><p class=\"fancy\"><span style=\"font-size: 15px;font-style: normal;font-weight: 600;white-space: normal\">Josep Pla.&nbsp;<span style=\"font-size: 15px;font-style: italic;font-weight: 600;white-space: normal\">Tres guies.<\/span> OC XXX, 226-227.<\/span><span style=\"font-family: Roboto, sans-serif;font-size: 14px;font-style: italic;font-weight: 600\"><\/span><\/p><\/h2>\t\t\t\t<\/div>\n\t\t\t\t<\/div>\n\t\t\t\t<div class=\"elementor-element elementor-element-87d9934 elementor-widget elementor-widget-text-editor\" data-id=\"87d9934\" data-element_type=\"widget\" data-widget_type=\"text-editor.default\">\n\t\t\t\t<div class=\"elementor-widget-container\">\n\t\t\t\t\t\t\t\t\t<p><iframe style=\"border: none; overflow: hidden;\" src=\"https:\/\/www.facebook.com\/plugins\/video.php?href=https%3A%2F%2Fwww.facebook.com%2FFJosepPla%2Fvideos%2F10156508182949110%2F&amp;show_text=0&amp;width=560\" width=\"560\" height=\"730\" frameborder=\"0\" scrolling=\"no\" allowfullscreen=\"allowfullscreen\"><\/iframe><\/p>\n\t\t\t\t\t\t\t\t<\/div>\n\t\t\t\t<\/div>\n\t\t\t\t\t<\/div>\n\t\t<\/div>\n\t\t\t\t<div class=\"elementor-column elementor-col-33 elementor-top-column elementor-element elementor-element-54354a2\" data-id=\"54354a2\" data-element_type=\"column\">\n\t\t\t<div class=\"elementor-widget-wrap elementor-element-populated\">\n\t\t\t\t\t\t<div class=\"elementor-element elementor-element-bc968ad claredonregular elementor-widget elementor-widget-text-editor\" data-id=\"bc968ad\" data-element_type=\"widget\" data-widget_type=\"text-editor.default\">\n\t\t\t\t<div class=\"elementor-widget-container\">\n\t\t\t\t\t\t\t\t\t<p><strong>Itiner\u00e0ncies<\/strong><\/p>\n\t\t\t\t\t\t\t\t<\/div>\n\t\t\t\t<\/div>\n\t\t\t\t<div class=\"elementor-element elementor-element-218a6fc elementor-widget elementor-widget-text-editor\" data-id=\"218a6fc\" data-element_type=\"widget\" data-widget_type=\"text-editor.default\">\n\t\t\t\t<div class=\"elementor-widget-container\">\n\t\t\t\t\t\t\t\t\t<ul>\n<li>Fundaci\u00f3 Josep Pla de Palafrugell, de l&#8217;1 de juliol de 2018 al 5 de maig de 2019<\/li>\n<li>L&#8217;Alfol\u00ed de la Sal de l&#8217;Escala, de 8 de novembre de 2019 al 16 de febrer de 2020<\/li>\n<\/ul>\n\t\t\t\t\t\t\t\t<\/div>\n\t\t\t\t<\/div>\n\t\t\t\t<div class=\"elementor-element elementor-element-82b7788 claredonregular elementor-widget elementor-widget-text-editor\" data-id=\"82b7788\" data-element_type=\"widget\" data-widget_type=\"text-editor.default\">\n\t\t\t\t<div class=\"elementor-widget-container\">\n\t\t\t\t\t\t\t\t\t<p><strong>Premsa<\/strong><\/p>\n\t\t\t\t\t\t\t\t<\/div>\n\t\t\t\t<\/div>\n\t\t\t\t<div class=\"elementor-element elementor-element-21b2e09 elementor-widget elementor-widget-text-editor\" data-id=\"21b2e09\" data-element_type=\"widget\" data-widget_type=\"text-editor.default\">\n\t\t\t\t<div class=\"elementor-widget-container\">\n\t\t\t\t\t\t\t\t\t<p>\u2013\u00a0Vazquez, Eva. &#8220;<a class=\"linkverd\" href=\"http:\/\/www.elpuntavui.cat\/cultura\/article\/1447911-solitaris-en-mar.html?utm_source=whatsapp&amp;utm_medium=botons&amp;utm_campaign=com_epanoticies\" target=\"_blank\" rel=\"noopener\">Solitaris en mar<\/a>&#8220;. El punt-Avui, 12.08.18<br \/>\n\u2013\u00a0Camps, Jordi. &#8220;<a class=\"linkverd\" href=\"http:\/\/www.elpuntavui.cat\/cultura\/article\/19-cultura\/1427427-pla-casa-amb-esquirol.html\" target=\"_blank\" rel=\"noopener\">Pla casa amb Esquirol<\/a>&#8220;. El punt-Avui, 09.07.18<br \/>\n\u2013\u00a0Bonaventura, Daniel. &#8220;<a class=\"linkverd\" href=\"https:\/\/www.diaridegirona.cat\/cultura\/2018\/07\/01\/exposicio-fotos-desquirol-textos-pla\/922187.html\" target=\"_blank\" rel=\"noopener\">Una exposici\u00f3 amb fotos d&#8217;Esquirol i textos de Pla recrea l&#8217;Escala de fa 100 anys<\/a>&#8221; Diari de Girona, 01.07.18<\/p>\n\t\t\t\t\t\t\t\t<\/div>\n\t\t\t\t<\/div>\n\t\t\t\t\t<\/div>\n\t\t<\/div>\n\t\t\t\t\t<\/div>\n\t\t<\/section>\n\t\t\t\t<\/div>\n\t\t","protected":false},"excerpt":{"rendered":"<p>Exposiciones temporales 2022 Joan Fuster &#8211; Josep Pla: una conversa infinita 2021 De Palafrugell a Par\u00eds, 1913-1925. Josep Pla i els artistes, una mirada liter\u00e0ria 2020\u00a0Josep Pla vist per Eugeni Forcano 2019\u00a0\u201cEl primer artista que vaig con\u00e8ixer\u201d. Joan B. Coromina i Josep Pla 2018\u00a0Professors de solitud.J. Esquirol, fot\u00f2graf \u2013J.Pla, escriptor 2017 Mig Europa cau.Impressions de [&hellip;]<\/p>\n","protected":false},"author":3,"featured_media":0,"parent":4054,"menu_order":0,"comment_status":"closed","ping_status":"closed","template":"","meta":{"inline_featured_image":false,"site-sidebar-layout":"no-sidebar","site-content-layout":"page-builder","ast-site-content-layout":"default","site-content-style":"default","site-sidebar-style":"default","ast-global-header-display":"","ast-banner-title-visibility":"","ast-main-header-display":"","ast-hfb-above-header-display":"","ast-hfb-below-header-display":"","ast-hfb-mobile-header-display":"","site-post-title":"disabled","ast-breadcrumbs-content":"","ast-featured-img":"disabled","footer-sml-layout":"","theme-transparent-header-meta":"","adv-header-id-meta":"","stick-header-meta":"","header-above-stick-meta":"","header-main-stick-meta":"","header-below-stick-meta":"","astra-migrate-meta-layouts":"default","ast-page-background-enabled":"default","ast-page-background-meta":{"desktop":{"background-color":"var(--ast-global-color-4)","background-image":"","background-repeat":"repeat","background-position":"center center","background-size":"auto","background-attachment":"scroll","background-type":"","background-media":"","overlay-type":"","overlay-color":"","overlay-opacity":"","overlay-gradient":""},"tablet":{"background-color":"","background-image":"","background-repeat":"repeat","background-position":"center center","background-size":"auto","background-attachment":"scroll","background-type":"","background-media":"","overlay-type":"","overlay-color":"","overlay-opacity":"","overlay-gradient":""},"mobile":{"background-color":"","background-image":"","background-repeat":"repeat","background-position":"center center","background-size":"auto","background-attachment":"scroll","background-type":"","background-media":"","overlay-type":"","overlay-color":"","overlay-opacity":"","overlay-gradient":""}},"ast-content-background-meta":{"desktop":{"background-color":"var(--ast-global-color-5)","background-image":"","background-repeat":"repeat","background-position":"center center","background-size":"auto","background-attachment":"scroll","background-type":"","background-media":"","overlay-type":"","overlay-color":"","overlay-opacity":"","overlay-gradient":""},"tablet":{"background-color":"var(--ast-global-color-5)","background-image":"","background-repeat":"repeat","background-position":"center center","background-size":"auto","background-attachment":"scroll","background-type":"","background-media":"","overlay-type":"","overlay-color":"","overlay-opacity":"","overlay-gradient":""},"mobile":{"background-color":"var(--ast-global-color-5)","background-image":"","background-repeat":"repeat","background-position":"center center","background-size":"auto","background-attachment":"scroll","background-type":"","background-media":"","overlay-type":"","overlay-color":"","overlay-opacity":"","overlay-gradient":""}},"footnotes":""},"class_list":["post-20619","page","type-page","status-publish","hentry"],"yoast_head":"<!-- This site is optimized with the Yoast SEO plugin v26.1.1 - https:\/\/yoast.com\/wordpress\/plugins\/seo\/ -->\n<title>Professors de solitud. J. Esquirol, fot\u00f2graf \u2013 J. Pla, escriptor - Fundaci\u00f3 Josep Pla<\/title>\n<meta name=\"robots\" content=\"index, follow, max-snippet:-1, max-image-preview:large, max-video-preview:-1\" \/>\n<link rel=\"canonical\" href=\"https:\/\/fundaciojoseppla.cat\/exposicions-temporals\/professors-de-solitud-j-esquirol-fotograf-j-pla-escriptor\/\" \/>\n<meta property=\"og:locale\" content=\"es_ES\" \/>\n<meta property=\"og:type\" content=\"article\" \/>\n<meta property=\"og:title\" content=\"Professors de solitud. J. Esquirol, fot\u00f2graf \u2013 J. Pla, escriptor - Fundaci\u00f3 Josep Pla\" \/>\n<meta property=\"og:description\" content=\"Exposiciones temporales 2022 Joan Fuster &#8211; Josep Pla: una conversa infinita 2021 De Palafrugell a Par\u00eds, 1913-1925. Josep Pla i els artistes, una mirada liter\u00e0ria 2020\u00a0Josep Pla vist per Eugeni Forcano 2019\u00a0\u201cEl primer artista que vaig con\u00e8ixer\u201d. Joan B. Coromina i Josep Pla 2018\u00a0Professors de solitud.J. Esquirol, fot\u00f2graf \u2013J.Pla, escriptor 2017 Mig Europa cau.Impressions de [&hellip;]\" \/>\n<meta property=\"og:url\" content=\"https:\/\/fundaciojoseppla.cat\/exposicions-temporals\/professors-de-solitud-j-esquirol-fotograf-j-pla-escriptor\/\" \/>\n<meta property=\"og:site_name\" content=\"Fundaci\u00f3 Josep Pla\" \/>\n<meta property=\"article:publisher\" content=\"https:\/\/www.facebook.com\/FJosepPla\/\" \/>\n<meta property=\"article:modified_time\" content=\"2022-06-17T16:35:56+00:00\" \/>\n<meta name=\"twitter:card\" content=\"summary_large_image\" \/>\n<meta name=\"twitter:site\" content=\"@FJosepPla\" \/>\n<meta name=\"twitter:label1\" content=\"Tiempo de lectura\" \/>\n\t<meta name=\"twitter:data1\" content=\"3 minutos\" \/>\n<script type=\"application\/ld+json\" class=\"yoast-schema-graph\">{\"@context\":\"https:\/\/schema.org\",\"@graph\":[{\"@type\":\"WebPage\",\"@id\":\"https:\/\/fundaciojoseppla.cat\/exposicions-temporals\/professors-de-solitud-j-esquirol-fotograf-j-pla-escriptor\/\",\"url\":\"https:\/\/fundaciojoseppla.cat\/exposicions-temporals\/professors-de-solitud-j-esquirol-fotograf-j-pla-escriptor\/\",\"name\":\"Professors de solitud. J. Esquirol, fot\u00f2graf \u2013 J. Pla, escriptor - Fundaci\u00f3 Josep Pla\",\"isPartOf\":{\"@id\":\"https:\/\/fundaciojoseppla.cat\/#website\"},\"datePublished\":\"2019-12-12T12:15:50+00:00\",\"dateModified\":\"2022-06-17T16:35:56+00:00\",\"breadcrumb\":{\"@id\":\"https:\/\/fundaciojoseppla.cat\/exposicions-temporals\/professors-de-solitud-j-esquirol-fotograf-j-pla-escriptor\/#breadcrumb\"},\"inLanguage\":\"es\",\"potentialAction\":[{\"@type\":\"ReadAction\",\"target\":[\"https:\/\/fundaciojoseppla.cat\/exposicions-temporals\/professors-de-solitud-j-esquirol-fotograf-j-pla-escriptor\/\"]}]},{\"@type\":\"BreadcrumbList\",\"@id\":\"https:\/\/fundaciojoseppla.cat\/exposicions-temporals\/professors-de-solitud-j-esquirol-fotograf-j-pla-escriptor\/#breadcrumb\",\"itemListElement\":[{\"@type\":\"ListItem\",\"position\":1,\"name\":\"Inici\",\"item\":\"https:\/\/fundaciojoseppla.cat\/es\/\"},{\"@type\":\"ListItem\",\"position\":2,\"name\":\"Exposiciones temporales\",\"item\":\"https:\/\/fundaciojoseppla.cat\/exposicions-temporals\/\"},{\"@type\":\"ListItem\",\"position\":3,\"name\":\"Professors de solitud. J. Esquirol, fot\u00f2graf \u2013 J. Pla, escriptor\"}]},{\"@type\":\"WebSite\",\"@id\":\"https:\/\/fundaciojoseppla.cat\/#website\",\"url\":\"https:\/\/fundaciojoseppla.cat\/\",\"name\":\"Fundaci\u00f3 Josep Pla\",\"description\":\"Fundacio Josep Pla Palafrugell\",\"publisher\":{\"@id\":\"https:\/\/fundaciojoseppla.cat\/#organization\"},\"potentialAction\":[{\"@type\":\"SearchAction\",\"target\":{\"@type\":\"EntryPoint\",\"urlTemplate\":\"https:\/\/fundaciojoseppla.cat\/?s={search_term_string}\"},\"query-input\":{\"@type\":\"PropertyValueSpecification\",\"valueRequired\":true,\"valueName\":\"search_term_string\"}}],\"inLanguage\":\"es\"},{\"@type\":\"Organization\",\"@id\":\"https:\/\/fundaciojoseppla.cat\/#organization\",\"name\":\"Fundaci\u00f3 Josep Pla\",\"url\":\"https:\/\/fundaciojoseppla.cat\/\",\"logo\":{\"@type\":\"ImageObject\",\"inLanguage\":\"es\",\"@id\":\"https:\/\/fundaciojoseppla.cat\/#\/schema\/logo\/image\/\",\"url\":\"https:\/\/fundaciojoseppla.cat\/wp-content\/uploads\/2018\/05\/negre-transparent-de-logo-vecto-FJP.png\",\"contentUrl\":\"https:\/\/fundaciojoseppla.cat\/wp-content\/uploads\/2018\/05\/negre-transparent-de-logo-vecto-FJP.png\",\"width\":600,\"height\":233,\"caption\":\"Fundaci\u00f3 Josep Pla\"},\"image\":{\"@id\":\"https:\/\/fundaciojoseppla.cat\/#\/schema\/logo\/image\/\"},\"sameAs\":[\"https:\/\/www.facebook.com\/FJosepPla\/\",\"https:\/\/x.com\/FJosepPla\",\"http:\/\/pinterest.com\/fjoseppla\/\",\"https:\/\/www.youtube.com\/user\/FJosepPla\"]}]}<\/script>\n<!-- \/ Yoast SEO plugin. -->","yoast_head_json":{"title":"Professors de solitud. J. Esquirol, fot\u00f2graf \u2013 J. Pla, escriptor - Fundaci\u00f3 Josep Pla","robots":{"index":"index","follow":"follow","max-snippet":"max-snippet:-1","max-image-preview":"max-image-preview:large","max-video-preview":"max-video-preview:-1"},"canonical":"https:\/\/fundaciojoseppla.cat\/exposicions-temporals\/professors-de-solitud-j-esquirol-fotograf-j-pla-escriptor\/","og_locale":"es_ES","og_type":"article","og_title":"Professors de solitud. J. Esquirol, fot\u00f2graf \u2013 J. Pla, escriptor - Fundaci\u00f3 Josep Pla","og_description":"Exposiciones temporales 2022 Joan Fuster &#8211; Josep Pla: una conversa infinita 2021 De Palafrugell a Par\u00eds, 1913-1925. Josep Pla i els artistes, una mirada liter\u00e0ria 2020\u00a0Josep Pla vist per Eugeni Forcano 2019\u00a0\u201cEl primer artista que vaig con\u00e8ixer\u201d. Joan B. Coromina i Josep Pla 2018\u00a0Professors de solitud.J. Esquirol, fot\u00f2graf \u2013J.Pla, escriptor 2017 Mig Europa cau.Impressions de [&hellip;]","og_url":"https:\/\/fundaciojoseppla.cat\/exposicions-temporals\/professors-de-solitud-j-esquirol-fotograf-j-pla-escriptor\/","og_site_name":"Fundaci\u00f3 Josep Pla","article_publisher":"https:\/\/www.facebook.com\/FJosepPla\/","article_modified_time":"2022-06-17T16:35:56+00:00","twitter_card":"summary_large_image","twitter_site":"@FJosepPla","twitter_misc":{"Tiempo de lectura":"3 minutos"},"schema":{"@context":"https:\/\/schema.org","@graph":[{"@type":"WebPage","@id":"https:\/\/fundaciojoseppla.cat\/exposicions-temporals\/professors-de-solitud-j-esquirol-fotograf-j-pla-escriptor\/","url":"https:\/\/fundaciojoseppla.cat\/exposicions-temporals\/professors-de-solitud-j-esquirol-fotograf-j-pla-escriptor\/","name":"Professors de solitud. J. Esquirol, fot\u00f2graf \u2013 J. Pla, escriptor - Fundaci\u00f3 Josep Pla","isPartOf":{"@id":"https:\/\/fundaciojoseppla.cat\/#website"},"datePublished":"2019-12-12T12:15:50+00:00","dateModified":"2022-06-17T16:35:56+00:00","breadcrumb":{"@id":"https:\/\/fundaciojoseppla.cat\/exposicions-temporals\/professors-de-solitud-j-esquirol-fotograf-j-pla-escriptor\/#breadcrumb"},"inLanguage":"es","potentialAction":[{"@type":"ReadAction","target":["https:\/\/fundaciojoseppla.cat\/exposicions-temporals\/professors-de-solitud-j-esquirol-fotograf-j-pla-escriptor\/"]}]},{"@type":"BreadcrumbList","@id":"https:\/\/fundaciojoseppla.cat\/exposicions-temporals\/professors-de-solitud-j-esquirol-fotograf-j-pla-escriptor\/#breadcrumb","itemListElement":[{"@type":"ListItem","position":1,"name":"Inici","item":"https:\/\/fundaciojoseppla.cat\/es\/"},{"@type":"ListItem","position":2,"name":"Exposiciones temporales","item":"https:\/\/fundaciojoseppla.cat\/exposicions-temporals\/"},{"@type":"ListItem","position":3,"name":"Professors de solitud. J. Esquirol, fot\u00f2graf \u2013 J. Pla, escriptor"}]},{"@type":"WebSite","@id":"https:\/\/fundaciojoseppla.cat\/#website","url":"https:\/\/fundaciojoseppla.cat\/","name":"Fundaci\u00f3 Josep Pla","description":"Fundacio Josep Pla Palafrugell","publisher":{"@id":"https:\/\/fundaciojoseppla.cat\/#organization"},"potentialAction":[{"@type":"SearchAction","target":{"@type":"EntryPoint","urlTemplate":"https:\/\/fundaciojoseppla.cat\/?s={search_term_string}"},"query-input":{"@type":"PropertyValueSpecification","valueRequired":true,"valueName":"search_term_string"}}],"inLanguage":"es"},{"@type":"Organization","@id":"https:\/\/fundaciojoseppla.cat\/#organization","name":"Fundaci\u00f3 Josep Pla","url":"https:\/\/fundaciojoseppla.cat\/","logo":{"@type":"ImageObject","inLanguage":"es","@id":"https:\/\/fundaciojoseppla.cat\/#\/schema\/logo\/image\/","url":"https:\/\/fundaciojoseppla.cat\/wp-content\/uploads\/2018\/05\/negre-transparent-de-logo-vecto-FJP.png","contentUrl":"https:\/\/fundaciojoseppla.cat\/wp-content\/uploads\/2018\/05\/negre-transparent-de-logo-vecto-FJP.png","width":600,"height":233,"caption":"Fundaci\u00f3 Josep Pla"},"image":{"@id":"https:\/\/fundaciojoseppla.cat\/#\/schema\/logo\/image\/"},"sameAs":["https:\/\/www.facebook.com\/FJosepPla\/","https:\/\/x.com\/FJosepPla","http:\/\/pinterest.com\/fjoseppla\/","https:\/\/www.youtube.com\/user\/FJosepPla"]}]}},"publishpress_future_action":{"enabled":false,"date":"2026-05-02 10:47:05","action":"change-status","newStatus":"draft","terms":[],"taxonomy":"translation_priority","extraData":[]},"publishpress_future_workflow_manual_trigger":{"enabledWorkflows":[]},"_links":{"self":[{"href":"https:\/\/fundaciojoseppla.cat\/es\/wp-json\/wp\/v2\/pages\/20619","targetHints":{"allow":["GET"]}}],"collection":[{"href":"https:\/\/fundaciojoseppla.cat\/es\/wp-json\/wp\/v2\/pages"}],"about":[{"href":"https:\/\/fundaciojoseppla.cat\/es\/wp-json\/wp\/v2\/types\/page"}],"author":[{"embeddable":true,"href":"https:\/\/fundaciojoseppla.cat\/es\/wp-json\/wp\/v2\/users\/3"}],"replies":[{"embeddable":true,"href":"https:\/\/fundaciojoseppla.cat\/es\/wp-json\/wp\/v2\/comments?post=20619"}],"version-history":[{"count":8,"href":"https:\/\/fundaciojoseppla.cat\/es\/wp-json\/wp\/v2\/pages\/20619\/revisions"}],"predecessor-version":[{"id":32890,"href":"https:\/\/fundaciojoseppla.cat\/es\/wp-json\/wp\/v2\/pages\/20619\/revisions\/32890"}],"up":[{"embeddable":true,"href":"https:\/\/fundaciojoseppla.cat\/es\/wp-json\/wp\/v2\/pages\/4054"}],"wp:attachment":[{"href":"https:\/\/fundaciojoseppla.cat\/es\/wp-json\/wp\/v2\/media?parent=20619"}],"curies":[{"name":"wp","href":"https:\/\/api.w.org\/{rel}","templated":true}]}}