

{"id":21257,"date":"2020-05-22T13:47:36","date_gmt":"2020-05-22T11:47:36","guid":{"rendered":"https:\/\/fundaciojoseppla.cat\/exposicion-permanente\/el-quadern-gris\/"},"modified":"2020-05-29T13:25:11","modified_gmt":"2020-05-29T11:25:11","slug":"el-quadern-gris","status":"publish","type":"page","link":"https:\/\/fundaciojoseppla.cat\/es\/exposicion-permanente23\/el-quadern-gris\/","title":{"rendered":"El quadern gris"},"content":{"rendered":"\t\t<div data-elementor-type=\"wp-page\" data-elementor-id=\"21257\" class=\"elementor elementor-21257 elementor-21222\" data-elementor-post-type=\"page\">\n\t\t\t\t\t\t<section class=\"elementor-section elementor-top-section elementor-element elementor-element-a1f100d elementor-section-boxed elementor-section-height-default elementor-section-height-default\" data-id=\"a1f100d\" data-element_type=\"section\" data-e-type=\"section\">\n\t\t\t\t\t\t<div class=\"elementor-container elementor-column-gap-default\">\n\t\t\t\t\t<div class=\"elementor-column elementor-col-100 elementor-top-column elementor-element elementor-element-766099e\" data-id=\"766099e\" data-element_type=\"column\" data-e-type=\"column\">\n\t\t\t<div class=\"elementor-widget-wrap elementor-element-populated\">\n\t\t\t\t\t\t<div class=\"elementor-element elementor-element-82ab82a claredonlight elementor-widget elementor-widget-heading\" data-id=\"82ab82a\" data-element_type=\"widget\" data-e-type=\"widget\" data-widget_type=\"heading.default\">\n\t\t\t\t<div class=\"elementor-widget-container\">\n\t\t\t\t\t<h1 class=\"elementor-heading-title elementor-size-default\">El quadern gris: un taller d\u2019escriptura - El cuaderno gris, un taller de escritura<\/h1>\t\t\t\t<\/div>\n\t\t\t\t<\/div>\n\t\t\t\t\t<\/div>\n\t\t<\/div>\n\t\t\t\t\t<\/div>\n\t\t<\/section>\n\t\t\t\t<section class=\"elementor-section elementor-top-section elementor-element elementor-element-2a2289c elementor-section-boxed elementor-section-height-default elementor-section-height-default\" data-id=\"2a2289c\" data-element_type=\"section\" data-e-type=\"section\">\n\t\t\t\t\t\t<div class=\"elementor-container elementor-column-gap-default\">\n\t\t\t\t\t<div class=\"elementor-column elementor-col-100 elementor-top-column elementor-element elementor-element-6a57619\" data-id=\"6a57619\" data-element_type=\"column\" data-e-type=\"column\">\n\t\t\t<div class=\"elementor-widget-wrap elementor-element-populated\">\n\t\t\t\t\t\t<div class=\"elementor-element elementor-element-18ccd8b elementor-widget elementor-widget-text-editor\" data-id=\"18ccd8b\" data-element_type=\"widget\" data-e-type=\"widget\" data-widget_type=\"text-editor.default\">\n\t\t\t\t<div class=\"elementor-widget-container\">\n\t\t\t\t\t\t\t\t\t<p>Josep Pla revis\u00f3 el manuscrito de <em>El quadern gris<\/em> durante toda su vida. Estos breves fragmentos de <em>El quadern gris<\/em> ilustran las tres fases de elaboraci\u00f3n del texto que hoy se conoce, o sea, el manuscrito primigenio, el manuscrito original del libro y la versi\u00f3n publicada en forma de libro.<\/p>\n<p>Las correcciones obsesivas del manuscrito primigenio indican la decisi\u00f3n del autor de aprovechar cada fragmento o su idea principal para la versi\u00f3n definitiva, y las fechas en el margen superior demuestran la ficcionalizaci\u00f3n a que Josep Pla somete el diario, siempre pendiente de seguir el calendario de los a\u00f1os 1918 y 1919 para poder redactar el libro.<\/p>\n<p>Comparando los textos, se puede ver que hay una verdadera evoluci\u00f3n estil\u00edstica que comporta, entre otras, supresiones de referencias a su vida \u00edntima, ampliaciones en las descripciones y, sobre todo, literaturizaciones de ideas que en el manuscrito primigenio aparecen solamente como simples esquemas. Se puede comprobar como normalmente mantiene las im\u00e1genes iniciales, pero el trabajo ling\u00fc\u00edstico le permite construir mejor la frase, organizarla en funci\u00f3n de su significado y convertir los adjetivos en esas series caracter\u00edsticas de la prosa descriptiva de Pla.<\/p>\n\t\t\t\t\t\t\t\t<\/div>\n\t\t\t\t<\/div>\n\t\t\t\t\t<\/div>\n\t\t<\/div>\n\t\t\t\t\t<\/div>\n\t\t<\/section>\n\t\t\t\t<section class=\"elementor-section elementor-top-section elementor-element elementor-element-a74a217 elementor-section-boxed elementor-section-height-default elementor-section-height-default\" data-id=\"a74a217\" data-element_type=\"section\" data-e-type=\"section\">\n\t\t\t\t\t\t<div class=\"elementor-container elementor-column-gap-default\">\n\t\t\t\t\t<div class=\"elementor-column elementor-col-100 elementor-top-column elementor-element elementor-element-91ee9fb\" data-id=\"91ee9fb\" data-element_type=\"column\" data-e-type=\"column\">\n\t\t\t<div class=\"elementor-widget-wrap elementor-element-populated\">\n\t\t\t\t\t\t<div class=\"elementor-element elementor-element-d8a6522 claredonbold elementor-widget elementor-widget-text-editor\" data-id=\"d8a6522\" data-element_type=\"widget\" data-e-type=\"widget\" data-widget_type=\"text-editor.default\">\n\t\t\t\t<div class=\"elementor-widget-container\">\n\t\t\t\t\t\t\t\t\t<p>\u201cEs objetivamente desagradable no sentir ninguna ilusi\u00f3n \u2013ni la ilusi\u00f3n de las mujeres, ni la del dinero, ni la de llegar a ser alguna cosa en la vida-, nada m\u00e1s sentir esta secreta y diab\u00f3lica man\u00eda de escribir (con tan poco resultado), a la cual sacrifico todo, a la cual sacrificar\u00e9 todo en la vida. Me pregunto: \u00bfqu\u00e9 es preferible: un pasar mediocre, alegre y conformado o una obsesi\u00f3n como \u00e9sta, apasionada, tensa, obsesionante?\u201d<\/p>\n\t\t\t\t\t\t\t\t<\/div>\n\t\t\t\t<\/div>\n\t\t\t\t<div class=\"elementor-element elementor-element-89ebb3d pitchlight elementor-widget elementor-widget-heading\" data-id=\"89ebb3d\" data-element_type=\"widget\" data-e-type=\"widget\" data-widget_type=\"heading.default\">\n\t\t\t\t<div class=\"elementor-widget-container\">\n\t\t\t\t\t<h2 class=\"elementor-heading-title elementor-size-default\"><p class=\"fancy\"><span style=\"font-size: 15px;font-style: normal;font-weight: 600;white-space: normal\">Josep Pla.&nbsp;<span style=\"font-size: 15px;font-style: italic;font-weight: 600;white-space: normal\">El cuaderno gris.<\/span> Barcelona: Ed. Destino, 2011, p. 411.<\/span><\/p><\/h2>\t\t\t\t<\/div>\n\t\t\t\t<\/div>\n\t\t\t\t\t<\/div>\n\t\t<\/div>\n\t\t\t\t\t<\/div>\n\t\t<\/section>\n\t\t\t\t<section class=\"elementor-section elementor-top-section elementor-element elementor-element-61f6f34 elementor-section-boxed elementor-section-height-default elementor-section-height-default\" data-id=\"61f6f34\" data-element_type=\"section\" data-e-type=\"section\">\n\t\t\t\t\t\t<div class=\"elementor-container elementor-column-gap-default\">\n\t\t\t\t\t<div class=\"elementor-column elementor-col-100 elementor-top-column elementor-element elementor-element-69c747c\" data-id=\"69c747c\" data-element_type=\"column\" data-e-type=\"column\">\n\t\t\t<div class=\"elementor-widget-wrap elementor-element-populated\">\n\t\t\t\t\t\t<div class=\"elementor-element elementor-element-efe7f21 elementor-widget elementor-widget-menu-anchor\" data-id=\"efe7f21\" data-element_type=\"widget\" data-e-type=\"widget\" data-widget_type=\"menu-anchor.default\">\n\t\t\t\t<div class=\"elementor-widget-container\">\n\t\t\t\t\t\t\t<div class=\"elementor-menu-anchor\" id=\"seccio202\"><\/div>\n\t\t\t\t\t\t<\/div>\n\t\t\t\t<\/div>\n\t\t\t\t<div class=\"elementor-element elementor-element-15af929 claredonlight elementor-widget elementor-widget-heading\" data-id=\"15af929\" data-element_type=\"widget\" data-e-type=\"widget\" data-widget_type=\"heading.default\">\n\t\t\t\t<div class=\"elementor-widget-container\">\n\t\t\t\t\t<h1 class=\"elementor-heading-title elementor-size-default\">El quadern gris, primer tomo de la Obra Completa<\/h1>\t\t\t\t<\/div>\n\t\t\t\t<\/div>\n\t\t\t\t<div class=\"elementor-element elementor-element-123d0a3 clarendonlight elementor-widget elementor-widget-text-editor\" data-id=\"123d0a3\" data-element_type=\"widget\" data-e-type=\"widget\" data-widget_type=\"text-editor.default\">\n\t\t\t\t<div class=\"elementor-widget-container\">\n\t\t\t\t\t\t\t\t\t<p><em>El quadern gris<\/em>, primer tomo de la Obra Completa de la Editorial Destino, es una de las obras imprescindibles de la literatura catalana del siglo XX. El escritor present\u00f3 siempre la obra como si fuera su verdadero diario de juventud, como si realmente lo hubiese escrito todo en los a\u00f1os 1918-1919 y lo hubiera publicado por primera vez el a\u00f1o 1966. El tema central es la angustiosa llegada de un joven escritor al mundo de los adultos y su lenta adquisici\u00f3n de conciencia del oficio de escritor.<\/p>\n<p>El libro empieza con una presentaci\u00f3n muy clara de la situaci\u00f3n en que se encuentra el protagonista: el 8 de marzo de 1918, la fecha de su veinti\u00fan aniversario, se encuentra en Palafrugell y acaba de dejar Barcelona, a causa de la epidemia de gripe. Este inicio le permite inmediatamente hacer balance de su vida pasada y ponerse a escribir, desarrollando una verdadera obsesi\u00f3n: el paisaje ampurdan\u00e9s, que se convierte en el verdadero reto narrativo, descriptivo y estil\u00edstico del joven aprendiz de escritor.<\/p>\n<p>Constantemente angustiado, herido por la obsesi\u00f3n de la escritura, el joven estudiante necesita acabar sus estudios para conseguir una m\u00ednima estabilidad econ\u00f3mica y afrontar las verdades de la realidad y de la vida. En el mes de enero de 1919 se instala otra vez en Barcelona y, lentamente, gracias a su furia lectora y a su entrada en el mundo del periodismo, va adquiriendo plena conciencia de su madurez como escritor.<\/p>\n<p>Hacia el final del libro, el protagonista habr\u00e1 terminado con \u00e9xito los estudios de abogado, entrar\u00e1 en el mundo del periodismo y ser\u00e1 nombrado corresponsal en Par\u00eds, continuar\u00e1 escribiendo y conseguir\u00e1 un estilo literario adecuado que, gracias a los consejos de su amigo Alexandre Plana, le permitir\u00e1 empezar a escribir su diario, el diario que el lector ya tiene en las manos, <em>El quadern gris.<\/em><\/p>\n\t\t\t\t\t\t\t\t<\/div>\n\t\t\t\t<\/div>\n\t\t\t\t\t<\/div>\n\t\t<\/div>\n\t\t\t\t\t<\/div>\n\t\t<\/section>\n\t\t\t\t<section class=\"elementor-section elementor-top-section elementor-element elementor-element-f6157be elementor-section-boxed elementor-section-height-default elementor-section-height-default\" data-id=\"f6157be\" data-element_type=\"section\" data-e-type=\"section\">\n\t\t\t\t\t\t<div class=\"elementor-container elementor-column-gap-default\">\n\t\t\t\t\t<div class=\"elementor-column elementor-col-100 elementor-top-column elementor-element elementor-element-3b20bc8\" data-id=\"3b20bc8\" data-element_type=\"column\" data-e-type=\"column\">\n\t\t\t<div class=\"elementor-widget-wrap elementor-element-populated\">\n\t\t\t\t\t\t<div class=\"elementor-element elementor-element-e4aac1c elementor-widget elementor-widget-menu-anchor\" data-id=\"e4aac1c\" data-element_type=\"widget\" data-e-type=\"widget\" data-widget_type=\"menu-anchor.default\">\n\t\t\t\t<div class=\"elementor-widget-container\">\n\t\t\t\t\t\t\t<div class=\"elementor-menu-anchor\" id=\"seccio203\"><\/div>\n\t\t\t\t\t\t<\/div>\n\t\t\t\t<\/div>\n\t\t\t\t<div class=\"elementor-element elementor-element-caba169 claredonlight elementor-widget elementor-widget-heading\" data-id=\"caba169\" data-element_type=\"widget\" data-e-type=\"widget\" data-widget_type=\"heading.default\">\n\t\t\t\t<div class=\"elementor-widget-container\">\n\t\t\t\t\t<h1 class=\"elementor-heading-title elementor-size-default\">El manuscrito de El cuaderno gris<\/h1>\t\t\t\t<\/div>\n\t\t\t\t<\/div>\n\t\t\t\t<div class=\"elementor-element elementor-element-c3dd1c1 elementor-widget elementor-widget-text-editor\" data-id=\"c3dd1c1\" data-element_type=\"widget\" data-e-type=\"widget\" data-widget_type=\"text-editor.default\">\n\t\t\t\t<div class=\"elementor-widget-container\">\n\t\t\t\t\t\t\t\t\t<p>Despu\u00e9s de redactar el diario primigenio, Josep Pla volvi\u00f3 a trabajar en \u00e9l varias veces a lo largo de su vida. Durante los a\u00f1os veinte, retoc\u00f3 algunos p\u00e1rrafos, incluy\u00f3 nuevos fragmentos y suprimiendo otros, incorpor\u00f3 (recort\u00e1ndolos y peg\u00e1ndolos) art\u00edculos que publicaba en la prensa. Es probable que, a partir de los a\u00f1os cuarenta, cuando se instal\u00f3 otra vez en el Empord\u00e0, Pla empezara una redacci\u00f3n completa del libro, que se iba ampliando considerablemente.<\/p>\n<p>Durante los a\u00f1os cincuenta y sesenta, Pla ya pensar\u00eda en publicarlo, y por eso comenz\u00f3 a estructurarlo como un libro de dos tomos (uno para el a\u00f1o 1918, otro para el 1919), trabajando con el cuaderno primigenio delante, dedic\u00e1ndose a eliminar algunas referencias a su vida \u00edntima o bien otros aspectos de la vida cotidiana que romp\u00edan la imagen general que quer\u00eda dar el protagonista del libro de s\u00ed mismo.<\/p>\n<p>En la fase final de redacci\u00f3n, al principio de los a\u00f1os sesenta, Pla continuar\u00eda reelaborando y literaturizando su manuscrito, tachando obsesivamente los fragmentos que aprovechaba para la versi\u00f3n final, y con la novedad de que, adem\u00e1s, decidi\u00f3 incluir otras narraciones, descripciones y retratos que ya hab\u00edan sido publicados en otros de sus libros.<\/p>\n\t\t\t\t\t\t\t\t<\/div>\n\t\t\t\t<\/div>\n\t\t\t\t\t<\/div>\n\t\t<\/div>\n\t\t\t\t\t<\/div>\n\t\t<\/section>\n\t\t\t\t<section class=\"elementor-section elementor-top-section elementor-element elementor-element-eb02a58 elementor-section-boxed elementor-section-height-default elementor-section-height-default\" data-id=\"eb02a58\" data-element_type=\"section\" data-e-type=\"section\">\n\t\t\t\t\t\t<div class=\"elementor-container elementor-column-gap-default\">\n\t\t\t\t\t<div class=\"elementor-column elementor-col-100 elementor-top-column elementor-element elementor-element-18b88c3\" data-id=\"18b88c3\" data-element_type=\"column\" data-e-type=\"column\">\n\t\t\t<div class=\"elementor-widget-wrap elementor-element-populated\">\n\t\t\t\t\t\t<div class=\"elementor-element elementor-element-2c7f1cc elementor-widget elementor-widget-menu-anchor\" data-id=\"2c7f1cc\" data-element_type=\"widget\" data-e-type=\"widget\" data-widget_type=\"menu-anchor.default\">\n\t\t\t\t<div class=\"elementor-widget-container\">\n\t\t\t\t\t\t\t<div class=\"elementor-menu-anchor\" id=\"seccio204\"><\/div>\n\t\t\t\t\t\t<\/div>\n\t\t\t\t<\/div>\n\t\t\t\t<div class=\"elementor-element elementor-element-af992b7 claredonlight elementor-widget elementor-widget-heading\" data-id=\"af992b7\" data-element_type=\"widget\" data-e-type=\"widget\" data-widget_type=\"heading.default\">\n\t\t\t\t<div class=\"elementor-widget-container\">\n\t\t\t\t\t<h1 class=\"elementor-heading-title elementor-size-default\">El cuaderno gris primigenio<\/h1>\t\t\t\t<\/div>\n\t\t\t\t<\/div>\n\t\t\t\t<div class=\"elementor-element elementor-element-9f661ed elementor-widget elementor-widget-text-editor\" data-id=\"9f661ed\" data-element_type=\"widget\" data-e-type=\"widget\" data-widget_type=\"text-editor.default\">\n\t\t\t\t<div class=\"elementor-widget-container\">\n\t\t\t\t\t\t\t\t\t<p>El diario primigenio de los a\u00f1os 1918 y 1919 se dio a conocer p\u00fablicamente por primera vez el a\u00f1o 1997, durante la celebraci\u00f3n del centenario del nacimiento de Josep Pla. Este manuscrito es una pieza \u00fanica de la bibliograf\u00eda catalana contempor\u00e1nea, y su estudio y comparaci\u00f3n con la versi\u00f3n publicada en forma de libro en el a\u00f1o 1966, aporta nuevas claves interpretativas que ayudan a entender mejor c\u00f3mo trabajaba Pla sus manuscritos.<\/p>\n<p>El manuscrito original de <em>El quadern gris<\/em> es, efectivamente, un diario, sin t\u00edtulo, que ocupa un cuaderno entero de cien p\u00e1ginas, de tapas grises, y que tiene una peque\u00f1a continuaci\u00f3n en un cuaderno parecido de tapas rojas. El cuaderno est\u00e1 escrito indistintamente con l\u00e1piz o pluma, con una caligraf\u00eda ligeramente redondeada y con un destacable espacio entre l\u00edneas, que contrasta con la caligraf\u00eda puntiaguda y densa (que ocupa todo el espacio de cada cuartilla) de la versi\u00f3n publicada en forma de libro en el a\u00f1o 1966.<\/p>\n\t\t\t\t\t\t\t\t<\/div>\n\t\t\t\t<\/div>\n\t\t\t\t\t<\/div>\n\t\t<\/div>\n\t\t\t\t\t<\/div>\n\t\t<\/section>\n\t\t\t\t<\/div>\n\t\t","protected":false},"excerpt":{"rendered":"<p>El quadern gris: un taller d\u2019escriptura &#8211; El cuaderno gris, un taller de escritura Josep Pla revis\u00f3 el manuscrito de El quadern gris durante toda su vida. Estos breves fragmentos de El quadern gris ilustran las tres fases de elaboraci\u00f3n del texto que hoy se conoce, o sea, el manuscrito primigenio, el manuscrito original del [&hellip;]<\/p>\n","protected":false},"author":3,"featured_media":0,"parent":3909,"menu_order":0,"comment_status":"closed","ping_status":"closed","template":"","meta":{"inline_featured_image":false,"site-sidebar-layout":"default","site-content-layout":"default","ast-site-content-layout":"default","site-content-style":"default","site-sidebar-style":"default","ast-global-header-display":"","ast-banner-title-visibility":"","ast-main-header-display":"disabled","ast-hfb-above-header-display":"","ast-hfb-below-header-display":"","ast-hfb-mobile-header-display":"","site-post-title":"disabled","ast-breadcrumbs-content":"","ast-featured-img":"disabled","footer-sml-layout":"","theme-transparent-header-meta":"default","adv-header-id-meta":"","stick-header-meta":"","header-above-stick-meta":"","header-main-stick-meta":"","header-below-stick-meta":"","astra-migrate-meta-layouts":"default","ast-page-background-enabled":"default","ast-page-background-meta":{"desktop":{"background-color":"var(--ast-global-color-4)","background-image":"","background-repeat":"repeat","background-position":"center center","background-size":"auto","background-attachment":"scroll","background-type":"","background-media":"","overlay-type":"","overlay-color":"","overlay-opacity":"","overlay-gradient":""},"tablet":{"background-color":"","background-image":"","background-repeat":"repeat","background-position":"center center","background-size":"auto","background-attachment":"scroll","background-type":"","background-media":"","overlay-type":"","overlay-color":"","overlay-opacity":"","overlay-gradient":""},"mobile":{"background-color":"","background-image":"","background-repeat":"repeat","background-position":"center center","background-size":"auto","background-attachment":"scroll","background-type":"","background-media":"","overlay-type":"","overlay-color":"","overlay-opacity":"","overlay-gradient":""}},"ast-content-background-meta":{"desktop":{"background-color":"var(--ast-global-color-5)","background-image":"","background-repeat":"repeat","background-position":"center center","background-size":"auto","background-attachment":"scroll","background-type":"","background-media":"","overlay-type":"","overlay-color":"","overlay-opacity":"","overlay-gradient":""},"tablet":{"background-color":"var(--ast-global-color-5)","background-image":"","background-repeat":"repeat","background-position":"center center","background-size":"auto","background-attachment":"scroll","background-type":"","background-media":"","overlay-type":"","overlay-color":"","overlay-opacity":"","overlay-gradient":""},"mobile":{"background-color":"var(--ast-global-color-5)","background-image":"","background-repeat":"repeat","background-position":"center center","background-size":"auto","background-attachment":"scroll","background-type":"","background-media":"","overlay-type":"","overlay-color":"","overlay-opacity":"","overlay-gradient":""}},"footnotes":""},"class_list":["post-21257","page","type-page","status-publish","hentry"],"yoast_head":"<!-- This site is optimized with the Yoast SEO plugin v27.5 - https:\/\/yoast.com\/product\/yoast-seo-wordpress\/ -->\n<title>El quadern gris - Fundaci\u00f3 Josep Pla<\/title>\n<meta name=\"robots\" content=\"index, follow, max-snippet:-1, max-image-preview:large, max-video-preview:-1\" \/>\n<link rel=\"canonical\" href=\"https:\/\/fundaciojoseppla.cat\/es\/exposicion-permanente23\/el-quadern-gris\/\" \/>\n<meta property=\"og:locale\" content=\"es_ES\" \/>\n<meta property=\"og:type\" content=\"article\" \/>\n<meta property=\"og:title\" content=\"El quadern gris - Fundaci\u00f3 Josep Pla\" \/>\n<meta property=\"og:description\" content=\"El quadern gris: un taller d\u2019escriptura &#8211; El cuaderno gris, un taller de escritura Josep Pla revis\u00f3 el manuscrito de El quadern gris durante toda su vida. Estos breves fragmentos de El quadern gris ilustran las tres fases de elaboraci\u00f3n del texto que hoy se conoce, o sea, el manuscrito primigenio, el manuscrito original del [&hellip;]\" \/>\n<meta property=\"og:url\" content=\"https:\/\/fundaciojoseppla.cat\/es\/exposicion-permanente23\/el-quadern-gris\/\" \/>\n<meta property=\"og:site_name\" content=\"Fundaci\u00f3 Josep Pla\" \/>\n<meta property=\"article:publisher\" content=\"https:\/\/www.facebook.com\/FJosepPla\/\" \/>\n<meta property=\"article:modified_time\" content=\"2020-05-29T11:25:11+00:00\" \/>\n<meta name=\"twitter:card\" content=\"summary_large_image\" \/>\n<meta name=\"twitter:site\" content=\"@FJosepPla\" \/>\n<meta name=\"twitter:label1\" content=\"Tiempo de lectura\" \/>\n\t<meta name=\"twitter:data1\" content=\"5 minutos\" \/>\n<script type=\"application\/ld+json\" class=\"yoast-schema-graph\">{\"@context\":\"https:\\\/\\\/schema.org\",\"@graph\":[{\"@type\":\"WebPage\",\"@id\":\"https:\\\/\\\/fundaciojoseppla.cat\\\/es\\\/exposicion-permanente23\\\/el-quadern-gris\\\/\",\"url\":\"https:\\\/\\\/fundaciojoseppla.cat\\\/es\\\/exposicion-permanente23\\\/el-quadern-gris\\\/\",\"name\":\"El quadern gris - Fundaci\u00f3 Josep Pla\",\"isPartOf\":{\"@id\":\"https:\\\/\\\/fundaciojoseppla.cat\\\/#website\"},\"datePublished\":\"2020-05-22T11:47:36+00:00\",\"dateModified\":\"2020-05-29T11:25:11+00:00\",\"breadcrumb\":{\"@id\":\"https:\\\/\\\/fundaciojoseppla.cat\\\/es\\\/exposicion-permanente23\\\/el-quadern-gris\\\/#breadcrumb\"},\"inLanguage\":\"es\",\"potentialAction\":[{\"@type\":\"ReadAction\",\"target\":[\"https:\\\/\\\/fundaciojoseppla.cat\\\/es\\\/exposicion-permanente23\\\/el-quadern-gris\\\/\"]}]},{\"@type\":\"BreadcrumbList\",\"@id\":\"https:\\\/\\\/fundaciojoseppla.cat\\\/es\\\/exposicion-permanente23\\\/el-quadern-gris\\\/#breadcrumb\",\"itemListElement\":[{\"@type\":\"ListItem\",\"position\":1,\"name\":\"Inici\",\"item\":\"https:\\\/\\\/fundaciojoseppla.cat\\\/es\\\/\"},{\"@type\":\"ListItem\",\"position\":2,\"name\":\"Exposici\u00f3n permanente\",\"item\":\"https:\\\/\\\/fundaciojoseppla.cat\\\/es\\\/exposicion-permanente23\\\/\"},{\"@type\":\"ListItem\",\"position\":3,\"name\":\"El quadern gris\"}]},{\"@type\":\"WebSite\",\"@id\":\"https:\\\/\\\/fundaciojoseppla.cat\\\/#website\",\"url\":\"https:\\\/\\\/fundaciojoseppla.cat\\\/\",\"name\":\"Fundaci\u00f3 Josep Pla\",\"description\":\"Fundacio Josep Pla Palafrugell\",\"publisher\":{\"@id\":\"https:\\\/\\\/fundaciojoseppla.cat\\\/#organization\"},\"potentialAction\":[{\"@type\":\"SearchAction\",\"target\":{\"@type\":\"EntryPoint\",\"urlTemplate\":\"https:\\\/\\\/fundaciojoseppla.cat\\\/?s={search_term_string}\"},\"query-input\":{\"@type\":\"PropertyValueSpecification\",\"valueRequired\":true,\"valueName\":\"search_term_string\"}}],\"inLanguage\":\"es\"},{\"@type\":\"Organization\",\"@id\":\"https:\\\/\\\/fundaciojoseppla.cat\\\/#organization\",\"name\":\"Fundaci\u00f3 Josep Pla\",\"url\":\"https:\\\/\\\/fundaciojoseppla.cat\\\/\",\"logo\":{\"@type\":\"ImageObject\",\"inLanguage\":\"es\",\"@id\":\"https:\\\/\\\/fundaciojoseppla.cat\\\/#\\\/schema\\\/logo\\\/image\\\/\",\"url\":\"https:\\\/\\\/fundaciojoseppla.cat\\\/wp-content\\\/uploads\\\/2018\\\/05\\\/negre-transparent-de-logo-vecto-FJP.png\",\"contentUrl\":\"https:\\\/\\\/fundaciojoseppla.cat\\\/wp-content\\\/uploads\\\/2018\\\/05\\\/negre-transparent-de-logo-vecto-FJP.png\",\"width\":600,\"height\":233,\"caption\":\"Fundaci\u00f3 Josep Pla\"},\"image\":{\"@id\":\"https:\\\/\\\/fundaciojoseppla.cat\\\/#\\\/schema\\\/logo\\\/image\\\/\"},\"sameAs\":[\"https:\\\/\\\/www.facebook.com\\\/FJosepPla\\\/\",\"https:\\\/\\\/x.com\\\/FJosepPla\",\"http:\\\/\\\/pinterest.com\\\/fjoseppla\\\/\",\"https:\\\/\\\/www.youtube.com\\\/user\\\/FJosepPla\"]}]}<\/script>\n<!-- \/ Yoast SEO plugin. -->","yoast_head_json":{"title":"El quadern gris - Fundaci\u00f3 Josep Pla","robots":{"index":"index","follow":"follow","max-snippet":"max-snippet:-1","max-image-preview":"max-image-preview:large","max-video-preview":"max-video-preview:-1"},"canonical":"https:\/\/fundaciojoseppla.cat\/es\/exposicion-permanente23\/el-quadern-gris\/","og_locale":"es_ES","og_type":"article","og_title":"El quadern gris - Fundaci\u00f3 Josep Pla","og_description":"El quadern gris: un taller d\u2019escriptura &#8211; El cuaderno gris, un taller de escritura Josep Pla revis\u00f3 el manuscrito de El quadern gris durante toda su vida. Estos breves fragmentos de El quadern gris ilustran las tres fases de elaboraci\u00f3n del texto que hoy se conoce, o sea, el manuscrito primigenio, el manuscrito original del [&hellip;]","og_url":"https:\/\/fundaciojoseppla.cat\/es\/exposicion-permanente23\/el-quadern-gris\/","og_site_name":"Fundaci\u00f3 Josep Pla","article_publisher":"https:\/\/www.facebook.com\/FJosepPla\/","article_modified_time":"2020-05-29T11:25:11+00:00","twitter_card":"summary_large_image","twitter_site":"@FJosepPla","twitter_misc":{"Tiempo de lectura":"5 minutos"},"schema":{"@context":"https:\/\/schema.org","@graph":[{"@type":"WebPage","@id":"https:\/\/fundaciojoseppla.cat\/es\/exposicion-permanente23\/el-quadern-gris\/","url":"https:\/\/fundaciojoseppla.cat\/es\/exposicion-permanente23\/el-quadern-gris\/","name":"El quadern gris - Fundaci\u00f3 Josep Pla","isPartOf":{"@id":"https:\/\/fundaciojoseppla.cat\/#website"},"datePublished":"2020-05-22T11:47:36+00:00","dateModified":"2020-05-29T11:25:11+00:00","breadcrumb":{"@id":"https:\/\/fundaciojoseppla.cat\/es\/exposicion-permanente23\/el-quadern-gris\/#breadcrumb"},"inLanguage":"es","potentialAction":[{"@type":"ReadAction","target":["https:\/\/fundaciojoseppla.cat\/es\/exposicion-permanente23\/el-quadern-gris\/"]}]},{"@type":"BreadcrumbList","@id":"https:\/\/fundaciojoseppla.cat\/es\/exposicion-permanente23\/el-quadern-gris\/#breadcrumb","itemListElement":[{"@type":"ListItem","position":1,"name":"Inici","item":"https:\/\/fundaciojoseppla.cat\/es\/"},{"@type":"ListItem","position":2,"name":"Exposici\u00f3n permanente","item":"https:\/\/fundaciojoseppla.cat\/es\/exposicion-permanente23\/"},{"@type":"ListItem","position":3,"name":"El quadern gris"}]},{"@type":"WebSite","@id":"https:\/\/fundaciojoseppla.cat\/#website","url":"https:\/\/fundaciojoseppla.cat\/","name":"Fundaci\u00f3 Josep Pla","description":"Fundacio Josep Pla Palafrugell","publisher":{"@id":"https:\/\/fundaciojoseppla.cat\/#organization"},"potentialAction":[{"@type":"SearchAction","target":{"@type":"EntryPoint","urlTemplate":"https:\/\/fundaciojoseppla.cat\/?s={search_term_string}"},"query-input":{"@type":"PropertyValueSpecification","valueRequired":true,"valueName":"search_term_string"}}],"inLanguage":"es"},{"@type":"Organization","@id":"https:\/\/fundaciojoseppla.cat\/#organization","name":"Fundaci\u00f3 Josep Pla","url":"https:\/\/fundaciojoseppla.cat\/","logo":{"@type":"ImageObject","inLanguage":"es","@id":"https:\/\/fundaciojoseppla.cat\/#\/schema\/logo\/image\/","url":"https:\/\/fundaciojoseppla.cat\/wp-content\/uploads\/2018\/05\/negre-transparent-de-logo-vecto-FJP.png","contentUrl":"https:\/\/fundaciojoseppla.cat\/wp-content\/uploads\/2018\/05\/negre-transparent-de-logo-vecto-FJP.png","width":600,"height":233,"caption":"Fundaci\u00f3 Josep Pla"},"image":{"@id":"https:\/\/fundaciojoseppla.cat\/#\/schema\/logo\/image\/"},"sameAs":["https:\/\/www.facebook.com\/FJosepPla\/","https:\/\/x.com\/FJosepPla","http:\/\/pinterest.com\/fjoseppla\/","https:\/\/www.youtube.com\/user\/FJosepPla"]}]}},"publishpress_future_action":{"enabled":false,"date":"2026-05-07 19:03:31","action":"change-status","newStatus":"draft","terms":[],"taxonomy":"translation_priority","extraData":[]},"publishpress_future_workflow_manual_trigger":{"enabledWorkflows":[]},"_links":{"self":[{"href":"https:\/\/fundaciojoseppla.cat\/es\/wp-json\/wp\/v2\/pages\/21257","targetHints":{"allow":["GET"]}}],"collection":[{"href":"https:\/\/fundaciojoseppla.cat\/es\/wp-json\/wp\/v2\/pages"}],"about":[{"href":"https:\/\/fundaciojoseppla.cat\/es\/wp-json\/wp\/v2\/types\/page"}],"author":[{"embeddable":true,"href":"https:\/\/fundaciojoseppla.cat\/es\/wp-json\/wp\/v2\/users\/3"}],"replies":[{"embeddable":true,"href":"https:\/\/fundaciojoseppla.cat\/es\/wp-json\/wp\/v2\/comments?post=21257"}],"version-history":[{"count":6,"href":"https:\/\/fundaciojoseppla.cat\/es\/wp-json\/wp\/v2\/pages\/21257\/revisions"}],"predecessor-version":[{"id":21320,"href":"https:\/\/fundaciojoseppla.cat\/es\/wp-json\/wp\/v2\/pages\/21257\/revisions\/21320"}],"up":[{"embeddable":true,"href":"https:\/\/fundaciojoseppla.cat\/es\/wp-json\/wp\/v2\/pages\/3909"}],"wp:attachment":[{"href":"https:\/\/fundaciojoseppla.cat\/es\/wp-json\/wp\/v2\/media?parent=21257"}],"curies":[{"name":"wp","href":"https:\/\/api.w.org\/{rel}","templated":true}]}}