

{"id":32648,"date":"2022-06-15T16:20:54","date_gmt":"2022-06-15T14:20:54","guid":{"rendered":"https:\/\/fundaciojoseppla.cat\/exposiciones-temporales\/joan-fuster-josep-pla-una-conversa-infinita\/"},"modified":"2022-06-17T18:36:02","modified_gmt":"2022-06-17T16:36:02","slug":"joan-fuster-josep-pla-una-conversa-infinita","status":"publish","type":"page","link":"https:\/\/fundaciojoseppla.cat\/es\/exposiciones-temporales\/joan-fuster-josep-pla-una-conversa-infinita\/","title":{"rendered":"Joan Fuster \u2013 Josep Pla: una conversa infinita"},"content":{"rendered":"\t\t<div data-elementor-type=\"wp-page\" data-elementor-id=\"32648\" class=\"elementor elementor-32648 elementor-32624\" data-elementor-post-type=\"page\">\n\t\t\t\t\t\t<section class=\"elementor-section elementor-top-section elementor-element elementor-element-c846906 elementor-section-boxed elementor-section-height-default elementor-section-height-default\" data-id=\"c846906\" data-element_type=\"section\" data-e-type=\"section\">\n\t\t\t\t\t\t<div class=\"elementor-container elementor-column-gap-default\">\n\t\t\t\t\t<div class=\"elementor-column elementor-col-100 elementor-top-column elementor-element elementor-element-c93e4b4\" data-id=\"c93e4b4\" data-element_type=\"column\" data-e-type=\"column\">\n\t\t\t<div class=\"elementor-widget-wrap elementor-element-populated\">\n\t\t\t\t\t\t<div class=\"elementor-element elementor-element-ec08fed claredonlight elementor-widget elementor-widget-heading\" data-id=\"ec08fed\" data-element_type=\"widget\" data-e-type=\"widget\" data-widget_type=\"heading.default\">\n\t\t\t\t<div class=\"elementor-widget-container\">\n\t\t\t\t\t<h1 class=\"elementor-heading-title elementor-size-default\">Exposiciones temporales<\/h1>\t\t\t\t<\/div>\n\t\t\t\t<\/div>\n\t\t\t\t<div class=\"elementor-element elementor-element-bca78a6 elementor-widget elementor-widget-text-editor\" data-id=\"bca78a6\" data-element_type=\"widget\" data-e-type=\"widget\" data-widget_type=\"text-editor.default\">\n\t\t\t\t<div class=\"elementor-widget-container\">\n\t\t\t\t\t\t\t\t\t<ul><li><a class=\"linkverd\" href=\"https:\/\/fundaciojoseppla.cat\/es\/exposiciones-temporales\/joan-fuster-josep-pla-una-conversa-infinita\/#seccio2022\">2022 Joan Fuster &#8211; Josep Pla: una conversa infinita<\/a><\/li><li class=\"expoany\"><a class=\"linkverd\" href=\"https:\/\/fundaciojoseppla.cat\/es\/exposiciones-temporales\/de-palafrugell-a-paris-1913-1925-josep-pla-y-los-artistas-una-mirada-literaria\/#seccio27\">2021 De Palafrugell a Par\u00eds, 1913-1925. Josep Pla i els artistes, una mirada liter\u00e0ria<\/a><\/li><li class=\"expoany\"><a class=\"linkverd\" href=\"https:\/\/fundaciojoseppla.cat\/es\/exposiciones-temporales\/josep-pla-vist-per-eugeni-forcano\/#seccio26\">2020\u00a0<\/a><a class=\"linkverd\" href=\"https:\/\/fundaciojoseppla.cat\/exposicions-temporals\/josep-pla-vist-per-eugeni-forcano\/#seccio26\">Josep Pla vist per Eugeni Forcano<\/a><\/li><li class=\"expoany\"><a class=\"linkverd\" href=\"https:\/\/fundaciojoseppla.cat\/es\/exposiciones-temporales\/el-primer-artista-que-vaig-coneixer-joan-b-coromina-i-josep-pla\/#seccio25\">2019\u00a0<\/a><a class=\"linkverd \" href=\"https:\/\/fundaciojoseppla.cat\/es\/exposiciones-temporales\/el-primer-artista-que-vaig-coneixer-joan-b-coromina-i-josep-pla\/#seccio25\">\u201cEl primer artista que vaig con\u00e8ixer\u201d. Joan B. Coromina i Josep Pla<\/a><\/li><li class=\"expoany\"><a class=\"linkverd\" href=\"https:\/\/fundaciojoseppla.cat\/es\/exposiciones-temporales\/josep-pla-i-la-civilitzacio-surera\/#seccio24\">2018\u00a0<\/a><a class=\"linkverd\" href=\"https:\/\/fundaciojoseppla.cat\/es\/exposiciones-temporales\/professors-de-solitud-j-esquirol-fotograf-j-pla-escriptor\/#seccio24\">Professors de solitud.J. Esquirol, fot\u00f2graf \u2013J.Pla, escriptor<\/a><\/li><li class=\"expoany\"><a class=\"linkverd\" href=\"https:\/\/fundaciojoseppla.cat\/es\/exposiciones-temporales\/josep-pla-i-la-civilitzacio-surera\/#seccio24\">2017<\/a> <a class=\"linkverd\" href=\"https:\/\/fundaciojoseppla.cat\/es\/exposiciones-temporales\/mig-europa-cau-impressions-de-josep-pla-sobre-la-gran-guerra\/#seccio24\">Mig Europa cau.Impressions de Josep Pla sobre la Gran Guerra.<\/a><\/li><li class=\"expoany\"><a class=\"linkverd\" href=\"https:\/\/fundaciojoseppla.cat\/es\/exposiciones-temporales\/josep-pla-i-la-civilitzacio-surera\/#seccio24\">2016\u00a0<\/a><a class=\"linkverd\" href=\"https:\/\/fundaciojoseppla.cat\/es\/exposiciones-temporales\/josep-pla-i-la-civilitzacio-surera\/#seccio24\">Josep Pla i la civilitzaci\u00f3 surera<\/a><\/li><li class=\"expoany\"><a class=\"linkverd\" href=\"https:\/\/fundaciojoseppla.cat\/es\/exposiciones-temporales\/pop-up-dibuixam-un-conte\/#seccio23\">2015\u00a0<\/a><a class=\"linkverd\" href=\"https:\/\/fundaciojoseppla.cat\/es\/exposiciones-temporales\/pop-up-dibuixam-un-conte\/#seccio23\">Pop-up! Dibuixa&#8217;m un conte<\/a><\/li><li class=\"expoany\"><a class=\"linkverd\" href=\"https:\/\/fundaciojoseppla.cat\/es\/exposiciones-temporales\/notes-sobre-paris-joan-pujol-creus-josep-pla\/#seccio23\">2014\u00a0<\/a><a class=\"linkverd\" href=\"https:\/\/fundaciojoseppla.cat\/es\/exposiciones-temporales\/notes-sobre-paris-joan-pujol-creus-josep-pla\/#seccio23\">Notes sobre Par\u00eds. Joan Pujol-Creus \u2014 Josep Pla<\/a><\/li><li class=\"expoany\"><a class=\"linkverd\" href=\"https:\/\/fundaciojoseppla.cat\/es\/exposiciones-temporales\/les-ciutats-europees-de-josep-pla\/#seccio19\">2013 <\/a><a class=\"linkverd\" href=\"https:\/\/fundaciojoseppla.cat\/es\/exposiciones-temporales\/les-ciutats-europees-de-josep-pla\/#seccio19\">Les ciutats europees de Josep Pla<\/a><\/li><li><a class=\"linkverd\" href=\"https:\/\/fundaciojoseppla.cat\/es\/exposiciones-temporales\/dues-mirades-a-maillol-josep-pla-i-torres-monso\/#seccio21\">2012\u00a0<\/a><a class=\"linkverd\" href=\"https:\/\/fundaciojoseppla.cat\/es\/exposiciones-temporales\/dues-mirades-a-maillol-josep-pla-i-torres-monso\/#seccio21\">Dues mirades a Maillol. Josep Pla i Torres Mons\u00f3<\/a><\/li><li class=\"expoany\"><a class=\"linkverd\" href=\"https:\/\/fundaciojoseppla.cat\/es\/exposiciones-temporales\/a-lombra-de-josep-pla\/#seccio20\">2011\u00a0<\/a><a class=\"linkverd\" href=\"https:\/\/fundaciojoseppla.cat\/es\/exposiciones-temporales\/a-lombra-de-josep-pla\/#seccio20\">A l&#8217;ombra de Josep Pla<\/a><\/li><li class=\"expoany\"><a class=\"linkverd\" href=\"https:\/\/fundaciojoseppla.cat\/es\/exposiciones-temporales\/jaume-vicens-i-vives-josep-pla-complicitats\/#seccio18\">2010\u00a0<\/a><a class=\"linkverd\" href=\"https:\/\/fundaciojoseppla.cat\/es\/exposiciones-temporales\/jaume-vicens-i-vives-josep-pla-complicitats\/#seccio18\">Jaume Vicens i Vives &#8211; Josep Pla. Complicitats<\/a><\/li><li class=\"expoany\"><a class=\"linkverd\" href=\"https:\/\/fundaciojoseppla.cat\/es\/exposiciones-temporales\/aigua-de-mar\/#seccio17\">2010\u00a0<\/a><a class=\"linkverd\" href=\"https:\/\/fundaciojoseppla.cat\/es\/exposiciones-temporales\/aigua-de-mar\/#seccio17\">Aigua de mar<\/a><\/li><li class=\"expoany\"><a class=\"linkverd\" href=\"https:\/\/fundaciojoseppla.cat\/es\/exposiciones-temporales\/el-madrid-de-josep-pla\/#seccio16\">2010 <\/a><a class=\"linkverd\" href=\"https:\/\/fundaciojoseppla.cat\/es\/exposiciones-temporales\/el-madrid-de-josep-pla\/#seccio16\">El Madrid de Josep Pla<\/a><\/li><li class=\"expoany\"><a class=\"linkverd\" href=\"https:\/\/fundaciojoseppla.cat\/es\/exposiciones-temporales\/maria-angels-anglada-1930-1999-vida-i-obra\/#seccio15\">2009 <\/a><a class=\"linkverd\" href=\"https:\/\/fundaciojoseppla.cat\/es\/exposiciones-temporales\/maria-angels-anglada-1930-1999-vida-i-obra\/#seccio15\">Maria \u00c0ngels Anglada (1930-1999). Vida i obra<\/a><\/li><li class=\"expoany\"><a class=\"linkverd\" href=\"https:\/\/fundaciojoseppla.cat\/es\/exposiciones-temporales\/pla-lhermos-i-companyia-figures-literaries-ii\/#seccio14\">2008\u00a0<\/a><a class=\"linkverd\" href=\"https:\/\/fundaciojoseppla.cat\/es\/exposiciones-temporales\/pla-lhermos-i-companyia-figures-literaries-ii\/#seccio14\">Pla, l&#8217;Herm\u00f3s i companyia. Figures liter\u00e0ries II<\/a><\/li><li class=\"expoany\"><a class=\"linkverd\" href=\"https:\/\/fundaciojoseppla.cat\/es\/exposiciones-temporales\/pels-camins-de-lemporda-gunter-grass-josep-pla\/#seccio13\">2008\u00a0<\/a><a class=\"linkverd\" href=\"https:\/\/fundaciojoseppla.cat\/es\/exposiciones-temporales\/pels-camins-de-lemporda-gunter-grass-josep-pla\/#seccio13\">Pels camins de l&#8217;Empord\u00e0. G\u00fcnter Grass &#8211; Josep Pla<\/a><\/li><li class=\"expoany\"><a class=\"linkverd\" href=\"https:\/\/fundaciojoseppla.cat\/es\/exposiciones-temporales\/pla-biograf-de-rusinol\/#seccio12\">2007\u00a0<\/a><a class=\"linkverd\" href=\"https:\/\/fundaciojoseppla.cat\/es\/exposiciones-temporales\/pla-biograf-de-rusinol\/#seccio12\">Pla, bi\u00f2graf de Rusi\u00f1ol.<\/a><\/li><li class=\"expoany\"><a class=\"linkverd\" href=\"https:\/\/fundaciojoseppla.cat\/es\/exposiciones-temporales\/josep-pla-com-a-pretext\/#seccio11\">2006\u00a0<\/a><a class=\"linkverd\" href=\"https:\/\/fundaciojoseppla.cat\/es\/exposiciones-temporales\/josep-pla-com-a-pretext\/#seccio11\">Josep Pla com a pretext<\/a><\/li><li class=\"expoany\"><a class=\"linkverd\" href=\"https:\/\/fundaciojoseppla.cat\/es\/exposiciones-temporales\/josep-pla-i-els-pintors\/#seccio10\">2006\u00a0<\/a><a class=\"linkverd\" href=\"https:\/\/fundaciojoseppla.cat\/es\/exposiciones-temporales\/josep-pla-i-els-pintors\/#seccio10\">Josep Pla i els pintors.<\/a><\/li><li class=\"expoany\"><a class=\"linkverd\" href=\"https:\/\/fundaciojoseppla.cat\/es\/exposiciones-temporales\/josep-pla-cartes-ditalia\/#seccio9\">2005\u00a0<\/a><a class=\"linkverd\" href=\"https:\/\/fundaciojoseppla.cat\/es\/exposiciones-temporales\/josep-pla-cartes-ditalia\/#seccio9\">Josep Pla. Cartes d&#8217;It\u00e0lia<\/a><\/li><li class=\"expoany\"><a class=\"linkverd\" href=\"https:\/\/fundaciojoseppla.cat\/es\/exposiciones-temporales\/salvador-dali-josep-pla-coincidencies\/#seccio8\">2004\u00a0<\/a><a class=\"linkverd\" href=\"https:\/\/fundaciojoseppla.cat\/es\/exposiciones-temporales\/salvador-dali-josep-pla-coincidencies\/#seccio8\">Salvador Dal\u00ed, Josep Pla. Coincid\u00e8ncies<\/a><\/li><li class=\"expoany\"><a class=\"linkverd\" href=\"https:\/\/fundaciojoseppla.cat\/es\/exposiciones-temporales\/el-temps-que-fuig-narcis-comadira-i-josep-pla\/#seccio7\">2003\u00a0<\/a><a class=\"linkverd\" href=\"https:\/\/fundaciojoseppla.cat\/es\/exposiciones-temporales\/el-temps-que-fuig-narcis-comadira-i-josep-pla\/#seccio7\">El temps que fuig. Narc\u00eds Comadira i Josep Pla<\/a><\/li><li class=\"expoany\"><a class=\"linkverd\" href=\"https:\/\/fundaciojoseppla.cat\/es\/exposiciones-temporales\/josep-pla-soc-un-illoman\/#seccio6\">2001-02 <\/a><a class=\"linkverd\" href=\"https:\/\/fundaciojoseppla.cat\/es\/exposiciones-temporales\/josep-pla-soc-un-illoman\/#seccio6\">Josep Pla: \u201c&#8230;s\u00f3c un ill\u00f2man\u201d<\/a><\/li><li class=\"expoany\"><a class=\"linkverd\" href=\"https:\/\/fundaciojoseppla.cat\/es\/exposiciones-temporales\/gaudi-i-verdaguer-llegits-per-josep-pla\/#seccio5\">2002\u00a0<\/a><a class=\"linkverd\" href=\"https:\/\/fundaciojoseppla.cat\/es\/exposiciones-temporales\/gaudi-i-verdaguer-llegits-per-josep-pla\/#seccio5\">Gaud\u00ed i Verdaguer llegits per Josep Pla<\/a><\/li><li class=\"expoany\"><a class=\"linkverd\" href=\"https:\/\/fundaciojoseppla.cat\/es\/exposiciones-temporales\/el-carrer-estret-la-poetica-de-la-banalitat\/#seccio4\">2001\u00a0<\/a><a class=\"linkverd\" href=\"https:\/\/fundaciojoseppla.cat\/es\/exposiciones-temporales\/el-carrer-estret-la-poetica-de-la-banalitat\/#seccio4\">El carrer Estret, la po\u00e8tica de la banalitat<\/a><\/li><\/ul>\t\t\t\t\t\t\t\t<\/div>\n\t\t\t\t<\/div>\n\t\t\t\t\t<\/div>\n\t\t<\/div>\n\t\t\t\t\t<\/div>\n\t\t<\/section>\n\t\t\t\t<section class=\"elementor-section elementor-top-section elementor-element elementor-element-12313e6 elementor-section-boxed elementor-section-height-default elementor-section-height-default\" data-id=\"12313e6\" data-element_type=\"section\" data-e-type=\"section\">\n\t\t\t\t\t\t<div class=\"elementor-container elementor-column-gap-default\">\n\t\t\t\t\t<div class=\"elementor-column elementor-col-100 elementor-top-column elementor-element elementor-element-dca269a\" data-id=\"dca269a\" data-element_type=\"column\" data-e-type=\"column\">\n\t\t\t<div class=\"elementor-widget-wrap elementor-element-populated\">\n\t\t\t\t\t\t<div class=\"elementor-element elementor-element-1a59167 elementor-widget elementor-widget-menu-anchor\" data-id=\"1a59167\" data-element_type=\"widget\" data-e-type=\"widget\" data-widget_type=\"menu-anchor.default\">\n\t\t\t\t<div class=\"elementor-widget-container\">\n\t\t\t\t\t\t\t<div class=\"elementor-menu-anchor\" id=\"seccio2022\"><\/div>\n\t\t\t\t\t\t<\/div>\n\t\t\t\t<\/div>\n\t\t\t\t\t<\/div>\n\t\t<\/div>\n\t\t\t\t\t<\/div>\n\t\t<\/section>\n\t\t\t\t<section class=\"elementor-section elementor-top-section elementor-element elementor-element-5a53ca1 elementor-section-full_width elementor-section-height-default elementor-section-height-default\" data-id=\"5a53ca1\" data-element_type=\"section\" data-e-type=\"section\" data-settings=\"{&quot;background_background&quot;:&quot;classic&quot;}\">\n\t\t\t\t\t\t\t<div class=\"elementor-background-overlay\"><\/div>\n\t\t\t\t\t\t\t<div class=\"elementor-container elementor-column-gap-default\">\n\t\t\t\t\t<div class=\"elementor-column elementor-col-100 elementor-top-column elementor-element elementor-element-ecdfb73\" data-id=\"ecdfb73\" data-element_type=\"column\" data-e-type=\"column\">\n\t\t\t<div class=\"elementor-widget-wrap elementor-element-populated\">\n\t\t\t\t\t\t<div class=\"elementor-element elementor-element-af79f29 elementor-widget elementor-widget-heading\" data-id=\"af79f29\" data-element_type=\"widget\" data-e-type=\"widget\" data-widget_type=\"heading.default\">\n\t\t\t\t<div class=\"elementor-widget-container\">\n\t\t\t\t\t<h2 class=\"elementor-heading-title elementor-size-default\"><p class=\"claredonlight\">2022<\/p>\n<p class=\"claredonbold\">Joan Fuster - Josep Pla: una conversa infinita<\/p><\/h2>\t\t\t\t<\/div>\n\t\t\t\t<\/div>\n\t\t\t\t\t<\/div>\n\t\t<\/div>\n\t\t\t\t\t<\/div>\n\t\t<\/section>\n\t\t\t\t<section class=\"elementor-section elementor-top-section elementor-element elementor-element-f2ede09 elementor-section-boxed elementor-section-height-default elementor-section-height-default\" data-id=\"f2ede09\" data-element_type=\"section\" data-e-type=\"section\">\n\t\t\t\t\t\t<div class=\"elementor-container elementor-column-gap-default\">\n\t\t\t\t\t<div class=\"elementor-column elementor-col-66 elementor-top-column elementor-element elementor-element-61135b0\" data-id=\"61135b0\" data-element_type=\"column\" data-e-type=\"column\">\n\t\t\t<div class=\"elementor-widget-wrap elementor-element-populated\">\n\t\t\t\t\t\t<div class=\"elementor-element elementor-element-4dd2529 elementor-widget elementor-widget-text-editor\" data-id=\"4dd2529\" data-element_type=\"widget\" data-e-type=\"widget\" data-widget_type=\"text-editor.default\">\n\t\t\t\t<div class=\"elementor-widget-container\">\n\t\t\t\t\t\t\t\t\t<p>Exposici\u00f3n temporal,<strong> hasta el 7 de enero de 2023<\/strong><\/p><p>Josep Pla (Palafrugell, 1897-1981) y Joan Fuster (Sueca, 1922-1992) son los dos prosistas m\u00e1s decisivos de la literatura catalana del siglo XX. Al margen de sus diferencias generacionales o ideol\u00f3gicas, su forma de entender la literatura y el pa\u00eds no s\u00f3lo son complementarias, sino que muestran unas grandes afinidades: referentes literarios compartidos, preocupaciones similares, dedicaci\u00f3n paralela al periodismo, editores en com\u00fan. Con esta exposici\u00f3n pretendemos ilustrar la forma como sus trayectorias particulares se entrelazan entre art\u00edculos, libros y cartas; construyendo una posteridad de papel que nos permite apreciarlos hoy como una unidad literaria y como una s\u00f3lida columna que sustenta la cultura catalana de la segunda mitad del siglo XX.<\/p>\t\t\t\t\t\t\t\t<\/div>\n\t\t\t\t<\/div>\n\t\t\t\t<div class=\"elementor-element elementor-element-7507528 claredonbold elementor-widget elementor-widget-text-editor\" data-id=\"7507528\" data-element_type=\"widget\" data-e-type=\"widget\" data-widget_type=\"text-editor.default\">\n\t\t\t\t<div class=\"elementor-widget-container\">\n\t\t\t\t\t\t\t\t\t<p><strong>\u201cC\u00f2mplice \u00e9s aquell qui us ajuda a ser com sou.\u201d<\/strong><\/p>\n\t\t\t\t\t\t\t\t<\/div>\n\t\t\t\t<\/div>\n\t\t\t\t<div class=\"elementor-element elementor-element-6da79a3 pitchlight elementor-widget elementor-widget-heading\" data-id=\"6da79a3\" data-element_type=\"widget\" data-e-type=\"widget\" data-widget_type=\"heading.default\">\n\t\t\t\t<div class=\"elementor-widget-container\">\n\t\t\t\t\t<h2 class=\"elementor-heading-title elementor-size-default\">Joan Fuster<\/h2>\t\t\t\t<\/div>\n\t\t\t\t<\/div>\n\t\t\t\t<div class=\"elementor-element elementor-element-ecc454c claredonbold elementor-widget elementor-widget-text-editor\" data-id=\"ecc454c\" data-element_type=\"widget\" data-e-type=\"widget\" data-widget_type=\"text-editor.default\">\n\t\t\t\t<div class=\"elementor-widget-container\">\n\t\t\t\t\t\t\t\t\t<p><strong>\u201cLa primera obligaci\u00f3 d\u2019un escriptor \u00e9s observar, relatar, manifestar l\u2019\u00e8poca que li ha tocat viure.\u201d<\/strong><\/p>\n\t\t\t\t\t\t\t\t<\/div>\n\t\t\t\t<\/div>\n\t\t\t\t<div class=\"elementor-element elementor-element-f5902af pitchlight elementor-widget elementor-widget-heading\" data-id=\"f5902af\" data-element_type=\"widget\" data-e-type=\"widget\" data-widget_type=\"heading.default\">\n\t\t\t\t<div class=\"elementor-widget-container\">\n\t\t\t\t\t<h2 class=\"elementor-heading-title elementor-size-default\">Josep Pla<\/h2>\t\t\t\t<\/div>\n\t\t\t\t<\/div>\n\t\t\t\t<div class=\"elementor-element elementor-element-5b8c55a elementor-widget elementor-widget-gallery\" data-id=\"5b8c55a\" data-element_type=\"widget\" data-e-type=\"widget\" data-settings=\"{&quot;lazyload&quot;:&quot;yes&quot;,&quot;gallery_layout&quot;:&quot;grid&quot;,&quot;columns&quot;:4,&quot;columns_tablet&quot;:2,&quot;columns_mobile&quot;:1,&quot;gap&quot;:{&quot;unit&quot;:&quot;px&quot;,&quot;size&quot;:10,&quot;sizes&quot;:[]},&quot;gap_tablet&quot;:{&quot;unit&quot;:&quot;px&quot;,&quot;size&quot;:10,&quot;sizes&quot;:[]},&quot;gap_mobile&quot;:{&quot;unit&quot;:&quot;px&quot;,&quot;size&quot;:10,&quot;sizes&quot;:[]},&quot;link_to&quot;:&quot;file&quot;,&quot;aspect_ratio&quot;:&quot;3:2&quot;,&quot;overlay_background&quot;:&quot;yes&quot;,&quot;content_hover_animation&quot;:&quot;fade-in&quot;}\" data-widget_type=\"gallery.default\">\n\t\t\t\t<div class=\"elementor-widget-container\">\n\t\t\t\t\t\t\t<div class=\"elementor-gallery__container\">\n\t\t\t\t\t\t\t<a class=\"e-gallery-item elementor-gallery-item elementor-animated-content\" href=\"https:\/\/fundaciojoseppla.cat\/wp-content\/uploads\/2022\/04\/presentacio-pla-fuster-paco-dalmau.jpg\" data-elementor-open-lightbox=\"yes\" data-elementor-lightbox-slideshow=\"5b8c55a\" data-elementor-lightbox-title=\"presentacio-pla-fuster-paco-dalmau\" data-e-action-hash=\"#elementor-action%3Aaction%3Dlightbox%26settings%3DeyJpZCI6MzIwNzksInVybCI6Imh0dHBzOlwvXC9mdW5kYWNpb2pvc2VwcGxhLmNhdFwvd3AtY29udGVudFwvdXBsb2Fkc1wvMjAyMlwvMDRcL3ByZXNlbnRhY2lvLXBsYS1mdXN0ZXItcGFjby1kYWxtYXUuanBnIiwic2xpZGVzaG93IjoiNWI4YzU1YSJ9\">\n\t\t\t\t\t<div class=\"e-gallery-image elementor-gallery-item__image\" data-thumbnail=\"https:\/\/fundaciojoseppla.cat\/wp-content\/uploads\/2022\/04\/presentacio-pla-fuster-paco-dalmau-300x200.jpg\" data-width=\"300\" data-height=\"200\" aria-label=\"\" role=\"img\" ><\/div>\n\t\t\t\t\t\t\t\t\t\t\t<div class=\"elementor-gallery-item__overlay\"><\/div>\n\t\t\t\t\t\t\t\t\t\t\t\t\t\t<\/a>\n\t\t\t\t\t\t\t<a class=\"e-gallery-item elementor-gallery-item elementor-animated-content\" href=\"https:\/\/fundaciojoseppla.cat\/wp-content\/uploads\/2022\/04\/presentacio-paco-dalmau.jpg\" data-elementor-open-lightbox=\"yes\" data-elementor-lightbox-slideshow=\"5b8c55a\" data-elementor-lightbox-title=\"presentacio-paco-dalmau\" data-e-action-hash=\"#elementor-action%3Aaction%3Dlightbox%26settings%3DeyJpZCI6MzIwNzUsInVybCI6Imh0dHBzOlwvXC9mdW5kYWNpb2pvc2VwcGxhLmNhdFwvd3AtY29udGVudFwvdXBsb2Fkc1wvMjAyMlwvMDRcL3ByZXNlbnRhY2lvLXBhY28tZGFsbWF1LmpwZyIsInNsaWRlc2hvdyI6IjViOGM1NWEifQ%3D%3D\">\n\t\t\t\t\t<div class=\"e-gallery-image elementor-gallery-item__image\" data-thumbnail=\"https:\/\/fundaciojoseppla.cat\/wp-content\/uploads\/2022\/04\/presentacio-paco-dalmau-300x200.jpg\" data-width=\"300\" data-height=\"200\" aria-label=\"\" role=\"img\" ><\/div>\n\t\t\t\t\t\t\t\t\t\t\t<div class=\"elementor-gallery-item__overlay\"><\/div>\n\t\t\t\t\t\t\t\t\t\t\t\t\t\t<\/a>\n\t\t\t\t\t\t\t<a class=\"e-gallery-item elementor-gallery-item elementor-animated-content\" href=\"https:\/\/fundaciojoseppla.cat\/wp-content\/uploads\/2022\/04\/exposicio-paco-dalmau.jpg\" data-elementor-open-lightbox=\"yes\" data-elementor-lightbox-slideshow=\"5b8c55a\" data-elementor-lightbox-title=\"exposicio-paco-dalmau\" data-e-action-hash=\"#elementor-action%3Aaction%3Dlightbox%26settings%3DeyJpZCI6MzIwNzEsInVybCI6Imh0dHBzOlwvXC9mdW5kYWNpb2pvc2VwcGxhLmNhdFwvd3AtY29udGVudFwvdXBsb2Fkc1wvMjAyMlwvMDRcL2V4cG9zaWNpby1wYWNvLWRhbG1hdS5qcGciLCJzbGlkZXNob3ciOiI1YjhjNTVhIn0%3D\">\n\t\t\t\t\t<div class=\"e-gallery-image elementor-gallery-item__image\" data-thumbnail=\"https:\/\/fundaciojoseppla.cat\/wp-content\/uploads\/2022\/04\/exposicio-paco-dalmau-300x200.jpg\" data-width=\"300\" data-height=\"200\" aria-label=\"\" role=\"img\" ><\/div>\n\t\t\t\t\t\t\t\t\t\t\t<div class=\"elementor-gallery-item__overlay\"><\/div>\n\t\t\t\t\t\t\t\t\t\t\t\t\t\t<\/a>\n\t\t\t\t\t\t\t<a class=\"e-gallery-item elementor-gallery-item elementor-animated-content\" href=\"https:\/\/fundaciojoseppla.cat\/wp-content\/uploads\/2022\/04\/exposicio-fuster-pla-paco-dalmau.jpg\" data-elementor-open-lightbox=\"yes\" data-elementor-lightbox-slideshow=\"5b8c55a\" data-elementor-lightbox-title=\"exposicio-fuster-pla-paco-dalmau\" data-e-action-hash=\"#elementor-action%3Aaction%3Dlightbox%26settings%3DeyJpZCI6MzIwNjcsInVybCI6Imh0dHBzOlwvXC9mdW5kYWNpb2pvc2VwcGxhLmNhdFwvd3AtY29udGVudFwvdXBsb2Fkc1wvMjAyMlwvMDRcL2V4cG9zaWNpby1mdXN0ZXItcGxhLXBhY28tZGFsbWF1LmpwZyIsInNsaWRlc2hvdyI6IjViOGM1NWEifQ%3D%3D\">\n\t\t\t\t\t<div class=\"e-gallery-image elementor-gallery-item__image\" data-thumbnail=\"https:\/\/fundaciojoseppla.cat\/wp-content\/uploads\/2022\/04\/exposicio-fuster-pla-paco-dalmau-300x200.jpg\" data-width=\"300\" data-height=\"200\" aria-label=\"\" role=\"img\" ><\/div>\n\t\t\t\t\t\t\t\t\t\t\t<div class=\"elementor-gallery-item__overlay\"><\/div>\n\t\t\t\t\t\t\t\t\t\t\t\t\t\t<\/a>\n\t\t\t\t\t<\/div>\n\t\t\t\t\t<\/div>\n\t\t\t\t<\/div>\n\t\t\t\t<div class=\"elementor-element elementor-element-867dcf0 claredonregular elementor-widget elementor-widget-text-editor\" data-id=\"867dcf0\" data-element_type=\"widget\" data-e-type=\"widget\" data-widget_type=\"text-editor.default\">\n\t\t\t\t<div class=\"elementor-widget-container\">\n\t\t\t\t\t\t\t\t\t<p><strong>Audiovisuales<\/strong><\/p>\t\t\t\t\t\t\t\t<\/div>\n\t\t\t\t<\/div>\n\t\t\t\t<div class=\"elementor-element elementor-element-08e9cef elementor-widget elementor-widget-video\" data-id=\"08e9cef\" data-element_type=\"widget\" data-e-type=\"widget\" data-settings=\"{&quot;youtube_url&quot;:&quot;https:\\\/\\\/youtu.be\\\/m5AhVKBPS_0&quot;,&quot;video_type&quot;:&quot;youtube&quot;,&quot;controls&quot;:&quot;yes&quot;}\" data-widget_type=\"video.default\">\n\t\t\t\t<div class=\"elementor-widget-container\">\n\t\t\t\t\t\t\t<div class=\"elementor-wrapper elementor-open-inline\">\n\t\t\t<div class=\"elementor-video\"><\/div>\t\t<\/div>\n\t\t\t\t\t\t<\/div>\n\t\t\t\t<\/div>\n\t\t\t\t<div class=\"elementor-element elementor-element-b8cb0fa elementor-widget elementor-widget-text-editor\" data-id=\"b8cb0fa\" data-element_type=\"widget\" data-e-type=\"widget\" data-widget_type=\"text-editor.default\">\n\t\t\t\t<div class=\"elementor-widget-container\">\n\t\t\t\t\t\t\t\t\t<p>Josep M. Puyal<br \/>&#8220;<a class=\"linkverd\" href=\"https:\/\/www.rtve.es\/play\/videos\/voste-pregunta\/arxiu-tve-catalunya-voste-pregunta-joan-fuster\/4066418\/\" target=\"_blank\" rel=\"noopener\">Vost\u00e8 pregunta<\/a>&#8221; 28 de febrero de 1980<\/p>\n<p>Montserrat Roig<br \/>&#8220;<a class=\"linkverd\" href=\"https:\/\/www.rtve.es\/play\/videos\/personajes\/archivo-tve-catalunya-personatges-joan-fuster\/3829532\/\" target=\"_blank\" rel=\"noopener\">S\u00e8rie Personatges<\/a>&#8221; 1 de enero de 1977<\/p>\n\t\t\t\t\t\t\t\t<\/div>\n\t\t\t\t<\/div>\n\t\t\t\t\t<\/div>\n\t\t<\/div>\n\t\t\t\t<div class=\"elementor-column elementor-col-33 elementor-top-column elementor-element elementor-element-be9108a\" data-id=\"be9108a\" data-element_type=\"column\" data-e-type=\"column\">\n\t\t\t<div class=\"elementor-widget-wrap elementor-element-populated\">\n\t\t\t\t\t\t<div class=\"elementor-element elementor-element-07cb3f3 claredonregular elementor-widget elementor-widget-text-editor\" data-id=\"07cb3f3\" data-element_type=\"widget\" data-e-type=\"widget\" data-widget_type=\"text-editor.default\">\n\t\t\t\t<div class=\"elementor-widget-container\">\n\t\t\t\t\t\t\t\t\t<p><strong>Documentaci\u00f3n<\/strong><\/p>\t\t\t\t\t\t\t\t<\/div>\n\t\t\t\t<\/div>\n\t\t\t\t<div class=\"elementor-element elementor-element-e6c869a elementor-widget elementor-widget-text-editor\" data-id=\"e6c869a\" data-element_type=\"widget\" data-e-type=\"widget\" data-widget_type=\"text-editor.default\">\n\t\t\t\t<div class=\"elementor-widget-container\">\n\t\t\t\t\t\t\t\t\t<p><strong><a class=\"linkverd\" href=\"https:\/\/fundaciojoseppla.cat\/wp-content\/uploads\/2022\/04\/SUPLEMENT-EL-TEMPS-a-taula-del-llibre.jpg\">Fotograf\u00eda<\/a><\/strong><br \/><strong><a class=\"linkverd\" href=\"https:\/\/fundaciojoseppla.cat\/wp-content\/uploads\/2022\/04\/cartell.jpg\">Cartel<\/a><\/strong><strong><br \/><a class=\"linkverd\" href=\"https:\/\/fundaciojoseppla.cat\/wp-content\/uploads\/2022\/04\/08.04.2022-nota-de-premsa-Fuster-Pla.pdf\">Nota de prensa en PDF<\/a><\/strong><\/p>\t\t\t\t\t\t\t\t<\/div>\n\t\t\t\t<\/div>\n\t\t\t\t<div class=\"elementor-element elementor-element-7a8df94 claredonregular elementor-widget elementor-widget-text-editor\" data-id=\"7a8df94\" data-element_type=\"widget\" data-e-type=\"widget\" data-widget_type=\"text-editor.default\">\n\t\t\t\t<div class=\"elementor-widget-container\">\n\t\t\t\t\t\t\t\t\t<p><strong>Prensa<\/strong><\/p>\t\t\t\t\t\t\t\t<\/div>\n\t\t\t\t<\/div>\n\t\t\t\t<div class=\"elementor-element elementor-element-aceebca elementor-widget elementor-widget-text-editor\" data-id=\"aceebca\" data-element_type=\"widget\" data-e-type=\"widget\" data-widget_type=\"text-editor.default\">\n\t\t\t\t<div class=\"elementor-widget-container\">\n\t\t\t\t\t\t\t\t\t<ul>\n<li>Carmona, Alba &#8220;<a class=\"linkverd\" href=\"https:\/\/www.diaridegirona.cat\/cultura\/2022\/04\/14\/josep-pla-i-joan-fuster-64987910.html\" target=\"_blank\" rel=\"noopener\">Josep Pla i Joan Fuster es retroben a Palafrugell<\/a>&#8220;. Diari de Girona, 14.04.22<\/li>\n<li>Safont, Joan. &#8220;<a class=\"linkverd\"href=\"https:\/\/www.vilaweb.cat\/noticies\/josep-pla-i-joan-fuster-reprenen-la-conversa-a-palafrugell\/\" target=\"_blank\" rel=\"noopener\">Josep Pla i Joan Fuster reprenen la conversa a Palafrugell<\/a>&#8220;. Vilaweb, 13.04.22<\/li>\n<li>V\u00e1zquez, Eva. &#8220;<a class=\"linkverd\"href=\"https:\/\/www.elpuntavui.cat\/cultura\/article\/2123103-una-exposicio-sobre-la-relacio-amb-pla-estrena-l-any-fuster-a-palafrugell.html\" target=\"_blank\" rel=\"noopener\">Una exposici\u00f3 sobre la relaci\u00f3 amb Pla estrena l\u2019Any Fuster a Palafrugell<\/a>&#8220;. El punt-avui, 06.04.22<\/li>\n<\/ul>\n\t\t\t\t\t\t\t\t<\/div>\n\t\t\t\t<\/div>\n\t\t\t\t\t<\/div>\n\t\t<\/div>\n\t\t\t\t\t<\/div>\n\t\t<\/section>\n\t\t\t\t<\/div>\n\t\t","protected":false},"excerpt":{"rendered":"<p>Exposiciones temporales 2022 Joan Fuster &#8211; Josep Pla: una conversa infinita 2021 De Palafrugell a Par\u00eds, 1913-1925. Josep Pla i els artistes, una mirada liter\u00e0ria 2020\u00a0Josep Pla vist per Eugeni Forcano 2019\u00a0\u201cEl primer artista que vaig con\u00e8ixer\u201d. Joan B. Coromina i Josep Pla 2018\u00a0Professors de solitud.J. Esquirol, fot\u00f2graf \u2013J.Pla, escriptor 2017 Mig Europa cau.Impressions de [&hellip;]<\/p>\n","protected":false},"author":222,"featured_media":0,"parent":4054,"menu_order":0,"comment_status":"closed","ping_status":"closed","template":"","meta":{"inline_featured_image":false,"site-sidebar-layout":"no-sidebar","site-content-layout":"page-builder","ast-site-content-layout":"default","site-content-style":"default","site-sidebar-style":"default","ast-global-header-display":"","ast-banner-title-visibility":"","ast-main-header-display":"disabled","ast-hfb-above-header-display":"","ast-hfb-below-header-display":"","ast-hfb-mobile-header-display":"","site-post-title":"disabled","ast-breadcrumbs-content":"","ast-featured-img":"disabled","footer-sml-layout":"","theme-transparent-header-meta":"default","adv-header-id-meta":"","stick-header-meta":"","header-above-stick-meta":"","header-main-stick-meta":"","header-below-stick-meta":"","astra-migrate-meta-layouts":"default","ast-page-background-enabled":"default","ast-page-background-meta":{"desktop":{"background-color":"var(--ast-global-color-4)","background-image":"","background-repeat":"repeat","background-position":"center center","background-size":"auto","background-attachment":"scroll","background-type":"","background-media":"","overlay-type":"","overlay-color":"","overlay-opacity":"","overlay-gradient":""},"tablet":{"background-color":"","background-image":"","background-repeat":"repeat","background-position":"center center","background-size":"auto","background-attachment":"scroll","background-type":"","background-media":"","overlay-type":"","overlay-color":"","overlay-opacity":"","overlay-gradient":""},"mobile":{"background-color":"","background-image":"","background-repeat":"repeat","background-position":"center center","background-size":"auto","background-attachment":"scroll","background-type":"","background-media":"","overlay-type":"","overlay-color":"","overlay-opacity":"","overlay-gradient":""}},"ast-content-background-meta":{"desktop":{"background-color":"var(--ast-global-color-5)","background-image":"","background-repeat":"repeat","background-position":"center center","background-size":"auto","background-attachment":"scroll","background-type":"","background-media":"","overlay-type":"","overlay-color":"","overlay-opacity":"","overlay-gradient":""},"tablet":{"background-color":"var(--ast-global-color-5)","background-image":"","background-repeat":"repeat","background-position":"center center","background-size":"auto","background-attachment":"scroll","background-type":"","background-media":"","overlay-type":"","overlay-color":"","overlay-opacity":"","overlay-gradient":""},"mobile":{"background-color":"var(--ast-global-color-5)","background-image":"","background-repeat":"repeat","background-position":"center center","background-size":"auto","background-attachment":"scroll","background-type":"","background-media":"","overlay-type":"","overlay-color":"","overlay-opacity":"","overlay-gradient":""}},"footnotes":""},"class_list":["post-32648","page","type-page","status-publish","hentry"],"yoast_head":"<!-- This site is optimized with the Yoast SEO plugin v27.5 - https:\/\/yoast.com\/product\/yoast-seo-wordpress\/ -->\n<title>Joan Fuster \u2013 Josep Pla: una conversa infinita - Fundaci\u00f3 Josep Pla<\/title>\n<meta name=\"robots\" content=\"index, follow, max-snippet:-1, max-image-preview:large, max-video-preview:-1\" \/>\n<link rel=\"canonical\" href=\"https:\/\/fundaciojoseppla.cat\/exposicions-temporals\/joan-fuster-josep-pla-una-conversa-infinita\/\" \/>\n<meta property=\"og:locale\" content=\"es_ES\" \/>\n<meta property=\"og:type\" content=\"article\" \/>\n<meta property=\"og:title\" content=\"Joan Fuster \u2013 Josep Pla: una conversa infinita - Fundaci\u00f3 Josep Pla\" \/>\n<meta property=\"og:description\" content=\"Exposiciones temporales 2022 Joan Fuster &#8211; Josep Pla: una conversa infinita 2021 De Palafrugell a Par\u00eds, 1913-1925. Josep Pla i els artistes, una mirada liter\u00e0ria 2020\u00a0Josep Pla vist per Eugeni Forcano 2019\u00a0\u201cEl primer artista que vaig con\u00e8ixer\u201d. Joan B. Coromina i Josep Pla 2018\u00a0Professors de solitud.J. Esquirol, fot\u00f2graf \u2013J.Pla, escriptor 2017 Mig Europa cau.Impressions de [&hellip;]\" \/>\n<meta property=\"og:url\" content=\"https:\/\/fundaciojoseppla.cat\/exposicions-temporals\/joan-fuster-josep-pla-una-conversa-infinita\/\" \/>\n<meta property=\"og:site_name\" content=\"Fundaci\u00f3 Josep Pla\" \/>\n<meta property=\"article:publisher\" content=\"https:\/\/www.facebook.com\/FJosepPla\/\" \/>\n<meta property=\"article:modified_time\" content=\"2022-06-17T16:36:02+00:00\" \/>\n<meta name=\"twitter:card\" content=\"summary_large_image\" \/>\n<meta name=\"twitter:site\" content=\"@FJosepPla\" \/>\n<meta name=\"twitter:label1\" content=\"Tiempo de lectura\" \/>\n\t<meta name=\"twitter:data1\" content=\"3 minutos\" \/>\n<script type=\"application\/ld+json\" class=\"yoast-schema-graph\">{\"@context\":\"https:\\\/\\\/schema.org\",\"@graph\":[{\"@type\":\"WebPage\",\"@id\":\"https:\\\/\\\/fundaciojoseppla.cat\\\/exposicions-temporals\\\/joan-fuster-josep-pla-una-conversa-infinita\\\/\",\"url\":\"https:\\\/\\\/fundaciojoseppla.cat\\\/exposicions-temporals\\\/joan-fuster-josep-pla-una-conversa-infinita\\\/\",\"name\":\"Joan Fuster \u2013 Josep Pla: una conversa infinita - Fundaci\u00f3 Josep Pla\",\"isPartOf\":{\"@id\":\"https:\\\/\\\/fundaciojoseppla.cat\\\/#website\"},\"datePublished\":\"2022-06-15T14:20:54+00:00\",\"dateModified\":\"2022-06-17T16:36:02+00:00\",\"breadcrumb\":{\"@id\":\"https:\\\/\\\/fundaciojoseppla.cat\\\/exposicions-temporals\\\/joan-fuster-josep-pla-una-conversa-infinita\\\/#breadcrumb\"},\"inLanguage\":\"es\",\"potentialAction\":[{\"@type\":\"ReadAction\",\"target\":[\"https:\\\/\\\/fundaciojoseppla.cat\\\/exposicions-temporals\\\/joan-fuster-josep-pla-una-conversa-infinita\\\/\"]}]},{\"@type\":\"BreadcrumbList\",\"@id\":\"https:\\\/\\\/fundaciojoseppla.cat\\\/exposicions-temporals\\\/joan-fuster-josep-pla-una-conversa-infinita\\\/#breadcrumb\",\"itemListElement\":[{\"@type\":\"ListItem\",\"position\":1,\"name\":\"Inici\",\"item\":\"https:\\\/\\\/fundaciojoseppla.cat\\\/es\\\/\"},{\"@type\":\"ListItem\",\"position\":2,\"name\":\"Exposiciones temporales\",\"item\":\"https:\\\/\\\/fundaciojoseppla.cat\\\/exposicions-temporals\\\/\"},{\"@type\":\"ListItem\",\"position\":3,\"name\":\"Joan Fuster \u2013 Josep Pla: una conversa infinita\"}]},{\"@type\":\"WebSite\",\"@id\":\"https:\\\/\\\/fundaciojoseppla.cat\\\/#website\",\"url\":\"https:\\\/\\\/fundaciojoseppla.cat\\\/\",\"name\":\"Fundaci\u00f3 Josep Pla\",\"description\":\"Fundacio Josep Pla Palafrugell\",\"publisher\":{\"@id\":\"https:\\\/\\\/fundaciojoseppla.cat\\\/#organization\"},\"potentialAction\":[{\"@type\":\"SearchAction\",\"target\":{\"@type\":\"EntryPoint\",\"urlTemplate\":\"https:\\\/\\\/fundaciojoseppla.cat\\\/?s={search_term_string}\"},\"query-input\":{\"@type\":\"PropertyValueSpecification\",\"valueRequired\":true,\"valueName\":\"search_term_string\"}}],\"inLanguage\":\"es\"},{\"@type\":\"Organization\",\"@id\":\"https:\\\/\\\/fundaciojoseppla.cat\\\/#organization\",\"name\":\"Fundaci\u00f3 Josep Pla\",\"url\":\"https:\\\/\\\/fundaciojoseppla.cat\\\/\",\"logo\":{\"@type\":\"ImageObject\",\"inLanguage\":\"es\",\"@id\":\"https:\\\/\\\/fundaciojoseppla.cat\\\/#\\\/schema\\\/logo\\\/image\\\/\",\"url\":\"https:\\\/\\\/fundaciojoseppla.cat\\\/wp-content\\\/uploads\\\/2018\\\/05\\\/negre-transparent-de-logo-vecto-FJP.png\",\"contentUrl\":\"https:\\\/\\\/fundaciojoseppla.cat\\\/wp-content\\\/uploads\\\/2018\\\/05\\\/negre-transparent-de-logo-vecto-FJP.png\",\"width\":600,\"height\":233,\"caption\":\"Fundaci\u00f3 Josep Pla\"},\"image\":{\"@id\":\"https:\\\/\\\/fundaciojoseppla.cat\\\/#\\\/schema\\\/logo\\\/image\\\/\"},\"sameAs\":[\"https:\\\/\\\/www.facebook.com\\\/FJosepPla\\\/\",\"https:\\\/\\\/x.com\\\/FJosepPla\",\"http:\\\/\\\/pinterest.com\\\/fjoseppla\\\/\",\"https:\\\/\\\/www.youtube.com\\\/user\\\/FJosepPla\"]}]}<\/script>\n<!-- \/ Yoast SEO plugin. -->","yoast_head_json":{"title":"Joan Fuster \u2013 Josep Pla: una conversa infinita - Fundaci\u00f3 Josep Pla","robots":{"index":"index","follow":"follow","max-snippet":"max-snippet:-1","max-image-preview":"max-image-preview:large","max-video-preview":"max-video-preview:-1"},"canonical":"https:\/\/fundaciojoseppla.cat\/exposicions-temporals\/joan-fuster-josep-pla-una-conversa-infinita\/","og_locale":"es_ES","og_type":"article","og_title":"Joan Fuster \u2013 Josep Pla: una conversa infinita - Fundaci\u00f3 Josep Pla","og_description":"Exposiciones temporales 2022 Joan Fuster &#8211; Josep Pla: una conversa infinita 2021 De Palafrugell a Par\u00eds, 1913-1925. Josep Pla i els artistes, una mirada liter\u00e0ria 2020\u00a0Josep Pla vist per Eugeni Forcano 2019\u00a0\u201cEl primer artista que vaig con\u00e8ixer\u201d. Joan B. Coromina i Josep Pla 2018\u00a0Professors de solitud.J. Esquirol, fot\u00f2graf \u2013J.Pla, escriptor 2017 Mig Europa cau.Impressions de [&hellip;]","og_url":"https:\/\/fundaciojoseppla.cat\/exposicions-temporals\/joan-fuster-josep-pla-una-conversa-infinita\/","og_site_name":"Fundaci\u00f3 Josep Pla","article_publisher":"https:\/\/www.facebook.com\/FJosepPla\/","article_modified_time":"2022-06-17T16:36:02+00:00","twitter_card":"summary_large_image","twitter_site":"@FJosepPla","twitter_misc":{"Tiempo de lectura":"3 minutos"},"schema":{"@context":"https:\/\/schema.org","@graph":[{"@type":"WebPage","@id":"https:\/\/fundaciojoseppla.cat\/exposicions-temporals\/joan-fuster-josep-pla-una-conversa-infinita\/","url":"https:\/\/fundaciojoseppla.cat\/exposicions-temporals\/joan-fuster-josep-pla-una-conversa-infinita\/","name":"Joan Fuster \u2013 Josep Pla: una conversa infinita - Fundaci\u00f3 Josep Pla","isPartOf":{"@id":"https:\/\/fundaciojoseppla.cat\/#website"},"datePublished":"2022-06-15T14:20:54+00:00","dateModified":"2022-06-17T16:36:02+00:00","breadcrumb":{"@id":"https:\/\/fundaciojoseppla.cat\/exposicions-temporals\/joan-fuster-josep-pla-una-conversa-infinita\/#breadcrumb"},"inLanguage":"es","potentialAction":[{"@type":"ReadAction","target":["https:\/\/fundaciojoseppla.cat\/exposicions-temporals\/joan-fuster-josep-pla-una-conversa-infinita\/"]}]},{"@type":"BreadcrumbList","@id":"https:\/\/fundaciojoseppla.cat\/exposicions-temporals\/joan-fuster-josep-pla-una-conversa-infinita\/#breadcrumb","itemListElement":[{"@type":"ListItem","position":1,"name":"Inici","item":"https:\/\/fundaciojoseppla.cat\/es\/"},{"@type":"ListItem","position":2,"name":"Exposiciones temporales","item":"https:\/\/fundaciojoseppla.cat\/exposicions-temporals\/"},{"@type":"ListItem","position":3,"name":"Joan Fuster \u2013 Josep Pla: una conversa infinita"}]},{"@type":"WebSite","@id":"https:\/\/fundaciojoseppla.cat\/#website","url":"https:\/\/fundaciojoseppla.cat\/","name":"Fundaci\u00f3 Josep Pla","description":"Fundacio Josep Pla Palafrugell","publisher":{"@id":"https:\/\/fundaciojoseppla.cat\/#organization"},"potentialAction":[{"@type":"SearchAction","target":{"@type":"EntryPoint","urlTemplate":"https:\/\/fundaciojoseppla.cat\/?s={search_term_string}"},"query-input":{"@type":"PropertyValueSpecification","valueRequired":true,"valueName":"search_term_string"}}],"inLanguage":"es"},{"@type":"Organization","@id":"https:\/\/fundaciojoseppla.cat\/#organization","name":"Fundaci\u00f3 Josep Pla","url":"https:\/\/fundaciojoseppla.cat\/","logo":{"@type":"ImageObject","inLanguage":"es","@id":"https:\/\/fundaciojoseppla.cat\/#\/schema\/logo\/image\/","url":"https:\/\/fundaciojoseppla.cat\/wp-content\/uploads\/2018\/05\/negre-transparent-de-logo-vecto-FJP.png","contentUrl":"https:\/\/fundaciojoseppla.cat\/wp-content\/uploads\/2018\/05\/negre-transparent-de-logo-vecto-FJP.png","width":600,"height":233,"caption":"Fundaci\u00f3 Josep Pla"},"image":{"@id":"https:\/\/fundaciojoseppla.cat\/#\/schema\/logo\/image\/"},"sameAs":["https:\/\/www.facebook.com\/FJosepPla\/","https:\/\/x.com\/FJosepPla","http:\/\/pinterest.com\/fjoseppla\/","https:\/\/www.youtube.com\/user\/FJosepPla"]}]}},"publishpress_future_action":{"enabled":false,"date":"2026-05-06 17:50:55","action":"change-status","newStatus":"draft","terms":[],"taxonomy":"translation_priority","extraData":[]},"publishpress_future_workflow_manual_trigger":{"enabledWorkflows":[]},"_links":{"self":[{"href":"https:\/\/fundaciojoseppla.cat\/es\/wp-json\/wp\/v2\/pages\/32648","targetHints":{"allow":["GET"]}}],"collection":[{"href":"https:\/\/fundaciojoseppla.cat\/es\/wp-json\/wp\/v2\/pages"}],"about":[{"href":"https:\/\/fundaciojoseppla.cat\/es\/wp-json\/wp\/v2\/types\/page"}],"author":[{"embeddable":true,"href":"https:\/\/fundaciojoseppla.cat\/es\/wp-json\/wp\/v2\/users\/222"}],"replies":[{"embeddable":true,"href":"https:\/\/fundaciojoseppla.cat\/es\/wp-json\/wp\/v2\/comments?post=32648"}],"version-history":[{"count":22,"href":"https:\/\/fundaciojoseppla.cat\/es\/wp-json\/wp\/v2\/pages\/32648\/revisions"}],"predecessor-version":[{"id":32899,"href":"https:\/\/fundaciojoseppla.cat\/es\/wp-json\/wp\/v2\/pages\/32648\/revisions\/32899"}],"up":[{"embeddable":true,"href":"https:\/\/fundaciojoseppla.cat\/es\/wp-json\/wp\/v2\/pages\/4054"}],"wp:attachment":[{"href":"https:\/\/fundaciojoseppla.cat\/es\/wp-json\/wp\/v2\/media?parent=32648"}],"curies":[{"name":"wp","href":"https:\/\/api.w.org\/{rel}","templated":true}]}}