

{"id":32681,"date":"2022-06-15T18:48:47","date_gmt":"2022-06-15T16:48:47","guid":{"rendered":"https:\/\/fundaciojoseppla.cat\/?page_id=32681"},"modified":"2022-06-17T18:36:00","modified_gmt":"2022-06-17T16:36:00","slug":"de-palafrugell-a-paris-1913-1925-josep-pla-y-los-artistas-una-mirada-literaria","status":"publish","type":"page","link":"https:\/\/fundaciojoseppla.cat\/es\/exposiciones-temporales\/de-palafrugell-a-paris-1913-1925-josep-pla-y-los-artistas-una-mirada-literaria\/","title":{"rendered":"De Palafrugell a Paris, 1913-1925. Josep Pla y los artistas, una mirada liter\u00e0ria"},"content":{"rendered":"\t\t<div data-elementor-type=\"wp-post\" data-elementor-id=\"32681\" class=\"elementor elementor-32681 elementor-32680\" data-elementor-post-type=\"page\">\n\t\t\t\t\t\t<section class=\"elementor-section elementor-top-section elementor-element elementor-element-ae61953 elementor-section-boxed elementor-section-height-default elementor-section-height-default\" data-id=\"ae61953\" data-element_type=\"section\" data-e-type=\"section\">\n\t\t\t\t\t\t<div class=\"elementor-container elementor-column-gap-default\">\n\t\t\t\t\t<div class=\"elementor-column elementor-col-100 elementor-top-column elementor-element elementor-element-2356141\" data-id=\"2356141\" data-element_type=\"column\" data-e-type=\"column\">\n\t\t\t<div class=\"elementor-widget-wrap elementor-element-populated\">\n\t\t\t\t\t\t<div class=\"elementor-element elementor-element-123c981 claredonlight elementor-widget elementor-widget-heading\" data-id=\"123c981\" data-element_type=\"widget\" data-e-type=\"widget\" data-widget_type=\"heading.default\">\n\t\t\t\t<div class=\"elementor-widget-container\">\n\t\t\t\t\t<h1 class=\"elementor-heading-title elementor-size-default\">Exposiciones temporales<\/h1>\t\t\t\t<\/div>\n\t\t\t\t<\/div>\n\t\t\t\t<div class=\"elementor-element elementor-element-bf0c932 elementor-widget elementor-widget-text-editor\" data-id=\"bf0c932\" data-element_type=\"widget\" data-e-type=\"widget\" data-widget_type=\"text-editor.default\">\n\t\t\t\t<div class=\"elementor-widget-container\">\n\t\t\t\t\t\t\t\t\t<ul><li><a class=\"linkverd\" href=\"https:\/\/fundaciojoseppla.cat\/es\/exposiciones-temporales\/joan-fuster-josep-pla-una-conversa-infinita\/#seccio2022\">2022 Joan Fuster &#8211; Josep Pla: una conversa infinita<\/a><\/li><li class=\"expoany\"><a class=\"linkverd\" href=\"https:\/\/fundaciojoseppla.cat\/es\/exposiciones-temporales\/de-palafrugell-a-paris-1913-1925-josep-pla-y-los-artistas-una-mirada-literaria\/#seccio27\">2021 De Palafrugell a Par\u00eds, 1913-1925. Josep Pla i els artistes, una mirada liter\u00e0ria<\/a><\/li><li class=\"expoany\"><a class=\"linkverd\" href=\"https:\/\/fundaciojoseppla.cat\/es\/exposiciones-temporales\/josep-pla-vist-per-eugeni-forcano\/#seccio26\">2020\u00a0<\/a><a class=\"linkverd\" href=\"https:\/\/fundaciojoseppla.cat\/exposicions-temporals\/josep-pla-vist-per-eugeni-forcano\/#seccio26\">Josep Pla vist per Eugeni Forcano<\/a><\/li><li class=\"expoany\"><a class=\"linkverd\" href=\"https:\/\/fundaciojoseppla.cat\/es\/exposiciones-temporales\/el-primer-artista-que-vaig-coneixer-joan-b-coromina-i-josep-pla\/#seccio25\">2019\u00a0<\/a><a class=\"linkverd \" href=\"https:\/\/fundaciojoseppla.cat\/es\/exposiciones-temporales\/el-primer-artista-que-vaig-coneixer-joan-b-coromina-i-josep-pla\/#seccio25\">\u201cEl primer artista que vaig con\u00e8ixer\u201d. Joan B. Coromina i Josep Pla<\/a><\/li><li class=\"expoany\"><a class=\"linkverd\" href=\"https:\/\/fundaciojoseppla.cat\/es\/exposiciones-temporales\/josep-pla-i-la-civilitzacio-surera\/#seccio24\">2018\u00a0<\/a><a class=\"linkverd\" href=\"https:\/\/fundaciojoseppla.cat\/es\/exposiciones-temporales\/professors-de-solitud-j-esquirol-fotograf-j-pla-escriptor\/#seccio24\">Professors de solitud.J. Esquirol, fot\u00f2graf \u2013J.Pla, escriptor<\/a><\/li><li class=\"expoany\"><a class=\"linkverd\" href=\"https:\/\/fundaciojoseppla.cat\/es\/exposiciones-temporales\/josep-pla-i-la-civilitzacio-surera\/#seccio24\">2017<\/a> <a class=\"linkverd\" href=\"https:\/\/fundaciojoseppla.cat\/es\/exposiciones-temporales\/mig-europa-cau-impressions-de-josep-pla-sobre-la-gran-guerra\/#seccio24\">Mig Europa cau.Impressions de Josep Pla sobre la Gran Guerra.<\/a><\/li><li class=\"expoany\"><a class=\"linkverd\" href=\"https:\/\/fundaciojoseppla.cat\/es\/exposiciones-temporales\/josep-pla-i-la-civilitzacio-surera\/#seccio24\">2016\u00a0<\/a><a class=\"linkverd\" href=\"https:\/\/fundaciojoseppla.cat\/es\/exposiciones-temporales\/josep-pla-i-la-civilitzacio-surera\/#seccio24\">Josep Pla i la civilitzaci\u00f3 surera<\/a><\/li><li class=\"expoany\"><a class=\"linkverd\" href=\"https:\/\/fundaciojoseppla.cat\/es\/exposiciones-temporales\/pop-up-dibuixam-un-conte\/#seccio23\">2015\u00a0<\/a><a class=\"linkverd\" href=\"https:\/\/fundaciojoseppla.cat\/es\/exposiciones-temporales\/pop-up-dibuixam-un-conte\/#seccio23\">Pop-up! Dibuixa&#8217;m un conte<\/a><\/li><li class=\"expoany\"><a class=\"linkverd\" href=\"https:\/\/fundaciojoseppla.cat\/es\/exposiciones-temporales\/notes-sobre-paris-joan-pujol-creus-josep-pla\/#seccio23\">2014\u00a0<\/a><a class=\"linkverd\" href=\"https:\/\/fundaciojoseppla.cat\/es\/exposiciones-temporales\/notes-sobre-paris-joan-pujol-creus-josep-pla\/#seccio23\">Notes sobre Par\u00eds. Joan Pujol-Creus \u2014 Josep Pla<\/a><\/li><li class=\"expoany\"><a class=\"linkverd\" href=\"https:\/\/fundaciojoseppla.cat\/es\/exposiciones-temporales\/les-ciutats-europees-de-josep-pla\/#seccio19\">2013 <\/a><a class=\"linkverd\" href=\"https:\/\/fundaciojoseppla.cat\/es\/exposiciones-temporales\/les-ciutats-europees-de-josep-pla\/#seccio19\">Les ciutats europees de Josep Pla<\/a><\/li><li><a class=\"linkverd\" href=\"https:\/\/fundaciojoseppla.cat\/es\/exposiciones-temporales\/dues-mirades-a-maillol-josep-pla-i-torres-monso\/#seccio21\">2012\u00a0<\/a><a class=\"linkverd\" href=\"https:\/\/fundaciojoseppla.cat\/es\/exposiciones-temporales\/dues-mirades-a-maillol-josep-pla-i-torres-monso\/#seccio21\">Dues mirades a Maillol. Josep Pla i Torres Mons\u00f3<\/a><\/li><li class=\"expoany\"><a class=\"linkverd\" href=\"https:\/\/fundaciojoseppla.cat\/es\/exposiciones-temporales\/a-lombra-de-josep-pla\/#seccio20\">2011\u00a0<\/a><a class=\"linkverd\" href=\"https:\/\/fundaciojoseppla.cat\/es\/exposiciones-temporales\/a-lombra-de-josep-pla\/#seccio20\">A l&#8217;ombra de Josep Pla<\/a><\/li><li class=\"expoany\"><a class=\"linkverd\" href=\"https:\/\/fundaciojoseppla.cat\/es\/exposiciones-temporales\/jaume-vicens-i-vives-josep-pla-complicitats\/#seccio18\">2010\u00a0<\/a><a class=\"linkverd\" href=\"https:\/\/fundaciojoseppla.cat\/es\/exposiciones-temporales\/jaume-vicens-i-vives-josep-pla-complicitats\/#seccio18\">Jaume Vicens i Vives &#8211; Josep Pla. Complicitats<\/a><\/li><li class=\"expoany\"><a class=\"linkverd\" href=\"https:\/\/fundaciojoseppla.cat\/es\/exposiciones-temporales\/aigua-de-mar\/#seccio17\">2010\u00a0<\/a><a class=\"linkverd\" href=\"https:\/\/fundaciojoseppla.cat\/es\/exposiciones-temporales\/aigua-de-mar\/#seccio17\">Aigua de mar<\/a><\/li><li class=\"expoany\"><a class=\"linkverd\" href=\"https:\/\/fundaciojoseppla.cat\/es\/exposiciones-temporales\/el-madrid-de-josep-pla\/#seccio16\">2010 <\/a><a class=\"linkverd\" href=\"https:\/\/fundaciojoseppla.cat\/es\/exposiciones-temporales\/el-madrid-de-josep-pla\/#seccio16\">El Madrid de Josep Pla<\/a><\/li><li class=\"expoany\"><a class=\"linkverd\" href=\"https:\/\/fundaciojoseppla.cat\/es\/exposiciones-temporales\/maria-angels-anglada-1930-1999-vida-i-obra\/#seccio15\">2009 <\/a><a class=\"linkverd\" href=\"https:\/\/fundaciojoseppla.cat\/es\/exposiciones-temporales\/maria-angels-anglada-1930-1999-vida-i-obra\/#seccio15\">Maria \u00c0ngels Anglada (1930-1999). Vida i obra<\/a><\/li><li class=\"expoany\"><a class=\"linkverd\" href=\"https:\/\/fundaciojoseppla.cat\/es\/exposiciones-temporales\/pla-lhermos-i-companyia-figures-literaries-ii\/#seccio14\">2008\u00a0<\/a><a class=\"linkverd\" href=\"https:\/\/fundaciojoseppla.cat\/es\/exposiciones-temporales\/pla-lhermos-i-companyia-figures-literaries-ii\/#seccio14\">Pla, l&#8217;Herm\u00f3s i companyia. Figures liter\u00e0ries II<\/a><\/li><li class=\"expoany\"><a class=\"linkverd\" href=\"https:\/\/fundaciojoseppla.cat\/es\/exposiciones-temporales\/pels-camins-de-lemporda-gunter-grass-josep-pla\/#seccio13\">2008\u00a0<\/a><a class=\"linkverd\" href=\"https:\/\/fundaciojoseppla.cat\/es\/exposiciones-temporales\/pels-camins-de-lemporda-gunter-grass-josep-pla\/#seccio13\">Pels camins de l&#8217;Empord\u00e0. G\u00fcnter Grass &#8211; Josep Pla<\/a><\/li><li class=\"expoany\"><a class=\"linkverd\" href=\"https:\/\/fundaciojoseppla.cat\/es\/exposiciones-temporales\/pla-biograf-de-rusinol\/#seccio12\">2007\u00a0<\/a><a class=\"linkverd\" href=\"https:\/\/fundaciojoseppla.cat\/es\/exposiciones-temporales\/pla-biograf-de-rusinol\/#seccio12\">Pla, bi\u00f2graf de Rusi\u00f1ol.<\/a><\/li><li class=\"expoany\"><a class=\"linkverd\" href=\"https:\/\/fundaciojoseppla.cat\/es\/exposiciones-temporales\/josep-pla-com-a-pretext\/#seccio11\">2006\u00a0<\/a><a class=\"linkverd\" href=\"https:\/\/fundaciojoseppla.cat\/es\/exposiciones-temporales\/josep-pla-com-a-pretext\/#seccio11\">Josep Pla com a pretext<\/a><\/li><li class=\"expoany\"><a class=\"linkverd\" href=\"https:\/\/fundaciojoseppla.cat\/es\/exposiciones-temporales\/josep-pla-i-els-pintors\/#seccio10\">2006\u00a0<\/a><a class=\"linkverd\" href=\"https:\/\/fundaciojoseppla.cat\/es\/exposiciones-temporales\/josep-pla-i-els-pintors\/#seccio10\">Josep Pla i els pintors.<\/a><\/li><li class=\"expoany\"><a class=\"linkverd\" href=\"https:\/\/fundaciojoseppla.cat\/es\/exposiciones-temporales\/josep-pla-cartes-ditalia\/#seccio9\">2005\u00a0<\/a><a class=\"linkverd\" href=\"https:\/\/fundaciojoseppla.cat\/es\/exposiciones-temporales\/josep-pla-cartes-ditalia\/#seccio9\">Josep Pla. Cartes d&#8217;It\u00e0lia<\/a><\/li><li class=\"expoany\"><a class=\"linkverd\" href=\"https:\/\/fundaciojoseppla.cat\/es\/exposiciones-temporales\/salvador-dali-josep-pla-coincidencies\/#seccio8\">2004\u00a0<\/a><a class=\"linkverd\" href=\"https:\/\/fundaciojoseppla.cat\/es\/exposiciones-temporales\/salvador-dali-josep-pla-coincidencies\/#seccio8\">Salvador Dal\u00ed, Josep Pla. Coincid\u00e8ncies<\/a><\/li><li class=\"expoany\"><a class=\"linkverd\" href=\"https:\/\/fundaciojoseppla.cat\/es\/exposiciones-temporales\/el-temps-que-fuig-narcis-comadira-i-josep-pla\/#seccio7\">2003\u00a0<\/a><a class=\"linkverd\" href=\"https:\/\/fundaciojoseppla.cat\/es\/exposiciones-temporales\/el-temps-que-fuig-narcis-comadira-i-josep-pla\/#seccio7\">El temps que fuig. Narc\u00eds Comadira i Josep Pla<\/a><\/li><li class=\"expoany\"><a class=\"linkverd\" href=\"https:\/\/fundaciojoseppla.cat\/es\/exposiciones-temporales\/josep-pla-soc-un-illoman\/#seccio6\">2001-02 <\/a><a class=\"linkverd\" href=\"https:\/\/fundaciojoseppla.cat\/es\/exposiciones-temporales\/josep-pla-soc-un-illoman\/#seccio6\">Josep Pla: \u201c&#8230;s\u00f3c un ill\u00f2man\u201d<\/a><\/li><li class=\"expoany\"><a class=\"linkverd\" href=\"https:\/\/fundaciojoseppla.cat\/es\/exposiciones-temporales\/gaudi-i-verdaguer-llegits-per-josep-pla\/#seccio5\">2002\u00a0<\/a><a class=\"linkverd\" href=\"https:\/\/fundaciojoseppla.cat\/es\/exposiciones-temporales\/gaudi-i-verdaguer-llegits-per-josep-pla\/#seccio5\">Gaud\u00ed i Verdaguer llegits per Josep Pla<\/a><\/li><li class=\"expoany\"><a class=\"linkverd\" href=\"https:\/\/fundaciojoseppla.cat\/es\/exposiciones-temporales\/el-carrer-estret-la-poetica-de-la-banalitat\/#seccio4\">2001\u00a0<\/a><a class=\"linkverd\" href=\"https:\/\/fundaciojoseppla.cat\/es\/exposiciones-temporales\/el-carrer-estret-la-poetica-de-la-banalitat\/#seccio4\">El carrer Estret, la po\u00e8tica de la banalitat<\/a><\/li><\/ul>\t\t\t\t\t\t\t\t<\/div>\n\t\t\t\t<\/div>\n\t\t\t\t\t<\/div>\n\t\t<\/div>\n\t\t\t\t\t<\/div>\n\t\t<\/section>\n\t\t\t\t<section class=\"elementor-section elementor-top-section elementor-element elementor-element-7eb2375 elementor-section-boxed elementor-section-height-default elementor-section-height-default\" data-id=\"7eb2375\" data-element_type=\"section\" data-e-type=\"section\">\n\t\t\t\t\t\t<div class=\"elementor-container elementor-column-gap-default\">\n\t\t\t\t\t<div class=\"elementor-column elementor-col-100 elementor-top-column elementor-element elementor-element-8ddb11f\" data-id=\"8ddb11f\" data-element_type=\"column\" data-e-type=\"column\">\n\t\t\t<div class=\"elementor-widget-wrap elementor-element-populated\">\n\t\t\t\t\t\t<div class=\"elementor-element elementor-element-442e2d6 elementor-widget elementor-widget-menu-anchor\" data-id=\"442e2d6\" data-element_type=\"widget\" data-e-type=\"widget\" data-widget_type=\"menu-anchor.default\">\n\t\t\t\t<div class=\"elementor-widget-container\">\n\t\t\t\t\t\t\t<div class=\"elementor-menu-anchor\" id=\"seccio27\"><\/div>\n\t\t\t\t\t\t<\/div>\n\t\t\t\t<\/div>\n\t\t\t\t\t<\/div>\n\t\t<\/div>\n\t\t\t\t\t<\/div>\n\t\t<\/section>\n\t\t\t\t<section class=\"elementor-section elementor-top-section elementor-element elementor-element-3f29ff3 elementor-section-full_width elementor-section-height-default elementor-section-height-default\" data-id=\"3f29ff3\" data-element_type=\"section\" data-e-type=\"section\" data-settings=\"{&quot;background_background&quot;:&quot;classic&quot;}\">\n\t\t\t\t\t\t\t<div class=\"elementor-background-overlay\"><\/div>\n\t\t\t\t\t\t\t<div class=\"elementor-container elementor-column-gap-default\">\n\t\t\t\t\t<div class=\"elementor-column elementor-col-100 elementor-top-column elementor-element elementor-element-599de30\" data-id=\"599de30\" data-element_type=\"column\" data-e-type=\"column\">\n\t\t\t<div class=\"elementor-widget-wrap elementor-element-populated\">\n\t\t\t\t\t\t<div class=\"elementor-element elementor-element-e2fd3d0 elementor-widget elementor-widget-heading\" data-id=\"e2fd3d0\" data-element_type=\"widget\" data-e-type=\"widget\" data-widget_type=\"heading.default\">\n\t\t\t\t<div class=\"elementor-widget-container\">\n\t\t\t\t\t<h2 class=\"elementor-heading-title elementor-size-default\"><p class=\"claredonlight\">2021<\/p><p class=\"claredonbold\">De Palafrugell a Par\u00eds, 1913-1925. Josep Pla i els artistes, una mirada liter\u00e0ria<\/p><\/h2>\t\t\t\t<\/div>\n\t\t\t\t<\/div>\n\t\t\t\t\t<\/div>\n\t\t<\/div>\n\t\t\t\t\t<\/div>\n\t\t<\/section>\n\t\t\t\t<section class=\"elementor-section elementor-top-section elementor-element elementor-element-2d01cc0 elementor-section-boxed elementor-section-height-default elementor-section-height-default\" data-id=\"2d01cc0\" data-element_type=\"section\" data-e-type=\"section\">\n\t\t\t\t\t\t<div class=\"elementor-container elementor-column-gap-default\">\n\t\t\t\t\t<div class=\"elementor-column elementor-col-66 elementor-top-column elementor-element elementor-element-d5c38a6\" data-id=\"d5c38a6\" data-element_type=\"column\" data-e-type=\"column\">\n\t\t\t<div class=\"elementor-widget-wrap elementor-element-populated\">\n\t\t\t\t\t\t<div class=\"elementor-element elementor-element-8b64da2 elementor-widget elementor-widget-text-editor\" data-id=\"8b64da2\" data-element_type=\"widget\" data-e-type=\"widget\" data-widget_type=\"text-editor.default\">\n\t\t\t\t<div class=\"elementor-widget-container\">\n\t\t\t\t\t\t\t\t\t<p>Aquesta exposici\u00f3 respon a un autoq\u00fcestionament, que molts de nosaltres en algun moment concret ens hem fet quan llegim embadalits Josep Pla. Realment aix\u00f2 va succeir tal com relata Pla? Com es van produir les coneixences amb els artistes sobre els quals va acabar escrivint? Com feu aquesta tria?<\/p>\n<p>Hem volgut reconstruir les anades i vingudes de Josep Pla amb els pintors i escultors que va freq\u00fcentar entre Palafrugell i Par\u00eds, des dels seus inicis fins al 1925, quan de nou hi fa una estada.<\/p>\n<p>L\u2019obra de Pla \u00e9s una font inesgotable de dades, de fets ocorreguts, sempre explicats des de la seva subjectivitat i el sed\u00e0s de la literatura. La seva visi\u00f3 conservadora en mat\u00e8ria est\u00e8tica \u00e9s fruit d\u2019un moment hist\u00f2ric i un entorn concret.<\/p>\n<p>Hem seguit el fil de la documentaci\u00f3, correspond\u00e8ncia i articles del moment en qu\u00e8 Pla coneix el cercle d\u2019artistes a Palafrugell, passant per l\u2019Ateneu Barcelon\u00e8s, on es forja el seu nucli de suport literari, fins arribar a Par\u00eds. A la capital de Fran\u00e7a, l\u2019amplitud est\u00e8tica i de coneixences art\u00edstiques \u00e9s molt rellevant, fins al punt, que esdevindran l\u2019embri\u00f3 del que escriur\u00e0 m\u00e9s tard en alguns dels seus <em>Homenots<\/em> i Retrats de passaport.<\/p>\n<p><a class=\"linkverd\" href=\"http:\/\/marionaseguranyes.com\/\" target=\"_blank\" rel=\"noopener\" data-mce-href=\"http:\/\/marionaseguranyes.com\/\">Mariona Seguranyes Bola\u00f1os<\/a><br \/>Comiss\u00e0ria de l\u2019exposici\u00f3<\/p>\n\t\t\t\t\t\t\t\t<\/div>\n\t\t\t\t<\/div>\n\t\t\t\t<div class=\"elementor-element elementor-element-2327524 claredonbold elementor-widget elementor-widget-text-editor\" data-id=\"2327524\" data-element_type=\"widget\" data-e-type=\"widget\" data-widget_type=\"text-editor.default\">\n\t\t\t\t<div class=\"elementor-widget-container\">\n\t\t\t\t\t\t\t\t\t<p>\u201c(&#8230;) les circumst\u00e0ncies m\u2019han posat al mig de tot el que ha passat a Par\u00eds (&#8230;). He conegut tothom que ha passat per aqu\u00ed, he servit per fer dialogar a molta gent, he sabut moltes coses que p\u00fablicament no es podran saber mai. Ja comprendreu que hi hagi hagut molt o hi hagi hagut poc, aix\u00f2 per mi i per tothom t\u00e9 un inter\u00e8s enorme\u201d<\/p>\n\t\t\t\t\t\t\t\t<\/div>\n\t\t\t\t<\/div>\n\t\t\t\t<div class=\"elementor-element elementor-element-92b129c pitchlight elementor-widget elementor-widget-heading\" data-id=\"92b129c\" data-element_type=\"widget\" data-e-type=\"widget\" data-widget_type=\"heading.default\">\n\t\t\t\t<div class=\"elementor-widget-container\">\n\t\t\t\t\t<h2 class=\"elementor-heading-title elementor-size-default\"><p class=\"fancy\"><span style=\"font-size: 15px;font-style: normal;font-weight: 600;white-space: normal\">Entrevista de Carles Soldevila a Josep Pla,<br> \u201cConversa Par\u00eds-Barcelona\u201d, <br><span style=\"font-size: 15px;font-style: italic;font-weight: 600;white-space: normal\"> D\u2019Ac\u00ed i d\u2019All\u00e0<\/span> n\u00fam. 90, vol. XV, <br>juny 1925, p. 184-185.<span style=\"font-size: 15px;font-style: normal;font-weight: 600;white-space: normal\"><\/span><br><\/p><\/h2>\t\t\t\t<\/div>\n\t\t\t\t<\/div>\n\t\t\t\t<div class=\"elementor-element elementor-element-b77562d elementor-widget elementor-widget-video\" data-id=\"b77562d\" data-element_type=\"widget\" data-e-type=\"widget\" data-settings=\"{&quot;youtube_url&quot;:&quot;https:\\\/\\\/youtu.be\\\/g1MZjFmcreI&quot;,&quot;video_type&quot;:&quot;youtube&quot;,&quot;controls&quot;:&quot;yes&quot;}\" data-widget_type=\"video.default\">\n\t\t\t\t<div class=\"elementor-widget-container\">\n\t\t\t\t\t\t\t<div class=\"elementor-wrapper elementor-open-inline\">\n\t\t\t<div class=\"elementor-video\"><\/div>\t\t<\/div>\n\t\t\t\t\t\t<\/div>\n\t\t\t\t<\/div>\n\t\t\t\t<div class=\"elementor-element elementor-element-f44df86 elementor-widget elementor-widget-video\" data-id=\"f44df86\" data-element_type=\"widget\" data-e-type=\"widget\" data-settings=\"{&quot;youtube_url&quot;:&quot;https:\\\/\\\/youtu.be\\\/70YvwNAkals&quot;,&quot;video_type&quot;:&quot;youtube&quot;,&quot;controls&quot;:&quot;yes&quot;}\" data-widget_type=\"video.default\">\n\t\t\t\t<div class=\"elementor-widget-container\">\n\t\t\t\t\t\t\t<div class=\"elementor-wrapper elementor-open-inline\">\n\t\t\t<div class=\"elementor-video\"><\/div>\t\t<\/div>\n\t\t\t\t\t\t<\/div>\n\t\t\t\t<\/div>\n\t\t\t\t\t<\/div>\n\t\t<\/div>\n\t\t\t\t<div class=\"elementor-column elementor-col-33 elementor-top-column elementor-element elementor-element-1d0040d\" data-id=\"1d0040d\" data-element_type=\"column\" data-e-type=\"column\">\n\t\t\t<div class=\"elementor-widget-wrap elementor-element-populated\">\n\t\t\t\t\t\t<div class=\"elementor-element elementor-element-beb115c claredonregular elementor-widget elementor-widget-text-editor\" data-id=\"beb115c\" data-element_type=\"widget\" data-e-type=\"widget\" data-widget_type=\"text-editor.default\">\n\t\t\t\t<div class=\"elementor-widget-container\">\n\t\t\t\t\t\t\t\t\t<p><strong>Documentaci\u00f3<\/strong><\/p>\n\t\t\t\t\t\t\t\t<\/div>\n\t\t\t\t<\/div>\n\t\t\t\t<div class=\"elementor-element elementor-element-106d292 elementor-widget elementor-widget-text-editor\" data-id=\"106d292\" data-element_type=\"widget\" data-e-type=\"widget\" data-widget_type=\"text-editor.default\">\n\t\t\t\t<div class=\"elementor-widget-container\">\n\t\t\t\t\t\t\t\t\t<p><a class=\"linkverd\" href=\"https:\/\/drive.google.com\/file\/d\/1ucJSvUaBOLPnNrUSYEoyoumtgOVbRa9m\/view?usp=sharing\" target=\"_blank\" rel=\"noopener\" data-mce-href=\"https:\/\/drive.google.com\/file\/d\/1ucJSvUaBOLPnNrUSYEoyoumtgOVbRa9m\/view?usp=sharing\">Flyer en pdf<\/a><br data-mce-bogus=\"1\"><\/p>\n<p><a class=\"linkverd\" href=\"https:\/\/fundaciojoseppla.cat\/wp-content\/uploads\/2021\/08\/Nota-de-Premsa-Expo-PalaParis-2021.06.pdf\" target=\"_blank\" rel=\"noopener\" data-mce-href=\"https:\/\/fundaciojoseppla.cat\/wp-content\/uploads\/2021\/08\/Nota-de-Premsa-Expo-PalaParis-2021.06.pdf\">Nota de premsa en pdf<\/a><br data-mce-bogus=\"1\"><\/p>\n<p><a class=\"linkverd\" href=\"https:\/\/youtu.be\/GpYschC70uM\" target=\"_blank\" rel=\"noopener\" data-mce-href=\"https:\/\/youtu.be\/GpYschC70uM\">V\u00eddeo<\/a><br data-mce-bogus=\"1\"><\/p>\n\t\t\t\t\t\t\t\t<\/div>\n\t\t\t\t<\/div>\n\t\t\t\t<div class=\"elementor-element elementor-element-557d0f0 claredonregular elementor-widget elementor-widget-text-editor\" data-id=\"557d0f0\" data-element_type=\"widget\" data-e-type=\"widget\" data-widget_type=\"text-editor.default\">\n\t\t\t\t<div class=\"elementor-widget-container\">\n\t\t\t\t\t\t\t\t\t<p><strong>Premsa<\/strong><\/p>\n\t\t\t\t\t\t\t\t<\/div>\n\t\t\t\t<\/div>\n\t\t\t\t<div class=\"elementor-element elementor-element-7e522ae elementor-widget elementor-widget-text-editor\" data-id=\"7e522ae\" data-element_type=\"widget\" data-e-type=\"widget\" data-widget_type=\"text-editor.default\">\n\t\t\t\t<div class=\"elementor-widget-container\">\n\t\t\t\t\t\t\t\t\t<ul>\n<li>Vil\u00e0, Cristina. &#8220;<a class=\"linkverd\" href=\"https:\/\/fundaciojoseppla.cat\/wp-content\/uploads\/2021\/09\/2021.09.18-emporda.info-Mariona-Seguranyes-saproxima-als-origens-del-proces-de-creacio-de-Josep-Pla.pdf\" target=\"_blank\" rel=\"noopener\" data-mce-href=\"https:\/\/fundaciojoseppla.cat\/wp-content\/uploads\/2021\/09\/2021.09.18-emporda.info-Mariona-Seguranyes-saproxima-als-origens-del-proces-de-creacio-de-Josep-Pla.pdf\">Mariona Seguranyes s\u2019aproxima als or\u00edgens del proc\u00e9s de creaci\u00f3 de Josep Pla<\/a>&#8220;. Empord\u00e0, 18.09.21<\/li>\n<li>Monta\u00f1\u00e9s, Jos\u00e9 \u00c1ngel. &#8220;<a class=\"linkverd\" href=\"https:\/\/elpais.com\/espana\/catalunya\/2021-09-18\/a-josep-pla-no-le-gustaban-picasso-ni-miro.html\" target=\"_blank\" rel=\"noopener\" data-mce-href=\"https:\/\/elpais.com\/espana\/catalunya\/2021-09-18\/a-josep-pla-no-le-gustaban-picasso-ni-miro.html\">A Josep Pla no le gustaban Picasso ni Mir\u00f3<\/a>&#8220;. El pa\u00eds, 18.09.21<\/li>\n<li>Oller, S\u00edlvia. &#8220;<a class=\"linkverd\" href=\"https:\/\/fundaciojoseppla.cat\/wp-content\/uploads\/2021\/09\/2021.09.14-lavanguardia.com-Los-amigos-artistas-de-Josep-Pla.pdf\" target=\"_blank\" rel=\"noopener\" data-mce-href=\"https:\/\/fundaciojoseppla.cat\/wp-content\/uploads\/2021\/09\/2021.09.14-lavanguardia.com-Los-amigos-artistas-de-Josep-Pla.pdf\">Los amigos artistas de Josep Pla<\/a>&#8220;. La Vanguardia, 14.09.21<\/li>\n<li>Granyer, Emma. &#8220;<a class=\"linkverd\" href=\"https:\/\/fundaciojoseppla.cat\/wp-content\/uploads\/2021\/09\/2021.09.12-diaridegirona.cat-Josep-Pla-mes-enlla-de-la-literatura.pdf\" target=\"_blank\" rel=\"noopener\" data-mce-href=\"https:\/\/fundaciojoseppla.cat\/wp-content\/uploads\/2021\/09\/2021.09.12-diaridegirona.cat-Josep-Pla-mes-enlla-de-la-literatura.pdf\">Josep Pla, m\u00e9s enll\u00e0 de la literatura<\/a>&#8220;. Diari de Girona, 12.09.21<\/li>\n<li>Fontbona,&nbsp;<span style=\"font-size: 18px; font-style: normal; font-weight: 400;\" data-mce-style=\"font-size: 18px; font-style: normal; font-weight: 400;\">Francesc.<\/span>&nbsp;&#8220;<a class=\"linkverd\" href=\"https:\/\/fundaciojoseppla.cat\/wp-content\/uploads\/2021\/08\/2021.08.12-francescfontbona.cat-Josep-Pla-i-els-artistes.pdf\" data-mce-href=\"https:\/\/fundaciojoseppla.cat\/wp-content\/uploads\/2021\/08\/2021.08.12-francescfontbona.cat-Josep-Pla-i-els-artistes.pdf\">Josep Pla i els artistes<\/a>&#8221; 12.08.21<\/li>\n<li>Vazquez, Eva. &#8220;<a class=\"linkverd\" href=\"https:\/\/fundaciojoseppla.cat\/wp-content\/uploads\/2021\/08\/elpuntavui.cat-Josep-Pla-entre-els-artistes.pdf\" target=\"_blank\" rel=\"noopener\" data-mce-href=\"https:\/\/fundaciojoseppla.cat\/wp-content\/uploads\/2021\/08\/elpuntavui.cat-Josep-Pla-entre-els-artistes.pdf\">Josep Pla, entre els artistes<\/a>&#8220;. El punt-avui, 05.08.21<\/li>\n<li>Cortina, J. M. &#8220;<a class=\"linkverd\" href=\"https:\/\/fundaciojoseppla.cat\/wp-content\/uploads\/2021\/08\/nuvol.com-Josep-Pla-i-els-artistes-una-mirada-literaria.pdf\" target=\"_blank\" rel=\"noopener\" data-mce-href=\"https:\/\/fundaciojoseppla.cat\/wp-content\/uploads\/2021\/08\/nuvol.com-Josep-Pla-i-els-artistes-una-mirada-literaria.pdf\">Josep Pla i els artistes, una mirada liter\u00e0ria<\/a>&#8221; N\u00favol, 30.07.21<\/li>\n<\/ul>\n\t\t\t\t\t\t\t\t<\/div>\n\t\t\t\t<\/div>\n\t\t\t\t\t<\/div>\n\t\t<\/div>\n\t\t\t\t\t<\/div>\n\t\t<\/section>\n\t\t\t\t<\/div>\n\t\t","protected":false},"excerpt":{"rendered":"<p>Exposiciones temporales 2022 Joan Fuster &#8211; Josep Pla: una conversa infinita 2021 De Palafrugell a Par\u00eds, 1913-1925. Josep Pla i els artistes, una mirada liter\u00e0ria 2020\u00a0Josep Pla vist per Eugeni Forcano 2019\u00a0\u201cEl primer artista que vaig con\u00e8ixer\u201d. Joan B. Coromina i Josep Pla 2018\u00a0Professors de solitud.J. Esquirol, fot\u00f2graf \u2013J.Pla, escriptor 2017 Mig Europa cau.Impressions de [&hellip;]<\/p>\n","protected":false},"author":222,"featured_media":27730,"parent":4054,"menu_order":0,"comment_status":"closed","ping_status":"closed","template":"","meta":{"inline_featured_image":false,"site-sidebar-layout":"no-sidebar","site-content-layout":"page-builder","ast-site-content-layout":"default","site-content-style":"default","site-sidebar-style":"default","ast-global-header-display":"","ast-banner-title-visibility":"","ast-main-header-display":"disabled","ast-hfb-above-header-display":"","ast-hfb-below-header-display":"","ast-hfb-mobile-header-display":"","site-post-title":"disabled","ast-breadcrumbs-content":"","ast-featured-img":"disabled","footer-sml-layout":"","theme-transparent-header-meta":"default","adv-header-id-meta":"","stick-header-meta":"","header-above-stick-meta":"","header-main-stick-meta":"","header-below-stick-meta":"","astra-migrate-meta-layouts":"default","ast-page-background-enabled":"default","ast-page-background-meta":{"desktop":{"background-color":"var(--ast-global-color-4)","background-image":"","background-repeat":"repeat","background-position":"center center","background-size":"auto","background-attachment":"scroll","background-type":"","background-media":"","overlay-type":"","overlay-color":"","overlay-opacity":"","overlay-gradient":""},"tablet":{"background-color":"","background-image":"","background-repeat":"repeat","background-position":"center center","background-size":"auto","background-attachment":"scroll","background-type":"","background-media":"","overlay-type":"","overlay-color":"","overlay-opacity":"","overlay-gradient":""},"mobile":{"background-color":"","background-image":"","background-repeat":"repeat","background-position":"center center","background-size":"auto","background-attachment":"scroll","background-type":"","background-media":"","overlay-type":"","overlay-color":"","overlay-opacity":"","overlay-gradient":""}},"ast-content-background-meta":{"desktop":{"background-color":"var(--ast-global-color-5)","background-image":"","background-repeat":"repeat","background-position":"center center","background-size":"auto","background-attachment":"scroll","background-type":"","background-media":"","overlay-type":"","overlay-color":"","overlay-opacity":"","overlay-gradient":""},"tablet":{"background-color":"var(--ast-global-color-5)","background-image":"","background-repeat":"repeat","background-position":"center center","background-size":"auto","background-attachment":"scroll","background-type":"","background-media":"","overlay-type":"","overlay-color":"","overlay-opacity":"","overlay-gradient":""},"mobile":{"background-color":"var(--ast-global-color-5)","background-image":"","background-repeat":"repeat","background-position":"center center","background-size":"auto","background-attachment":"scroll","background-type":"","background-media":"","overlay-type":"","overlay-color":"","overlay-opacity":"","overlay-gradient":""}},"footnotes":""},"class_list":["post-32681","page","type-page","status-publish","has-post-thumbnail","hentry"],"yoast_head":"<!-- This site is optimized with the Yoast SEO plugin v27.5 - https:\/\/yoast.com\/product\/yoast-seo-wordpress\/ -->\n<title>De Palafrugell a Paris, 1913-1925. Josep Pla y los artistas, una mirada liter\u00e0ria - Fundaci\u00f3 Josep Pla<\/title>\n<meta name=\"robots\" content=\"index, follow, max-snippet:-1, max-image-preview:large, max-video-preview:-1\" \/>\n<link rel=\"canonical\" href=\"https:\/\/fundaciojoseppla.cat\/exposicions-temporals\/de-palafrugell-a-paris-1913-1925-josep-pla-y-los-artistas-una-mirada-literaria\/\" \/>\n<meta property=\"og:locale\" content=\"es_ES\" \/>\n<meta property=\"og:type\" content=\"article\" \/>\n<meta property=\"og:title\" content=\"De Palafrugell a Paris, 1913-1925. Josep Pla y los artistas, una mirada liter\u00e0ria - Fundaci\u00f3 Josep Pla\" \/>\n<meta property=\"og:description\" content=\"Exposiciones temporales 2022 Joan Fuster &#8211; Josep Pla: una conversa infinita 2021 De Palafrugell a Par\u00eds, 1913-1925. Josep Pla i els artistes, una mirada liter\u00e0ria 2020\u00a0Josep Pla vist per Eugeni Forcano 2019\u00a0\u201cEl primer artista que vaig con\u00e8ixer\u201d. Joan B. Coromina i Josep Pla 2018\u00a0Professors de solitud.J. Esquirol, fot\u00f2graf \u2013J.Pla, escriptor 2017 Mig Europa cau.Impressions de [&hellip;]\" \/>\n<meta property=\"og:url\" content=\"https:\/\/fundaciojoseppla.cat\/exposicions-temporals\/de-palafrugell-a-paris-1913-1925-josep-pla-y-los-artistas-una-mirada-literaria\/\" \/>\n<meta property=\"og:site_name\" content=\"Fundaci\u00f3 Josep Pla\" \/>\n<meta property=\"article:publisher\" content=\"https:\/\/www.facebook.com\/FJosepPla\/\" \/>\n<meta property=\"article:modified_time\" content=\"2022-06-17T16:36:00+00:00\" \/>\n<meta property=\"og:image\" content=\"https:\/\/fundaciojoseppla.cat\/wp-content\/uploads\/2021\/06\/josep-pla-palafrugell-paris-artistes-e1624957888136.jpg\" \/>\n\t<meta property=\"og:image:width\" content=\"925\" \/>\n\t<meta property=\"og:image:height\" content=\"501\" \/>\n\t<meta property=\"og:image:type\" content=\"image\/jpeg\" \/>\n<meta name=\"twitter:card\" content=\"summary_large_image\" \/>\n<meta name=\"twitter:site\" content=\"@FJosepPla\" \/>\n<meta name=\"twitter:label1\" content=\"Tiempo de lectura\" \/>\n\t<meta name=\"twitter:data1\" content=\"3 minutos\" \/>\n<script type=\"application\/ld+json\" class=\"yoast-schema-graph\">{\"@context\":\"https:\\\/\\\/schema.org\",\"@graph\":[{\"@type\":\"WebPage\",\"@id\":\"https:\\\/\\\/fundaciojoseppla.cat\\\/exposicions-temporals\\\/de-palafrugell-a-paris-1913-1925-josep-pla-y-los-artistas-una-mirada-literaria\\\/\",\"url\":\"https:\\\/\\\/fundaciojoseppla.cat\\\/exposicions-temporals\\\/de-palafrugell-a-paris-1913-1925-josep-pla-y-los-artistas-una-mirada-literaria\\\/\",\"name\":\"De Palafrugell a Paris, 1913-1925. Josep Pla y los artistas, una mirada liter\u00e0ria - Fundaci\u00f3 Josep Pla\",\"isPartOf\":{\"@id\":\"https:\\\/\\\/fundaciojoseppla.cat\\\/#website\"},\"primaryImageOfPage\":{\"@id\":\"https:\\\/\\\/fundaciojoseppla.cat\\\/exposicions-temporals\\\/de-palafrugell-a-paris-1913-1925-josep-pla-y-los-artistas-una-mirada-literaria\\\/#primaryimage\"},\"image\":{\"@id\":\"https:\\\/\\\/fundaciojoseppla.cat\\\/exposicions-temporals\\\/de-palafrugell-a-paris-1913-1925-josep-pla-y-los-artistas-una-mirada-literaria\\\/#primaryimage\"},\"thumbnailUrl\":\"https:\\\/\\\/fundaciojoseppla.cat\\\/wp-content\\\/uploads\\\/2021\\\/06\\\/josep-pla-palafrugell-paris-artistes-e1624957888136.jpg\",\"datePublished\":\"2022-06-15T16:48:47+00:00\",\"dateModified\":\"2022-06-17T16:36:00+00:00\",\"breadcrumb\":{\"@id\":\"https:\\\/\\\/fundaciojoseppla.cat\\\/exposicions-temporals\\\/de-palafrugell-a-paris-1913-1925-josep-pla-y-los-artistas-una-mirada-literaria\\\/#breadcrumb\"},\"inLanguage\":\"es\",\"potentialAction\":[{\"@type\":\"ReadAction\",\"target\":[\"https:\\\/\\\/fundaciojoseppla.cat\\\/exposicions-temporals\\\/de-palafrugell-a-paris-1913-1925-josep-pla-y-los-artistas-una-mirada-literaria\\\/\"]}]},{\"@type\":\"ImageObject\",\"inLanguage\":\"es\",\"@id\":\"https:\\\/\\\/fundaciojoseppla.cat\\\/exposicions-temporals\\\/de-palafrugell-a-paris-1913-1925-josep-pla-y-los-artistas-una-mirada-literaria\\\/#primaryimage\",\"url\":\"https:\\\/\\\/fundaciojoseppla.cat\\\/wp-content\\\/uploads\\\/2021\\\/06\\\/josep-pla-palafrugell-paris-artistes-e1624957888136.jpg\",\"contentUrl\":\"https:\\\/\\\/fundaciojoseppla.cat\\\/wp-content\\\/uploads\\\/2021\\\/06\\\/josep-pla-palafrugell-paris-artistes-e1624957888136.jpg\",\"width\":925,\"height\":501},{\"@type\":\"BreadcrumbList\",\"@id\":\"https:\\\/\\\/fundaciojoseppla.cat\\\/exposicions-temporals\\\/de-palafrugell-a-paris-1913-1925-josep-pla-y-los-artistas-una-mirada-literaria\\\/#breadcrumb\",\"itemListElement\":[{\"@type\":\"ListItem\",\"position\":1,\"name\":\"Inici\",\"item\":\"https:\\\/\\\/fundaciojoseppla.cat\\\/es\\\/\"},{\"@type\":\"ListItem\",\"position\":2,\"name\":\"Exposiciones temporales\",\"item\":\"https:\\\/\\\/fundaciojoseppla.cat\\\/exposicions-temporals\\\/\"},{\"@type\":\"ListItem\",\"position\":3,\"name\":\"De Palafrugell a Paris, 1913-1925. Josep Pla y los artistas, una mirada liter\u00e0ria\"}]},{\"@type\":\"WebSite\",\"@id\":\"https:\\\/\\\/fundaciojoseppla.cat\\\/#website\",\"url\":\"https:\\\/\\\/fundaciojoseppla.cat\\\/\",\"name\":\"Fundaci\u00f3 Josep Pla\",\"description\":\"Fundacio Josep Pla Palafrugell\",\"publisher\":{\"@id\":\"https:\\\/\\\/fundaciojoseppla.cat\\\/#organization\"},\"potentialAction\":[{\"@type\":\"SearchAction\",\"target\":{\"@type\":\"EntryPoint\",\"urlTemplate\":\"https:\\\/\\\/fundaciojoseppla.cat\\\/?s={search_term_string}\"},\"query-input\":{\"@type\":\"PropertyValueSpecification\",\"valueRequired\":true,\"valueName\":\"search_term_string\"}}],\"inLanguage\":\"es\"},{\"@type\":\"Organization\",\"@id\":\"https:\\\/\\\/fundaciojoseppla.cat\\\/#organization\",\"name\":\"Fundaci\u00f3 Josep Pla\",\"url\":\"https:\\\/\\\/fundaciojoseppla.cat\\\/\",\"logo\":{\"@type\":\"ImageObject\",\"inLanguage\":\"es\",\"@id\":\"https:\\\/\\\/fundaciojoseppla.cat\\\/#\\\/schema\\\/logo\\\/image\\\/\",\"url\":\"https:\\\/\\\/fundaciojoseppla.cat\\\/wp-content\\\/uploads\\\/2018\\\/05\\\/negre-transparent-de-logo-vecto-FJP.png\",\"contentUrl\":\"https:\\\/\\\/fundaciojoseppla.cat\\\/wp-content\\\/uploads\\\/2018\\\/05\\\/negre-transparent-de-logo-vecto-FJP.png\",\"width\":600,\"height\":233,\"caption\":\"Fundaci\u00f3 Josep Pla\"},\"image\":{\"@id\":\"https:\\\/\\\/fundaciojoseppla.cat\\\/#\\\/schema\\\/logo\\\/image\\\/\"},\"sameAs\":[\"https:\\\/\\\/www.facebook.com\\\/FJosepPla\\\/\",\"https:\\\/\\\/x.com\\\/FJosepPla\",\"http:\\\/\\\/pinterest.com\\\/fjoseppla\\\/\",\"https:\\\/\\\/www.youtube.com\\\/user\\\/FJosepPla\"]}]}<\/script>\n<!-- \/ Yoast SEO plugin. -->","yoast_head_json":{"title":"De Palafrugell a Paris, 1913-1925. Josep Pla y los artistas, una mirada liter\u00e0ria - Fundaci\u00f3 Josep Pla","robots":{"index":"index","follow":"follow","max-snippet":"max-snippet:-1","max-image-preview":"max-image-preview:large","max-video-preview":"max-video-preview:-1"},"canonical":"https:\/\/fundaciojoseppla.cat\/exposicions-temporals\/de-palafrugell-a-paris-1913-1925-josep-pla-y-los-artistas-una-mirada-literaria\/","og_locale":"es_ES","og_type":"article","og_title":"De Palafrugell a Paris, 1913-1925. Josep Pla y los artistas, una mirada liter\u00e0ria - Fundaci\u00f3 Josep Pla","og_description":"Exposiciones temporales 2022 Joan Fuster &#8211; Josep Pla: una conversa infinita 2021 De Palafrugell a Par\u00eds, 1913-1925. Josep Pla i els artistes, una mirada liter\u00e0ria 2020\u00a0Josep Pla vist per Eugeni Forcano 2019\u00a0\u201cEl primer artista que vaig con\u00e8ixer\u201d. Joan B. Coromina i Josep Pla 2018\u00a0Professors de solitud.J. Esquirol, fot\u00f2graf \u2013J.Pla, escriptor 2017 Mig Europa cau.Impressions de [&hellip;]","og_url":"https:\/\/fundaciojoseppla.cat\/exposicions-temporals\/de-palafrugell-a-paris-1913-1925-josep-pla-y-los-artistas-una-mirada-literaria\/","og_site_name":"Fundaci\u00f3 Josep Pla","article_publisher":"https:\/\/www.facebook.com\/FJosepPla\/","article_modified_time":"2022-06-17T16:36:00+00:00","og_image":[{"width":925,"height":501,"url":"https:\/\/fundaciojoseppla.cat\/wp-content\/uploads\/2021\/06\/josep-pla-palafrugell-paris-artistes-e1624957888136.jpg","type":"image\/jpeg"}],"twitter_card":"summary_large_image","twitter_site":"@FJosepPla","twitter_misc":{"Tiempo de lectura":"3 minutos"},"schema":{"@context":"https:\/\/schema.org","@graph":[{"@type":"WebPage","@id":"https:\/\/fundaciojoseppla.cat\/exposicions-temporals\/de-palafrugell-a-paris-1913-1925-josep-pla-y-los-artistas-una-mirada-literaria\/","url":"https:\/\/fundaciojoseppla.cat\/exposicions-temporals\/de-palafrugell-a-paris-1913-1925-josep-pla-y-los-artistas-una-mirada-literaria\/","name":"De Palafrugell a Paris, 1913-1925. Josep Pla y los artistas, una mirada liter\u00e0ria - Fundaci\u00f3 Josep Pla","isPartOf":{"@id":"https:\/\/fundaciojoseppla.cat\/#website"},"primaryImageOfPage":{"@id":"https:\/\/fundaciojoseppla.cat\/exposicions-temporals\/de-palafrugell-a-paris-1913-1925-josep-pla-y-los-artistas-una-mirada-literaria\/#primaryimage"},"image":{"@id":"https:\/\/fundaciojoseppla.cat\/exposicions-temporals\/de-palafrugell-a-paris-1913-1925-josep-pla-y-los-artistas-una-mirada-literaria\/#primaryimage"},"thumbnailUrl":"https:\/\/fundaciojoseppla.cat\/wp-content\/uploads\/2021\/06\/josep-pla-palafrugell-paris-artistes-e1624957888136.jpg","datePublished":"2022-06-15T16:48:47+00:00","dateModified":"2022-06-17T16:36:00+00:00","breadcrumb":{"@id":"https:\/\/fundaciojoseppla.cat\/exposicions-temporals\/de-palafrugell-a-paris-1913-1925-josep-pla-y-los-artistas-una-mirada-literaria\/#breadcrumb"},"inLanguage":"es","potentialAction":[{"@type":"ReadAction","target":["https:\/\/fundaciojoseppla.cat\/exposicions-temporals\/de-palafrugell-a-paris-1913-1925-josep-pla-y-los-artistas-una-mirada-literaria\/"]}]},{"@type":"ImageObject","inLanguage":"es","@id":"https:\/\/fundaciojoseppla.cat\/exposicions-temporals\/de-palafrugell-a-paris-1913-1925-josep-pla-y-los-artistas-una-mirada-literaria\/#primaryimage","url":"https:\/\/fundaciojoseppla.cat\/wp-content\/uploads\/2021\/06\/josep-pla-palafrugell-paris-artistes-e1624957888136.jpg","contentUrl":"https:\/\/fundaciojoseppla.cat\/wp-content\/uploads\/2021\/06\/josep-pla-palafrugell-paris-artistes-e1624957888136.jpg","width":925,"height":501},{"@type":"BreadcrumbList","@id":"https:\/\/fundaciojoseppla.cat\/exposicions-temporals\/de-palafrugell-a-paris-1913-1925-josep-pla-y-los-artistas-una-mirada-literaria\/#breadcrumb","itemListElement":[{"@type":"ListItem","position":1,"name":"Inici","item":"https:\/\/fundaciojoseppla.cat\/es\/"},{"@type":"ListItem","position":2,"name":"Exposiciones temporales","item":"https:\/\/fundaciojoseppla.cat\/exposicions-temporals\/"},{"@type":"ListItem","position":3,"name":"De Palafrugell a Paris, 1913-1925. Josep Pla y los artistas, una mirada liter\u00e0ria"}]},{"@type":"WebSite","@id":"https:\/\/fundaciojoseppla.cat\/#website","url":"https:\/\/fundaciojoseppla.cat\/","name":"Fundaci\u00f3 Josep Pla","description":"Fundacio Josep Pla Palafrugell","publisher":{"@id":"https:\/\/fundaciojoseppla.cat\/#organization"},"potentialAction":[{"@type":"SearchAction","target":{"@type":"EntryPoint","urlTemplate":"https:\/\/fundaciojoseppla.cat\/?s={search_term_string}"},"query-input":{"@type":"PropertyValueSpecification","valueRequired":true,"valueName":"search_term_string"}}],"inLanguage":"es"},{"@type":"Organization","@id":"https:\/\/fundaciojoseppla.cat\/#organization","name":"Fundaci\u00f3 Josep Pla","url":"https:\/\/fundaciojoseppla.cat\/","logo":{"@type":"ImageObject","inLanguage":"es","@id":"https:\/\/fundaciojoseppla.cat\/#\/schema\/logo\/image\/","url":"https:\/\/fundaciojoseppla.cat\/wp-content\/uploads\/2018\/05\/negre-transparent-de-logo-vecto-FJP.png","contentUrl":"https:\/\/fundaciojoseppla.cat\/wp-content\/uploads\/2018\/05\/negre-transparent-de-logo-vecto-FJP.png","width":600,"height":233,"caption":"Fundaci\u00f3 Josep Pla"},"image":{"@id":"https:\/\/fundaciojoseppla.cat\/#\/schema\/logo\/image\/"},"sameAs":["https:\/\/www.facebook.com\/FJosepPla\/","https:\/\/x.com\/FJosepPla","http:\/\/pinterest.com\/fjoseppla\/","https:\/\/www.youtube.com\/user\/FJosepPla"]}]}},"publishpress_future_action":{"enabled":false,"date":"2026-05-06 17:38:50","action":"change-status","newStatus":"draft","terms":[],"taxonomy":"translation_priority","extraData":[]},"publishpress_future_workflow_manual_trigger":{"enabledWorkflows":[]},"_links":{"self":[{"href":"https:\/\/fundaciojoseppla.cat\/es\/wp-json\/wp\/v2\/pages\/32681","targetHints":{"allow":["GET"]}}],"collection":[{"href":"https:\/\/fundaciojoseppla.cat\/es\/wp-json\/wp\/v2\/pages"}],"about":[{"href":"https:\/\/fundaciojoseppla.cat\/es\/wp-json\/wp\/v2\/types\/page"}],"author":[{"embeddable":true,"href":"https:\/\/fundaciojoseppla.cat\/es\/wp-json\/wp\/v2\/users\/222"}],"replies":[{"embeddable":true,"href":"https:\/\/fundaciojoseppla.cat\/es\/wp-json\/wp\/v2\/comments?post=32681"}],"version-history":[{"count":15,"href":"https:\/\/fundaciojoseppla.cat\/es\/wp-json\/wp\/v2\/pages\/32681\/revisions"}],"predecessor-version":[{"id":32896,"href":"https:\/\/fundaciojoseppla.cat\/es\/wp-json\/wp\/v2\/pages\/32681\/revisions\/32896"}],"up":[{"embeddable":true,"href":"https:\/\/fundaciojoseppla.cat\/es\/wp-json\/wp\/v2\/pages\/4054"}],"wp:featuredmedia":[{"embeddable":true,"href":"https:\/\/fundaciojoseppla.cat\/es\/wp-json\/wp\/v2\/media\/27730"}],"wp:attachment":[{"href":"https:\/\/fundaciojoseppla.cat\/es\/wp-json\/wp\/v2\/media?parent=32681"}],"curies":[{"name":"wp","href":"https:\/\/api.w.org\/{rel}","templated":true}]}}