

{"id":3688,"date":"2018-02-01T18:21:06","date_gmt":"2018-02-01T17:21:06","guid":{"rendered":"https:\/\/fundaciojoseppla.cat\/situacion-i-horarios\/"},"modified":"2026-03-25T10:15:25","modified_gmt":"2026-03-25T09:15:25","slug":"situacion-y-horarios","status":"publish","type":"page","link":"https:\/\/fundaciojoseppla.cat\/es\/situacion-y-horarios\/","title":{"rendered":"Situaci\u00f3n y horarios"},"content":{"rendered":"\t\t<div data-elementor-type=\"wp-post\" data-elementor-id=\"3688\" class=\"elementor elementor-3688 elementor-61\" data-elementor-post-type=\"page\">\n\t\t\t\t\t\t<section class=\"elementor-section elementor-top-section elementor-element elementor-element-2d6e1631 elementor-section-boxed elementor-section-height-default elementor-section-height-default\" data-id=\"2d6e1631\" data-element_type=\"section\">\n\t\t\t\t\t\t<div class=\"elementor-container elementor-column-gap-default\">\n\t\t\t\t\t<div class=\"elementor-column elementor-col-66 elementor-top-column elementor-element elementor-element-1e0da7a4\" data-id=\"1e0da7a4\" data-element_type=\"column\">\n\t\t\t<div class=\"elementor-widget-wrap elementor-element-populated\">\n\t\t\t\t\t\t<div class=\"elementor-element elementor-element-46d2be51 claredonlight elementor-widget elementor-widget-heading\" data-id=\"46d2be51\" data-element_type=\"widget\" data-widget_type=\"heading.default\">\n\t\t\t\t<div class=\"elementor-widget-container\">\n\t\t\t\t\t<h1 class=\"elementor-heading-title elementor-size-default\">\u00bfD\u00f3nde estamos?<\/h1>\t\t\t\t<\/div>\n\t\t\t\t<\/div>\n\t\t\t\t<div class=\"elementor-element elementor-element-56265682 elementor-widget elementor-widget-text-editor\" data-id=\"56265682\" data-element_type=\"widget\" data-widget_type=\"text-editor.default\">\n\t\t\t\t<div class=\"elementor-widget-container\">\n\t\t\t\t\t\t\t\t\t<p>Para llegar a Palafrugell desde el norte, deber\u00e1 coger la autopista AP-7 sentido Barcelona y salir por la salida 6 Girona Nord, sentido Palam\u00f3s. Contin\u00fae por la C-66 en sentido Palam\u00f3s hasta llegar a Palafrugell. Entrad por Palafrugell norte, una vez pasado Llofriu. Por la carretera de Palafrugell, siga hasta la segunda rotonda y girar a la derecha por la calle Mestre Sagrera. En la siguiente rotonda (gasolinera) debe tomar la tercera salida, por la calle Torres i Jonama, y \u200b\u200botra vez a la derecha por la calle de Anselm Clav\u00e9 hasta el aparcamiento, justo detr\u00e1s de la Fundaci\u00f3n Josep Pla.<\/p>\n<p>Si viene desde el sur, deber\u00e1 coger la AP-7 sentido Francia y tomar la salida 9 de Lloret de Mar sentido Sant Feliu de Gu\u00edxols.Contin\u00fae por la C-35, sentido Sant Feliu de Gu\u00edxols y despu\u00e9s por la C-31 sentido Palam\u00f3s hasta llegar a Palafrugell. Entrad por Palafrugell sur, girar por la Avenida Generalitat y contin\u00fae por la calle de Torroella. Gire a la derecha por la calle Torres i Jonama y otra vez a la derecha por la calle de Anselm Clav\u00e9 hasta el aparcamiento, justo detr\u00e1s de la Fundaci\u00f3n Josep Pla.<\/p>\n<p>Las estaciones de tren (RENFE) m\u00e1s propere son Caldes de Malavella (30km) y Fla\u00e7\u00e0 (26 km). Consulte los horarios:<a class=\"linkvermell\" href=\"http:\/\/www.renfe.com\/CA\/viajeros\/index.html\" target=\"_blank\" rel=\"noopener\"> http:\/\/www.renfe.com\/CA\/viajeros\/index.html<\/a><br \/>\nPara encontrar la estaci\u00f3n de Fla\u00e7\u00e0 o de Caldes de Malavella debe pulsar el bot\u00f3n &#8220;Ver todas las estaciones&#8221; antes de introducir ning\u00fan otro dato.<\/p>\n<p>La estaci\u00f3n de autobuses (Sarfa) m\u00e1s cercana, est\u00e1 a 3 min. de la Fundaci\u00f3n Josep Pla. Consulte los horarios: <a class=\"linkvermell\" href=\"http:\/\/www.sarfa.com\/paginas\/interurbano_buscador.php\" target=\"_blank\" rel=\"noopener\">https:\/\/compras.moventis.es\/es<\/a><br \/>\nPuede buscar Caldes de Malavella-Palafrugell o Fla\u00e7\u00e0-Palafrugell o bien buscar otras estaciones de procedencia, como por ejemplo Barcelona.<\/p>\n\t\t\t\t\t\t\t\t<\/div>\n\t\t\t\t<\/div>\n\t\t\t\t\t<\/div>\n\t\t<\/div>\n\t\t\t\t<div class=\"elementor-column elementor-col-33 elementor-top-column elementor-element elementor-element-4593fef3\" data-id=\"4593fef3\" data-element_type=\"column\">\n\t\t\t<div class=\"elementor-widget-wrap elementor-element-populated\">\n\t\t\t\t\t\t<div class=\"elementor-element elementor-element-5a0a510 elementor-widget elementor-widget-text-editor\" data-id=\"5a0a510\" data-element_type=\"widget\" data-widget_type=\"text-editor.default\">\n\t\t\t\t<div class=\"elementor-widget-container\">\n\t\t\t\t\t\t\t\t\t<p><span class=\"titolonsom\">Fundaci\u00f3 Josep Pla<\/span><br \/>\nCarrer Nou, 51<br \/>\n17200 Palafrugell<\/p>\n<p>T. 972 30 55 77<br \/>\n<a class=\"linkvermell\" href=\"mailto:info@fundaciojoseppla.cat\">info@fundaciojoseppla.cat<\/a><br \/>\n<a class=\"linkvermell\" href=\"http:\/\/prova16.fundaciojoseppla.cat\">www.fundaciojoseppla.cat<\/a><\/p>\n\t\t\t\t\t\t\t\t<\/div>\n\t\t\t\t<\/div>\n\t\t\t\t\t<\/div>\n\t\t<\/div>\n\t\t\t\t\t<\/div>\n\t\t<\/section>\n\t\t\t\t<section class=\"elementor-section elementor-top-section elementor-element elementor-element-789767ba elementor-section-full_width parallax elementor-section-height-default elementor-section-height-default\" data-id=\"789767ba\" data-element_type=\"section\" data-settings=\"{&quot;background_background&quot;:&quot;classic&quot;}\">\n\t\t\t\t\t\t<div class=\"elementor-container elementor-column-gap-default\">\n\t\t\t\t\t<div class=\"elementor-column elementor-col-100 elementor-top-column elementor-element elementor-element-3a1f8301\" data-id=\"3a1f8301\" data-element_type=\"column\">\n\t\t\t<div class=\"elementor-widget-wrap elementor-element-populated\">\n\t\t\t\t\t\t<div class=\"elementor-element elementor-element-c35cf34 elementor-widget elementor-widget-google_maps\" data-id=\"c35cf34\" data-element_type=\"widget\" data-widget_type=\"google_maps.default\">\n\t\t\t\t<div class=\"elementor-widget-container\">\n\t\t\t\t\t\t\t<div class=\"elementor-custom-embed\">\n\t\t\t<iframe loading=\"lazy\"\n\t\t\t\t\tsrc=\"https:\/\/maps.google.com\/maps?q=Fundacio%20Josep%20Pla%2C%20Palafrugell&#038;t=m&#038;z=15&#038;output=embed&#038;iwloc=near\"\n\t\t\t\t\ttitle=\"Fundacio Josep Pla, Palafrugell\"\n\t\t\t\t\taria-label=\"Fundacio Josep Pla, Palafrugell\"\n\t\t\t><\/iframe>\n\t\t<\/div>\n\t\t\t\t\t\t<\/div>\n\t\t\t\t<\/div>\n\t\t\t\t\t<\/div>\n\t\t<\/div>\n\t\t\t\t\t<\/div>\n\t\t<\/section>\n\t\t\t\t<section class=\"elementor-section elementor-top-section elementor-element elementor-element-3b327d9c elementor-section-boxed elementor-section-height-default elementor-section-height-default\" data-id=\"3b327d9c\" data-element_type=\"section\">\n\t\t\t\t\t\t<div class=\"elementor-container elementor-column-gap-default\">\n\t\t\t\t\t<div class=\"elementor-column elementor-col-100 elementor-top-column elementor-element elementor-element-12cd6b7\" data-id=\"12cd6b7\" data-element_type=\"column\">\n\t\t\t<div class=\"elementor-widget-wrap elementor-element-populated\">\n\t\t\t\t\t\t<div class=\"elementor-element elementor-element-1aad75c elementor-widget elementor-widget-menu-anchor\" data-id=\"1aad75c\" data-element_type=\"widget\" data-widget_type=\"menu-anchor.default\">\n\t\t\t\t<div class=\"elementor-widget-container\">\n\t\t\t\t\t\t\t<div class=\"elementor-menu-anchor\" id=\"horarios\"><\/div>\n\t\t\t\t\t\t<\/div>\n\t\t\t\t<\/div>\n\t\t\t\t<div class=\"elementor-element elementor-element-3451184 claredonregular elementor-widget elementor-widget-heading\" data-id=\"3451184\" data-element_type=\"widget\" data-widget_type=\"heading.default\">\n\t\t\t\t<div class=\"elementor-widget-container\">\n\t\t\t\t\t<p class=\"elementor-heading-title elementor-size-default\">Horarios<\/p>\t\t\t\t<\/div>\n\t\t\t\t<\/div>\n\t\t\t\t<section class=\"elementor-section elementor-inner-section elementor-element elementor-element-943aa27 elementor-section-boxed elementor-section-height-default elementor-section-height-default\" data-id=\"943aa27\" data-element_type=\"section\">\n\t\t\t\t\t\t<div class=\"elementor-container elementor-column-gap-default\">\n\t\t\t\t\t<div class=\"elementor-column elementor-col-25 elementor-inner-column elementor-element elementor-element-eb7b3bd\" data-id=\"eb7b3bd\" data-element_type=\"column\">\n\t\t\t<div class=\"elementor-widget-wrap elementor-element-populated\">\n\t\t\t\t\t\t<div class=\"elementor-element elementor-element-aeaef12 horaris elementor-widget elementor-widget-heading\" data-id=\"aeaef12\" data-element_type=\"widget\" data-widget_type=\"heading.default\">\n\t\t\t\t<div class=\"elementor-widget-container\">\n\t\t\t\t\t<h3 class=\"elementor-heading-title elementor-size-default\"><br>Exposiciones<\/h3>\t\t\t\t<\/div>\n\t\t\t\t<\/div>\n\t\t\t\t<div class=\"elementor-element elementor-element-b5b1fde elementor-widget-divider--view-line elementor-widget elementor-widget-divider\" data-id=\"b5b1fde\" data-element_type=\"widget\" data-widget_type=\"divider.default\">\n\t\t\t\t<div class=\"elementor-widget-container\">\n\t\t\t\t\t\t\t<div class=\"elementor-divider\">\n\t\t\t<span class=\"elementor-divider-separator\">\n\t\t\t\t\t\t<\/span>\n\t\t<\/div>\n\t\t\t\t\t\t<\/div>\n\t\t\t\t<\/div>\n\t\t\t\t<div class=\"elementor-element elementor-element-30031fd elementor-hidden-mobile elementor-widget elementor-widget-text-editor\" data-id=\"30031fd\" data-element_type=\"widget\" data-widget_type=\"text-editor.default\">\n\t\t\t\t<div class=\"elementor-widget-container\">\n\t\t\t\t\t\t\t\t\t<p><span class=\"titolonsom\">Invierno <br \/>(16 de septiembre al 14 de junio)<\/span><br \/>de martes a viernes: <br \/>de 9 a 14 y de 16 a 18.30 h<\/p><p>S\u00e1bados: <br \/>de 10.30 a 14 y de 16 a 19 h<\/p><p>Domingos:<br \/>vistas concertadas<\/p><p><span class=\"titolonsom\">Verano <br \/>(15 de junio al 15 septiembre)<\/span><br \/>de martes a viernes:<br \/>de 9 a 14 y de 17 a 20.30 h<\/p><p>S\u00e1bados: <br \/>de 10.30 a 14 y de 17 a 20 h<\/p><p>Domingos:<br \/>de 10.30 a 13.30 h<\/p><p><strong>Festivos <br \/>(de 10.30 a 13.30 h)<\/strong><br \/>viernes, 03.04.26<br \/>miercoles, 24.06.26<br \/>sabado, 15.08.26<br \/>martes, 08.12.26<\/p><p><strong>\u00daltimo acceso: 45 min. antes de la hora de cierre<\/strong><\/p>\t\t\t\t\t\t\t\t<\/div>\n\t\t\t\t<\/div>\n\t\t\t\t\t<\/div>\n\t\t<\/div>\n\t\t\t\t<div class=\"elementor-column elementor-col-25 elementor-inner-column elementor-element elementor-element-9663b49\" data-id=\"9663b49\" data-element_type=\"column\">\n\t\t\t<div class=\"elementor-widget-wrap elementor-element-populated\">\n\t\t\t\t\t\t<div class=\"elementor-element elementor-element-20e0e37 horaris elementor-widget elementor-widget-heading\" data-id=\"20e0e37\" data-element_type=\"widget\" data-widget_type=\"heading.default\">\n\t\t\t\t<div class=\"elementor-widget-container\">\n\t\t\t\t\t<h3 class=\"elementor-heading-title elementor-size-default\">Biblioteca y<br \/>Centro de Documentaci\u00f3n<\/h3>\t\t\t\t<\/div>\n\t\t\t\t<\/div>\n\t\t\t\t<div class=\"elementor-element elementor-element-6cb4b68 elementor-widget-divider--view-line elementor-widget elementor-widget-divider\" data-id=\"6cb4b68\" data-element_type=\"widget\" data-widget_type=\"divider.default\">\n\t\t\t\t<div class=\"elementor-widget-container\">\n\t\t\t\t\t\t\t<div class=\"elementor-divider\">\n\t\t\t<span class=\"elementor-divider-separator\">\n\t\t\t\t\t\t<\/span>\n\t\t<\/div>\n\t\t\t\t\t\t<\/div>\n\t\t\t\t<\/div>\n\t\t\t\t<div class=\"elementor-element elementor-element-984f67d elementor-widget elementor-widget-text-editor\" data-id=\"984f67d\" data-element_type=\"widget\" data-widget_type=\"text-editor.default\">\n\t\t\t\t<div class=\"elementor-widget-container\">\n\t\t\t\t\t\t\t\t\t<p><span class=\"titolonsom\">Invierno <br \/>(16 de septiembre a 14 de junio)<\/span><br \/>de martes a viernes: <br \/>de 9 a 14 y de 16 a 18.30 h<\/p><p><strong>Verano <\/strong><br \/><strong>(15 de junio a 15 de septiembre)<\/strong><br \/>de martes a viernes: <br \/>de 9 a 14 y de 17 a 20.30 h<\/p>\t\t\t\t\t\t\t\t<\/div>\n\t\t\t\t<\/div>\n\t\t\t\t\t<\/div>\n\t\t<\/div>\n\t\t\t\t<div class=\"elementor-column elementor-col-25 elementor-inner-column elementor-element elementor-element-e87a8b1\" data-id=\"e87a8b1\" data-element_type=\"column\">\n\t\t\t<div class=\"elementor-widget-wrap elementor-element-populated\">\n\t\t\t\t\t\t<div class=\"elementor-element elementor-element-5ea5823 horaris elementor-widget elementor-widget-heading\" data-id=\"5ea5823\" data-element_type=\"widget\" data-widget_type=\"heading.default\">\n\t\t\t\t<div class=\"elementor-widget-container\">\n\t\t\t\t\t<h3 class=\"elementor-heading-title elementor-size-default\">Grupos y visitas guiadas<\/h3>\t\t\t\t<\/div>\n\t\t\t\t<\/div>\n\t\t\t\t<div class=\"elementor-element elementor-element-6bdf3b9 elementor-widget-divider--view-line elementor-widget elementor-widget-divider\" data-id=\"6bdf3b9\" data-element_type=\"widget\" data-widget_type=\"divider.default\">\n\t\t\t\t<div class=\"elementor-widget-container\">\n\t\t\t\t\t\t\t<div class=\"elementor-divider\">\n\t\t\t<span class=\"elementor-divider-separator\">\n\t\t\t\t\t\t<\/span>\n\t\t<\/div>\n\t\t\t\t\t\t<\/div>\n\t\t\t\t<\/div>\n\t\t\t\t<div class=\"elementor-element elementor-element-cd68698 elementor-widget elementor-widget-text-editor\" data-id=\"cd68698\" data-element_type=\"widget\" data-widget_type=\"text-editor.default\">\n\t\t\t\t<div class=\"elementor-widget-container\">\n\t\t\t\t\t\t\t\t\t<p>Todo el a\u00f1o con concertaci\u00f3n previa<\/p>\n\t\t\t\t\t\t\t\t<\/div>\n\t\t\t\t<\/div>\n\t\t\t\t\t<\/div>\n\t\t<\/div>\n\t\t\t\t<div class=\"elementor-column elementor-col-25 elementor-inner-column elementor-element elementor-element-7123d80\" data-id=\"7123d80\" data-element_type=\"column\">\n\t\t\t<div class=\"elementor-widget-wrap elementor-element-populated\">\n\t\t\t\t\t\t<div class=\"elementor-element elementor-element-08c3fbb horaris elementor-widget elementor-widget-heading\" data-id=\"08c3fbb\" data-element_type=\"widget\" data-widget_type=\"heading.default\">\n\t\t\t\t<div class=\"elementor-widget-container\">\n\t\t\t\t\t<h3 class=\"elementor-heading-title elementor-size-default\"><br>\nD\u00edas de cierre<\/h3>\t\t\t\t<\/div>\n\t\t\t\t<\/div>\n\t\t\t\t<div class=\"elementor-element elementor-element-229d1b1 elementor-widget-divider--view-line elementor-widget elementor-widget-divider\" data-id=\"229d1b1\" data-element_type=\"widget\" data-widget_type=\"divider.default\">\n\t\t\t\t<div class=\"elementor-widget-container\">\n\t\t\t\t\t\t\t<div class=\"elementor-divider\">\n\t\t\t<span class=\"elementor-divider-separator\">\n\t\t\t\t\t\t<\/span>\n\t\t<\/div>\n\t\t\t\t\t\t<\/div>\n\t\t\t\t<\/div>\n\t\t\t\t<div class=\"elementor-element elementor-element-9c5c1ef elementor-widget elementor-widget-text-editor\" data-id=\"9c5c1ef\" data-element_type=\"widget\" data-widget_type=\"text-editor.default\">\n\t\t\t\t<div class=\"elementor-widget-container\">\n\t\t\t\t\t\t\t\t\t<p>lunes\u00a0 y:<br \/>01.01 A\u00f1o nuevo<br \/>05.01 V\u00edspera de Reyes<br \/>06.01 Reyes<br \/>11.09 Diada Nacional<br \/>24.12 V\u00edspera de Navidad<br \/>25.12 Navidad<br \/>26.12 San Esteban<br \/>31.12 V\u00edspera de Fin de A\u00f1o<\/p>\t\t\t\t\t\t\t\t<\/div>\n\t\t\t\t<\/div>\n\t\t\t\t\t<\/div>\n\t\t<\/div>\n\t\t\t\t\t<\/div>\n\t\t<\/section>\n\t\t\t\t\t<\/div>\n\t\t<\/div>\n\t\t\t\t\t<\/div>\n\t\t<\/section>\n\t\t\t\t<\/div>\n\t\t","protected":false},"excerpt":{"rendered":"<p>\u00bfD\u00f3nde estamos? Para llegar a Palafrugell desde el norte, deber\u00e1 coger la autopista AP-7 sentido Barcelona y salir por la salida 6 Girona Nord, sentido Palam\u00f3s. Contin\u00fae por la C-66 en sentido Palam\u00f3s hasta llegar a Palafrugell. Entrad por Palafrugell norte, una vez pasado Llofriu. Por la carretera de Palafrugell, siga hasta la segunda rotonda [&hellip;]<\/p>\n","protected":false},"author":3,"featured_media":0,"parent":0,"menu_order":0,"comment_status":"closed","ping_status":"closed","template":"","meta":{"inline_featured_image":false,"site-sidebar-layout":"default","site-content-layout":"default","ast-site-content-layout":"default","site-content-style":"default","site-sidebar-style":"default","ast-global-header-display":"","ast-banner-title-visibility":"","ast-main-header-display":"disabled","ast-hfb-above-header-display":"","ast-hfb-below-header-display":"","ast-hfb-mobile-header-display":"","site-post-title":"disabled","ast-breadcrumbs-content":"","ast-featured-img":"disabled","footer-sml-layout":"","theme-transparent-header-meta":"","adv-header-id-meta":"","stick-header-meta":"","header-above-stick-meta":"","header-main-stick-meta":"","header-below-stick-meta":"","astra-migrate-meta-layouts":"default","ast-page-background-enabled":"default","ast-page-background-meta":{"desktop":{"background-color":"var(--ast-global-color-4)","background-image":"","background-repeat":"repeat","background-position":"center center","background-size":"auto","background-attachment":"scroll","background-type":"","background-media":"","overlay-type":"","overlay-color":"","overlay-opacity":"","overlay-gradient":""},"tablet":{"background-color":"","background-image":"","background-repeat":"repeat","background-position":"center center","background-size":"auto","background-attachment":"scroll","background-type":"","background-media":"","overlay-type":"","overlay-color":"","overlay-opacity":"","overlay-gradient":""},"mobile":{"background-color":"","background-image":"","background-repeat":"repeat","background-position":"center center","background-size":"auto","background-attachment":"scroll","background-type":"","background-media":"","overlay-type":"","overlay-color":"","overlay-opacity":"","overlay-gradient":""}},"ast-content-background-meta":{"desktop":{"background-color":"var(--ast-global-color-5)","background-image":"","background-repeat":"repeat","background-position":"center center","background-size":"auto","background-attachment":"scroll","background-type":"","background-media":"","overlay-type":"","overlay-color":"","overlay-opacity":"","overlay-gradient":""},"tablet":{"background-color":"var(--ast-global-color-5)","background-image":"","background-repeat":"repeat","background-position":"center center","background-size":"auto","background-attachment":"scroll","background-type":"","background-media":"","overlay-type":"","overlay-color":"","overlay-opacity":"","overlay-gradient":""},"mobile":{"background-color":"var(--ast-global-color-5)","background-image":"","background-repeat":"repeat","background-position":"center center","background-size":"auto","background-attachment":"scroll","background-type":"","background-media":"","overlay-type":"","overlay-color":"","overlay-opacity":"","overlay-gradient":""}},"footnotes":""},"class_list":["post-3688","page","type-page","status-publish","hentry"],"yoast_head":"<!-- This site is optimized with the Yoast SEO plugin v27.4 - https:\/\/yoast.com\/product\/yoast-seo-wordpress\/ -->\n<title>Situaci\u00f3n y horarios - Fundaci\u00f3 Josep Pla<\/title>\n<meta name=\"robots\" content=\"index, follow, max-snippet:-1, max-image-preview:large, max-video-preview:-1\" \/>\n<link rel=\"canonical\" href=\"https:\/\/fundaciojoseppla.cat\/situacio-i-horaris\/\" \/>\n<meta property=\"og:locale\" content=\"es_ES\" \/>\n<meta property=\"og:type\" content=\"article\" \/>\n<meta property=\"og:title\" content=\"Situaci\u00f3n y horarios - Fundaci\u00f3 Josep Pla\" \/>\n<meta property=\"og:description\" content=\"\u00bfD\u00f3nde estamos? Para llegar a Palafrugell desde el norte, deber\u00e1 coger la autopista AP-7 sentido Barcelona y salir por la salida 6 Girona Nord, sentido Palam\u00f3s. Contin\u00fae por la C-66 en sentido Palam\u00f3s hasta llegar a Palafrugell. Entrad por Palafrugell norte, una vez pasado Llofriu. Por la carretera de Palafrugell, siga hasta la segunda rotonda [&hellip;]\" \/>\n<meta property=\"og:url\" content=\"https:\/\/fundaciojoseppla.cat\/situacio-i-horaris\/\" \/>\n<meta property=\"og:site_name\" content=\"Fundaci\u00f3 Josep Pla\" \/>\n<meta property=\"article:publisher\" content=\"https:\/\/www.facebook.com\/FJosepPla\/\" \/>\n<meta property=\"article:modified_time\" content=\"2026-03-25T09:15:25+00:00\" \/>\n<meta name=\"twitter:card\" content=\"summary_large_image\" \/>\n<meta name=\"twitter:site\" content=\"@FJosepPla\" \/>\n<meta name=\"twitter:label1\" content=\"Tiempo de lectura\" \/>\n\t<meta name=\"twitter:data1\" content=\"3 minutos\" \/>\n<script type=\"application\/ld+json\" class=\"yoast-schema-graph\">{\"@context\":\"https:\\\/\\\/schema.org\",\"@graph\":[{\"@type\":\"WebPage\",\"@id\":\"https:\\\/\\\/fundaciojoseppla.cat\\\/situacio-i-horaris\\\/\",\"url\":\"https:\\\/\\\/fundaciojoseppla.cat\\\/situacio-i-horaris\\\/\",\"name\":\"Situaci\u00f3n y horarios - Fundaci\u00f3 Josep Pla\",\"isPartOf\":{\"@id\":\"https:\\\/\\\/fundaciojoseppla.cat\\\/#website\"},\"datePublished\":\"2018-02-01T17:21:06+00:00\",\"dateModified\":\"2026-03-25T09:15:25+00:00\",\"breadcrumb\":{\"@id\":\"https:\\\/\\\/fundaciojoseppla.cat\\\/situacio-i-horaris\\\/#breadcrumb\"},\"inLanguage\":\"es\",\"potentialAction\":[{\"@type\":\"ReadAction\",\"target\":[\"https:\\\/\\\/fundaciojoseppla.cat\\\/situacio-i-horaris\\\/\"]}]},{\"@type\":\"BreadcrumbList\",\"@id\":\"https:\\\/\\\/fundaciojoseppla.cat\\\/situacio-i-horaris\\\/#breadcrumb\",\"itemListElement\":[{\"@type\":\"ListItem\",\"position\":1,\"name\":\"Inici\",\"item\":\"https:\\\/\\\/fundaciojoseppla.cat\\\/es\\\/\"},{\"@type\":\"ListItem\",\"position\":2,\"name\":\"Situaci\u00f3n y horarios\"}]},{\"@type\":\"WebSite\",\"@id\":\"https:\\\/\\\/fundaciojoseppla.cat\\\/#website\",\"url\":\"https:\\\/\\\/fundaciojoseppla.cat\\\/\",\"name\":\"Fundaci\u00f3 Josep Pla\",\"description\":\"Fundacio Josep Pla Palafrugell\",\"publisher\":{\"@id\":\"https:\\\/\\\/fundaciojoseppla.cat\\\/#organization\"},\"potentialAction\":[{\"@type\":\"SearchAction\",\"target\":{\"@type\":\"EntryPoint\",\"urlTemplate\":\"https:\\\/\\\/fundaciojoseppla.cat\\\/?s={search_term_string}\"},\"query-input\":{\"@type\":\"PropertyValueSpecification\",\"valueRequired\":true,\"valueName\":\"search_term_string\"}}],\"inLanguage\":\"es\"},{\"@type\":\"Organization\",\"@id\":\"https:\\\/\\\/fundaciojoseppla.cat\\\/#organization\",\"name\":\"Fundaci\u00f3 Josep Pla\",\"url\":\"https:\\\/\\\/fundaciojoseppla.cat\\\/\",\"logo\":{\"@type\":\"ImageObject\",\"inLanguage\":\"es\",\"@id\":\"https:\\\/\\\/fundaciojoseppla.cat\\\/#\\\/schema\\\/logo\\\/image\\\/\",\"url\":\"https:\\\/\\\/fundaciojoseppla.cat\\\/wp-content\\\/uploads\\\/2018\\\/05\\\/negre-transparent-de-logo-vecto-FJP.png\",\"contentUrl\":\"https:\\\/\\\/fundaciojoseppla.cat\\\/wp-content\\\/uploads\\\/2018\\\/05\\\/negre-transparent-de-logo-vecto-FJP.png\",\"width\":600,\"height\":233,\"caption\":\"Fundaci\u00f3 Josep Pla\"},\"image\":{\"@id\":\"https:\\\/\\\/fundaciojoseppla.cat\\\/#\\\/schema\\\/logo\\\/image\\\/\"},\"sameAs\":[\"https:\\\/\\\/www.facebook.com\\\/FJosepPla\\\/\",\"https:\\\/\\\/x.com\\\/FJosepPla\",\"http:\\\/\\\/pinterest.com\\\/fjoseppla\\\/\",\"https:\\\/\\\/www.youtube.com\\\/user\\\/FJosepPla\"]}]}<\/script>\n<!-- \/ Yoast SEO plugin. -->","yoast_head_json":{"title":"Situaci\u00f3n y horarios - Fundaci\u00f3 Josep Pla","robots":{"index":"index","follow":"follow","max-snippet":"max-snippet:-1","max-image-preview":"max-image-preview:large","max-video-preview":"max-video-preview:-1"},"canonical":"https:\/\/fundaciojoseppla.cat\/situacio-i-horaris\/","og_locale":"es_ES","og_type":"article","og_title":"Situaci\u00f3n y horarios - Fundaci\u00f3 Josep Pla","og_description":"\u00bfD\u00f3nde estamos? Para llegar a Palafrugell desde el norte, deber\u00e1 coger la autopista AP-7 sentido Barcelona y salir por la salida 6 Girona Nord, sentido Palam\u00f3s. Contin\u00fae por la C-66 en sentido Palam\u00f3s hasta llegar a Palafrugell. Entrad por Palafrugell norte, una vez pasado Llofriu. Por la carretera de Palafrugell, siga hasta la segunda rotonda [&hellip;]","og_url":"https:\/\/fundaciojoseppla.cat\/situacio-i-horaris\/","og_site_name":"Fundaci\u00f3 Josep Pla","article_publisher":"https:\/\/www.facebook.com\/FJosepPla\/","article_modified_time":"2026-03-25T09:15:25+00:00","twitter_card":"summary_large_image","twitter_site":"@FJosepPla","twitter_misc":{"Tiempo de lectura":"3 minutos"},"schema":{"@context":"https:\/\/schema.org","@graph":[{"@type":"WebPage","@id":"https:\/\/fundaciojoseppla.cat\/situacio-i-horaris\/","url":"https:\/\/fundaciojoseppla.cat\/situacio-i-horaris\/","name":"Situaci\u00f3n y horarios - Fundaci\u00f3 Josep Pla","isPartOf":{"@id":"https:\/\/fundaciojoseppla.cat\/#website"},"datePublished":"2018-02-01T17:21:06+00:00","dateModified":"2026-03-25T09:15:25+00:00","breadcrumb":{"@id":"https:\/\/fundaciojoseppla.cat\/situacio-i-horaris\/#breadcrumb"},"inLanguage":"es","potentialAction":[{"@type":"ReadAction","target":["https:\/\/fundaciojoseppla.cat\/situacio-i-horaris\/"]}]},{"@type":"BreadcrumbList","@id":"https:\/\/fundaciojoseppla.cat\/situacio-i-horaris\/#breadcrumb","itemListElement":[{"@type":"ListItem","position":1,"name":"Inici","item":"https:\/\/fundaciojoseppla.cat\/es\/"},{"@type":"ListItem","position":2,"name":"Situaci\u00f3n y horarios"}]},{"@type":"WebSite","@id":"https:\/\/fundaciojoseppla.cat\/#website","url":"https:\/\/fundaciojoseppla.cat\/","name":"Fundaci\u00f3 Josep Pla","description":"Fundacio Josep Pla Palafrugell","publisher":{"@id":"https:\/\/fundaciojoseppla.cat\/#organization"},"potentialAction":[{"@type":"SearchAction","target":{"@type":"EntryPoint","urlTemplate":"https:\/\/fundaciojoseppla.cat\/?s={search_term_string}"},"query-input":{"@type":"PropertyValueSpecification","valueRequired":true,"valueName":"search_term_string"}}],"inLanguage":"es"},{"@type":"Organization","@id":"https:\/\/fundaciojoseppla.cat\/#organization","name":"Fundaci\u00f3 Josep Pla","url":"https:\/\/fundaciojoseppla.cat\/","logo":{"@type":"ImageObject","inLanguage":"es","@id":"https:\/\/fundaciojoseppla.cat\/#\/schema\/logo\/image\/","url":"https:\/\/fundaciojoseppla.cat\/wp-content\/uploads\/2018\/05\/negre-transparent-de-logo-vecto-FJP.png","contentUrl":"https:\/\/fundaciojoseppla.cat\/wp-content\/uploads\/2018\/05\/negre-transparent-de-logo-vecto-FJP.png","width":600,"height":233,"caption":"Fundaci\u00f3 Josep Pla"},"image":{"@id":"https:\/\/fundaciojoseppla.cat\/#\/schema\/logo\/image\/"},"sameAs":["https:\/\/www.facebook.com\/FJosepPla\/","https:\/\/x.com\/FJosepPla","http:\/\/pinterest.com\/fjoseppla\/","https:\/\/www.youtube.com\/user\/FJosepPla"]}]}},"publishpress_future_action":{"enabled":false,"date":"2026-05-05 17:37:49","action":"change-status","newStatus":"draft","terms":[],"taxonomy":"translation_priority","extraData":[]},"publishpress_future_workflow_manual_trigger":{"enabledWorkflows":[]},"_links":{"self":[{"href":"https:\/\/fundaciojoseppla.cat\/es\/wp-json\/wp\/v2\/pages\/3688","targetHints":{"allow":["GET"]}}],"collection":[{"href":"https:\/\/fundaciojoseppla.cat\/es\/wp-json\/wp\/v2\/pages"}],"about":[{"href":"https:\/\/fundaciojoseppla.cat\/es\/wp-json\/wp\/v2\/types\/page"}],"author":[{"embeddable":true,"href":"https:\/\/fundaciojoseppla.cat\/es\/wp-json\/wp\/v2\/users\/3"}],"replies":[{"embeddable":true,"href":"https:\/\/fundaciojoseppla.cat\/es\/wp-json\/wp\/v2\/comments?post=3688"}],"version-history":[{"count":109,"href":"https:\/\/fundaciojoseppla.cat\/es\/wp-json\/wp\/v2\/pages\/3688\/revisions"}],"predecessor-version":[{"id":47053,"href":"https:\/\/fundaciojoseppla.cat\/es\/wp-json\/wp\/v2\/pages\/3688\/revisions\/47053"}],"wp:attachment":[{"href":"https:\/\/fundaciojoseppla.cat\/es\/wp-json\/wp\/v2\/media?parent=3688"}],"curies":[{"name":"wp","href":"https:\/\/api.w.org\/{rel}","templated":true}]}}