

{"id":37927,"date":"2023-06-28T15:49:59","date_gmt":"2023-06-28T13:49:59","guid":{"rendered":"https:\/\/fundaciojoseppla.cat\/documentacion\/"},"modified":"2025-07-24T12:27:49","modified_gmt":"2025-07-24T10:27:49","slug":"documentacion","status":"publish","type":"page","link":"https:\/\/fundaciojoseppla.cat\/es\/documentacion\/","title":{"rendered":"Documentaci\u00f3n"},"content":{"rendered":"\t\t<div data-elementor-type=\"wp-post\" data-elementor-id=\"37927\" class=\"elementor elementor-37927 elementor-75\" data-elementor-post-type=\"page\">\n\t\t\t\t\t\t<section class=\"elementor-section elementor-top-section elementor-element elementor-element-65ae760c elementor-section-boxed elementor-section-height-default elementor-section-height-default\" data-id=\"65ae760c\" data-element_type=\"section\">\n\t\t\t\t\t\t<div class=\"elementor-container elementor-column-gap-wider\">\n\t\t\t\t\t<div class=\"elementor-column elementor-col-100 elementor-top-column elementor-element elementor-element-2ac2bf70\" data-id=\"2ac2bf70\" data-element_type=\"column\">\n\t\t\t<div class=\"elementor-widget-wrap elementor-element-populated\">\n\t\t\t\t\t\t<div class=\"elementor-element elementor-element-3bdb8cb1 claredonlight elementor-widget elementor-widget-heading\" data-id=\"3bdb8cb1\" data-element_type=\"widget\" data-widget_type=\"heading.default\">\n\t\t\t\t<div class=\"elementor-widget-container\">\n\t\t\t\t\t<h1 class=\"elementor-heading-title elementor-size-default\">Documentaci\u00f3n<\/h1>\t\t\t\t<\/div>\n\t\t\t\t<\/div>\n\t\t\t\t<div class=\"elementor-element elementor-element-788ee636 elementor-widget elementor-widget-text-editor\" data-id=\"788ee636\" data-element_type=\"widget\" data-widget_type=\"text-editor.default\">\n\t\t\t\t<div class=\"elementor-widget-container\">\n\t\t\t\t\t\t\t\t\t<ul>\r\n \t<li><a class=\"linktaronja\" href=\"https:\/\/fundaciojoseppla.cat\/wp-content\/uploads\/2017\/12\/1.-ESTATUTS.pdf\" target=\"_blank\" rel=\"noopener\">Estatuts de la Fundaci\u00f3 Josep Pla<\/a><span style=\"color: #000000;\">\r\n<\/span><\/li>\r\n \t<li><a class=\"linktaronja\" href=\"http:\/\/justicia.gencat.cat\/ca\/ambits\/grups_interes\/\" target=\"_blank\" rel=\"noopener\">La Fundaci\u00f3 Josep Pla es troba inscrita en el Registre de grups d\u2019inter\u00e8s de l\u2019Administraci\u00f3 de la Generalitat de Catalunya amb el n\u00famero identificador: 475<\/a><\/li>\r\n \t<li><a class=\"linktaronja\" href=\"https:\/\/fundaciojoseppla.cat\/wp-content\/uploads\/2019\/12\/2-Dec-mediamb.pdf\" target=\"_blank\" rel=\"noopener\">Declaraci\u00f3 mediambiental<\/a><\/li>\r\n \t<li><a class=\"linktaronja\" href=\"https:\/\/fundaciojoseppla.cat\/politica-de-privadesa\/\" target=\"_blank\" rel=\"noopener\">Pol\u00edtica de privacitat<\/a><\/li>\r\n \t<li><a class=\"linktaronja\" href=\"https:\/\/fundaciojoseppla.cat\/wp-content\/uploads\/2019\/12\/3-FOMENT-TURISME-RESPONSABLE.pdf\" target=\"_blank\" rel=\"noopener\"><span style=\"font-size: 16px;\">Foment del turisme responsable<\/span><\/a><\/li>\r\n \t<li><a class=\"linktaronja\"href=\"https:\/\/fundaciojoseppla.cat\/wp-content\/uploads\/2019\/12\/4-PAGAMENT-I-DEVOLUCIONS.pdf\" target=\"_blank\" rel=\"noopener\">Sistema de pagaments i devolucions<\/a><\/li>\r\n<\/ul>\t\t\t\t\t\t\t\t<\/div>\n\t\t\t\t<\/div>\n\t\t\t\t<div class=\"elementor-element elementor-element-ae5f8ce claredonregular elementor-widget elementor-widget-heading\" data-id=\"ae5f8ce\" data-element_type=\"widget\" data-widget_type=\"heading.default\">\n\t\t\t\t<div class=\"elementor-widget-container\">\n\t\t\t\t\t<h2 class=\"elementor-heading-title elementor-size-default\">2025<\/h2>\t\t\t\t<\/div>\n\t\t\t\t<\/div>\n\t\t\t\t<div class=\"elementor-element elementor-element-9499717 elementor-widget elementor-widget-text-editor\" data-id=\"9499717\" data-element_type=\"widget\" data-widget_type=\"text-editor.default\">\n\t\t\t\t<div class=\"elementor-widget-container\">\n\t\t\t\t\t\t\t\t\t<ul><li><a class=\"linktaronja\" href=\"https:\/\/fundaciojoseppla.cat\/wp-content\/uploads\/2025\/07\/Linies-estrat-FJosepPla-25.pdf\" target=\"_blank\" rel=\"noopener\">L\u00ednies estrat\u00e8giques i programaci\u00f3 2025<\/a><\/li><\/ul>\t\t\t\t\t\t\t\t<\/div>\n\t\t\t\t<\/div>\n\t\t\t\t<div class=\"elementor-element elementor-element-9c0c3b4 claredonregular elementor-widget elementor-widget-heading\" data-id=\"9c0c3b4\" data-element_type=\"widget\" data-widget_type=\"heading.default\">\n\t\t\t\t<div class=\"elementor-widget-container\">\n\t\t\t\t\t<h2 class=\"elementor-heading-title elementor-size-default\">2024<\/h2>\t\t\t\t<\/div>\n\t\t\t\t<\/div>\n\t\t\t\t<div class=\"elementor-element elementor-element-d997008 elementor-widget elementor-widget-text-editor\" data-id=\"d997008\" data-element_type=\"widget\" data-widget_type=\"text-editor.default\">\n\t\t\t\t<div class=\"elementor-widget-container\">\n\t\t\t\t\t\t\t\t\t<ul><li><a class=\"linkvermell\" href=\"https:\/\/fundaciojoseppla.cat\/wp-content\/uploads\/2025\/07\/MEMORIA_ACTIVIDADES_2024_FJP.pdf\" target=\"_blank\" rel=\"noopener\">Memoria de actividades de la Fundaci\u00f3 Josep Pla 2024 (versi\u00f3n abreviada)<\/a><\/li><li><a class=\"linktaronja\" href=\"https:\/\/fundaciojoseppla.cat\/wp-content\/uploads\/2025\/07\/Memoria-FJosepPla-2024.pdf\" target=\"_blank\" rel=\"noopener\">Mem\u00f2ria d&#8217;activitats de la Fundaci\u00f3 Josep Pla 2024<\/a><\/li><li><a class=\"linktaronja\" href=\"https:\/\/fundaciojoseppla.cat\/wp-content\/uploads\/2025\/07\/Audit-FJosepPla24.pdf\" target=\"_blank\" rel=\"noopener\">Auditoria i documentaci\u00f3 anual 2024 de la Fundaci\u00f3 Josep Pla<\/a><\/li><li><a class=\"linktaronja\" href=\"https:\/\/fundaciojoseppla.cat\/wp-content\/uploads\/2025\/07\/la-caixa-FJosepPla24.pdf\" target=\"_blank\" rel=\"noopener\">La Caixa 2024<\/a><\/li><li><a class=\"linktaronja\" href=\"https:\/\/fundaciojoseppla.cat\/wp-content\/uploads\/2024\/04\/Linies-estrategiques-2024.pdf\" target=\"_blank\" rel=\"noopener\">L\u00ednies estrat\u00e8giques i programaci\u00f3 2024<\/a><\/li><\/ul>\t\t\t\t\t\t\t\t<\/div>\n\t\t\t\t<\/div>\n\t\t\t\t<div class=\"elementor-element elementor-element-109a915 claredonregular elementor-widget elementor-widget-heading\" data-id=\"109a915\" data-element_type=\"widget\" data-widget_type=\"heading.default\">\n\t\t\t\t<div class=\"elementor-widget-container\">\n\t\t\t\t\t<h2 class=\"elementor-heading-title elementor-size-default\">2023<\/h2>\t\t\t\t<\/div>\n\t\t\t\t<\/div>\n\t\t\t\t<div class=\"elementor-element elementor-element-a19f98b elementor-widget elementor-widget-text-editor\" data-id=\"a19f98b\" data-element_type=\"widget\" data-widget_type=\"text-editor.default\">\n\t\t\t\t<div class=\"elementor-widget-container\">\n\t\t\t\t\t\t\t\t\t<ul><li><a class=\"linkvermell\" href=\"https:\/\/fundaciojoseppla.cat\/wp-content\/uploads\/2025\/07\/MEMORIA_ACTIVIDADES_2023_FJP.pdf\" target=\"_blank\" rel=\"noopener\">Memoria de actividades de la Fundaci\u00f3 Josep Pla 2023 (versi\u00f3n abreviada)<\/a><\/li><li><a class=\"linktaronja\" href=\"https:\/\/drive.google.com\/file\/d\/1urqo8D_3EB8KPktT2I2l0-K30qwTGT9R\/view?usp=sharing\" target=\"_blank\" rel=\"noopener\">Mem\u00f2ria d&#8217;activitats de la Fundaci\u00f3 Josep Pla 2023<\/a><\/li><li><a class=\"linktaronja\" href=\"https:\/\/fundaciojoseppla.cat\/wp-content\/uploads\/2024\/04\/Auditoria-i-documentacio-anual-2023.pdf\" target=\"_blank\" rel=\"noopener\">Auditoria i documentaci\u00f3 anual 2023 de la Fundaci\u00f3 Josep Pla<\/a><\/li><li><a class=\"linktaronja\" href=\"https:\/\/fundaciojoseppla.cat\/wp-content\/uploads\/2024\/04\/Conveni-Ajuntament-2023.pdf\" target=\"_blank\" rel=\"noopener\">Conveni amb l&#8217;Ajuntament de Palafrugell 2023<\/a><\/li><li><a class=\"linktaronja\" href=\"https:\/\/fundaciojoseppla.cat\/wp-content\/uploads\/2024\/04\/Conveni-Fundacio-La-Caixa-2023.pdf\" target=\"_blank\" rel=\"noopener\">La Caixa 2023<\/a><\/li><li><a class=\"linktaronja\" href=\"https:\/\/fundaciojoseppla.cat\/wp-content\/uploads\/2023\/06\/Linies-estrategiques-23.pdf\" target=\"_blank\" rel=\"noopener\">L\u00ednies estrat\u00e8giques i programaci\u00f3 2023<\/a><\/li><\/ul>\t\t\t\t\t\t\t\t<\/div>\n\t\t\t\t<\/div>\n\t\t\t\t<div class=\"elementor-element elementor-element-cbeeed2 claredonregular elementor-widget elementor-widget-heading\" data-id=\"cbeeed2\" data-element_type=\"widget\" data-widget_type=\"heading.default\">\n\t\t\t\t<div class=\"elementor-widget-container\">\n\t\t\t\t\t<h2 class=\"elementor-heading-title elementor-size-default\">2022<\/h2>\t\t\t\t<\/div>\n\t\t\t\t<\/div>\n\t\t\t\t<div class=\"elementor-element elementor-element-166b410 elementor-widget elementor-widget-text-editor\" data-id=\"166b410\" data-element_type=\"widget\" data-widget_type=\"text-editor.default\">\n\t\t\t\t<div class=\"elementor-widget-container\">\n\t\t\t\t\t\t\t\t\t<ul><li><a class=\"linkvermell\" href=\"https:\/\/fundaciojoseppla.cat\/wp-content\/uploads\/2023\/06\/MEMORIA-ABREVIADA-2022-esp.pdf\" target=\"_blank\" rel=\"noopener\">Memoria de actividades de la Fundaci\u00f3 Josep Pla 2022 (versi\u00f3n abreviada)<\/a><\/li><li><a class=\"linktaronja\" href=\"https:\/\/fundaciojoseppla.cat\/wp-content\/uploads\/2023\/03\/MEMORIA-2022.pdf\" target=\"_blank\" rel=\"noopener\">Mem\u00f2ria d&#8217;activitats de la Fundaci\u00f3 Josep Pla 2022<\/a><\/li><li><a class=\"linktaronja\" href=\"https:\/\/fundaciojoseppla.cat\/wp-content\/uploads\/2023\/06\/Audito-22-i-doc-anual.pdf\" target=\"_blank\" rel=\"noopener\">Auditoria i documentaci\u00f3 anual 2022 de la Fundaci\u00f3 Josep Pla<\/a><\/li><li><a class=\"linktaronja\" href=\"https:\/\/fundaciojoseppla.cat\/wp-content\/uploads\/2023\/06\/Conveni-ajuntament-22.pdf\" target=\"_blank\" rel=\"noopener\">Conveni amb l&#8217;Ajuntament de Palafrugell 2022<\/a><\/li><li><a class=\"linktaronja\" href=\"https:\/\/fundaciojoseppla.cat\/wp-content\/uploads\/2023\/06\/Conveni-Caixa-22.pdf\" target=\"_blank\" rel=\"noopener\">La Caixa 2022<\/a><\/li><li><a class=\"linktaronja\" href=\"https:\/\/fundaciojoseppla.cat\/wp-content\/uploads\/2022\/02\/Linies-estra-22.pdf\" target=\"_blank\" rel=\"noopener\">L\u00ednies estrat\u00e8giques i programaci\u00f3 2022<\/a><\/li><\/ul>\t\t\t\t\t\t\t\t<\/div>\n\t\t\t\t<\/div>\n\t\t\t\t<div class=\"elementor-element elementor-element-5b75da7 claredonregular elementor-widget elementor-widget-heading\" data-id=\"5b75da7\" data-element_type=\"widget\" data-widget_type=\"heading.default\">\n\t\t\t\t<div class=\"elementor-widget-container\">\n\t\t\t\t\t<h2 class=\"elementor-heading-title elementor-size-default\">2021<\/h2>\t\t\t\t<\/div>\n\t\t\t\t<\/div>\n\t\t\t\t<div class=\"elementor-element elementor-element-34e975f elementor-widget elementor-widget-text-editor\" data-id=\"34e975f\" data-element_type=\"widget\" data-widget_type=\"text-editor.default\">\n\t\t\t\t<div class=\"elementor-widget-container\">\n\t\t\t\t\t\t\t\t\t<ul><li><a class=\"linkvermell\" href=\"https:\/\/fundaciojoseppla.cat\/wp-content\/uploads\/2023\/06\/MEMORIA-ABREVIADA-2021-esp.pdf\" target=\"_blank\" rel=\"noopener\">Memoria de actividades de la Fundaci\u00f3 Josep Pla 2021 (versi\u00f3n abreviada)<\/a><\/li><li><a class=\"linktaronja\" href=\"https:\/\/fundaciojoseppla.cat\/wp-content\/uploads\/2022\/02\/Memoria-2021.pdf\" target=\"_blank\" rel=\"noopener\">Mem\u00f2ria d&#8217;activitats de la Fundaci\u00f3 Josep Pla 2021<\/a><\/li><li><a class=\"linktaronja\" href=\"https:\/\/fundaciojoseppla.cat\/wp-content\/uploads\/2023\/06\/Audito-21-i-doc-anual.pdf\" target=\"_blank\" rel=\"noopener\">Auditoria i documentaci\u00f3 anual 2121 de la Fundaci\u00f3 Josep Pla<\/a><\/li><li><a class=\"linktaronja\" href=\"https:\/\/fundaciojoseppla.cat\/wp-content\/uploads\/2022\/02\/Conveni-AdP21.pdf\" target=\"_blank\" rel=\"noopener\">Conveni amb l&#8217;Ajuntament de Palafrugell 2021<\/a><\/li><li><a class=\"linktaronja\" href=\"https:\/\/fundaciojoseppla.cat\/wp-content\/uploads\/2022\/02\/Conveni-Fundlacaixa21.pdf\" target=\"_blank\" rel=\"noopener\">La Caixa 2021<\/a><\/li><li><a class=\"linktaronja\" href=\"https:\/\/fundaciojoseppla.cat\/wp-content\/uploads\/2021\/03\/Linies-estrategiques-21.pdf\" target=\"_blank\" rel=\"noopener\">L\u00ednies estrat\u00e8giques i programaci\u00f3 2021<\/a><\/li><\/ul>\t\t\t\t\t\t\t\t<\/div>\n\t\t\t\t<\/div>\n\t\t\t\t<div class=\"elementor-element elementor-element-3dba643 claredonregular elementor-widget elementor-widget-heading\" data-id=\"3dba643\" data-element_type=\"widget\" data-widget_type=\"heading.default\">\n\t\t\t\t<div class=\"elementor-widget-container\">\n\t\t\t\t\t<h2 class=\"elementor-heading-title elementor-size-default\">2020<\/h2>\t\t\t\t<\/div>\n\t\t\t\t<\/div>\n\t\t\t\t<div class=\"elementor-element elementor-element-d621192 elementor-widget elementor-widget-text-editor\" data-id=\"d621192\" data-element_type=\"widget\" data-widget_type=\"text-editor.default\">\n\t\t\t\t<div class=\"elementor-widget-container\">\n\t\t\t\t\t\t\t\t\t<ul>\n<li><a class=\"linktaronja\" href=\"https:\/\/fundaciojoseppla.cat\/wp-content\/uploads\/2021\/03\/MEMORIA-2020.pdf\" target=\"_blank\" rel=\"noopener\">Mem\u00f2ria d&#8217;activitats de la Fundaci\u00f3 Josep Pla 2020<\/a><\/li>\n<li><a class=\"linktaronja\" href=\"https:\/\/fundaciojoseppla.cat\/wp-content\/uploads\/2021\/07\/2020doctransp.pdf\" target=\"_blank\" rel=\"noopener\">Documentaci\u00f3 anual de la Fundaci\u00f3 Josep Pla 2020<\/a><\/li>\n<li><a class=\"linktaronja\" href=\"https:\/\/fundaciojoseppla.cat\/wp-content\/uploads\/2021\/07\/2020informe.pdf\" target=\"_blank\" rel=\"noopener\">Auditoria 2020 de la Fundaci\u00f3 Josep Pla<\/a><\/li>\n<li><a class=\"linktaronja\" href=\"https:\/\/fundaciojoseppla.cat\/wp-content\/uploads\/2020\/10\/Ajuntament-20.pdf\" target=\"_blank\" rel=\"noopener\">Conveni amb l&#8217;Ajuntament de Palafrugell 2020<\/a><\/li>\n<li><a class=\"linktaronja\" href=\"https:\/\/fundaciojoseppla.cat\/wp-content\/uploads\/2020\/10\/Caixa20.pdf\" target=\"_blank\" rel=\"noopener\">La Caixa 2020<\/a><\/li>\n<li><a class=\"linktaronja\" href=\"https:\/\/fundaciojoseppla.cat\/wp-content\/uploads\/2020\/10\/Linestrat20.pdf\" target=\"_blank\" rel=\"noopener\">L\u00ednies estrat\u00e8giques i programaci\u00f3 2020<\/a><\/li>\n<\/ul>\n\t\t\t\t\t\t\t\t<\/div>\n\t\t\t\t<\/div>\n\t\t\t\t<div class=\"elementor-element elementor-element-80b7999 claredonregular elementor-widget elementor-widget-heading\" data-id=\"80b7999\" data-element_type=\"widget\" data-widget_type=\"heading.default\">\n\t\t\t\t<div class=\"elementor-widget-container\">\n\t\t\t\t\t<h2 class=\"elementor-heading-title elementor-size-default\">2019<\/h2>\t\t\t\t<\/div>\n\t\t\t\t<\/div>\n\t\t\t\t<div class=\"elementor-element elementor-element-a31f962 elementor-widget elementor-widget-text-editor\" data-id=\"a31f962\" data-element_type=\"widget\" data-widget_type=\"text-editor.default\">\n\t\t\t\t<div class=\"elementor-widget-container\">\n\t\t\t\t\t\t\t\t\t<ul>\n<li><a class=\"linktaronja\" href=\"https:\/\/fundaciojoseppla.cat\/wp-content\/uploads\/2020\/10\/MEMORIA-2019.pdf\" target=\"_blank\" rel=\"noopener\">Mem\u00f2ria d&#8217;activitats de la Fundaci\u00f3 Josep Pla 2019<\/a><\/li>\n<li><a class=\"linktaronja\" href=\"https:\/\/fundaciojoseppla.cat\/wp-content\/uploads\/2020\/10\/docanual19.pdf\" target=\"_blank\" rel=\"noopener\">Documentaci\u00f3 anual de la Fundaci\u00f3 Josep Pla 2019<\/a><\/li>\n<li><a class=\"linktaronja\" href=\"https:\/\/fundaciojoseppla.cat\/wp-content\/uploads\/2020\/10\/Audit19.pdf\" target=\"_blank\" rel=\"noopener\">Auditoria 2019 de la Fundaci\u00f3 Josep Pla<\/a><\/li>\n<li><a class=\"linktaronja\" href=\"https:\/\/fundaciojoseppla.cat\/wp-content\/uploads\/2019\/12\/19.Conveni-AdP19.pdf\" target=\"_blank\" rel=\"noopener\">Conveni amb l&#8217;Ajuntament de Palafrugell 2019<\/a><\/li>\n<li><a class=\"linktaronja\" href=\"https:\/\/fundaciojoseppla.cat\/wp-content\/uploads\/2019\/12\/19.Caixa-19.pdf\" target=\"_blank\" rel=\"noopener\">La Caixa 2019<\/a><\/li>\n<li><a class=\"linktaronja\" href=\"https:\/\/fundaciojoseppla.cat\/wp-content\/uploads\/2020\/10\/19.Pla-de-treball-19-linies-dactuacio.pdf\" target=\"_blank\" rel=\"noopener\">L\u00ednies estrat\u00e8giques i programaci\u00f3 2019<\/a><\/li>\n<\/ul>\n\t\t\t\t\t\t\t\t<\/div>\n\t\t\t\t<\/div>\n\t\t\t\t<div class=\"elementor-element elementor-element-cba4664 claredonregular elementor-widget elementor-widget-heading\" data-id=\"cba4664\" data-element_type=\"widget\" data-widget_type=\"heading.default\">\n\t\t\t\t<div class=\"elementor-widget-container\">\n\t\t\t\t\t<h2 class=\"elementor-heading-title elementor-size-default\">2018<\/h2>\t\t\t\t<\/div>\n\t\t\t\t<\/div>\n\t\t\t\t<div class=\"elementor-element elementor-element-caa316e elementor-widget elementor-widget-text-editor\" data-id=\"caa316e\" data-element_type=\"widget\" data-widget_type=\"text-editor.default\">\n\t\t\t\t<div class=\"elementor-widget-container\">\n\t\t\t\t\t\t\t\t\t<ul>\r\n \t<li><a class=\"linktaronja\" href=\"https:\/\/fundaciojoseppla.cat\/wp-content\/uploads\/2019\/03\/19MEM\u00d2RIA-activitat-2018-.pdf\" target=\"_blank\" rel=\"noopener\">Mem\u00f2ria d&#8217;activitat de la Fundaci\u00f3 Josep Pla 2018<\/a><\/li>\r\n \t<li><a class=\"linktaronja\" href=\"https:\/\/fundaciojoseppla.cat\/wp-content\/uploads\/2019\/12\/18.Doc-Anual-2018.pdf\" target=\"_blank\" rel=\"noopener\">Documentaci\u00f3 anual de la Fundaci\u00f3 Josep Pla 2018<\/a><\/li>\r\n \t<li><a class=\"linktaronja\" href=\"https:\/\/fundaciojoseppla.cat\/wp-content\/uploads\/2019\/12\/18.Audit-2018.pdf\" target=\"_blank\" rel=\"noopener\">Auditoria 2018 de la Fundaci\u00f3 Josep Pla<\/a><\/li>\r\n \t<li><a class=\"linktaronja\" href=\"https:\/\/fundaciojoseppla.cat\/wp-content\/uploads\/2019\/12\/18.Conveni-AdP18.pdf\" target=\"_blank\" rel=\"noopener\">Conveni amb l&#8217;Ajuntament de Palafrugell 2018<\/a><\/li>\r\n \t<li><a class=\"linktaronja\" href=\"https:\/\/fundaciojoseppla.cat\/wp-content\/uploads\/2018\/09\/19La-Caixa-2018.pdf\" target=\"_blank\" rel=\"noopener\">La Caixa 2018<\/a><\/li>\r\n \t<li><a class=\"linktaronja\" href=\"https:\/\/fundaciojoseppla.cat\/wp-content\/uploads\/2018\/09\/19L\u00ednees-estrat\u00e8giques-i-programaci\u00f3-2018.pdf\" target=\"_blank\" rel=\"noopener\">L\u00ednies estrat\u00e8giques i programaci\u00f3 2018<\/a><\/li>\r\n<\/ul>\t\t\t\t\t\t\t\t<\/div>\n\t\t\t\t<\/div>\n\t\t\t\t<div class=\"elementor-element elementor-element-e86d38f claredonregular elementor-widget elementor-widget-heading\" data-id=\"e86d38f\" data-element_type=\"widget\" data-widget_type=\"heading.default\">\n\t\t\t\t<div class=\"elementor-widget-container\">\n\t\t\t\t\t<h2 class=\"elementor-heading-title elementor-size-default\">2017<\/h2>\t\t\t\t<\/div>\n\t\t\t\t<\/div>\n\t\t\t\t<div class=\"elementor-element elementor-element-a54c677 elementor-widget elementor-widget-text-editor\" data-id=\"a54c677\" data-element_type=\"widget\" data-widget_type=\"text-editor.default\">\n\t\t\t\t<div class=\"elementor-widget-container\">\n\t\t\t\t\t\t\t\t\t<ul>\r\n \t<li><a class=\"linktaronja\" href=\"https:\/\/fundaciojoseppla.cat\/wp-content\/uploads\/2018\/09\/18MEM\u00d2RIA-activitats-2017.pdf\" target=\"_blank\" rel=\"noopener\">Mem\u00f2ria d&#8217;activitats de la Fundaci\u00f3 Josep Pla 2017<\/a><\/li>\r\n \t<li><a class=\"linktaronja\" href=\"https:\/\/fundaciojoseppla.cat\/wp-content\/uploads\/2018\/09\/18Documentaci\u00f3-Anual-2017.pdf\" target=\"_blank\" rel=\"noopener\">Documentaci\u00f3 anual de la Fundaci\u00f3 Josep Pla 2017<\/a><\/li>\r\n \t<li><a class=\"linktaronja\" href=\"https:\/\/fundaciojoseppla.cat\/wp-content\/uploads\/2018\/09\/18INFORME-AUDITORIA-2017.pdf\" target=\"_blank\" rel=\"noopener\">Auditoria 2017 de la Fundaci\u00f3 Josep Pla<\/a><\/li>\r\n \t<li><a class=\"linktaronja\" href=\"https:\/\/fundaciojoseppla.cat\/wp-content\/uploads\/2018\/09\/18Conveni-AdP-2017.pdf\" target=\"_blank\" rel=\"noopener\">Conveni amb l&#8217;Ajuntament de Palafrugell 2017<\/a><span style=\"color: #000000;\">\r\n<\/span><\/li>\r\n \t<li><a class=\"linktaronja\" href=\"https:\/\/fundaciojoseppla.cat\/wp-content\/uploads\/2018\/09\/18La-Caixa-2017.pdf\" target=\"_blank\" rel=\"noopener\">La Caixa 2017<\/a><\/li>\r\n<\/ul>\t\t\t\t\t\t\t\t<\/div>\n\t\t\t\t<\/div>\n\t\t\t\t<div class=\"elementor-element elementor-element-1f77c0b claredonregular elementor-widget elementor-widget-heading\" data-id=\"1f77c0b\" data-element_type=\"widget\" data-widget_type=\"heading.default\">\n\t\t\t\t<div class=\"elementor-widget-container\">\n\t\t\t\t\t<h2 class=\"elementor-heading-title elementor-size-default\">2016<\/h2>\t\t\t\t<\/div>\n\t\t\t\t<\/div>\n\t\t\t\t<div class=\"elementor-element elementor-element-d807973 elementor-widget elementor-widget-text-editor\" data-id=\"d807973\" data-element_type=\"widget\" data-widget_type=\"text-editor.default\">\n\t\t\t\t<div class=\"elementor-widget-container\">\n\t\t\t\t\t\t\t\t\t<ul>\r\n \t<li><a class=\"linktaronja\" href=\"https:\/\/fundaciojoseppla.cat\/wp-content\/uploads\/2017\/12\/17Memoria-activitats-2016.pdf\" target=\"_blank\" rel=\"noopener\">Mem\u00f2ria d&#8217;activitats de la Fundaci\u00f3 Josep Pla 2016<\/a><\/li>\r\n \t<li><a class=\"linktaronja\" href=\"https:\/\/fundaciojoseppla.cat\/wp-content\/uploads\/2017\/12\/17Documentaci\u00f3-Anual-2016.pdf\" target=\"_blank\" rel=\"noopener\">Documentaci\u00f3 anual de la Fundaci\u00f3 Josep Pla 2016<\/a><\/li>\r\n \t<li><a class=\"linktaronja\" href=\"https:\/\/fundaciojoseppla.cat\/wp-content\/uploads\/2017\/12\/17Auditoria.pdf\" target=\"_blank\" rel=\"noopener\">Auditoria 2016 de la Fundaci\u00f3 Josep Pla<\/a><\/li>\r\n \t<li><a class=\"linktaronja\" href=\"https:\/\/fundaciojoseppla.cat\/wp-content\/uploads\/2017\/12\/16Conveni-AdP-2016.pdf\" target=\"_blank\" rel=\"noopener\">Conveni amb l&#8217;Ajuntament de Palafrugell 2016<\/a><span style=\"color: #000000;\">\r\n<\/span><\/li>\r\n<\/ul>\t\t\t\t\t\t\t\t<\/div>\n\t\t\t\t<\/div>\n\t\t\t\t<div class=\"elementor-element elementor-element-5e745ef5 claredonregular elementor-widget elementor-widget-heading\" data-id=\"5e745ef5\" data-element_type=\"widget\" data-widget_type=\"heading.default\">\n\t\t\t\t<div class=\"elementor-widget-container\">\n\t\t\t\t\t<h2 class=\"elementor-heading-title elementor-size-default\">2015<\/h2>\t\t\t\t<\/div>\n\t\t\t\t<\/div>\n\t\t\t\t<div class=\"elementor-element elementor-element-5c4bc13 elementor-widget elementor-widget-text-editor\" data-id=\"5c4bc13\" data-element_type=\"widget\" data-widget_type=\"text-editor.default\">\n\t\t\t\t<div class=\"elementor-widget-container\">\n\t\t\t\t\t\t\t\t\t<ul>\r\n \t<li><a class=\"linktaronja\" href=\"https:\/\/fundaciojoseppla.cat\/wp-content\/uploads\/2017\/12\/16Memoria-activitats-2015.pdf\" target=\"_blank\" rel=\"noopener\">Mem\u00f2ria d&#8217;activitats de la Fundaci\u00f3 Josep Pla 2015<\/a><\/li>\r\n \t<li><a class=\"linktaronja\" href=\"https:\/\/fundaciojoseppla.cat\/wp-content\/uploads\/2017\/12\/16Documentacio-Anual-2015.pdf\" target=\"_blank\" rel=\"noopener\">Documentaci\u00f3 anual de la Fundaci\u00f3 Josep Pla 2015<\/a><\/li>\r\n \t<li><a class=\"linktaronja\" href=\"https:\/\/fundaciojoseppla.cat\/wp-content\/uploads\/2017\/12\/16Informe-auditoria-2015.pdf\" target=\"_blank\" rel=\"noopener\">Auditoria 2015 de la Fundaci\u00f3 Josep Pla<\/a><\/li>\r\n \t<li><a class=\"linktaronja\" href=\"https:\/\/fundaciojoseppla.cat\/wp-content\/uploads\/2017\/12\/5.-CONVENI-AJUNTAMENT-DE-PALAFRUGELL.pdf\" target=\"_blank\" rel=\"noopener\">Conveni amb l&#8217;Ajuntament de Palafrugell 2015<\/a><span style=\"color: #000000;\">\r\n<\/span><\/li>\r\n<\/ul>\t\t\t\t\t\t\t\t<\/div>\n\t\t\t\t<\/div>\n\t\t\t\t<div class=\"elementor-element elementor-element-763ed23 claredonregular elementor-widget elementor-widget-heading\" data-id=\"763ed23\" data-element_type=\"widget\" data-widget_type=\"heading.default\">\n\t\t\t\t<div class=\"elementor-widget-container\">\n\t\t\t\t\t<h2 class=\"elementor-heading-title elementor-size-default\">2014<\/h2>\t\t\t\t<\/div>\n\t\t\t\t<\/div>\n\t\t\t\t<div class=\"elementor-element elementor-element-2d106bd elementor-widget elementor-widget-text-editor\" data-id=\"2d106bd\" data-element_type=\"widget\" data-widget_type=\"text-editor.default\">\n\t\t\t\t<div class=\"elementor-widget-container\">\n\t\t\t\t\t\t\t\t\t<ul>\r\n \t<li><a class=\"linktaronja\" href=\"https:\/\/fundaciojoseppla.cat\/wp-content\/uploads\/2017\/12\/2.-MEM\u00d2RIA-ACTIVITATS-2014-.pdf\" target=\"_blank\" rel=\"noopener\">Mem\u00f2ria d&#8217;activitats de la Fundaci\u00f3 Josep Pla 2014<\/a><\/li>\r\n \t<li><a class=\"linktaronja\" href=\"https:\/\/fundaciojoseppla.cat\/wp-content\/uploads\/2017\/12\/16DOCUMENTACIO-ANUAL-2014.pdf\" target=\"_blank\" rel=\"noopener\">Documentaci\u00f3 anual de la Fundaci\u00f3 Josep Pla 2014<\/a><\/li>\r\n \t<li><a class=\"linktaronja\" href=\"https:\/\/fundaciojoseppla.cat\/wp-content\/uploads\/2017\/12\/4.-AUDITORIA-2014.pdf\" target=\"_blank\" rel=\"noopener\">Auditoria 2014 de la Fundaci\u00f3 Josep Pla<\/a><\/li>\r\n<\/ul>\t\t\t\t\t\t\t\t<\/div>\n\t\t\t\t<\/div>\n\t\t\t\t\t<\/div>\n\t\t<\/div>\n\t\t\t\t\t<\/div>\n\t\t<\/section>\n\t\t\t\t<\/div>\n\t\t","protected":false},"excerpt":{"rendered":"<p>Documentaci\u00f3n Estatuts de la Fundaci\u00f3 Josep Pla La Fundaci\u00f3 Josep Pla es troba inscrita en el Registre de grups d\u2019inter\u00e8s de l\u2019Administraci\u00f3 de la Generalitat de Catalunya amb el n\u00famero identificador: 475 Declaraci\u00f3 mediambiental Pol\u00edtica de privacitat Foment del turisme responsable Sistema de pagaments i devolucions 2025 L\u00ednies estrat\u00e8giques i programaci\u00f3 2025 2024 Memoria de [&hellip;]<\/p>\n","protected":false},"author":3,"featured_media":0,"parent":0,"menu_order":0,"comment_status":"closed","ping_status":"closed","template":"","meta":{"inline_featured_image":false,"site-sidebar-layout":"default","site-content-layout":"default","ast-site-content-layout":"default","site-content-style":"default","site-sidebar-style":"default","ast-global-header-display":"","ast-banner-title-visibility":"","ast-main-header-display":"disabled","ast-hfb-above-header-display":"","ast-hfb-below-header-display":"","ast-hfb-mobile-header-display":"","site-post-title":"disabled","ast-breadcrumbs-content":"","ast-featured-img":"disabled","footer-sml-layout":"","theme-transparent-header-meta":"","adv-header-id-meta":"","stick-header-meta":"","header-above-stick-meta":"","header-main-stick-meta":"","header-below-stick-meta":"","astra-migrate-meta-layouts":"default","ast-page-background-enabled":"default","ast-page-background-meta":{"desktop":{"background-color":"var(--ast-global-color-4)","background-image":"","background-repeat":"repeat","background-position":"center center","background-size":"auto","background-attachment":"scroll","background-type":"","background-media":"","overlay-type":"","overlay-color":"","overlay-opacity":"","overlay-gradient":""},"tablet":{"background-color":"","background-image":"","background-repeat":"repeat","background-position":"center center","background-size":"auto","background-attachment":"scroll","background-type":"","background-media":"","overlay-type":"","overlay-color":"","overlay-opacity":"","overlay-gradient":""},"mobile":{"background-color":"","background-image":"","background-repeat":"repeat","background-position":"center center","background-size":"auto","background-attachment":"scroll","background-type":"","background-media":"","overlay-type":"","overlay-color":"","overlay-opacity":"","overlay-gradient":""}},"ast-content-background-meta":{"desktop":{"background-color":"var(--ast-global-color-5)","background-image":"","background-repeat":"repeat","background-position":"center center","background-size":"auto","background-attachment":"scroll","background-type":"","background-media":"","overlay-type":"","overlay-color":"","overlay-opacity":"","overlay-gradient":""},"tablet":{"background-color":"var(--ast-global-color-5)","background-image":"","background-repeat":"repeat","background-position":"center center","background-size":"auto","background-attachment":"scroll","background-type":"","background-media":"","overlay-type":"","overlay-color":"","overlay-opacity":"","overlay-gradient":""},"mobile":{"background-color":"var(--ast-global-color-5)","background-image":"","background-repeat":"repeat","background-position":"center center","background-size":"auto","background-attachment":"scroll","background-type":"","background-media":"","overlay-type":"","overlay-color":"","overlay-opacity":"","overlay-gradient":""}},"footnotes":""},"class_list":["post-37927","page","type-page","status-publish","hentry"],"yoast_head":"<!-- This site is optimized with the Yoast SEO plugin v27.4 - https:\/\/yoast.com\/product\/yoast-seo-wordpress\/ -->\n<title>Documentaci\u00f3n - Fundaci\u00f3 Josep Pla<\/title>\n<meta name=\"robots\" content=\"index, follow, max-snippet:-1, max-image-preview:large, max-video-preview:-1\" \/>\n<link rel=\"canonical\" href=\"https:\/\/fundaciojoseppla.cat\/documentacio\/\" \/>\n<meta property=\"og:locale\" content=\"es_ES\" \/>\n<meta property=\"og:type\" content=\"article\" \/>\n<meta property=\"og:title\" content=\"Documentaci\u00f3n - Fundaci\u00f3 Josep Pla\" \/>\n<meta property=\"og:description\" content=\"Documentaci\u00f3n Estatuts de la Fundaci\u00f3 Josep Pla La Fundaci\u00f3 Josep Pla es troba inscrita en el Registre de grups d\u2019inter\u00e8s de l\u2019Administraci\u00f3 de la Generalitat de Catalunya amb el n\u00famero identificador: 475 Declaraci\u00f3 mediambiental Pol\u00edtica de privacitat Foment del turisme responsable Sistema de pagaments i devolucions 2025 L\u00ednies estrat\u00e8giques i programaci\u00f3 2025 2024 Memoria de [&hellip;]\" \/>\n<meta property=\"og:url\" content=\"https:\/\/fundaciojoseppla.cat\/documentacio\/\" \/>\n<meta property=\"og:site_name\" content=\"Fundaci\u00f3 Josep Pla\" \/>\n<meta property=\"article:publisher\" content=\"https:\/\/www.facebook.com\/FJosepPla\/\" \/>\n<meta property=\"article:modified_time\" content=\"2025-07-24T10:27:49+00:00\" \/>\n<meta name=\"twitter:card\" content=\"summary_large_image\" \/>\n<meta name=\"twitter:site\" content=\"@FJosepPla\" \/>\n<meta name=\"twitter:label1\" content=\"Tiempo de lectura\" \/>\n\t<meta name=\"twitter:data1\" content=\"3 minutos\" \/>\n<script type=\"application\/ld+json\" class=\"yoast-schema-graph\">{\"@context\":\"https:\\\/\\\/schema.org\",\"@graph\":[{\"@type\":\"WebPage\",\"@id\":\"https:\\\/\\\/fundaciojoseppla.cat\\\/documentacio\\\/\",\"url\":\"https:\\\/\\\/fundaciojoseppla.cat\\\/documentacio\\\/\",\"name\":\"Documentaci\u00f3n - Fundaci\u00f3 Josep Pla\",\"isPartOf\":{\"@id\":\"https:\\\/\\\/fundaciojoseppla.cat\\\/#website\"},\"datePublished\":\"2023-06-28T13:49:59+00:00\",\"dateModified\":\"2025-07-24T10:27:49+00:00\",\"breadcrumb\":{\"@id\":\"https:\\\/\\\/fundaciojoseppla.cat\\\/documentacio\\\/#breadcrumb\"},\"inLanguage\":\"es\",\"potentialAction\":[{\"@type\":\"ReadAction\",\"target\":[\"https:\\\/\\\/fundaciojoseppla.cat\\\/documentacio\\\/\"]}]},{\"@type\":\"BreadcrumbList\",\"@id\":\"https:\\\/\\\/fundaciojoseppla.cat\\\/documentacio\\\/#breadcrumb\",\"itemListElement\":[{\"@type\":\"ListItem\",\"position\":1,\"name\":\"Inici\",\"item\":\"https:\\\/\\\/fundaciojoseppla.cat\\\/es\\\/\"},{\"@type\":\"ListItem\",\"position\":2,\"name\":\"Documentaci\u00f3n\"}]},{\"@type\":\"WebSite\",\"@id\":\"https:\\\/\\\/fundaciojoseppla.cat\\\/#website\",\"url\":\"https:\\\/\\\/fundaciojoseppla.cat\\\/\",\"name\":\"Fundaci\u00f3 Josep Pla\",\"description\":\"Fundacio Josep Pla Palafrugell\",\"publisher\":{\"@id\":\"https:\\\/\\\/fundaciojoseppla.cat\\\/#organization\"},\"potentialAction\":[{\"@type\":\"SearchAction\",\"target\":{\"@type\":\"EntryPoint\",\"urlTemplate\":\"https:\\\/\\\/fundaciojoseppla.cat\\\/?s={search_term_string}\"},\"query-input\":{\"@type\":\"PropertyValueSpecification\",\"valueRequired\":true,\"valueName\":\"search_term_string\"}}],\"inLanguage\":\"es\"},{\"@type\":\"Organization\",\"@id\":\"https:\\\/\\\/fundaciojoseppla.cat\\\/#organization\",\"name\":\"Fundaci\u00f3 Josep Pla\",\"url\":\"https:\\\/\\\/fundaciojoseppla.cat\\\/\",\"logo\":{\"@type\":\"ImageObject\",\"inLanguage\":\"es\",\"@id\":\"https:\\\/\\\/fundaciojoseppla.cat\\\/#\\\/schema\\\/logo\\\/image\\\/\",\"url\":\"https:\\\/\\\/fundaciojoseppla.cat\\\/wp-content\\\/uploads\\\/2018\\\/05\\\/negre-transparent-de-logo-vecto-FJP.png\",\"contentUrl\":\"https:\\\/\\\/fundaciojoseppla.cat\\\/wp-content\\\/uploads\\\/2018\\\/05\\\/negre-transparent-de-logo-vecto-FJP.png\",\"width\":600,\"height\":233,\"caption\":\"Fundaci\u00f3 Josep Pla\"},\"image\":{\"@id\":\"https:\\\/\\\/fundaciojoseppla.cat\\\/#\\\/schema\\\/logo\\\/image\\\/\"},\"sameAs\":[\"https:\\\/\\\/www.facebook.com\\\/FJosepPla\\\/\",\"https:\\\/\\\/x.com\\\/FJosepPla\",\"http:\\\/\\\/pinterest.com\\\/fjoseppla\\\/\",\"https:\\\/\\\/www.youtube.com\\\/user\\\/FJosepPla\"]}]}<\/script>\n<!-- \/ Yoast SEO plugin. -->","yoast_head_json":{"title":"Documentaci\u00f3n - Fundaci\u00f3 Josep Pla","robots":{"index":"index","follow":"follow","max-snippet":"max-snippet:-1","max-image-preview":"max-image-preview:large","max-video-preview":"max-video-preview:-1"},"canonical":"https:\/\/fundaciojoseppla.cat\/documentacio\/","og_locale":"es_ES","og_type":"article","og_title":"Documentaci\u00f3n - Fundaci\u00f3 Josep Pla","og_description":"Documentaci\u00f3n Estatuts de la Fundaci\u00f3 Josep Pla La Fundaci\u00f3 Josep Pla es troba inscrita en el Registre de grups d\u2019inter\u00e8s de l\u2019Administraci\u00f3 de la Generalitat de Catalunya amb el n\u00famero identificador: 475 Declaraci\u00f3 mediambiental Pol\u00edtica de privacitat Foment del turisme responsable Sistema de pagaments i devolucions 2025 L\u00ednies estrat\u00e8giques i programaci\u00f3 2025 2024 Memoria de [&hellip;]","og_url":"https:\/\/fundaciojoseppla.cat\/documentacio\/","og_site_name":"Fundaci\u00f3 Josep Pla","article_publisher":"https:\/\/www.facebook.com\/FJosepPla\/","article_modified_time":"2025-07-24T10:27:49+00:00","twitter_card":"summary_large_image","twitter_site":"@FJosepPla","twitter_misc":{"Tiempo de lectura":"3 minutos"},"schema":{"@context":"https:\/\/schema.org","@graph":[{"@type":"WebPage","@id":"https:\/\/fundaciojoseppla.cat\/documentacio\/","url":"https:\/\/fundaciojoseppla.cat\/documentacio\/","name":"Documentaci\u00f3n - Fundaci\u00f3 Josep Pla","isPartOf":{"@id":"https:\/\/fundaciojoseppla.cat\/#website"},"datePublished":"2023-06-28T13:49:59+00:00","dateModified":"2025-07-24T10:27:49+00:00","breadcrumb":{"@id":"https:\/\/fundaciojoseppla.cat\/documentacio\/#breadcrumb"},"inLanguage":"es","potentialAction":[{"@type":"ReadAction","target":["https:\/\/fundaciojoseppla.cat\/documentacio\/"]}]},{"@type":"BreadcrumbList","@id":"https:\/\/fundaciojoseppla.cat\/documentacio\/#breadcrumb","itemListElement":[{"@type":"ListItem","position":1,"name":"Inici","item":"https:\/\/fundaciojoseppla.cat\/es\/"},{"@type":"ListItem","position":2,"name":"Documentaci\u00f3n"}]},{"@type":"WebSite","@id":"https:\/\/fundaciojoseppla.cat\/#website","url":"https:\/\/fundaciojoseppla.cat\/","name":"Fundaci\u00f3 Josep Pla","description":"Fundacio Josep Pla Palafrugell","publisher":{"@id":"https:\/\/fundaciojoseppla.cat\/#organization"},"potentialAction":[{"@type":"SearchAction","target":{"@type":"EntryPoint","urlTemplate":"https:\/\/fundaciojoseppla.cat\/?s={search_term_string}"},"query-input":{"@type":"PropertyValueSpecification","valueRequired":true,"valueName":"search_term_string"}}],"inLanguage":"es"},{"@type":"Organization","@id":"https:\/\/fundaciojoseppla.cat\/#organization","name":"Fundaci\u00f3 Josep Pla","url":"https:\/\/fundaciojoseppla.cat\/","logo":{"@type":"ImageObject","inLanguage":"es","@id":"https:\/\/fundaciojoseppla.cat\/#\/schema\/logo\/image\/","url":"https:\/\/fundaciojoseppla.cat\/wp-content\/uploads\/2018\/05\/negre-transparent-de-logo-vecto-FJP.png","contentUrl":"https:\/\/fundaciojoseppla.cat\/wp-content\/uploads\/2018\/05\/negre-transparent-de-logo-vecto-FJP.png","width":600,"height":233,"caption":"Fundaci\u00f3 Josep Pla"},"image":{"@id":"https:\/\/fundaciojoseppla.cat\/#\/schema\/logo\/image\/"},"sameAs":["https:\/\/www.facebook.com\/FJosepPla\/","https:\/\/x.com\/FJosepPla","http:\/\/pinterest.com\/fjoseppla\/","https:\/\/www.youtube.com\/user\/FJosepPla"]}]}},"publishpress_future_action":{"enabled":false,"date":"2026-05-05 17:39:58","action":"change-status","newStatus":"draft","terms":[],"taxonomy":"translation_priority","extraData":[]},"publishpress_future_workflow_manual_trigger":{"enabledWorkflows":[]},"_links":{"self":[{"href":"https:\/\/fundaciojoseppla.cat\/es\/wp-json\/wp\/v2\/pages\/37927","targetHints":{"allow":["GET"]}}],"collection":[{"href":"https:\/\/fundaciojoseppla.cat\/es\/wp-json\/wp\/v2\/pages"}],"about":[{"href":"https:\/\/fundaciojoseppla.cat\/es\/wp-json\/wp\/v2\/types\/page"}],"author":[{"embeddable":true,"href":"https:\/\/fundaciojoseppla.cat\/es\/wp-json\/wp\/v2\/users\/3"}],"replies":[{"embeddable":true,"href":"https:\/\/fundaciojoseppla.cat\/es\/wp-json\/wp\/v2\/comments?post=37927"}],"version-history":[{"count":15,"href":"https:\/\/fundaciojoseppla.cat\/es\/wp-json\/wp\/v2\/pages\/37927\/revisions"}],"predecessor-version":[{"id":44073,"href":"https:\/\/fundaciojoseppla.cat\/es\/wp-json\/wp\/v2\/pages\/37927\/revisions\/44073"}],"wp:attachment":[{"href":"https:\/\/fundaciojoseppla.cat\/es\/wp-json\/wp\/v2\/media?parent=37927"}],"curies":[{"name":"wp","href":"https:\/\/api.w.org\/{rel}","templated":true}]}}