

{"id":4364,"date":"2018-02-07T13:39:17","date_gmt":"2018-02-07T12:39:17","guid":{"rendered":"https:\/\/fundaciojoseppla.cat\/exposiciones-temporales\/la-calle-estrecha-la-poetica-de-la-banalidad\/"},"modified":"2022-06-17T18:44:33","modified_gmt":"2022-06-17T16:44:33","slug":"el-carrer-estret-la-poetica-de-la-banalitat","status":"publish","type":"page","link":"https:\/\/fundaciojoseppla.cat\/es\/exposiciones-temporales\/el-carrer-estret-la-poetica-de-la-banalitat\/","title":{"rendered":"El carrer Estret, la po\u00e8tica de la banalitat"},"content":{"rendered":"\t\t<div data-elementor-type=\"wp-post\" data-elementor-id=\"4364\" class=\"elementor elementor-4364 elementor-686\" data-elementor-post-type=\"page\">\n\t\t\t\t\t\t<section class=\"elementor-section elementor-top-section elementor-element elementor-element-bcaeb87 elementor-section-boxed elementor-section-height-default elementor-section-height-default\" data-id=\"bcaeb87\" data-element_type=\"section\" data-e-type=\"section\">\n\t\t\t\t\t\t<div class=\"elementor-container elementor-column-gap-default\">\n\t\t\t\t\t<div class=\"elementor-column elementor-col-100 elementor-top-column elementor-element elementor-element-b24f6d8\" data-id=\"b24f6d8\" data-element_type=\"column\" data-e-type=\"column\">\n\t\t\t<div class=\"elementor-widget-wrap elementor-element-populated\">\n\t\t\t\t\t\t<div class=\"elementor-element elementor-element-382ea9b claredonlight elementor-widget elementor-widget-heading\" data-id=\"382ea9b\" data-element_type=\"widget\" data-e-type=\"widget\" data-widget_type=\"heading.default\">\n\t\t\t\t<div class=\"elementor-widget-container\">\n\t\t\t\t\t<h1 class=\"elementor-heading-title elementor-size-default\">Exposiciones temporales<\/h1>\t\t\t\t<\/div>\n\t\t\t\t<\/div>\n\t\t\t\t<div class=\"elementor-element elementor-element-525e643 elementor-widget elementor-widget-text-editor\" data-id=\"525e643\" data-element_type=\"widget\" data-e-type=\"widget\" data-widget_type=\"text-editor.default\">\n\t\t\t\t<div class=\"elementor-widget-container\">\n\t\t\t\t\t\t\t\t\t<ul><li><a class=\"linkverd\" href=\"https:\/\/fundaciojoseppla.cat\/es\/exposiciones-temporales\/joan-fuster-josep-pla-una-conversa-infinita\/#seccio2022\">2022 Joan Fuster &#8211; Josep Pla: una conversa infinita<\/a><\/li><li class=\"expoany\"><a class=\"linkverd\" href=\"https:\/\/fundaciojoseppla.cat\/es\/exposiciones-temporales\/de-palafrugell-a-paris-1913-1925-josep-pla-y-los-artistas-una-mirada-literaria\/#seccio27\">2021 De Palafrugell a Par\u00eds, 1913-1925. Josep Pla i els artistes, una mirada liter\u00e0ria<\/a><\/li><li class=\"expoany\"><a class=\"linkverd\" href=\"https:\/\/fundaciojoseppla.cat\/es\/exposiciones-temporales\/josep-pla-vist-per-eugeni-forcano\/#seccio26\">2020\u00a0<\/a><a class=\"linkverd\" href=\"https:\/\/fundaciojoseppla.cat\/exposicions-temporals\/josep-pla-vist-per-eugeni-forcano\/#seccio26\">Josep Pla vist per Eugeni Forcano<\/a><\/li><li class=\"expoany\"><a class=\"linkverd\" href=\"https:\/\/fundaciojoseppla.cat\/es\/exposiciones-temporales\/el-primer-artista-que-vaig-coneixer-joan-b-coromina-i-josep-pla\/#seccio25\">2019\u00a0<\/a><a class=\"linkverd \" href=\"https:\/\/fundaciojoseppla.cat\/es\/exposiciones-temporales\/el-primer-artista-que-vaig-coneixer-joan-b-coromina-i-josep-pla\/#seccio25\">\u201cEl primer artista que vaig con\u00e8ixer\u201d. Joan B. Coromina i Josep Pla<\/a><\/li><li class=\"expoany\"><a class=\"linkverd\" href=\"https:\/\/fundaciojoseppla.cat\/es\/exposiciones-temporales\/josep-pla-i-la-civilitzacio-surera\/#seccio24\">2018\u00a0<\/a><a class=\"linkverd\" href=\"https:\/\/fundaciojoseppla.cat\/es\/exposiciones-temporales\/professors-de-solitud-j-esquirol-fotograf-j-pla-escriptor\/#seccio24\">Professors de solitud.J. Esquirol, fot\u00f2graf \u2013J.Pla, escriptor<\/a><\/li><li class=\"expoany\"><a class=\"linkverd\" href=\"https:\/\/fundaciojoseppla.cat\/es\/exposiciones-temporales\/josep-pla-i-la-civilitzacio-surera\/#seccio24\">2017<\/a> <a class=\"linkverd\" href=\"https:\/\/fundaciojoseppla.cat\/es\/exposiciones-temporales\/mig-europa-cau-impressions-de-josep-pla-sobre-la-gran-guerra\/#seccio24\">Mig Europa cau.Impressions de Josep Pla sobre la Gran Guerra.<\/a><\/li><li class=\"expoany\"><a class=\"linkverd\" href=\"https:\/\/fundaciojoseppla.cat\/es\/exposiciones-temporales\/josep-pla-i-la-civilitzacio-surera\/#seccio24\">2016\u00a0<\/a><a class=\"linkverd\" href=\"https:\/\/fundaciojoseppla.cat\/es\/exposiciones-temporales\/josep-pla-i-la-civilitzacio-surera\/#seccio24\">Josep Pla i la civilitzaci\u00f3 surera<\/a><\/li><li class=\"expoany\"><a class=\"linkverd\" href=\"https:\/\/fundaciojoseppla.cat\/es\/exposiciones-temporales\/pop-up-dibuixam-un-conte\/#seccio23\">2015\u00a0<\/a><a class=\"linkverd\" href=\"https:\/\/fundaciojoseppla.cat\/es\/exposiciones-temporales\/pop-up-dibuixam-un-conte\/#seccio23\">Pop-up! Dibuixa&#8217;m un conte<\/a><\/li><li class=\"expoany\"><a class=\"linkverd\" href=\"https:\/\/fundaciojoseppla.cat\/es\/exposiciones-temporales\/notes-sobre-paris-joan-pujol-creus-josep-pla\/#seccio23\">2014\u00a0<\/a><a class=\"linkverd\" href=\"https:\/\/fundaciojoseppla.cat\/es\/exposiciones-temporales\/notes-sobre-paris-joan-pujol-creus-josep-pla\/#seccio23\">Notes sobre Par\u00eds. Joan Pujol-Creus \u2014 Josep Pla<\/a><\/li><li class=\"expoany\"><a class=\"linkverd\" href=\"https:\/\/fundaciojoseppla.cat\/es\/exposiciones-temporales\/les-ciutats-europees-de-josep-pla\/#seccio19\">2013 <\/a><a class=\"linkverd\" href=\"https:\/\/fundaciojoseppla.cat\/es\/exposiciones-temporales\/les-ciutats-europees-de-josep-pla\/#seccio19\">Les ciutats europees de Josep Pla<\/a><\/li><li><a class=\"linkverd\" href=\"https:\/\/fundaciojoseppla.cat\/es\/exposiciones-temporales\/dues-mirades-a-maillol-josep-pla-i-torres-monso\/#seccio21\">2012\u00a0<\/a><a class=\"linkverd\" href=\"https:\/\/fundaciojoseppla.cat\/es\/exposiciones-temporales\/dues-mirades-a-maillol-josep-pla-i-torres-monso\/#seccio21\">Dues mirades a Maillol. Josep Pla i Torres Mons\u00f3<\/a><\/li><li class=\"expoany\"><a class=\"linkverd\" href=\"https:\/\/fundaciojoseppla.cat\/es\/exposiciones-temporales\/a-lombra-de-josep-pla\/#seccio20\">2011\u00a0<\/a><a class=\"linkverd\" href=\"https:\/\/fundaciojoseppla.cat\/es\/exposiciones-temporales\/a-lombra-de-josep-pla\/#seccio20\">A l&#8217;ombra de Josep Pla<\/a><\/li><li class=\"expoany\"><a class=\"linkverd\" href=\"https:\/\/fundaciojoseppla.cat\/es\/exposiciones-temporales\/jaume-vicens-i-vives-josep-pla-complicitats\/#seccio18\">2010\u00a0<\/a><a class=\"linkverd\" href=\"https:\/\/fundaciojoseppla.cat\/es\/exposiciones-temporales\/jaume-vicens-i-vives-josep-pla-complicitats\/#seccio18\">Jaume Vicens i Vives &#8211; Josep Pla. Complicitats<\/a><\/li><li class=\"expoany\"><a class=\"linkverd\" href=\"https:\/\/fundaciojoseppla.cat\/es\/exposiciones-temporales\/aigua-de-mar\/#seccio17\">2010\u00a0<\/a><a class=\"linkverd\" href=\"https:\/\/fundaciojoseppla.cat\/es\/exposiciones-temporales\/aigua-de-mar\/#seccio17\">Aigua de mar<\/a><\/li><li class=\"expoany\"><a class=\"linkverd\" href=\"https:\/\/fundaciojoseppla.cat\/es\/exposiciones-temporales\/el-madrid-de-josep-pla\/#seccio16\">2010 <\/a><a class=\"linkverd\" href=\"https:\/\/fundaciojoseppla.cat\/es\/exposiciones-temporales\/el-madrid-de-josep-pla\/#seccio16\">El Madrid de Josep Pla<\/a><\/li><li class=\"expoany\"><a class=\"linkverd\" href=\"https:\/\/fundaciojoseppla.cat\/es\/exposiciones-temporales\/maria-angels-anglada-1930-1999-vida-i-obra\/#seccio15\">2009 <\/a><a class=\"linkverd\" href=\"https:\/\/fundaciojoseppla.cat\/es\/exposiciones-temporales\/maria-angels-anglada-1930-1999-vida-i-obra\/#seccio15\">Maria \u00c0ngels Anglada (1930-1999). Vida i obra<\/a><\/li><li class=\"expoany\"><a class=\"linkverd\" href=\"https:\/\/fundaciojoseppla.cat\/es\/exposiciones-temporales\/pla-lhermos-i-companyia-figures-literaries-ii\/#seccio14\">2008\u00a0<\/a><a class=\"linkverd\" href=\"https:\/\/fundaciojoseppla.cat\/es\/exposiciones-temporales\/pla-lhermos-i-companyia-figures-literaries-ii\/#seccio14\">Pla, l&#8217;Herm\u00f3s i companyia. Figures liter\u00e0ries II<\/a><\/li><li class=\"expoany\"><a class=\"linkverd\" href=\"https:\/\/fundaciojoseppla.cat\/es\/exposiciones-temporales\/pels-camins-de-lemporda-gunter-grass-josep-pla\/#seccio13\">2008\u00a0<\/a><a class=\"linkverd\" href=\"https:\/\/fundaciojoseppla.cat\/es\/exposiciones-temporales\/pels-camins-de-lemporda-gunter-grass-josep-pla\/#seccio13\">Pels camins de l&#8217;Empord\u00e0. G\u00fcnter Grass &#8211; Josep Pla<\/a><\/li><li class=\"expoany\"><a class=\"linkverd\" href=\"https:\/\/fundaciojoseppla.cat\/es\/exposiciones-temporales\/pla-biograf-de-rusinol\/#seccio12\">2007\u00a0<\/a><a class=\"linkverd\" href=\"https:\/\/fundaciojoseppla.cat\/es\/exposiciones-temporales\/pla-biograf-de-rusinol\/#seccio12\">Pla, bi\u00f2graf de Rusi\u00f1ol.<\/a><\/li><li class=\"expoany\"><a class=\"linkverd\" href=\"https:\/\/fundaciojoseppla.cat\/es\/exposiciones-temporales\/josep-pla-com-a-pretext\/#seccio11\">2006\u00a0<\/a><a class=\"linkverd\" href=\"https:\/\/fundaciojoseppla.cat\/es\/exposiciones-temporales\/josep-pla-com-a-pretext\/#seccio11\">Josep Pla com a pretext<\/a><\/li><li class=\"expoany\"><a class=\"linkverd\" href=\"https:\/\/fundaciojoseppla.cat\/es\/exposiciones-temporales\/josep-pla-i-els-pintors\/#seccio10\">2006\u00a0<\/a><a class=\"linkverd\" href=\"https:\/\/fundaciojoseppla.cat\/es\/exposiciones-temporales\/josep-pla-i-els-pintors\/#seccio10\">Josep Pla i els pintors.<\/a><\/li><li class=\"expoany\"><a class=\"linkverd\" href=\"https:\/\/fundaciojoseppla.cat\/es\/exposiciones-temporales\/josep-pla-cartes-ditalia\/#seccio9\">2005\u00a0<\/a><a class=\"linkverd\" href=\"https:\/\/fundaciojoseppla.cat\/es\/exposiciones-temporales\/josep-pla-cartes-ditalia\/#seccio9\">Josep Pla. Cartes d&#8217;It\u00e0lia<\/a><\/li><li class=\"expoany\"><a class=\"linkverd\" href=\"https:\/\/fundaciojoseppla.cat\/es\/exposiciones-temporales\/salvador-dali-josep-pla-coincidencies\/#seccio8\">2004\u00a0<\/a><a class=\"linkverd\" href=\"https:\/\/fundaciojoseppla.cat\/es\/exposiciones-temporales\/salvador-dali-josep-pla-coincidencies\/#seccio8\">Salvador Dal\u00ed, Josep Pla. Coincid\u00e8ncies<\/a><\/li><li class=\"expoany\"><a class=\"linkverd\" href=\"https:\/\/fundaciojoseppla.cat\/es\/exposiciones-temporales\/el-temps-que-fuig-narcis-comadira-i-josep-pla\/#seccio7\">2003\u00a0<\/a><a class=\"linkverd\" href=\"https:\/\/fundaciojoseppla.cat\/es\/exposiciones-temporales\/el-temps-que-fuig-narcis-comadira-i-josep-pla\/#seccio7\">El temps que fuig. Narc\u00eds Comadira i Josep Pla<\/a><\/li><li class=\"expoany\"><a class=\"linkverd\" href=\"https:\/\/fundaciojoseppla.cat\/es\/exposiciones-temporales\/josep-pla-soc-un-illoman\/#seccio6\">2001-02 <\/a><a class=\"linkverd\" href=\"https:\/\/fundaciojoseppla.cat\/es\/exposiciones-temporales\/josep-pla-soc-un-illoman\/#seccio6\">Josep Pla: \u201c&#8230;s\u00f3c un ill\u00f2man\u201d<\/a><\/li><li class=\"expoany\"><a class=\"linkverd\" href=\"https:\/\/fundaciojoseppla.cat\/es\/exposiciones-temporales\/gaudi-i-verdaguer-llegits-per-josep-pla\/#seccio5\">2002\u00a0<\/a><a class=\"linkverd\" href=\"https:\/\/fundaciojoseppla.cat\/es\/exposiciones-temporales\/gaudi-i-verdaguer-llegits-per-josep-pla\/#seccio5\">Gaud\u00ed i Verdaguer llegits per Josep Pla<\/a><\/li><li class=\"expoany\"><a class=\"linkverd\" href=\"https:\/\/fundaciojoseppla.cat\/es\/exposiciones-temporales\/el-carrer-estret-la-poetica-de-la-banalitat\/#seccio4\">2001\u00a0<\/a><a class=\"linkverd\" href=\"https:\/\/fundaciojoseppla.cat\/es\/exposiciones-temporales\/el-carrer-estret-la-poetica-de-la-banalitat\/#seccio4\">El carrer Estret, la po\u00e8tica de la banalitat<\/a><\/li><\/ul>\t\t\t\t\t\t\t\t<\/div>\n\t\t\t\t<\/div>\n\t\t\t\t\t<\/div>\n\t\t<\/div>\n\t\t\t\t\t<\/div>\n\t\t<\/section>\n\t\t\t\t<section class=\"elementor-section elementor-top-section elementor-element elementor-element-0aab291 elementor-section-boxed elementor-section-height-default elementor-section-height-default\" data-id=\"0aab291\" data-element_type=\"section\" data-e-type=\"section\">\n\t\t\t\t\t\t<div class=\"elementor-container elementor-column-gap-no\">\n\t\t\t\t\t<div class=\"elementor-column elementor-col-100 elementor-top-column elementor-element elementor-element-45c4ca8\" data-id=\"45c4ca8\" data-element_type=\"column\" data-e-type=\"column\">\n\t\t\t<div class=\"elementor-widget-wrap elementor-element-populated\">\n\t\t\t\t\t\t<div class=\"elementor-element elementor-element-a091244 elementor-widget elementor-widget-menu-anchor\" data-id=\"a091244\" data-element_type=\"widget\" data-e-type=\"widget\" data-widget_type=\"menu-anchor.default\">\n\t\t\t\t<div class=\"elementor-widget-container\">\n\t\t\t\t\t\t\t<div class=\"elementor-menu-anchor\" id=\"seccio4\"><\/div>\n\t\t\t\t\t\t<\/div>\n\t\t\t\t<\/div>\n\t\t\t\t\t<\/div>\n\t\t<\/div>\n\t\t\t\t\t<\/div>\n\t\t<\/section>\n\t\t\t\t<section class=\"elementor-section elementor-top-section elementor-element elementor-element-8eebd46 elementor-section-full_width elementor-section-height-default elementor-section-height-default\" data-id=\"8eebd46\" data-element_type=\"section\" data-e-type=\"section\" data-settings=\"{&quot;background_background&quot;:&quot;classic&quot;}\">\n\t\t\t\t\t\t\t<div class=\"elementor-background-overlay\"><\/div>\n\t\t\t\t\t\t\t<div class=\"elementor-container elementor-column-gap-default\">\n\t\t\t\t\t<div class=\"elementor-column elementor-col-100 elementor-top-column elementor-element elementor-element-31d1366e\" data-id=\"31d1366e\" data-element_type=\"column\" data-e-type=\"column\">\n\t\t\t<div class=\"elementor-widget-wrap elementor-element-populated\">\n\t\t\t\t\t\t<div class=\"elementor-element elementor-element-2d7f0d6e elementor-widget elementor-widget-heading\" data-id=\"2d7f0d6e\" data-element_type=\"widget\" data-e-type=\"widget\" data-widget_type=\"heading.default\">\n\t\t\t\t<div class=\"elementor-widget-container\">\n\t\t\t\t\t<h2 class=\"elementor-heading-title elementor-size-default\"><p class=\"claredonlight\">2001<\/p><p class=\"claredonbold\">\"La calle Estrecha\", la po\u00e9tica de la banalidad<\/p><\/h2>\t\t\t\t<\/div>\n\t\t\t\t<\/div>\n\t\t\t\t\t<\/div>\n\t\t<\/div>\n\t\t\t\t\t<\/div>\n\t\t<\/section>\n\t\t\t\t<section class=\"elementor-section elementor-top-section elementor-element elementor-element-2f813ef8 elementor-section-boxed elementor-section-height-default elementor-section-height-default\" data-id=\"2f813ef8\" data-element_type=\"section\" data-e-type=\"section\">\n\t\t\t\t\t\t<div class=\"elementor-container elementor-column-gap-default\">\n\t\t\t\t\t<div class=\"elementor-column elementor-col-100 elementor-top-column elementor-element elementor-element-423bf4eb\" data-id=\"423bf4eb\" data-element_type=\"column\" data-e-type=\"column\">\n\t\t\t<div class=\"elementor-widget-wrap elementor-element-populated\">\n\t\t\t\t\t\t<div class=\"elementor-element elementor-element-2393e59 elementor-widget elementor-widget-text-editor\" data-id=\"2393e59\" data-element_type=\"widget\" data-e-type=\"widget\" data-widget_type=\"text-editor.default\">\n\t\t\t\t<div class=\"elementor-widget-container\">\n\t\t\t\t\t\t\t\t\t<p align=\"justify\">En el a\u00f1o 2001 hizo cincuenta a\u00f1os que la Editorial Selecta de Josep M. Cruzet public\u00f3 la novela\u00a0<i>El carrer Estret<\/i>\u00a0de Josep Pla. Escrita entre Palafrugell y Cadaqu\u00e9s, desde el oto\u00f1o de 1949 hasta la primavera de 1951, esta obra, precedida de un importante pr\u00f3logo de reflexi\u00f3n sobre el g\u00e9nero novel\u00edstico, es uno de los libros m\u00e1s famosos y m\u00e1s reeditados de Josep Pla.\u00a0<i>El carrer Estret<\/i>\u00a0gan\u00f3, en la noche de Santa Luc\u00eda de 1951, la tercera convocatoria del premio de novela Joanot Martorell, concedido por un jurado formado por Miquel Llor, Salvador Espriu, Maurici Serrahima, Antoni Vilanova y Josep Miracle.<\/p>\n<p align=\"justify\">La exposici\u00f3n conmemoraba estos acontecimientos y mostraba algunos documentos del momento en el que se public\u00f3 la novela, las primeras reacciones de la cr\u00edtica y un breve an\u00e1lisis de las caracter\u00edsticas m\u00e1s remarcables de la obra.\u00a0<i>&#8220;La calle Estrecha&#8221;, la po\u00e9tica de la banalidad<\/i>\u00a0invitaba al lector a entrar en el juego literario de Pla, donde la seducci\u00f3n procede de la mediocridad de la vida cotidiana y de la pasi\u00f3n por las &#8220;pocas cosas&#8221;, gracias a la &#8220;inteligencia po\u00e9tica&#8221; del autor.<\/p>\n<p align=\"justify\">La exposici\u00f3n se complement\u00f3 con la\u00a0<i>Jornada d&#8217;Estudi Cinquanta Anys d\u00b4El carrer Estret<\/i>\u00a0la cual cont\u00f3 con las aportaciones de Xavier Pla,\u00a0<i>De la prehistoria liter\u00e0ria a El carrer Estret<\/i>: dos cap\u00edtulos in\u00e9ditos sobre la relaci\u00f3n de Josep Pla con la novela; Maria Josepa Gallofr\u00e9,\u00a0<i>Un llibre in\u00e8dit<\/i>:\u00a0<i>El carrer Estret<\/i>; Jordi Gr\u00e0cia,\u00a0<i>L&#8217;heterod\u00f2xia del moralista o la novel\u00b7la de Pla a l&#8217;Espanya feixista<\/i>; Llu\u00eds Bonada,\u00a0<i>Una lectura de la novel\u00b7la El carrer Estret\u00a0<\/i>y Antoni Vilanova,\u00a0<i>Josep Pla y el editor Josep M. Cruzet<\/i>. Las actas de la jornada de estudio han sido publicadas por el Departamento de Filolog\u00eda y Filosof\u00eda de la Universitat de Girona y la Fundaci\u00f3 Josep Pla dentro de la colecci\u00f3n Diversitats.<\/p>\n\t\t\t\t\t\t\t\t<\/div>\n\t\t\t\t<\/div>\n\t\t\t\t<div class=\"elementor-element elementor-element-2af5587f claredonbold elementor-widget elementor-widget-text-editor\" data-id=\"2af5587f\" data-element_type=\"widget\" data-e-type=\"widget\" data-widget_type=\"text-editor.default\">\n\t\t\t\t<div class=\"elementor-widget-container\">\n\t\t\t\t\t\t\t\t\t<p>&#8220;Per a la meva cuinera, furetejar en la vida dels altres constitueix una voluptuositat&#8221;<\/p>\n\t\t\t\t\t\t\t\t<\/div>\n\t\t\t\t<\/div>\n\t\t\t\t<div class=\"elementor-element elementor-element-ca49215 pitchlight elementor-widget elementor-widget-heading\" data-id=\"ca49215\" data-element_type=\"widget\" data-e-type=\"widget\" data-widget_type=\"heading.default\">\n\t\t\t\t<div class=\"elementor-widget-container\">\n\t\t\t\t\t<h2 class=\"elementor-heading-title elementor-size-default\"><p class=\"fancy\"><span style=\"font-size: 15px;font-style: normal;font-weight: 600;white-space: normal\">Josep Pla.<span style=\"font-size: 15px;font-style: italic;font-weight: 600;white-space: normal\"> El carrer Estret.<\/span> OC VIII, 489.<\/span><\/p><\/h2>\t\t\t\t<\/div>\n\t\t\t\t<\/div>\n\t\t\t\t<div class=\"elementor-element elementor-element-2b7a4070 elementor-widget elementor-widget-text-editor\" data-id=\"2b7a4070\" data-element_type=\"widget\" data-e-type=\"widget\" data-widget_type=\"text-editor.default\">\n\t\t\t\t<div class=\"elementor-widget-container\">\n\t\t\t\t\t\t\t\t\t<p>AADD.\u00a0<a class=\"linkverd\" href=\"http:\/\/www.udg.edu\/Portals\/9\/Publicacions\/Altres_publicacions\/2011\/La%20poetica%20de%20la%20banalitat.pdf\" target=\"_blank\" rel=\"noopener\">La po\u00e8tica de la banalitat.<\/a>\u00a0<em><br \/> <\/em>Actos de la Jornada d\u2019Estudi Cinquanta Anys d\u2019<em>El carrer Estret<\/em>, a cargo de Anna Aguil\u00f3 y Xavier Pla.<br \/> Universitat de Girona i Fundaci\u00f3 Josep Pla, 2003.<\/p>\t\t\t\t\t\t\t\t<\/div>\n\t\t\t\t<\/div>\n\t\t\t\t\t<\/div>\n\t\t<\/div>\n\t\t\t\t\t<\/div>\n\t\t<\/section>\n\t\t\t\t<\/div>\n\t\t","protected":false},"excerpt":{"rendered":"<p>Exposiciones temporales 2022 Joan Fuster &#8211; Josep Pla: una conversa infinita 2021 De Palafrugell a Par\u00eds, 1913-1925. Josep Pla i els artistes, una mirada liter\u00e0ria 2020\u00a0Josep Pla vist per Eugeni Forcano 2019\u00a0\u201cEl primer artista que vaig con\u00e8ixer\u201d. Joan B. Coromina i Josep Pla 2018\u00a0Professors de solitud.J. Esquirol, fot\u00f2graf \u2013J.Pla, escriptor 2017 Mig Europa cau.Impressions de [&hellip;]<\/p>\n","protected":false},"author":3,"featured_media":0,"parent":4054,"menu_order":0,"comment_status":"closed","ping_status":"closed","template":"","meta":{"inline_featured_image":false,"site-sidebar-layout":"default","site-content-layout":"default","ast-site-content-layout":"default","site-content-style":"default","site-sidebar-style":"default","ast-global-header-display":"","ast-banner-title-visibility":"","ast-main-header-display":"disabled","ast-hfb-above-header-display":"","ast-hfb-below-header-display":"","ast-hfb-mobile-header-display":"","site-post-title":"disabled","ast-breadcrumbs-content":"","ast-featured-img":"disabled","footer-sml-layout":"","theme-transparent-header-meta":"","adv-header-id-meta":"","stick-header-meta":"","header-above-stick-meta":"","header-main-stick-meta":"","header-below-stick-meta":"","astra-migrate-meta-layouts":"default","ast-page-background-enabled":"default","ast-page-background-meta":{"desktop":{"background-color":"var(--ast-global-color-4)","background-image":"","background-repeat":"repeat","background-position":"center center","background-size":"auto","background-attachment":"scroll","background-type":"","background-media":"","overlay-type":"","overlay-color":"","overlay-opacity":"","overlay-gradient":""},"tablet":{"background-color":"","background-image":"","background-repeat":"repeat","background-position":"center center","background-size":"auto","background-attachment":"scroll","background-type":"","background-media":"","overlay-type":"","overlay-color":"","overlay-opacity":"","overlay-gradient":""},"mobile":{"background-color":"","background-image":"","background-repeat":"repeat","background-position":"center center","background-size":"auto","background-attachment":"scroll","background-type":"","background-media":"","overlay-type":"","overlay-color":"","overlay-opacity":"","overlay-gradient":""}},"ast-content-background-meta":{"desktop":{"background-color":"var(--ast-global-color-5)","background-image":"","background-repeat":"repeat","background-position":"center center","background-size":"auto","background-attachment":"scroll","background-type":"","background-media":"","overlay-type":"","overlay-color":"","overlay-opacity":"","overlay-gradient":""},"tablet":{"background-color":"var(--ast-global-color-5)","background-image":"","background-repeat":"repeat","background-position":"center center","background-size":"auto","background-attachment":"scroll","background-type":"","background-media":"","overlay-type":"","overlay-color":"","overlay-opacity":"","overlay-gradient":""},"mobile":{"background-color":"var(--ast-global-color-5)","background-image":"","background-repeat":"repeat","background-position":"center center","background-size":"auto","background-attachment":"scroll","background-type":"","background-media":"","overlay-type":"","overlay-color":"","overlay-opacity":"","overlay-gradient":""}},"footnotes":""},"class_list":["post-4364","page","type-page","status-publish","hentry"],"yoast_head":"<!-- This site is optimized with the Yoast SEO plugin v27.5 - https:\/\/yoast.com\/product\/yoast-seo-wordpress\/ -->\n<title>El carrer Estret, la po\u00e8tica de la banalitat - Fundaci\u00f3 Josep Pla<\/title>\n<meta name=\"robots\" content=\"index, follow, max-snippet:-1, max-image-preview:large, max-video-preview:-1\" \/>\n<link rel=\"canonical\" href=\"https:\/\/fundaciojoseppla.cat\/exposicions-temporals\/el-carrer-estret-la-poetica-de-la-banalitat\/\" \/>\n<meta property=\"og:locale\" content=\"es_ES\" \/>\n<meta property=\"og:type\" content=\"article\" \/>\n<meta property=\"og:title\" content=\"El carrer Estret, la po\u00e8tica de la banalitat - Fundaci\u00f3 Josep Pla\" \/>\n<meta property=\"og:description\" content=\"Exposiciones temporales 2022 Joan Fuster &#8211; Josep Pla: una conversa infinita 2021 De Palafrugell a Par\u00eds, 1913-1925. Josep Pla i els artistes, una mirada liter\u00e0ria 2020\u00a0Josep Pla vist per Eugeni Forcano 2019\u00a0\u201cEl primer artista que vaig con\u00e8ixer\u201d. Joan B. Coromina i Josep Pla 2018\u00a0Professors de solitud.J. Esquirol, fot\u00f2graf \u2013J.Pla, escriptor 2017 Mig Europa cau.Impressions de [&hellip;]\" \/>\n<meta property=\"og:url\" content=\"https:\/\/fundaciojoseppla.cat\/exposicions-temporals\/el-carrer-estret-la-poetica-de-la-banalitat\/\" \/>\n<meta property=\"og:site_name\" content=\"Fundaci\u00f3 Josep Pla\" \/>\n<meta property=\"article:publisher\" content=\"https:\/\/www.facebook.com\/FJosepPla\/\" \/>\n<meta property=\"article:modified_time\" content=\"2022-06-17T16:44:33+00:00\" \/>\n<meta name=\"twitter:card\" content=\"summary_large_image\" \/>\n<meta name=\"twitter:site\" content=\"@FJosepPla\" \/>\n<meta name=\"twitter:label1\" content=\"Tiempo de lectura\" \/>\n\t<meta name=\"twitter:data1\" content=\"3 minutos\" \/>\n<script type=\"application\/ld+json\" class=\"yoast-schema-graph\">{\"@context\":\"https:\\\/\\\/schema.org\",\"@graph\":[{\"@type\":\"WebPage\",\"@id\":\"https:\\\/\\\/fundaciojoseppla.cat\\\/exposicions-temporals\\\/el-carrer-estret-la-poetica-de-la-banalitat\\\/\",\"url\":\"https:\\\/\\\/fundaciojoseppla.cat\\\/exposicions-temporals\\\/el-carrer-estret-la-poetica-de-la-banalitat\\\/\",\"name\":\"El carrer Estret, la po\u00e8tica de la banalitat - Fundaci\u00f3 Josep Pla\",\"isPartOf\":{\"@id\":\"https:\\\/\\\/fundaciojoseppla.cat\\\/#website\"},\"datePublished\":\"2018-02-07T12:39:17+00:00\",\"dateModified\":\"2022-06-17T16:44:33+00:00\",\"breadcrumb\":{\"@id\":\"https:\\\/\\\/fundaciojoseppla.cat\\\/exposicions-temporals\\\/el-carrer-estret-la-poetica-de-la-banalitat\\\/#breadcrumb\"},\"inLanguage\":\"es\",\"potentialAction\":[{\"@type\":\"ReadAction\",\"target\":[\"https:\\\/\\\/fundaciojoseppla.cat\\\/exposicions-temporals\\\/el-carrer-estret-la-poetica-de-la-banalitat\\\/\"]}]},{\"@type\":\"BreadcrumbList\",\"@id\":\"https:\\\/\\\/fundaciojoseppla.cat\\\/exposicions-temporals\\\/el-carrer-estret-la-poetica-de-la-banalitat\\\/#breadcrumb\",\"itemListElement\":[{\"@type\":\"ListItem\",\"position\":1,\"name\":\"Inici\",\"item\":\"https:\\\/\\\/fundaciojoseppla.cat\\\/es\\\/\"},{\"@type\":\"ListItem\",\"position\":2,\"name\":\"Exposiciones temporales\",\"item\":\"https:\\\/\\\/fundaciojoseppla.cat\\\/exposicions-temporals\\\/\"},{\"@type\":\"ListItem\",\"position\":3,\"name\":\"El carrer Estret, la po\u00e8tica de la banalitat\"}]},{\"@type\":\"WebSite\",\"@id\":\"https:\\\/\\\/fundaciojoseppla.cat\\\/#website\",\"url\":\"https:\\\/\\\/fundaciojoseppla.cat\\\/\",\"name\":\"Fundaci\u00f3 Josep Pla\",\"description\":\"Fundacio Josep Pla Palafrugell\",\"publisher\":{\"@id\":\"https:\\\/\\\/fundaciojoseppla.cat\\\/#organization\"},\"potentialAction\":[{\"@type\":\"SearchAction\",\"target\":{\"@type\":\"EntryPoint\",\"urlTemplate\":\"https:\\\/\\\/fundaciojoseppla.cat\\\/?s={search_term_string}\"},\"query-input\":{\"@type\":\"PropertyValueSpecification\",\"valueRequired\":true,\"valueName\":\"search_term_string\"}}],\"inLanguage\":\"es\"},{\"@type\":\"Organization\",\"@id\":\"https:\\\/\\\/fundaciojoseppla.cat\\\/#organization\",\"name\":\"Fundaci\u00f3 Josep Pla\",\"url\":\"https:\\\/\\\/fundaciojoseppla.cat\\\/\",\"logo\":{\"@type\":\"ImageObject\",\"inLanguage\":\"es\",\"@id\":\"https:\\\/\\\/fundaciojoseppla.cat\\\/#\\\/schema\\\/logo\\\/image\\\/\",\"url\":\"https:\\\/\\\/fundaciojoseppla.cat\\\/wp-content\\\/uploads\\\/2018\\\/05\\\/negre-transparent-de-logo-vecto-FJP.png\",\"contentUrl\":\"https:\\\/\\\/fundaciojoseppla.cat\\\/wp-content\\\/uploads\\\/2018\\\/05\\\/negre-transparent-de-logo-vecto-FJP.png\",\"width\":600,\"height\":233,\"caption\":\"Fundaci\u00f3 Josep Pla\"},\"image\":{\"@id\":\"https:\\\/\\\/fundaciojoseppla.cat\\\/#\\\/schema\\\/logo\\\/image\\\/\"},\"sameAs\":[\"https:\\\/\\\/www.facebook.com\\\/FJosepPla\\\/\",\"https:\\\/\\\/x.com\\\/FJosepPla\",\"http:\\\/\\\/pinterest.com\\\/fjoseppla\\\/\",\"https:\\\/\\\/www.youtube.com\\\/user\\\/FJosepPla\"]}]}<\/script>\n<!-- \/ Yoast SEO plugin. -->","yoast_head_json":{"title":"El carrer Estret, la po\u00e8tica de la banalitat - Fundaci\u00f3 Josep Pla","robots":{"index":"index","follow":"follow","max-snippet":"max-snippet:-1","max-image-preview":"max-image-preview:large","max-video-preview":"max-video-preview:-1"},"canonical":"https:\/\/fundaciojoseppla.cat\/exposicions-temporals\/el-carrer-estret-la-poetica-de-la-banalitat\/","og_locale":"es_ES","og_type":"article","og_title":"El carrer Estret, la po\u00e8tica de la banalitat - Fundaci\u00f3 Josep Pla","og_description":"Exposiciones temporales 2022 Joan Fuster &#8211; Josep Pla: una conversa infinita 2021 De Palafrugell a Par\u00eds, 1913-1925. Josep Pla i els artistes, una mirada liter\u00e0ria 2020\u00a0Josep Pla vist per Eugeni Forcano 2019\u00a0\u201cEl primer artista que vaig con\u00e8ixer\u201d. Joan B. Coromina i Josep Pla 2018\u00a0Professors de solitud.J. Esquirol, fot\u00f2graf \u2013J.Pla, escriptor 2017 Mig Europa cau.Impressions de [&hellip;]","og_url":"https:\/\/fundaciojoseppla.cat\/exposicions-temporals\/el-carrer-estret-la-poetica-de-la-banalitat\/","og_site_name":"Fundaci\u00f3 Josep Pla","article_publisher":"https:\/\/www.facebook.com\/FJosepPla\/","article_modified_time":"2022-06-17T16:44:33+00:00","twitter_card":"summary_large_image","twitter_site":"@FJosepPla","twitter_misc":{"Tiempo de lectura":"3 minutos"},"schema":{"@context":"https:\/\/schema.org","@graph":[{"@type":"WebPage","@id":"https:\/\/fundaciojoseppla.cat\/exposicions-temporals\/el-carrer-estret-la-poetica-de-la-banalitat\/","url":"https:\/\/fundaciojoseppla.cat\/exposicions-temporals\/el-carrer-estret-la-poetica-de-la-banalitat\/","name":"El carrer Estret, la po\u00e8tica de la banalitat - Fundaci\u00f3 Josep Pla","isPartOf":{"@id":"https:\/\/fundaciojoseppla.cat\/#website"},"datePublished":"2018-02-07T12:39:17+00:00","dateModified":"2022-06-17T16:44:33+00:00","breadcrumb":{"@id":"https:\/\/fundaciojoseppla.cat\/exposicions-temporals\/el-carrer-estret-la-poetica-de-la-banalitat\/#breadcrumb"},"inLanguage":"es","potentialAction":[{"@type":"ReadAction","target":["https:\/\/fundaciojoseppla.cat\/exposicions-temporals\/el-carrer-estret-la-poetica-de-la-banalitat\/"]}]},{"@type":"BreadcrumbList","@id":"https:\/\/fundaciojoseppla.cat\/exposicions-temporals\/el-carrer-estret-la-poetica-de-la-banalitat\/#breadcrumb","itemListElement":[{"@type":"ListItem","position":1,"name":"Inici","item":"https:\/\/fundaciojoseppla.cat\/es\/"},{"@type":"ListItem","position":2,"name":"Exposiciones temporales","item":"https:\/\/fundaciojoseppla.cat\/exposicions-temporals\/"},{"@type":"ListItem","position":3,"name":"El carrer Estret, la po\u00e8tica de la banalitat"}]},{"@type":"WebSite","@id":"https:\/\/fundaciojoseppla.cat\/#website","url":"https:\/\/fundaciojoseppla.cat\/","name":"Fundaci\u00f3 Josep Pla","description":"Fundacio Josep Pla Palafrugell","publisher":{"@id":"https:\/\/fundaciojoseppla.cat\/#organization"},"potentialAction":[{"@type":"SearchAction","target":{"@type":"EntryPoint","urlTemplate":"https:\/\/fundaciojoseppla.cat\/?s={search_term_string}"},"query-input":{"@type":"PropertyValueSpecification","valueRequired":true,"valueName":"search_term_string"}}],"inLanguage":"es"},{"@type":"Organization","@id":"https:\/\/fundaciojoseppla.cat\/#organization","name":"Fundaci\u00f3 Josep Pla","url":"https:\/\/fundaciojoseppla.cat\/","logo":{"@type":"ImageObject","inLanguage":"es","@id":"https:\/\/fundaciojoseppla.cat\/#\/schema\/logo\/image\/","url":"https:\/\/fundaciojoseppla.cat\/wp-content\/uploads\/2018\/05\/negre-transparent-de-logo-vecto-FJP.png","contentUrl":"https:\/\/fundaciojoseppla.cat\/wp-content\/uploads\/2018\/05\/negre-transparent-de-logo-vecto-FJP.png","width":600,"height":233,"caption":"Fundaci\u00f3 Josep Pla"},"image":{"@id":"https:\/\/fundaciojoseppla.cat\/#\/schema\/logo\/image\/"},"sameAs":["https:\/\/www.facebook.com\/FJosepPla\/","https:\/\/x.com\/FJosepPla","http:\/\/pinterest.com\/fjoseppla\/","https:\/\/www.youtube.com\/user\/FJosepPla"]}]}},"publishpress_future_action":{"enabled":false,"date":"2026-05-06 17:56:01","action":"change-status","newStatus":"draft","terms":[],"taxonomy":"translation_priority","extraData":[]},"publishpress_future_workflow_manual_trigger":{"enabledWorkflows":[]},"_links":{"self":[{"href":"https:\/\/fundaciojoseppla.cat\/es\/wp-json\/wp\/v2\/pages\/4364","targetHints":{"allow":["GET"]}}],"collection":[{"href":"https:\/\/fundaciojoseppla.cat\/es\/wp-json\/wp\/v2\/pages"}],"about":[{"href":"https:\/\/fundaciojoseppla.cat\/es\/wp-json\/wp\/v2\/types\/page"}],"author":[{"embeddable":true,"href":"https:\/\/fundaciojoseppla.cat\/es\/wp-json\/wp\/v2\/users\/3"}],"replies":[{"embeddable":true,"href":"https:\/\/fundaciojoseppla.cat\/es\/wp-json\/wp\/v2\/comments?post=4364"}],"version-history":[{"count":110,"href":"https:\/\/fundaciojoseppla.cat\/es\/wp-json\/wp\/v2\/pages\/4364\/revisions"}],"predecessor-version":[{"id":32968,"href":"https:\/\/fundaciojoseppla.cat\/es\/wp-json\/wp\/v2\/pages\/4364\/revisions\/32968"}],"up":[{"embeddable":true,"href":"https:\/\/fundaciojoseppla.cat\/es\/wp-json\/wp\/v2\/pages\/4054"}],"wp:attachment":[{"href":"https:\/\/fundaciojoseppla.cat\/es\/wp-json\/wp\/v2\/media?parent=4364"}],"curies":[{"name":"wp","href":"https:\/\/api.w.org\/{rel}","templated":true}]}}