

{"id":4662,"date":"2018-02-07T16:07:37","date_gmt":"2018-02-07T15:07:37","guid":{"rendered":"https:\/\/fundaciojoseppla.cat\/exposiciones-temporales\/salvador-dali-josep-pla-coincidencies\/"},"modified":"2022-06-17T18:43:31","modified_gmt":"2022-06-17T16:43:31","slug":"salvador-dali-josep-pla-coincidencies","status":"publish","type":"page","link":"https:\/\/fundaciojoseppla.cat\/es\/exposiciones-temporales\/salvador-dali-josep-pla-coincidencies\/","title":{"rendered":"Salvador Dal\u00ed, Josep Pla. Coincid\u00e8ncies"},"content":{"rendered":"\t\t<div data-elementor-type=\"wp-post\" data-elementor-id=\"4662\" class=\"elementor elementor-4662 elementor-709\" data-elementor-post-type=\"page\">\n\t\t\t\t\t\t<section class=\"elementor-section elementor-top-section elementor-element elementor-element-2056791 elementor-section-boxed elementor-section-height-default elementor-section-height-default\" data-id=\"2056791\" data-element_type=\"section\" data-e-type=\"section\">\n\t\t\t\t\t\t<div class=\"elementor-container elementor-column-gap-default\">\n\t\t\t\t\t<div class=\"elementor-column elementor-col-100 elementor-top-column elementor-element elementor-element-1c5e889\" data-id=\"1c5e889\" data-element_type=\"column\" data-e-type=\"column\">\n\t\t\t<div class=\"elementor-widget-wrap elementor-element-populated\">\n\t\t\t\t\t\t<div class=\"elementor-element elementor-element-77f8bed claredonlight elementor-widget elementor-widget-heading\" data-id=\"77f8bed\" data-element_type=\"widget\" data-e-type=\"widget\" data-widget_type=\"heading.default\">\n\t\t\t\t<div class=\"elementor-widget-container\">\n\t\t\t\t\t<h1 class=\"elementor-heading-title elementor-size-default\">Exposiciones temporales<\/h1>\t\t\t\t<\/div>\n\t\t\t\t<\/div>\n\t\t\t\t<div class=\"elementor-element elementor-element-1d4f4ed elementor-widget elementor-widget-text-editor\" data-id=\"1d4f4ed\" data-element_type=\"widget\" data-e-type=\"widget\" data-widget_type=\"text-editor.default\">\n\t\t\t\t<div class=\"elementor-widget-container\">\n\t\t\t\t\t\t\t\t\t<ul><li><a class=\"linkverd\" href=\"https:\/\/fundaciojoseppla.cat\/es\/exposiciones-temporales\/joan-fuster-josep-pla-una-conversa-infinita\/#seccio2022\">2022 Joan Fuster &#8211; Josep Pla: una conversa infinita<\/a><\/li><li class=\"expoany\"><a class=\"linkverd\" href=\"https:\/\/fundaciojoseppla.cat\/es\/exposiciones-temporales\/de-palafrugell-a-paris-1913-1925-josep-pla-y-los-artistas-una-mirada-literaria\/#seccio27\">2021 De Palafrugell a Par\u00eds, 1913-1925. Josep Pla i els artistes, una mirada liter\u00e0ria<\/a><\/li><li class=\"expoany\"><a class=\"linkverd\" href=\"https:\/\/fundaciojoseppla.cat\/es\/exposiciones-temporales\/josep-pla-vist-per-eugeni-forcano\/#seccio26\">2020\u00a0<\/a><a class=\"linkverd\" href=\"https:\/\/fundaciojoseppla.cat\/exposicions-temporals\/josep-pla-vist-per-eugeni-forcano\/#seccio26\">Josep Pla vist per Eugeni Forcano<\/a><\/li><li class=\"expoany\"><a class=\"linkverd\" href=\"https:\/\/fundaciojoseppla.cat\/es\/exposiciones-temporales\/el-primer-artista-que-vaig-coneixer-joan-b-coromina-i-josep-pla\/#seccio25\">2019\u00a0<\/a><a class=\"linkverd \" href=\"https:\/\/fundaciojoseppla.cat\/es\/exposiciones-temporales\/el-primer-artista-que-vaig-coneixer-joan-b-coromina-i-josep-pla\/#seccio25\">\u201cEl primer artista que vaig con\u00e8ixer\u201d. Joan B. Coromina i Josep Pla<\/a><\/li><li class=\"expoany\"><a class=\"linkverd\" href=\"https:\/\/fundaciojoseppla.cat\/es\/exposiciones-temporales\/josep-pla-i-la-civilitzacio-surera\/#seccio24\">2018\u00a0<\/a><a class=\"linkverd\" href=\"https:\/\/fundaciojoseppla.cat\/es\/exposiciones-temporales\/professors-de-solitud-j-esquirol-fotograf-j-pla-escriptor\/#seccio24\">Professors de solitud.J. Esquirol, fot\u00f2graf \u2013J.Pla, escriptor<\/a><\/li><li class=\"expoany\"><a class=\"linkverd\" href=\"https:\/\/fundaciojoseppla.cat\/es\/exposiciones-temporales\/josep-pla-i-la-civilitzacio-surera\/#seccio24\">2017<\/a> <a class=\"linkverd\" href=\"https:\/\/fundaciojoseppla.cat\/es\/exposiciones-temporales\/mig-europa-cau-impressions-de-josep-pla-sobre-la-gran-guerra\/#seccio24\">Mig Europa cau.Impressions de Josep Pla sobre la Gran Guerra.<\/a><\/li><li class=\"expoany\"><a class=\"linkverd\" href=\"https:\/\/fundaciojoseppla.cat\/es\/exposiciones-temporales\/josep-pla-i-la-civilitzacio-surera\/#seccio24\">2016\u00a0<\/a><a class=\"linkverd\" href=\"https:\/\/fundaciojoseppla.cat\/es\/exposiciones-temporales\/josep-pla-i-la-civilitzacio-surera\/#seccio24\">Josep Pla i la civilitzaci\u00f3 surera<\/a><\/li><li class=\"expoany\"><a class=\"linkverd\" href=\"https:\/\/fundaciojoseppla.cat\/es\/exposiciones-temporales\/pop-up-dibuixam-un-conte\/#seccio23\">2015\u00a0<\/a><a class=\"linkverd\" href=\"https:\/\/fundaciojoseppla.cat\/es\/exposiciones-temporales\/pop-up-dibuixam-un-conte\/#seccio23\">Pop-up! Dibuixa&#8217;m un conte<\/a><\/li><li class=\"expoany\"><a class=\"linkverd\" href=\"https:\/\/fundaciojoseppla.cat\/es\/exposiciones-temporales\/notes-sobre-paris-joan-pujol-creus-josep-pla\/#seccio23\">2014\u00a0<\/a><a class=\"linkverd\" href=\"https:\/\/fundaciojoseppla.cat\/es\/exposiciones-temporales\/notes-sobre-paris-joan-pujol-creus-josep-pla\/#seccio23\">Notes sobre Par\u00eds. Joan Pujol-Creus \u2014 Josep Pla<\/a><\/li><li class=\"expoany\"><a class=\"linkverd\" href=\"https:\/\/fundaciojoseppla.cat\/es\/exposiciones-temporales\/les-ciutats-europees-de-josep-pla\/#seccio19\">2013 <\/a><a class=\"linkverd\" href=\"https:\/\/fundaciojoseppla.cat\/es\/exposiciones-temporales\/les-ciutats-europees-de-josep-pla\/#seccio19\">Les ciutats europees de Josep Pla<\/a><\/li><li><a class=\"linkverd\" href=\"https:\/\/fundaciojoseppla.cat\/es\/exposiciones-temporales\/dues-mirades-a-maillol-josep-pla-i-torres-monso\/#seccio21\">2012\u00a0<\/a><a class=\"linkverd\" href=\"https:\/\/fundaciojoseppla.cat\/es\/exposiciones-temporales\/dues-mirades-a-maillol-josep-pla-i-torres-monso\/#seccio21\">Dues mirades a Maillol. Josep Pla i Torres Mons\u00f3<\/a><\/li><li class=\"expoany\"><a class=\"linkverd\" href=\"https:\/\/fundaciojoseppla.cat\/es\/exposiciones-temporales\/a-lombra-de-josep-pla\/#seccio20\">2011\u00a0<\/a><a class=\"linkverd\" href=\"https:\/\/fundaciojoseppla.cat\/es\/exposiciones-temporales\/a-lombra-de-josep-pla\/#seccio20\">A l&#8217;ombra de Josep Pla<\/a><\/li><li class=\"expoany\"><a class=\"linkverd\" href=\"https:\/\/fundaciojoseppla.cat\/es\/exposiciones-temporales\/jaume-vicens-i-vives-josep-pla-complicitats\/#seccio18\">2010\u00a0<\/a><a class=\"linkverd\" href=\"https:\/\/fundaciojoseppla.cat\/es\/exposiciones-temporales\/jaume-vicens-i-vives-josep-pla-complicitats\/#seccio18\">Jaume Vicens i Vives &#8211; Josep Pla. Complicitats<\/a><\/li><li class=\"expoany\"><a class=\"linkverd\" href=\"https:\/\/fundaciojoseppla.cat\/es\/exposiciones-temporales\/aigua-de-mar\/#seccio17\">2010\u00a0<\/a><a class=\"linkverd\" href=\"https:\/\/fundaciojoseppla.cat\/es\/exposiciones-temporales\/aigua-de-mar\/#seccio17\">Aigua de mar<\/a><\/li><li class=\"expoany\"><a class=\"linkverd\" href=\"https:\/\/fundaciojoseppla.cat\/es\/exposiciones-temporales\/el-madrid-de-josep-pla\/#seccio16\">2010 <\/a><a class=\"linkverd\" href=\"https:\/\/fundaciojoseppla.cat\/es\/exposiciones-temporales\/el-madrid-de-josep-pla\/#seccio16\">El Madrid de Josep Pla<\/a><\/li><li class=\"expoany\"><a class=\"linkverd\" href=\"https:\/\/fundaciojoseppla.cat\/es\/exposiciones-temporales\/maria-angels-anglada-1930-1999-vida-i-obra\/#seccio15\">2009 <\/a><a class=\"linkverd\" href=\"https:\/\/fundaciojoseppla.cat\/es\/exposiciones-temporales\/maria-angels-anglada-1930-1999-vida-i-obra\/#seccio15\">Maria \u00c0ngels Anglada (1930-1999). Vida i obra<\/a><\/li><li class=\"expoany\"><a class=\"linkverd\" href=\"https:\/\/fundaciojoseppla.cat\/es\/exposiciones-temporales\/pla-lhermos-i-companyia-figures-literaries-ii\/#seccio14\">2008\u00a0<\/a><a class=\"linkverd\" href=\"https:\/\/fundaciojoseppla.cat\/es\/exposiciones-temporales\/pla-lhermos-i-companyia-figures-literaries-ii\/#seccio14\">Pla, l&#8217;Herm\u00f3s i companyia. Figures liter\u00e0ries II<\/a><\/li><li class=\"expoany\"><a class=\"linkverd\" href=\"https:\/\/fundaciojoseppla.cat\/es\/exposiciones-temporales\/pels-camins-de-lemporda-gunter-grass-josep-pla\/#seccio13\">2008\u00a0<\/a><a class=\"linkverd\" href=\"https:\/\/fundaciojoseppla.cat\/es\/exposiciones-temporales\/pels-camins-de-lemporda-gunter-grass-josep-pla\/#seccio13\">Pels camins de l&#8217;Empord\u00e0. G\u00fcnter Grass &#8211; Josep Pla<\/a><\/li><li class=\"expoany\"><a class=\"linkverd\" href=\"https:\/\/fundaciojoseppla.cat\/es\/exposiciones-temporales\/pla-biograf-de-rusinol\/#seccio12\">2007\u00a0<\/a><a class=\"linkverd\" href=\"https:\/\/fundaciojoseppla.cat\/es\/exposiciones-temporales\/pla-biograf-de-rusinol\/#seccio12\">Pla, bi\u00f2graf de Rusi\u00f1ol.<\/a><\/li><li class=\"expoany\"><a class=\"linkverd\" href=\"https:\/\/fundaciojoseppla.cat\/es\/exposiciones-temporales\/josep-pla-com-a-pretext\/#seccio11\">2006\u00a0<\/a><a class=\"linkverd\" href=\"https:\/\/fundaciojoseppla.cat\/es\/exposiciones-temporales\/josep-pla-com-a-pretext\/#seccio11\">Josep Pla com a pretext<\/a><\/li><li class=\"expoany\"><a class=\"linkverd\" href=\"https:\/\/fundaciojoseppla.cat\/es\/exposiciones-temporales\/josep-pla-i-els-pintors\/#seccio10\">2006\u00a0<\/a><a class=\"linkverd\" href=\"https:\/\/fundaciojoseppla.cat\/es\/exposiciones-temporales\/josep-pla-i-els-pintors\/#seccio10\">Josep Pla i els pintors.<\/a><\/li><li class=\"expoany\"><a class=\"linkverd\" href=\"https:\/\/fundaciojoseppla.cat\/es\/exposiciones-temporales\/josep-pla-cartes-ditalia\/#seccio9\">2005\u00a0<\/a><a class=\"linkverd\" href=\"https:\/\/fundaciojoseppla.cat\/es\/exposiciones-temporales\/josep-pla-cartes-ditalia\/#seccio9\">Josep Pla. Cartes d&#8217;It\u00e0lia<\/a><\/li><li class=\"expoany\"><a class=\"linkverd\" href=\"https:\/\/fundaciojoseppla.cat\/es\/exposiciones-temporales\/salvador-dali-josep-pla-coincidencies\/#seccio8\">2004\u00a0<\/a><a class=\"linkverd\" href=\"https:\/\/fundaciojoseppla.cat\/es\/exposiciones-temporales\/salvador-dali-josep-pla-coincidencies\/#seccio8\">Salvador Dal\u00ed, Josep Pla. Coincid\u00e8ncies<\/a><\/li><li class=\"expoany\"><a class=\"linkverd\" href=\"https:\/\/fundaciojoseppla.cat\/es\/exposiciones-temporales\/el-temps-que-fuig-narcis-comadira-i-josep-pla\/#seccio7\">2003\u00a0<\/a><a class=\"linkverd\" href=\"https:\/\/fundaciojoseppla.cat\/es\/exposiciones-temporales\/el-temps-que-fuig-narcis-comadira-i-josep-pla\/#seccio7\">El temps que fuig. Narc\u00eds Comadira i Josep Pla<\/a><\/li><li class=\"expoany\"><a class=\"linkverd\" href=\"https:\/\/fundaciojoseppla.cat\/es\/exposiciones-temporales\/josep-pla-soc-un-illoman\/#seccio6\">2001-02 <\/a><a class=\"linkverd\" href=\"https:\/\/fundaciojoseppla.cat\/es\/exposiciones-temporales\/josep-pla-soc-un-illoman\/#seccio6\">Josep Pla: \u201c&#8230;s\u00f3c un ill\u00f2man\u201d<\/a><\/li><li class=\"expoany\"><a class=\"linkverd\" href=\"https:\/\/fundaciojoseppla.cat\/es\/exposiciones-temporales\/gaudi-i-verdaguer-llegits-per-josep-pla\/#seccio5\">2002\u00a0<\/a><a class=\"linkverd\" href=\"https:\/\/fundaciojoseppla.cat\/es\/exposiciones-temporales\/gaudi-i-verdaguer-llegits-per-josep-pla\/#seccio5\">Gaud\u00ed i Verdaguer llegits per Josep Pla<\/a><\/li><li class=\"expoany\"><a class=\"linkverd\" href=\"https:\/\/fundaciojoseppla.cat\/es\/exposiciones-temporales\/el-carrer-estret-la-poetica-de-la-banalitat\/#seccio4\">2001\u00a0<\/a><a class=\"linkverd\" href=\"https:\/\/fundaciojoseppla.cat\/es\/exposiciones-temporales\/el-carrer-estret-la-poetica-de-la-banalitat\/#seccio4\">El carrer Estret, la po\u00e8tica de la banalitat<\/a><\/li><\/ul>\t\t\t\t\t\t\t\t<\/div>\n\t\t\t\t<\/div>\n\t\t\t\t\t<\/div>\n\t\t<\/div>\n\t\t\t\t\t<\/div>\n\t\t<\/section>\n\t\t\t\t<section class=\"elementor-section elementor-top-section elementor-element elementor-element-3b94fb7 elementor-section-boxed elementor-section-height-default elementor-section-height-default\" data-id=\"3b94fb7\" data-element_type=\"section\" data-e-type=\"section\">\n\t\t\t\t\t\t<div class=\"elementor-container elementor-column-gap-default\">\n\t\t\t\t\t<div class=\"elementor-column elementor-col-100 elementor-top-column elementor-element elementor-element-32b74a8\" data-id=\"32b74a8\" data-element_type=\"column\" data-e-type=\"column\">\n\t\t\t<div class=\"elementor-widget-wrap elementor-element-populated\">\n\t\t\t\t\t\t<div class=\"elementor-element elementor-element-61cd5c8 elementor-widget elementor-widget-menu-anchor\" data-id=\"61cd5c8\" data-element_type=\"widget\" data-e-type=\"widget\" data-widget_type=\"menu-anchor.default\">\n\t\t\t\t<div class=\"elementor-widget-container\">\n\t\t\t\t\t\t\t<div class=\"elementor-menu-anchor\" id=\"seccio8\"><\/div>\n\t\t\t\t\t\t<\/div>\n\t\t\t\t<\/div>\n\t\t\t\t\t<\/div>\n\t\t<\/div>\n\t\t\t\t\t<\/div>\n\t\t<\/section>\n\t\t\t\t<section class=\"elementor-section elementor-top-section elementor-element elementor-element-8efe02e elementor-section-full_width elementor-section-height-default elementor-section-height-default\" data-id=\"8efe02e\" data-element_type=\"section\" data-e-type=\"section\" data-settings=\"{&quot;background_background&quot;:&quot;classic&quot;}\">\n\t\t\t\t\t\t\t<div class=\"elementor-background-overlay\"><\/div>\n\t\t\t\t\t\t\t<div class=\"elementor-container elementor-column-gap-default\">\n\t\t\t\t\t<div class=\"elementor-column elementor-col-100 elementor-top-column elementor-element elementor-element-220b079\" data-id=\"220b079\" data-element_type=\"column\" data-e-type=\"column\">\n\t\t\t<div class=\"elementor-widget-wrap elementor-element-populated\">\n\t\t\t\t\t\t<div class=\"elementor-element elementor-element-487537b6 elementor-widget elementor-widget-heading\" data-id=\"487537b6\" data-element_type=\"widget\" data-e-type=\"widget\" data-widget_type=\"heading.default\">\n\t\t\t\t<div class=\"elementor-widget-container\">\n\t\t\t\t\t<h2 class=\"elementor-heading-title elementor-size-default\"><p class=\"claredonlight\">2004<\/p><p class=\"claredonbold\">Salvador Dal\u00ed, Josep Pla. Coincid\u00e8ncies (Salvador Dal\u00ed, Josep Pla. Coincidencias)<\/p><\/h2>\t\t\t\t<\/div>\n\t\t\t\t<\/div>\n\t\t\t\t\t<\/div>\n\t\t<\/div>\n\t\t\t\t\t<\/div>\n\t\t<\/section>\n\t\t\t\t<section class=\"elementor-section elementor-top-section elementor-element elementor-element-73615c44 elementor-section-boxed elementor-section-height-default elementor-section-height-default\" data-id=\"73615c44\" data-element_type=\"section\" data-e-type=\"section\">\n\t\t\t\t\t\t<div class=\"elementor-container elementor-column-gap-default\">\n\t\t\t\t\t<div class=\"elementor-column elementor-col-100 elementor-top-column elementor-element elementor-element-7741510f\" data-id=\"7741510f\" data-element_type=\"column\" data-e-type=\"column\">\n\t\t\t<div class=\"elementor-widget-wrap elementor-element-populated\">\n\t\t\t\t\t\t<div class=\"elementor-element elementor-element-1ec82d1a elementor-widget elementor-widget-text-editor\" data-id=\"1ec82d1a\" data-element_type=\"widget\" data-e-type=\"widget\" data-widget_type=\"text-editor.default\">\n\t\t\t\t<div class=\"elementor-widget-container\">\n\t\t\t\t\t\t\t\t\t<p align=\"justify\">Salvador Dal\u00ed y Josep Pla coincidieron. Localistas militantes con vocaci\u00f3n cosmopolita, obsesionados por la construcci\u00f3n de una obra art\u00edstica y literaria, rigurosa y coherente, decididos a explicar su mundo sin l\u00edmites de esfuerzo ni de forma. Al deseo mutuo de perdurabilidad, lo llamaban, repetidamente, &#8220;far\u00e0s forat&#8221;.<\/p>\n<p align=\"justify\">Con la exposici\u00f3n\u00a0<i>Salvador Dal\u00ed, Josep Pla, Coincid\u00e8ncies<\/i>\u00a0y la edici\u00f3n de su cat\u00e1logo hemos querido profundizar en el conocimiento de la relaci\u00f3n de estos dos ampurdaneses excepcionales. Las cartas y notas que se cruzaron a lo largo de su vida, las dedicatorias de Dal\u00ed, las palabras para la difusi\u00f3n y el an\u00e1lisis de Pla y la colaboraci\u00f3n final en un proyecto com\u00fan, delatan el respeto y la complicidad que los acercan.<\/p>\n\t\t\t\t\t\t\t\t<\/div>\n\t\t\t\t<\/div>\n\t\t\t\t<div class=\"elementor-element elementor-element-6005042d claredonbold elementor-widget elementor-widget-text-editor\" data-id=\"6005042d\" data-element_type=\"widget\" data-e-type=\"widget\" data-widget_type=\"text-editor.default\">\n\t\t\t\t<div class=\"elementor-widget-container\">\n\t\t\t\t\t\t\t\t\t<p>&#8220;Salvador Dal\u00ed aporta al surrealisme una inescamotejable pres\u00e8ncia realista. Precisament perqu\u00e8 el corrent \u00e9s contrari, la posici\u00f3 val la pena. Els somnis, l\u2019inconscient, s\u00f3n inexpressables, incontrolables, merament personals, no tenen expressi\u00f3 possible. El nu d\u2019una dona \u2013diuen- es pot expressar amb un signe. \u00bfHi pot haver, per\u00f2, un signe millor que la forma concreta mateixa?&#8221;<\/p>\n\t\t\t\t\t\t\t\t<\/div>\n\t\t\t\t<\/div>\n\t\t\t\t<div class=\"elementor-element elementor-element-9fc0314 pitchlight elementor-widget elementor-widget-heading\" data-id=\"9fc0314\" data-element_type=\"widget\" data-e-type=\"widget\" data-widget_type=\"heading.default\">\n\t\t\t\t<div class=\"elementor-widget-container\">\n\t\t\t\t\t<h2 class=\"elementor-heading-title elementor-size-default\"><p class=\"fancy\"><span style=\"font-size: 15px;font-style: normal;font-weight: 600;white-space: normal\">Josep Pla.&nbsp;<span style=\"font-size: 15px;font-style: italic;font-weight: 600;white-space: normal\">Salvador Dal\u00ed, una noticia (1904).<\/span> OC XXIX, 186.<\/span><\/p><\/h2>\t\t\t\t<\/div>\n\t\t\t\t<\/div>\n\t\t\t\t<div class=\"elementor-element elementor-element-e1a645f claredonbold elementor-widget elementor-widget-text-editor\" data-id=\"e1a645f\" data-element_type=\"widget\" data-e-type=\"widget\" data-widget_type=\"text-editor.default\">\n\t\t\t\t<div class=\"elementor-widget-container\">\n\t\t\t\t\t\t\t\t\t<p>&#8220;Dal\u00ed esdevingu\u00e9 una curiosa barreja de localisme exacerbat, fren\u00e8tic, i de dandisme cosmopolita, lib\u00e8rrim, il\u00b7limitat. \u00c9s molt possible que a trav\u00e9s d\u2019aquesta dosificaci\u00f3 hagi realitzat l\u2019ideal dels empordanesos il\u00b7lustrats, que est\u00e0 format de miopia i de presb\u00edcia, de proximitats i de llunyanies, de l\u2019obsessi\u00f3 per la cosa microgr\u00e0fica i per l\u2019espai dilatat&#8221;<\/p>\n\t\t\t\t\t\t\t\t<\/div>\n\t\t\t\t<\/div>\n\t\t\t\t<div class=\"elementor-element elementor-element-3779cbd pitchlight elementor-widget elementor-widget-heading\" data-id=\"3779cbd\" data-element_type=\"widget\" data-e-type=\"widget\" data-widget_type=\"heading.default\">\n\t\t\t\t<div class=\"elementor-widget-container\">\n\t\t\t\t\t<h2 class=\"elementor-heading-title elementor-size-default\"><p class=\"fancy\"><span style=\"font-size: 15px;font-style: normal;font-weight: 600;white-space: normal\">Josep Pla.&nbsp;<span style=\"font-size: 15px;font-style: italic;font-weight: 600;white-space: normal\">Salvador Dal\u00ed, una noticia (1904).<\/span> OC XXIX, 193.<\/span><\/p><\/h2>\t\t\t\t<\/div>\n\t\t\t\t<\/div>\n\t\t\t\t\t<\/div>\n\t\t<\/div>\n\t\t\t\t\t<\/div>\n\t\t<\/section>\n\t\t\t\t<\/div>\n\t\t","protected":false},"excerpt":{"rendered":"<p>Exposiciones temporales 2022 Joan Fuster &#8211; Josep Pla: una conversa infinita 2021 De Palafrugell a Par\u00eds, 1913-1925. Josep Pla i els artistes, una mirada liter\u00e0ria 2020\u00a0Josep Pla vist per Eugeni Forcano 2019\u00a0\u201cEl primer artista que vaig con\u00e8ixer\u201d. Joan B. Coromina i Josep Pla 2018\u00a0Professors de solitud.J. Esquirol, fot\u00f2graf \u2013J.Pla, escriptor 2017 Mig Europa cau.Impressions de [&hellip;]<\/p>\n","protected":false},"author":3,"featured_media":0,"parent":4054,"menu_order":0,"comment_status":"closed","ping_status":"closed","template":"","meta":{"inline_featured_image":false,"site-sidebar-layout":"default","site-content-layout":"default","ast-site-content-layout":"default","site-content-style":"default","site-sidebar-style":"default","ast-global-header-display":"","ast-banner-title-visibility":"","ast-main-header-display":"disabled","ast-hfb-above-header-display":"","ast-hfb-below-header-display":"","ast-hfb-mobile-header-display":"","site-post-title":"disabled","ast-breadcrumbs-content":"","ast-featured-img":"disabled","footer-sml-layout":"","theme-transparent-header-meta":"","adv-header-id-meta":"","stick-header-meta":"","header-above-stick-meta":"","header-main-stick-meta":"","header-below-stick-meta":"","astra-migrate-meta-layouts":"default","ast-page-background-enabled":"default","ast-page-background-meta":{"desktop":{"background-color":"var(--ast-global-color-4)","background-image":"","background-repeat":"repeat","background-position":"center center","background-size":"auto","background-attachment":"scroll","background-type":"","background-media":"","overlay-type":"","overlay-color":"","overlay-opacity":"","overlay-gradient":""},"tablet":{"background-color":"","background-image":"","background-repeat":"repeat","background-position":"center center","background-size":"auto","background-attachment":"scroll","background-type":"","background-media":"","overlay-type":"","overlay-color":"","overlay-opacity":"","overlay-gradient":""},"mobile":{"background-color":"","background-image":"","background-repeat":"repeat","background-position":"center center","background-size":"auto","background-attachment":"scroll","background-type":"","background-media":"","overlay-type":"","overlay-color":"","overlay-opacity":"","overlay-gradient":""}},"ast-content-background-meta":{"desktop":{"background-color":"var(--ast-global-color-5)","background-image":"","background-repeat":"repeat","background-position":"center center","background-size":"auto","background-attachment":"scroll","background-type":"","background-media":"","overlay-type":"","overlay-color":"","overlay-opacity":"","overlay-gradient":""},"tablet":{"background-color":"var(--ast-global-color-5)","background-image":"","background-repeat":"repeat","background-position":"center center","background-size":"auto","background-attachment":"scroll","background-type":"","background-media":"","overlay-type":"","overlay-color":"","overlay-opacity":"","overlay-gradient":""},"mobile":{"background-color":"var(--ast-global-color-5)","background-image":"","background-repeat":"repeat","background-position":"center center","background-size":"auto","background-attachment":"scroll","background-type":"","background-media":"","overlay-type":"","overlay-color":"","overlay-opacity":"","overlay-gradient":""}},"footnotes":""},"class_list":["post-4662","page","type-page","status-publish","hentry"],"yoast_head":"<!-- This site is optimized with the Yoast SEO plugin v27.5 - https:\/\/yoast.com\/product\/yoast-seo-wordpress\/ -->\n<title>Salvador Dal\u00ed, Josep Pla. Coincid\u00e8ncies - Fundaci\u00f3 Josep Pla<\/title>\n<meta name=\"robots\" content=\"index, follow, max-snippet:-1, max-image-preview:large, max-video-preview:-1\" \/>\n<link rel=\"canonical\" href=\"https:\/\/fundaciojoseppla.cat\/exposicions-temporals\/salvador-dali-josep-pla-coincidencies\/\" \/>\n<meta property=\"og:locale\" content=\"es_ES\" \/>\n<meta property=\"og:type\" content=\"article\" \/>\n<meta property=\"og:title\" content=\"Salvador Dal\u00ed, Josep Pla. Coincid\u00e8ncies - Fundaci\u00f3 Josep Pla\" \/>\n<meta property=\"og:description\" content=\"Exposiciones temporales 2022 Joan Fuster &#8211; Josep Pla: una conversa infinita 2021 De Palafrugell a Par\u00eds, 1913-1925. Josep Pla i els artistes, una mirada liter\u00e0ria 2020\u00a0Josep Pla vist per Eugeni Forcano 2019\u00a0\u201cEl primer artista que vaig con\u00e8ixer\u201d. Joan B. Coromina i Josep Pla 2018\u00a0Professors de solitud.J. Esquirol, fot\u00f2graf \u2013J.Pla, escriptor 2017 Mig Europa cau.Impressions de [&hellip;]\" \/>\n<meta property=\"og:url\" content=\"https:\/\/fundaciojoseppla.cat\/exposicions-temporals\/salvador-dali-josep-pla-coincidencies\/\" \/>\n<meta property=\"og:site_name\" content=\"Fundaci\u00f3 Josep Pla\" \/>\n<meta property=\"article:publisher\" content=\"https:\/\/www.facebook.com\/FJosepPla\/\" \/>\n<meta property=\"article:modified_time\" content=\"2022-06-17T16:43:31+00:00\" \/>\n<meta name=\"twitter:card\" content=\"summary_large_image\" \/>\n<meta name=\"twitter:site\" content=\"@FJosepPla\" \/>\n<meta name=\"twitter:label1\" content=\"Tiempo de lectura\" \/>\n\t<meta name=\"twitter:data1\" content=\"3 minutos\" \/>\n<script type=\"application\/ld+json\" class=\"yoast-schema-graph\">{\"@context\":\"https:\\\/\\\/schema.org\",\"@graph\":[{\"@type\":\"WebPage\",\"@id\":\"https:\\\/\\\/fundaciojoseppla.cat\\\/exposicions-temporals\\\/salvador-dali-josep-pla-coincidencies\\\/\",\"url\":\"https:\\\/\\\/fundaciojoseppla.cat\\\/exposicions-temporals\\\/salvador-dali-josep-pla-coincidencies\\\/\",\"name\":\"Salvador Dal\u00ed, Josep Pla. Coincid\u00e8ncies - Fundaci\u00f3 Josep Pla\",\"isPartOf\":{\"@id\":\"https:\\\/\\\/fundaciojoseppla.cat\\\/#website\"},\"datePublished\":\"2018-02-07T15:07:37+00:00\",\"dateModified\":\"2022-06-17T16:43:31+00:00\",\"breadcrumb\":{\"@id\":\"https:\\\/\\\/fundaciojoseppla.cat\\\/exposicions-temporals\\\/salvador-dali-josep-pla-coincidencies\\\/#breadcrumb\"},\"inLanguage\":\"es\",\"potentialAction\":[{\"@type\":\"ReadAction\",\"target\":[\"https:\\\/\\\/fundaciojoseppla.cat\\\/exposicions-temporals\\\/salvador-dali-josep-pla-coincidencies\\\/\"]}]},{\"@type\":\"BreadcrumbList\",\"@id\":\"https:\\\/\\\/fundaciojoseppla.cat\\\/exposicions-temporals\\\/salvador-dali-josep-pla-coincidencies\\\/#breadcrumb\",\"itemListElement\":[{\"@type\":\"ListItem\",\"position\":1,\"name\":\"Inici\",\"item\":\"https:\\\/\\\/fundaciojoseppla.cat\\\/es\\\/\"},{\"@type\":\"ListItem\",\"position\":2,\"name\":\"Exposiciones temporales\",\"item\":\"https:\\\/\\\/fundaciojoseppla.cat\\\/exposicions-temporals\\\/\"},{\"@type\":\"ListItem\",\"position\":3,\"name\":\"Salvador Dal\u00ed, Josep Pla. Coincid\u00e8ncies\"}]},{\"@type\":\"WebSite\",\"@id\":\"https:\\\/\\\/fundaciojoseppla.cat\\\/#website\",\"url\":\"https:\\\/\\\/fundaciojoseppla.cat\\\/\",\"name\":\"Fundaci\u00f3 Josep Pla\",\"description\":\"Fundacio Josep Pla Palafrugell\",\"publisher\":{\"@id\":\"https:\\\/\\\/fundaciojoseppla.cat\\\/#organization\"},\"potentialAction\":[{\"@type\":\"SearchAction\",\"target\":{\"@type\":\"EntryPoint\",\"urlTemplate\":\"https:\\\/\\\/fundaciojoseppla.cat\\\/?s={search_term_string}\"},\"query-input\":{\"@type\":\"PropertyValueSpecification\",\"valueRequired\":true,\"valueName\":\"search_term_string\"}}],\"inLanguage\":\"es\"},{\"@type\":\"Organization\",\"@id\":\"https:\\\/\\\/fundaciojoseppla.cat\\\/#organization\",\"name\":\"Fundaci\u00f3 Josep Pla\",\"url\":\"https:\\\/\\\/fundaciojoseppla.cat\\\/\",\"logo\":{\"@type\":\"ImageObject\",\"inLanguage\":\"es\",\"@id\":\"https:\\\/\\\/fundaciojoseppla.cat\\\/#\\\/schema\\\/logo\\\/image\\\/\",\"url\":\"https:\\\/\\\/fundaciojoseppla.cat\\\/wp-content\\\/uploads\\\/2018\\\/05\\\/negre-transparent-de-logo-vecto-FJP.png\",\"contentUrl\":\"https:\\\/\\\/fundaciojoseppla.cat\\\/wp-content\\\/uploads\\\/2018\\\/05\\\/negre-transparent-de-logo-vecto-FJP.png\",\"width\":600,\"height\":233,\"caption\":\"Fundaci\u00f3 Josep Pla\"},\"image\":{\"@id\":\"https:\\\/\\\/fundaciojoseppla.cat\\\/#\\\/schema\\\/logo\\\/image\\\/\"},\"sameAs\":[\"https:\\\/\\\/www.facebook.com\\\/FJosepPla\\\/\",\"https:\\\/\\\/x.com\\\/FJosepPla\",\"http:\\\/\\\/pinterest.com\\\/fjoseppla\\\/\",\"https:\\\/\\\/www.youtube.com\\\/user\\\/FJosepPla\"]}]}<\/script>\n<!-- \/ Yoast SEO plugin. -->","yoast_head_json":{"title":"Salvador Dal\u00ed, Josep Pla. Coincid\u00e8ncies - Fundaci\u00f3 Josep Pla","robots":{"index":"index","follow":"follow","max-snippet":"max-snippet:-1","max-image-preview":"max-image-preview:large","max-video-preview":"max-video-preview:-1"},"canonical":"https:\/\/fundaciojoseppla.cat\/exposicions-temporals\/salvador-dali-josep-pla-coincidencies\/","og_locale":"es_ES","og_type":"article","og_title":"Salvador Dal\u00ed, Josep Pla. Coincid\u00e8ncies - Fundaci\u00f3 Josep Pla","og_description":"Exposiciones temporales 2022 Joan Fuster &#8211; Josep Pla: una conversa infinita 2021 De Palafrugell a Par\u00eds, 1913-1925. Josep Pla i els artistes, una mirada liter\u00e0ria 2020\u00a0Josep Pla vist per Eugeni Forcano 2019\u00a0\u201cEl primer artista que vaig con\u00e8ixer\u201d. Joan B. Coromina i Josep Pla 2018\u00a0Professors de solitud.J. Esquirol, fot\u00f2graf \u2013J.Pla, escriptor 2017 Mig Europa cau.Impressions de [&hellip;]","og_url":"https:\/\/fundaciojoseppla.cat\/exposicions-temporals\/salvador-dali-josep-pla-coincidencies\/","og_site_name":"Fundaci\u00f3 Josep Pla","article_publisher":"https:\/\/www.facebook.com\/FJosepPla\/","article_modified_time":"2022-06-17T16:43:31+00:00","twitter_card":"summary_large_image","twitter_site":"@FJosepPla","twitter_misc":{"Tiempo de lectura":"3 minutos"},"schema":{"@context":"https:\/\/schema.org","@graph":[{"@type":"WebPage","@id":"https:\/\/fundaciojoseppla.cat\/exposicions-temporals\/salvador-dali-josep-pla-coincidencies\/","url":"https:\/\/fundaciojoseppla.cat\/exposicions-temporals\/salvador-dali-josep-pla-coincidencies\/","name":"Salvador Dal\u00ed, Josep Pla. Coincid\u00e8ncies - Fundaci\u00f3 Josep Pla","isPartOf":{"@id":"https:\/\/fundaciojoseppla.cat\/#website"},"datePublished":"2018-02-07T15:07:37+00:00","dateModified":"2022-06-17T16:43:31+00:00","breadcrumb":{"@id":"https:\/\/fundaciojoseppla.cat\/exposicions-temporals\/salvador-dali-josep-pla-coincidencies\/#breadcrumb"},"inLanguage":"es","potentialAction":[{"@type":"ReadAction","target":["https:\/\/fundaciojoseppla.cat\/exposicions-temporals\/salvador-dali-josep-pla-coincidencies\/"]}]},{"@type":"BreadcrumbList","@id":"https:\/\/fundaciojoseppla.cat\/exposicions-temporals\/salvador-dali-josep-pla-coincidencies\/#breadcrumb","itemListElement":[{"@type":"ListItem","position":1,"name":"Inici","item":"https:\/\/fundaciojoseppla.cat\/es\/"},{"@type":"ListItem","position":2,"name":"Exposiciones temporales","item":"https:\/\/fundaciojoseppla.cat\/exposicions-temporals\/"},{"@type":"ListItem","position":3,"name":"Salvador Dal\u00ed, Josep Pla. Coincid\u00e8ncies"}]},{"@type":"WebSite","@id":"https:\/\/fundaciojoseppla.cat\/#website","url":"https:\/\/fundaciojoseppla.cat\/","name":"Fundaci\u00f3 Josep Pla","description":"Fundacio Josep Pla Palafrugell","publisher":{"@id":"https:\/\/fundaciojoseppla.cat\/#organization"},"potentialAction":[{"@type":"SearchAction","target":{"@type":"EntryPoint","urlTemplate":"https:\/\/fundaciojoseppla.cat\/?s={search_term_string}"},"query-input":{"@type":"PropertyValueSpecification","valueRequired":true,"valueName":"search_term_string"}}],"inLanguage":"es"},{"@type":"Organization","@id":"https:\/\/fundaciojoseppla.cat\/#organization","name":"Fundaci\u00f3 Josep Pla","url":"https:\/\/fundaciojoseppla.cat\/","logo":{"@type":"ImageObject","inLanguage":"es","@id":"https:\/\/fundaciojoseppla.cat\/#\/schema\/logo\/image\/","url":"https:\/\/fundaciojoseppla.cat\/wp-content\/uploads\/2018\/05\/negre-transparent-de-logo-vecto-FJP.png","contentUrl":"https:\/\/fundaciojoseppla.cat\/wp-content\/uploads\/2018\/05\/negre-transparent-de-logo-vecto-FJP.png","width":600,"height":233,"caption":"Fundaci\u00f3 Josep Pla"},"image":{"@id":"https:\/\/fundaciojoseppla.cat\/#\/schema\/logo\/image\/"},"sameAs":["https:\/\/www.facebook.com\/FJosepPla\/","https:\/\/x.com\/FJosepPla","http:\/\/pinterest.com\/fjoseppla\/","https:\/\/www.youtube.com\/user\/FJosepPla"]}]}},"publishpress_future_action":{"enabled":false,"date":"2026-05-06 17:44:27","action":"change-status","newStatus":"draft","terms":[],"taxonomy":"translation_priority","extraData":[]},"publishpress_future_workflow_manual_trigger":{"enabledWorkflows":[]},"_links":{"self":[{"href":"https:\/\/fundaciojoseppla.cat\/es\/wp-json\/wp\/v2\/pages\/4662","targetHints":{"allow":["GET"]}}],"collection":[{"href":"https:\/\/fundaciojoseppla.cat\/es\/wp-json\/wp\/v2\/pages"}],"about":[{"href":"https:\/\/fundaciojoseppla.cat\/es\/wp-json\/wp\/v2\/types\/page"}],"author":[{"embeddable":true,"href":"https:\/\/fundaciojoseppla.cat\/es\/wp-json\/wp\/v2\/users\/3"}],"replies":[{"embeddable":true,"href":"https:\/\/fundaciojoseppla.cat\/es\/wp-json\/wp\/v2\/comments?post=4662"}],"version-history":[{"count":67,"href":"https:\/\/fundaciojoseppla.cat\/es\/wp-json\/wp\/v2\/pages\/4662\/revisions"}],"predecessor-version":[{"id":32956,"href":"https:\/\/fundaciojoseppla.cat\/es\/wp-json\/wp\/v2\/pages\/4662\/revisions\/32956"}],"up":[{"embeddable":true,"href":"https:\/\/fundaciojoseppla.cat\/es\/wp-json\/wp\/v2\/pages\/4054"}],"wp:attachment":[{"href":"https:\/\/fundaciojoseppla.cat\/es\/wp-json\/wp\/v2\/media?parent=4662"}],"curies":[{"name":"wp","href":"https:\/\/api.w.org\/{rel}","templated":true}]}}