

{"id":47265,"date":"2026-04-10T10:54:35","date_gmt":"2026-04-10T08:54:35","guid":{"rendered":"https:\/\/fundaciojoseppla.cat\/?page_id=47265"},"modified":"2026-04-16T14:02:42","modified_gmt":"2026-04-16T12:02:42","slug":"confirmation-comunitat","status":"publish","type":"page","link":"https:\/\/fundaciojoseppla.cat\/fr\/confirmation-comunitat\/","title":{"rendered":"Confirmation Comunitat planiana"},"content":{"rendered":"\t\t<div data-elementor-type=\"wp-post\" data-elementor-id=\"47265\" class=\"elementor elementor-47265 elementor-47262\" data-elementor-post-type=\"page\">\n\t\t\t\t\t\t<section class=\"elementor-section elementor-top-section elementor-element elementor-element-8fc036e elementor-section-boxed elementor-section-height-default elementor-section-height-default\" data-id=\"8fc036e\" data-element_type=\"section\" data-e-type=\"section\">\n\t\t\t\t\t\t<div class=\"elementor-container elementor-column-gap-default\">\n\t\t\t\t\t<div class=\"elementor-column elementor-col-100 elementor-top-column elementor-element elementor-element-27e63ae\" data-id=\"27e63ae\" data-element_type=\"column\" data-e-type=\"column\">\n\t\t\t<div class=\"elementor-widget-wrap\">\n\t\t\t\t\t\t\t<\/div>\n\t\t<\/div>\n\t\t\t\t\t<\/div>\n\t\t<\/section>\n\t\t\t\t<section class=\"elementor-section elementor-top-section elementor-element elementor-element-9633426 elementor-section-boxed elementor-section-height-default elementor-section-height-default\" data-id=\"9633426\" data-element_type=\"section\" data-e-type=\"section\">\n\t\t\t\t\t\t<div class=\"elementor-container elementor-column-gap-default\">\n\t\t\t\t\t<div class=\"elementor-column elementor-col-100 elementor-top-column elementor-element elementor-element-09a0df2\" data-id=\"09a0df2\" data-element_type=\"column\" data-e-type=\"column\">\n\t\t\t<div class=\"elementor-widget-wrap elementor-element-populated\">\n\t\t\t\t\t\t<div class=\"elementor-element elementor-element-18e4e09 claredonlight elementor-widget elementor-widget-heading\" data-id=\"18e4e09\" data-element_type=\"widget\" data-e-type=\"widget\" data-widget_type=\"heading.default\">\n\t\t\t\t<div class=\"elementor-widget-container\">\n\t\t\t\t\t<h1 class=\"elementor-heading-title elementor-size-default\"><br>Finalisez votre adh\u00e9sion \u00e0 la Comunitat planiana.<\/h1>\t\t\t\t<\/div>\n\t\t\t\t<\/div>\n\t\t\t\t\t<\/div>\n\t\t<\/div>\n\t\t\t\t\t<\/div>\n\t\t<\/section>\n\t\t\t\t<section class=\"elementor-section elementor-top-section elementor-element elementor-element-1cd3af2 elementor-section-boxed elementor-section-height-default elementor-section-height-default\" data-id=\"1cd3af2\" data-element_type=\"section\" data-e-type=\"section\">\n\t\t\t\t\t\t<div class=\"elementor-container elementor-column-gap-default\">\n\t\t\t\t\t<div class=\"elementor-column elementor-col-100 elementor-top-column elementor-element elementor-element-5c3ed99\" data-id=\"5c3ed99\" data-element_type=\"column\" data-e-type=\"column\">\n\t\t\t<div class=\"elementor-widget-wrap elementor-element-populated\">\n\t\t\t\t\t\t<div class=\"elementor-element elementor-element-8bc7297 elementor-widget__width-initial elementor-widget elementor-widget-text-editor\" data-id=\"8bc7297\" data-element_type=\"widget\" data-e-type=\"widget\" data-widget_type=\"text-editor.default\">\n\t\t\t\t<div class=\"elementor-widget-container\">\n\t\t\t\t\t\t\t\t\t<p><strong>Vous y \u00eates presque. Compl\u00e9tez vos informations de paiement pour activer votre adh\u00e9sion \u00e0 la Comunitat planiana.<\/strong><\/p>\n<p>La cotisation annuelle est de<strong> 50 \u20ac.<\/strong><\/p>\n<p>*<em>Si vous avez indiqu\u00e9 que vous venez sur recommandation d&#8217;un membre actuel, une r\u00e9duction de 10 % sera appliqu\u00e9e (cotisation : 45 \u20ac).<\/em><\/p>\n\t\t\t\t\t\t\t\t<\/div>\n\t\t\t\t<\/div>\n\t\t\t\t<div class=\"elementor-element elementor-element-815e088 elementor-widget elementor-widget-text-editor\" data-id=\"815e088\" data-element_type=\"widget\" data-e-type=\"widget\" data-widget_type=\"text-editor.default\">\n\t\t\t\t<div class=\"elementor-widget-container\">\n\t\t\t\t\t\t\t\t\t<p>\n<div class=\"wpcf7 no-js\" id=\"wpcf7-f47779-o1\" lang=\"ca\" dir=\"ltr\" data-wpcf7-id=\"47779\">\n<div class=\"screen-reader-response\"><p role=\"status\" aria-live=\"polite\" aria-atomic=\"true\"><\/p> <ul><\/ul><\/div>\n<form action=\"\/fr\/wp-json\/wp\/v2\/pages\/47265#wpcf7-f47779-o1\" method=\"post\" class=\"wpcf7-form init\" aria-label=\"Formulari de contacte\" novalidate=\"novalidate\" data-status=\"init\">\n<fieldset class=\"hidden-fields-container\"><input type=\"hidden\" name=\"_wpcf7\" value=\"47779\" \/><input type=\"hidden\" name=\"_wpcf7_version\" value=\"6.1.5\" \/><input type=\"hidden\" name=\"_wpcf7_locale\" value=\"ca\" \/><input type=\"hidden\" name=\"_wpcf7_unit_tag\" value=\"wpcf7-f47779-o1\" \/><input type=\"hidden\" name=\"_wpcf7_container_post\" value=\"0\" \/><input type=\"hidden\" name=\"_wpcf7_posted_data_hash\" value=\"\" \/><input type=\"hidden\" name=\"_wpcf7_recaptcha_response\" value=\"\" \/>\n<\/fieldset>\n<p><span class=\"wpcf7-form-control-wrap\" data-name=\"email\"><input size=\"40\" maxlength=\"400\" class=\"wpcf7-form-control wpcf7-email wpcf7-validates-as-required wpcf7-text wpcf7-validates-as-email\" aria-required=\"true\" aria-invalid=\"false\" placeholder=\"Adresse \u00e9lectronique\" value=\"\" type=\"email\" name=\"email\" \/><\/span><br \/>\n<span class=\"wpcf7-form-control-wrap\" data-name=\"dni\"><input size=\"40\" maxlength=\"400\" class=\"wpcf7-form-control wpcf7-text wpcf7-validates-as-required\" aria-required=\"true\" aria-invalid=\"false\" placeholder=\"Pi\u00e8ce d&#039;identit\u00e9\" value=\"\" type=\"text\" name=\"dni\" \/><\/span><br \/>\n<span class=\"wpcf7-form-control-wrap\" data-name=\"adreca\"><input size=\"40\" maxlength=\"400\" class=\"wpcf7-form-control wpcf7-text wpcf7-validates-as-required\" aria-required=\"true\" aria-invalid=\"false\" placeholder=\"Adresse postale\" value=\"\" type=\"text\" name=\"adreca\" \/><\/span><br \/>\n<span class=\"wpcf7-form-control-wrap\" data-name=\"poblacio\"><input size=\"40\" maxlength=\"400\" class=\"wpcf7-form-control wpcf7-text wpcf7-validates-as-required\" aria-required=\"true\" aria-invalid=\"false\" placeholder=\"Ville\" value=\"\" type=\"text\" name=\"poblacio\" \/><\/span><br \/>\n<span class=\"wpcf7-form-control-wrap\" data-name=\"codi-postal\"><input size=\"40\" maxlength=\"400\" class=\"wpcf7-form-control wpcf7-text wpcf7-validates-as-required\" aria-required=\"true\" aria-invalid=\"false\" placeholder=\"Code postal\" value=\"\" type=\"text\" name=\"codi-postal\" \/><\/span><br \/>\n<span class=\"wpcf7-form-control-wrap\" data-name=\"telefon\"><input size=\"40\" maxlength=\"400\" class=\"wpcf7-form-control wpcf7-tel wpcf7-text wpcf7-validates-as-tel\" aria-invalid=\"false\" placeholder=\"T\u00e9l\u00e9phone\" value=\"\" type=\"tel\" name=\"telefon\" \/><\/span><br \/>\n<strong>Cotisation<\/strong><br \/>\nCotisation annuelle : 50 \u20ac<br \/>\n<strong>Mode de paiement<\/strong><br \/>\n\u00b7 Pr\u00e9l\u00e8vement automatique : le paiement sera effectu\u00e9 le 01\/06\/2026.<br \/>\n\u00b7 Virement bancaire au compte : ES32 2100 0050 2102 0047 9855 (en indiquant Quota Comunitat planiana 2026 + [nom i cognoms])<br \/>\n<span class=\"wpcf7-form-control-wrap\" data-name=\"pagament\"><span class=\"wpcf7-form-control wpcf7-radio\"><span class=\"wpcf7-list-item first\"><label><input type=\"radio\" name=\"pagament\" value=\"Pr\u00e9l\u00e8vement automatique\" \/><span class=\"wpcf7-list-item-label\">Pr\u00e9l\u00e8vement automatique<\/span><\/label><\/span><span class=\"wpcf7-list-item last\"><label><input type=\"radio\" name=\"pagament\" value=\"Virement bancaire\" \/><span class=\"wpcf7-list-item-label\">Virement bancaire<\/span><\/label><\/span><\/span><\/span><br \/>\n<span class=\"wpcf7-form-control-wrap\" data-name=\"iban\"><input size=\"40\" maxlength=\"400\" class=\"wpcf7-form-control wpcf7-text\" aria-invalid=\"false\" placeholder=\"IBAN (uniquement si vous optez pour le pr\u00e9l\u00e8vement automatique)\" value=\"\" type=\"text\" name=\"iban\" \/><\/span><br \/>\n<span class=\"wpcf7-form-control-wrap\" data-name=\"autoritzacio\"><span class=\"wpcf7-form-control wpcf7-acceptance optional\"><span class=\"wpcf7-list-item\"><label><input type=\"checkbox\" name=\"autoritzacio\" value=\"1\" aria-invalid=\"false\" \/><span class=\"wpcf7-list-item-label\">J&#8217;autorise la Fundaci\u00f3 Josep Pla \u00e0 pr\u00e9lever la cotisation annuelle de membre de la Comunitat planiana par pr\u00e9l\u00e8vement automatique sur le compte bancaire indiqu\u00e9, et je m&#8217;engage \u00e0 signaler tout changement de num\u00e9ro de compte.<\/span><\/label><\/span><\/span><\/span><br \/>\n<span class=\"wpcf7-form-control-wrap\" data-name=\"lopd\"><span class=\"wpcf7-form-control wpcf7-acceptance\"><span class=\"wpcf7-list-item\"><label><input type=\"checkbox\" name=\"lopd\" value=\"1\" aria-invalid=\"false\" \/><span class=\"wpcf7-list-item-label\">J&#8217;ai lu et j&#8217;accepte la <a href=\"\/politica-de-privadesa\">politique de confidentialit\u00e9<\/a>.<\/span><\/label><\/span><\/span><\/span><br \/>\n<input class=\"wpcf7-form-control wpcf7-submit has-spinner\" type=\"submit\" value=\"Envoyer\" \/>\n<\/p><div class=\"wpcf7-response-output\" aria-hidden=\"true\"><\/div>\n<\/form>\n<\/div>\n<\/p>\n\t\t\t\t\t\t\t\t<\/div>\n\t\t\t\t<\/div>\n\t\t\t\t<div class=\"elementor-element elementor-element-8f8cfde elementor-widget elementor-widget-spacer\" data-id=\"8f8cfde\" data-element_type=\"widget\" data-e-type=\"widget\" data-widget_type=\"spacer.default\">\n\t\t\t\t<div class=\"elementor-widget-container\">\n\t\t\t\t\t\t\t<div class=\"elementor-spacer\">\n\t\t\t<div class=\"elementor-spacer-inner\"><\/div>\n\t\t<\/div>\n\t\t\t\t\t\t<\/div>\n\t\t\t\t<\/div>\n\t\t\t\t\t<\/div>\n\t\t<\/div>\n\t\t\t\t\t<\/div>\n\t\t<\/section>\n\t\t\t\t<section class=\"elementor-section elementor-top-section elementor-element elementor-element-8ead5e0 elementor-section-boxed elementor-section-height-default elementor-section-height-default\" data-id=\"8ead5e0\" data-element_type=\"section\" data-e-type=\"section\">\n\t\t\t\t\t\t<div class=\"elementor-container elementor-column-gap-default\">\n\t\t\t\t\t<div class=\"elementor-column elementor-col-100 elementor-top-column elementor-element elementor-element-a623489\" data-id=\"a623489\" data-element_type=\"column\" data-e-type=\"column\">\n\t\t\t<div class=\"elementor-widget-wrap\">\n\t\t\t\t\t\t\t<\/div>\n\t\t<\/div>\n\t\t\t\t\t<\/div>\n\t\t<\/section>\n\t\t\t\t<\/div>\n\t\t","protected":false},"excerpt":{"rendered":"<p>Finalisez votre adh\u00e9sion \u00e0 la Comunitat planiana. Vous y \u00eates presque. Compl\u00e9tez vos informations de paiement pour activer votre adh\u00e9sion \u00e0 la Comunitat planiana. La cotisation annuelle est de 50 \u20ac. *Si vous avez indiqu\u00e9 que vous venez sur recommandation d&#8217;un membre actuel, une r\u00e9duction de 10 % sera appliqu\u00e9e (cotisation : 45 \u20ac).<\/p>\n","protected":false},"author":669,"featured_media":0,"parent":0,"menu_order":0,"comment_status":"closed","ping_status":"closed","template":"","meta":{"inline_featured_image":false,"site-sidebar-layout":"default","site-content-layout":"default","ast-site-content-layout":"default","site-content-style":"default","site-sidebar-style":"default","ast-global-header-display":"","ast-banner-title-visibility":"","ast-main-header-display":"disabled","ast-hfb-above-header-display":"","ast-hfb-below-header-display":"","ast-hfb-mobile-header-display":"","site-post-title":"disabled","ast-breadcrumbs-content":"","ast-featured-img":"disabled","footer-sml-layout":"","theme-transparent-header-meta":"default","adv-header-id-meta":"","stick-header-meta":"","header-above-stick-meta":"","header-main-stick-meta":"","header-below-stick-meta":"","astra-migrate-meta-layouts":"set","ast-page-background-enabled":"default","ast-page-background-meta":{"desktop":{"background-color":"var(--ast-global-color-4)","background-image":"","background-repeat":"repeat","background-position":"center center","background-size":"auto","background-attachment":"scroll","background-type":"","background-media":"","overlay-type":"","overlay-color":"","overlay-opacity":"","overlay-gradient":""},"tablet":{"background-color":"","background-image":"","background-repeat":"repeat","background-position":"center center","background-size":"auto","background-attachment":"scroll","background-type":"","background-media":"","overlay-type":"","overlay-color":"","overlay-opacity":"","overlay-gradient":""},"mobile":{"background-color":"","background-image":"","background-repeat":"repeat","background-position":"center center","background-size":"auto","background-attachment":"scroll","background-type":"","background-media":"","overlay-type":"","overlay-color":"","overlay-opacity":"","overlay-gradient":""}},"ast-content-background-meta":{"desktop":{"background-color":"var(--ast-global-color-5)","background-image":"","background-repeat":"repeat","background-position":"center center","background-size":"auto","background-attachment":"scroll","background-type":"","background-media":"","overlay-type":"","overlay-color":"","overlay-opacity":"","overlay-gradient":""},"tablet":{"background-color":"var(--ast-global-color-5)","background-image":"","background-repeat":"repeat","background-position":"center center","background-size":"auto","background-attachment":"scroll","background-type":"","background-media":"","overlay-type":"","overlay-color":"","overlay-opacity":"","overlay-gradient":""},"mobile":{"background-color":"var(--ast-global-color-5)","background-image":"","background-repeat":"repeat","background-position":"center center","background-size":"auto","background-attachment":"scroll","background-type":"","background-media":"","overlay-type":"","overlay-color":"","overlay-opacity":"","overlay-gradient":""}},"footnotes":""},"class_list":["post-47265","page","type-page","status-publish","hentry"],"yoast_head":"<!-- This site is optimized with the Yoast SEO plugin v27.5 - https:\/\/yoast.com\/product\/yoast-seo-wordpress\/ -->\n<title>Confirmation Comunitat planiana - Fundaci\u00f3 Josep Pla<\/title>\n<meta name=\"robots\" content=\"index, follow, max-snippet:-1, max-image-preview:large, max-video-preview:-1\" \/>\n<link rel=\"canonical\" href=\"https:\/\/fundaciojoseppla.cat\/confirmacio-comunitat\/\" \/>\n<meta property=\"og:locale\" content=\"fr_FR\" \/>\n<meta property=\"og:type\" content=\"article\" \/>\n<meta property=\"og:title\" content=\"Confirmation Comunitat planiana - Fundaci\u00f3 Josep Pla\" \/>\n<meta property=\"og:description\" content=\"Finalisez votre adh\u00e9sion \u00e0 la Comunitat planiana. Vous y \u00eates presque. Compl\u00e9tez vos informations de paiement pour activer votre adh\u00e9sion \u00e0 la Comunitat planiana. La cotisation annuelle est de 50 \u20ac. *Si vous avez indiqu\u00e9 que vous venez sur recommandation d&#8217;un membre actuel, une r\u00e9duction de 10 % sera appliqu\u00e9e (cotisation : 45 \u20ac).\" \/>\n<meta property=\"og:url\" content=\"https:\/\/fundaciojoseppla.cat\/confirmacio-comunitat\/\" \/>\n<meta property=\"og:site_name\" content=\"Fundaci\u00f3 Josep Pla\" \/>\n<meta property=\"article:publisher\" content=\"https:\/\/www.facebook.com\/FJosepPla\/\" \/>\n<meta property=\"article:modified_time\" content=\"2026-04-16T12:02:42+00:00\" \/>\n<meta name=\"twitter:card\" content=\"summary_large_image\" \/>\n<meta name=\"twitter:site\" content=\"@FJosepPla\" \/>\n<meta name=\"twitter:label1\" content=\"Dur\u00e9e de lecture estim\u00e9e\" \/>\n\t<meta name=\"twitter:data1\" content=\"1 minute\" \/>\n<script type=\"application\/ld+json\" class=\"yoast-schema-graph\">{\"@context\":\"https:\\\/\\\/schema.org\",\"@graph\":[{\"@type\":\"WebPage\",\"@id\":\"https:\\\/\\\/fundaciojoseppla.cat\\\/confirmacio-comunitat\\\/\",\"url\":\"https:\\\/\\\/fundaciojoseppla.cat\\\/confirmacio-comunitat\\\/\",\"name\":\"Confirmation Comunitat planiana - Fundaci\u00f3 Josep Pla\",\"isPartOf\":{\"@id\":\"https:\\\/\\\/fundaciojoseppla.cat\\\/#website\"},\"datePublished\":\"2026-04-10T08:54:35+00:00\",\"dateModified\":\"2026-04-16T12:02:42+00:00\",\"breadcrumb\":{\"@id\":\"https:\\\/\\\/fundaciojoseppla.cat\\\/confirmacio-comunitat\\\/#breadcrumb\"},\"inLanguage\":\"fr-FR\",\"potentialAction\":[{\"@type\":\"ReadAction\",\"target\":[\"https:\\\/\\\/fundaciojoseppla.cat\\\/confirmacio-comunitat\\\/\"]}]},{\"@type\":\"BreadcrumbList\",\"@id\":\"https:\\\/\\\/fundaciojoseppla.cat\\\/confirmacio-comunitat\\\/#breadcrumb\",\"itemListElement\":[{\"@type\":\"ListItem\",\"position\":1,\"name\":\"Inici\",\"item\":\"https:\\\/\\\/fundaciojoseppla.cat\\\/\"},{\"@type\":\"ListItem\",\"position\":2,\"name\":\"Confirmation Comunitat planiana\"}]},{\"@type\":\"WebSite\",\"@id\":\"https:\\\/\\\/fundaciojoseppla.cat\\\/#website\",\"url\":\"https:\\\/\\\/fundaciojoseppla.cat\\\/\",\"name\":\"Fundaci\u00f3 Josep Pla\",\"description\":\"Fundacio Josep Pla Palafrugell\",\"publisher\":{\"@id\":\"https:\\\/\\\/fundaciojoseppla.cat\\\/#organization\"},\"potentialAction\":[{\"@type\":\"SearchAction\",\"target\":{\"@type\":\"EntryPoint\",\"urlTemplate\":\"https:\\\/\\\/fundaciojoseppla.cat\\\/?s={search_term_string}\"},\"query-input\":{\"@type\":\"PropertyValueSpecification\",\"valueRequired\":true,\"valueName\":\"search_term_string\"}}],\"inLanguage\":\"fr-FR\"},{\"@type\":\"Organization\",\"@id\":\"https:\\\/\\\/fundaciojoseppla.cat\\\/#organization\",\"name\":\"Fundaci\u00f3 Josep Pla\",\"url\":\"https:\\\/\\\/fundaciojoseppla.cat\\\/\",\"logo\":{\"@type\":\"ImageObject\",\"inLanguage\":\"fr-FR\",\"@id\":\"https:\\\/\\\/fundaciojoseppla.cat\\\/#\\\/schema\\\/logo\\\/image\\\/\",\"url\":\"https:\\\/\\\/fundaciojoseppla.cat\\\/wp-content\\\/uploads\\\/2018\\\/05\\\/negre-transparent-de-logo-vecto-FJP.png\",\"contentUrl\":\"https:\\\/\\\/fundaciojoseppla.cat\\\/wp-content\\\/uploads\\\/2018\\\/05\\\/negre-transparent-de-logo-vecto-FJP.png\",\"width\":600,\"height\":233,\"caption\":\"Fundaci\u00f3 Josep Pla\"},\"image\":{\"@id\":\"https:\\\/\\\/fundaciojoseppla.cat\\\/#\\\/schema\\\/logo\\\/image\\\/\"},\"sameAs\":[\"https:\\\/\\\/www.facebook.com\\\/FJosepPla\\\/\",\"https:\\\/\\\/x.com\\\/FJosepPla\",\"http:\\\/\\\/pinterest.com\\\/fjoseppla\\\/\",\"https:\\\/\\\/www.youtube.com\\\/user\\\/FJosepPla\"]}]}<\/script>\n<!-- \/ Yoast SEO plugin. -->","yoast_head_json":{"title":"Confirmation Comunitat planiana - Fundaci\u00f3 Josep Pla","robots":{"index":"index","follow":"follow","max-snippet":"max-snippet:-1","max-image-preview":"max-image-preview:large","max-video-preview":"max-video-preview:-1"},"canonical":"https:\/\/fundaciojoseppla.cat\/confirmacio-comunitat\/","og_locale":"fr_FR","og_type":"article","og_title":"Confirmation Comunitat planiana - Fundaci\u00f3 Josep Pla","og_description":"Finalisez votre adh\u00e9sion \u00e0 la Comunitat planiana. Vous y \u00eates presque. Compl\u00e9tez vos informations de paiement pour activer votre adh\u00e9sion \u00e0 la Comunitat planiana. La cotisation annuelle est de 50 \u20ac. *Si vous avez indiqu\u00e9 que vous venez sur recommandation d&#8217;un membre actuel, une r\u00e9duction de 10 % sera appliqu\u00e9e (cotisation : 45 \u20ac).","og_url":"https:\/\/fundaciojoseppla.cat\/confirmacio-comunitat\/","og_site_name":"Fundaci\u00f3 Josep Pla","article_publisher":"https:\/\/www.facebook.com\/FJosepPla\/","article_modified_time":"2026-04-16T12:02:42+00:00","twitter_card":"summary_large_image","twitter_site":"@FJosepPla","twitter_misc":{"Dur\u00e9e de lecture estim\u00e9e":"1 minute"},"schema":{"@context":"https:\/\/schema.org","@graph":[{"@type":"WebPage","@id":"https:\/\/fundaciojoseppla.cat\/confirmacio-comunitat\/","url":"https:\/\/fundaciojoseppla.cat\/confirmacio-comunitat\/","name":"Confirmation Comunitat planiana - Fundaci\u00f3 Josep Pla","isPartOf":{"@id":"https:\/\/fundaciojoseppla.cat\/#website"},"datePublished":"2026-04-10T08:54:35+00:00","dateModified":"2026-04-16T12:02:42+00:00","breadcrumb":{"@id":"https:\/\/fundaciojoseppla.cat\/confirmacio-comunitat\/#breadcrumb"},"inLanguage":"fr-FR","potentialAction":[{"@type":"ReadAction","target":["https:\/\/fundaciojoseppla.cat\/confirmacio-comunitat\/"]}]},{"@type":"BreadcrumbList","@id":"https:\/\/fundaciojoseppla.cat\/confirmacio-comunitat\/#breadcrumb","itemListElement":[{"@type":"ListItem","position":1,"name":"Inici","item":"https:\/\/fundaciojoseppla.cat\/"},{"@type":"ListItem","position":2,"name":"Confirmation Comunitat planiana"}]},{"@type":"WebSite","@id":"https:\/\/fundaciojoseppla.cat\/#website","url":"https:\/\/fundaciojoseppla.cat\/","name":"Fundaci\u00f3 Josep Pla","description":"Fundacio Josep Pla Palafrugell","publisher":{"@id":"https:\/\/fundaciojoseppla.cat\/#organization"},"potentialAction":[{"@type":"SearchAction","target":{"@type":"EntryPoint","urlTemplate":"https:\/\/fundaciojoseppla.cat\/?s={search_term_string}"},"query-input":{"@type":"PropertyValueSpecification","valueRequired":true,"valueName":"search_term_string"}}],"inLanguage":"fr-FR"},{"@type":"Organization","@id":"https:\/\/fundaciojoseppla.cat\/#organization","name":"Fundaci\u00f3 Josep Pla","url":"https:\/\/fundaciojoseppla.cat\/","logo":{"@type":"ImageObject","inLanguage":"fr-FR","@id":"https:\/\/fundaciojoseppla.cat\/#\/schema\/logo\/image\/","url":"https:\/\/fundaciojoseppla.cat\/wp-content\/uploads\/2018\/05\/negre-transparent-de-logo-vecto-FJP.png","contentUrl":"https:\/\/fundaciojoseppla.cat\/wp-content\/uploads\/2018\/05\/negre-transparent-de-logo-vecto-FJP.png","width":600,"height":233,"caption":"Fundaci\u00f3 Josep Pla"},"image":{"@id":"https:\/\/fundaciojoseppla.cat\/#\/schema\/logo\/image\/"},"sameAs":["https:\/\/www.facebook.com\/FJosepPla\/","https:\/\/x.com\/FJosepPla","http:\/\/pinterest.com\/fjoseppla\/","https:\/\/www.youtube.com\/user\/FJosepPla"]}]}},"publishpress_future_action":{"enabled":false,"date":"2026-05-07 20:17:28","action":"change-status","newStatus":"draft","terms":[],"taxonomy":"translation_priority","extraData":[]},"publishpress_future_workflow_manual_trigger":{"enabledWorkflows":[]},"_links":{"self":[{"href":"https:\/\/fundaciojoseppla.cat\/fr\/wp-json\/wp\/v2\/pages\/47265","targetHints":{"allow":["GET"]}}],"collection":[{"href":"https:\/\/fundaciojoseppla.cat\/fr\/wp-json\/wp\/v2\/pages"}],"about":[{"href":"https:\/\/fundaciojoseppla.cat\/fr\/wp-json\/wp\/v2\/types\/page"}],"author":[{"embeddable":true,"href":"https:\/\/fundaciojoseppla.cat\/fr\/wp-json\/wp\/v2\/users\/669"}],"replies":[{"embeddable":true,"href":"https:\/\/fundaciojoseppla.cat\/fr\/wp-json\/wp\/v2\/comments?post=47265"}],"version-history":[{"count":5,"href":"https:\/\/fundaciojoseppla.cat\/fr\/wp-json\/wp\/v2\/pages\/47265\/revisions"}],"predecessor-version":[{"id":48207,"href":"https:\/\/fundaciojoseppla.cat\/fr\/wp-json\/wp\/v2\/pages\/47265\/revisions\/48207"}],"wp:attachment":[{"href":"https:\/\/fundaciojoseppla.cat\/fr\/wp-json\/wp\/v2\/media?parent=47265"}],"curies":[{"name":"wp","href":"https:\/\/api.w.org\/{rel}","templated":true}]}}