

{"id":5822,"date":"2018-02-08T19:21:27","date_gmt":"2018-02-08T18:21:27","guid":{"rendered":"https:\/\/fundaciojoseppla.cat\/ruta-josep-pla\/"},"modified":"2026-04-09T19:40:00","modified_gmt":"2026-04-09T17:40:00","slug":"ruta-josep-pla","status":"publish","type":"page","link":"https:\/\/fundaciojoseppla.cat\/fr\/ruta-josep-pla\/","title":{"rendered":"Ruta Josep Pla"},"content":{"rendered":"\t\t<div data-elementor-type=\"wp-post\" data-elementor-id=\"5822\" class=\"elementor elementor-5822 elementor-876\" data-elementor-post-type=\"page\">\n\t\t\t\t\t\t<section class=\"elementor-section elementor-top-section elementor-element elementor-element-3fba2a18 elementor-section-boxed elementor-section-height-default elementor-section-height-default\" data-id=\"3fba2a18\" data-element_type=\"section\" data-e-type=\"section\" data-settings=\"{&quot;background_background&quot;:&quot;classic&quot;}\">\n\t\t\t\t\t\t<div class=\"elementor-container elementor-column-gap-default\">\n\t\t\t\t\t<div class=\"elementor-column elementor-col-50 elementor-top-column elementor-element elementor-element-126502b3\" data-id=\"126502b3\" data-element_type=\"column\" data-e-type=\"column\" data-settings=\"{&quot;background_background&quot;:&quot;classic&quot;}\">\n\t\t\t<div class=\"elementor-widget-wrap elementor-element-populated\">\n\t\t\t\t\t\t<div class=\"elementor-element elementor-element-0542286 elementor-widget elementor-widget-image\" data-id=\"0542286\" data-element_type=\"widget\" data-e-type=\"widget\" data-widget_type=\"image.default\">\n\t\t\t\t<div class=\"elementor-widget-container\">\n\t\t\t\t\t\t\t\t\t\t\t\t\t\t\t<img decoding=\"async\" src=\"https:\/\/fundaciojoseppla.cat\/wp-content\/uploads\/2017\/12\/Ruta_Josep_Pla.jpg\" title=\"\" alt=\"\" loading=\"lazy\" \/>\t\t\t\t\t\t\t\t\t\t\t\t\t\t\t<\/div>\n\t\t\t\t<\/div>\n\t\t\t\t<div class=\"elementor-element elementor-element-c878803 elementor-widget elementor-widget-image\" data-id=\"c878803\" data-element_type=\"widget\" data-e-type=\"widget\" data-widget_type=\"image.default\">\n\t\t\t\t<div class=\"elementor-widget-container\">\n\t\t\t\t\t\t\t\t\t\t\t\t\t\t\t<img fetchpriority=\"high\" decoding=\"async\" width=\"686\" height=\"1024\" src=\"https:\/\/fundaciojoseppla.cat\/wp-content\/uploads\/2026\/03\/postal-ruta-josep-pla-686x1024.png\" class=\"attachment-large size-large wp-image-46417\" alt=\"Rajola de la Ruta Josep Pla amb un dibuix de Josep Martinell del territori litoral de Palafrugell: Sant Sebasti\u00e0 amb el Far, Llafranc i Calella.\" srcset=\"https:\/\/fundaciojoseppla.cat\/wp-content\/uploads\/2026\/03\/postal-ruta-josep-pla-686x1024.png 686w, https:\/\/fundaciojoseppla.cat\/wp-content\/uploads\/2026\/03\/postal-ruta-josep-pla-201x300.png 201w, https:\/\/fundaciojoseppla.cat\/wp-content\/uploads\/2026\/03\/postal-ruta-josep-pla.png 740w\" sizes=\"(max-width: 686px) 100vw, 686px\" \/>\t\t\t\t\t\t\t\t\t\t\t\t\t\t\t<\/div>\n\t\t\t\t<\/div>\n\t\t\t\t<div class=\"elementor-element elementor-element-562149f elementor-widget elementor-widget-text-editor\" data-id=\"562149f\" data-element_type=\"widget\" data-e-type=\"widget\" data-widget_type=\"text-editor.default\">\n\t\t\t\t<div class=\"elementor-widget-container\">\n\t\t\t\t\t\t\t\t\t<p>Dessin original Josep Martinell<\/p>\t\t\t\t\t\t\t\t<\/div>\n\t\t\t\t<\/div>\n\t\t\t\t\t<\/div>\n\t\t<\/div>\n\t\t\t\t<div class=\"elementor-column elementor-col-50 elementor-top-column elementor-element elementor-element-1875d59f\" data-id=\"1875d59f\" data-element_type=\"column\" data-e-type=\"column\">\n\t\t\t<div class=\"elementor-widget-wrap elementor-element-populated\">\n\t\t\t\t\t\t<div class=\"elementor-element elementor-element-3d8f85d1 claredonlight elementor-widget elementor-widget-heading\" data-id=\"3d8f85d1\" data-element_type=\"widget\" data-e-type=\"widget\" data-widget_type=\"heading.default\">\n\t\t\t\t<div class=\"elementor-widget-container\">\n\t\t\t\t\t<h1 class=\"elementor-heading-title elementor-size-default\">Ruta Josep Pla<\/h1>\t\t\t\t<\/div>\n\t\t\t\t<\/div>\n\t\t\t\t<div class=\"elementor-element elementor-element-59c393e9 elementor-widget elementor-widget-text-editor\" data-id=\"59c393e9\" data-element_type=\"widget\" data-e-type=\"widget\" data-widget_type=\"text-editor.default\">\n\t\t\t\t<div class=\"elementor-widget-container\">\n\t\t\t\t\t\t\t\t\t<p>Le Circuit Josep Pla est un itin\u00e9raire touristique et culturel con\u00e7u par la Fondation Josep Pla afin de faire conna\u00eetre aux lecteurs diff\u00e9rents endroits de Palafrugell et de sa commune significatifs de l\u2019univers planien. L\u2019itin\u00e9raire passe par le centre de la ville : la maison natale \u2013 dans la rue Nou, si\u00e8ge de la Fondation -, la maison o\u00f9 il v\u00e9cut, la place Nova &#8211; centre n\u00e9vralgique, aujourd\u2019hui encore, de la vie locale ; ensuite, il continue en bord de mer, \u00e0 travers les paysages qui, de tout temps, fascin\u00e8rent l\u2019\u00e9crivain : Tamariu, Sant Sebasti\u00e0, Llafranc, Calella\u2026 Le circuit s\u2019ach\u00e8ve au cimeti\u00e8re de Llofriu.<\/p><p>La Fondation Josep Pla propose \u00e9galement plusieurs promenades litt\u00e9raires monographiques qui vous feront d\u00e9couvrir de fa\u00e7on plus approfondie l\u2019histoire, la soci\u00e9t\u00e9 et les paysages \u00e9crits de notre commune. Demandez-nous les visites guid\u00e9es de ces nouveaux itin\u00e9raires : le Circuit Josep Pla \u00e0 Palafrugell, le Circuit Josep Pla \u00e0 Calella, \u00e0 St. Sebasti\u00e0, \u00e0 Pals, \u00e0 Tamariu et \u00e0 Llofriu.<\/p><p>Et, si cela vous tente, le programme Josep Pla, cuisine et paysage vous permettra de compl\u00e9ter la promenade avec un repas de cuisine traditionnelle ampourdanaise de qualit\u00e9.<\/p>\t\t\t\t\t\t\t\t<\/div>\n\t\t\t\t<\/div>\n\t\t\t\t<div class=\"elementor-element elementor-element-64f8866 elementor-widget elementor-widget-spacer\" data-id=\"64f8866\" data-element_type=\"widget\" data-e-type=\"widget\" data-widget_type=\"spacer.default\">\n\t\t\t\t<div class=\"elementor-widget-container\">\n\t\t\t\t\t\t\t<div class=\"elementor-spacer\">\n\t\t\t<div class=\"elementor-spacer-inner\"><\/div>\n\t\t<\/div>\n\t\t\t\t\t\t<\/div>\n\t\t\t\t<\/div>\n\t\t\t\t\t<\/div>\n\t\t<\/div>\n\t\t\t\t\t<\/div>\n\t\t<\/section>\n\t\t\t\t<section class=\"elementor-section elementor-top-section elementor-element elementor-element-709dbfd elementor-section-boxed elementor-section-height-default elementor-section-height-default\" data-id=\"709dbfd\" data-element_type=\"section\" data-e-type=\"section\">\n\t\t\t\t\t\t<div class=\"elementor-container elementor-column-gap-wider\">\n\t\t\t\t\t<div class=\"elementor-column elementor-col-50 elementor-top-column elementor-element elementor-element-0843bbd\" data-id=\"0843bbd\" data-element_type=\"column\" data-e-type=\"column\">\n\t\t\t<div class=\"elementor-widget-wrap elementor-element-populated\">\n\t\t\t\t\t\t<div class=\"elementor-element elementor-element-73c425cc claredonregular elementor-widget elementor-widget-heading\" data-id=\"73c425cc\" data-element_type=\"widget\" data-e-type=\"widget\" data-widget_type=\"heading.default\">\n\t\t\t\t<div class=\"elementor-widget-container\">\n\t\t\t\t\t<p class=\"elementor-heading-title elementor-size-default\">Itin\u00e9raire<\/p>\t\t\t\t<\/div>\n\t\t\t\t<\/div>\n\t\t\t\t<div class=\"elementor-element elementor-element-5efa8ea elementor-widget elementor-widget-text-editor\" data-id=\"5efa8ea\" data-element_type=\"widget\" data-e-type=\"widget\" data-widget_type=\"text-editor.default\">\n\t\t\t\t<div class=\"elementor-widget-container\">\n\t\t\t\t\t\t\t\t\t<ul class=\"linksverds\"><li>0. El nostre clima<\/li><li><a href=\"http:\/\/www.mapaliterari.cat\/ca\/espai\/palafrugell-carrer-nou-49\/josep-pla\" target=\"blank\">1. Palafrugell, carrer Nou, 49<\/a><\/li><li><a href=\"http:\/\/www.mapaliterari.cat\/ca\/espai\/palafrugell-placa-nova\/josep-pla\" target=\"blank\">2. Palafrugell, carrer Torres i Jonama, 56<\/a><\/li><li><a href=\"http:\/\/www.mapaliterari.cat\/ca\/espai\/palafrugell-carrer-torres-i-jonama-56\/josep-pla\" target=\"blank\">3. Palafrugell, Pla\u00e7a Nova<\/a><\/li><li><a href=\"http:\/\/www.mapaliterari.cat\/ca\/espai\/tamariu\/josep-pla\" target=\"blank\">4. Tamariu<\/a><\/li><li><a href=\"http:\/\/www.mapaliterari.cat\/ca\/espai\/sant-sebastia\/josep-pla\" target=\"blank\">5. Sant Sebasti\u00e0<\/a><\/li><li><a href=\"http:\/\/www.mapaliterari.cat\/ca\/espai\/llafranc\/josep-pla\" target=\"blank\">6. Llafranc<\/a><\/li><li><a href=\"http:\/\/www.mapaliterari.cat\/ca\/espai\/4-el-canadell\/josep-pla\" target=\"blank\" data-wplink-edit=\"true\">7. Calella, El Canadell<\/a><\/li><li><a href=\"http:\/\/www.mapaliterari.cat\/ca\/espai\/2-el-port-bo\/josep-pla\" target=\"blank\">8. Calella, El Port Bo<\/a><\/li><li><a href=\"http:\/\/www.mapaliterari.cat\/ca\/espai\/llofriu-el-mas-pla\/josep-pla\" target=\"blank\">9. Llofriu, el mas Pla<\/a><\/li><li><a href=\"http:\/\/www.mapaliterari.cat\/ca\/espai\/llofriu-el-cementerio\/josep-pla\" target=\"blank\">10. Llofriu, el cementiri<\/a><\/li><\/ul>\t\t\t\t\t\t\t\t<\/div>\n\t\t\t\t<\/div>\n\t\t\t\t\t<\/div>\n\t\t<\/div>\n\t\t\t\t<div class=\"elementor-column elementor-col-50 elementor-top-column elementor-element elementor-element-85b6c53\" data-id=\"85b6c53\" data-element_type=\"column\" data-e-type=\"column\">\n\t\t\t<div class=\"elementor-widget-wrap elementor-element-populated\">\n\t\t\t\t\t\t<div class=\"elementor-element elementor-element-e5d950a claredonbold elementor-widget elementor-widget-text-editor\" data-id=\"e5d950a\" data-element_type=\"widget\" data-e-type=\"widget\" data-widget_type=\"text-editor.default\">\n\t\t\t\t<div class=\"elementor-widget-container\">\n\t\t\t\t\t\t\t\t\t<p>&#8220;El meu poble \u00e9s un poble com tants n\u2019hi ha, t\u00e9 les qualitats i els defectes que hom li vulgui concedir. Ara, el genius loci \u00e9s un fet real i concret, que actua sobre el nostre escrit. Aix\u00ed, si no s\u00f3c un esperit de campanar, tampoc no es pot dir que sigui un desarrelat i un vagabund de la geografia. Precisament perqu\u00e8 s\u00f3c un home d\u2019un determinat rodal i en tinc plena consci\u00e8ncia, em trobo potser en condicions de comprendre els rodals adjacents i d\u2019eixamplar aquest horitz\u00f3 ad libitum.&#8221;<\/p>\n\t\t\t\t\t\t\t\t<\/div>\n\t\t\t\t<\/div>\n\t\t\t\t<div class=\"elementor-element elementor-element-7a8a5c1 pitchlight elementor-widget elementor-widget-heading\" data-id=\"7a8a5c1\" data-element_type=\"widget\" data-e-type=\"widget\" data-widget_type=\"heading.default\">\n\t\t\t\t<div class=\"elementor-widget-container\">\n\t\t\t\t\t<h2 class=\"elementor-heading-title elementor-size-default\"><p class=\"fancy\"><span style=\"font-size: 15px;font-style: normal;font-weight: 600;white-space: normal\">Josep Pla.&nbsp;<span style=\"font-size: 15px;font-style: italic;font-weight: 600;white-space: normal\">El meu pa\u00eds.<\/span> OC VII, 679.<\/span><span style=\"font-family: Roboto, sans-serif;font-size: 14px;font-style: italic;font-weight: 600\"><\/span><\/p><\/h2>\t\t\t\t<\/div>\n\t\t\t\t<\/div>\n\t\t\t\t\t<\/div>\n\t\t<\/div>\n\t\t\t\t\t<\/div>\n\t\t<\/section>\n\t\t\t\t<\/div>\n\t\t","protected":false},"excerpt":{"rendered":"<p>Dessin original Josep Martinell Ruta Josep Pla Le Circuit Josep Pla est un itin\u00e9raire touristique et culturel con\u00e7u par la Fondation Josep Pla afin de faire conna\u00eetre aux lecteurs diff\u00e9rents endroits de Palafrugell et de sa commune significatifs de l\u2019univers planien. L\u2019itin\u00e9raire passe par le centre de la ville : la maison natale \u2013 dans [&hellip;]<\/p>\n","protected":false},"author":3,"featured_media":0,"parent":0,"menu_order":0,"comment_status":"closed","ping_status":"closed","template":"","meta":{"inline_featured_image":false,"site-sidebar-layout":"default","site-content-layout":"default","ast-site-content-layout":"default","site-content-style":"default","site-sidebar-style":"default","ast-global-header-display":"","ast-banner-title-visibility":"","ast-main-header-display":"disabled","ast-hfb-above-header-display":"","ast-hfb-below-header-display":"","ast-hfb-mobile-header-display":"","site-post-title":"disabled","ast-breadcrumbs-content":"","ast-featured-img":"disabled","footer-sml-layout":"","theme-transparent-header-meta":"default","adv-header-id-meta":"","stick-header-meta":"","header-above-stick-meta":"","header-main-stick-meta":"","header-below-stick-meta":"","astra-migrate-meta-layouts":"default","ast-page-background-enabled":"default","ast-page-background-meta":{"desktop":{"background-color":"var(--ast-global-color-4)","background-image":"","background-repeat":"repeat","background-position":"center center","background-size":"auto","background-attachment":"scroll","background-type":"","background-media":"","overlay-type":"","overlay-color":"","overlay-opacity":"","overlay-gradient":""},"tablet":{"background-color":"","background-image":"","background-repeat":"repeat","background-position":"center center","background-size":"auto","background-attachment":"scroll","background-type":"","background-media":"","overlay-type":"","overlay-color":"","overlay-opacity":"","overlay-gradient":""},"mobile":{"background-color":"","background-image":"","background-repeat":"repeat","background-position":"center center","background-size":"auto","background-attachment":"scroll","background-type":"","background-media":"","overlay-type":"","overlay-color":"","overlay-opacity":"","overlay-gradient":""}},"ast-content-background-meta":{"desktop":{"background-color":"var(--ast-global-color-5)","background-image":"","background-repeat":"repeat","background-position":"center center","background-size":"auto","background-attachment":"scroll","background-type":"","background-media":"","overlay-type":"","overlay-color":"","overlay-opacity":"","overlay-gradient":""},"tablet":{"background-color":"var(--ast-global-color-5)","background-image":"","background-repeat":"repeat","background-position":"center center","background-size":"auto","background-attachment":"scroll","background-type":"","background-media":"","overlay-type":"","overlay-color":"","overlay-opacity":"","overlay-gradient":""},"mobile":{"background-color":"var(--ast-global-color-5)","background-image":"","background-repeat":"repeat","background-position":"center center","background-size":"auto","background-attachment":"scroll","background-type":"","background-media":"","overlay-type":"","overlay-color":"","overlay-opacity":"","overlay-gradient":""}},"footnotes":""},"class_list":["post-5822","page","type-page","status-publish","hentry"],"yoast_head":"<!-- This site is optimized with the Yoast SEO plugin v27.4 - https:\/\/yoast.com\/product\/yoast-seo-wordpress\/ -->\n<title>Ruta Josep Pla - Fundaci\u00f3 Josep Pla<\/title>\n<meta name=\"robots\" content=\"index, follow, max-snippet:-1, max-image-preview:large, max-video-preview:-1\" \/>\n<link rel=\"canonical\" href=\"https:\/\/fundaciojoseppla.cat\/ruta-josep-pla\/\" \/>\n<meta property=\"og:locale\" content=\"fr_FR\" \/>\n<meta property=\"og:type\" content=\"article\" \/>\n<meta property=\"og:title\" content=\"Ruta Josep Pla - Fundaci\u00f3 Josep Pla\" \/>\n<meta property=\"og:description\" content=\"Dessin original Josep Martinell Ruta Josep Pla Le Circuit Josep Pla est un itin\u00e9raire touristique et culturel con\u00e7u par la Fondation Josep Pla afin de faire conna\u00eetre aux lecteurs diff\u00e9rents endroits de Palafrugell et de sa commune significatifs de l\u2019univers planien. L\u2019itin\u00e9raire passe par le centre de la ville : la maison natale \u2013 dans [&hellip;]\" \/>\n<meta property=\"og:url\" content=\"https:\/\/fundaciojoseppla.cat\/ruta-josep-pla\/\" \/>\n<meta property=\"og:site_name\" content=\"Fundaci\u00f3 Josep Pla\" \/>\n<meta property=\"article:publisher\" content=\"https:\/\/www.facebook.com\/FJosepPla\/\" \/>\n<meta property=\"article:modified_time\" content=\"2026-04-09T17:40:00+00:00\" \/>\n<meta property=\"og:image\" content=\"https:\/\/fundaciojoseppla.cat\/wp-content\/uploads\/2017\/12\/Ruta_Josep_Pla.jpg\" \/>\n<meta name=\"twitter:card\" content=\"summary_large_image\" \/>\n<meta name=\"twitter:site\" content=\"@FJosepPla\" \/>\n<meta name=\"twitter:label1\" content=\"Dur\u00e9e de lecture estim\u00e9e\" \/>\n\t<meta name=\"twitter:data1\" content=\"3 minutes\" \/>\n<script type=\"application\/ld+json\" class=\"yoast-schema-graph\">{\"@context\":\"https:\\\/\\\/schema.org\",\"@graph\":[{\"@type\":\"WebPage\",\"@id\":\"https:\\\/\\\/fundaciojoseppla.cat\\\/ruta-josep-pla\\\/\",\"url\":\"https:\\\/\\\/fundaciojoseppla.cat\\\/ruta-josep-pla\\\/\",\"name\":\"Ruta Josep Pla - Fundaci\u00f3 Josep Pla\",\"isPartOf\":{\"@id\":\"https:\\\/\\\/fundaciojoseppla.cat\\\/#website\"},\"primaryImageOfPage\":{\"@id\":\"https:\\\/\\\/fundaciojoseppla.cat\\\/ruta-josep-pla\\\/#primaryimage\"},\"image\":{\"@id\":\"https:\\\/\\\/fundaciojoseppla.cat\\\/ruta-josep-pla\\\/#primaryimage\"},\"thumbnailUrl\":\"https:\\\/\\\/fundaciojoseppla.cat\\\/wp-content\\\/uploads\\\/2017\\\/12\\\/Ruta_Josep_Pla.jpg\",\"datePublished\":\"2018-02-08T18:21:27+00:00\",\"dateModified\":\"2026-04-09T17:40:00+00:00\",\"breadcrumb\":{\"@id\":\"https:\\\/\\\/fundaciojoseppla.cat\\\/ruta-josep-pla\\\/#breadcrumb\"},\"inLanguage\":\"fr-FR\",\"potentialAction\":[{\"@type\":\"ReadAction\",\"target\":[\"https:\\\/\\\/fundaciojoseppla.cat\\\/ruta-josep-pla\\\/\"]}]},{\"@type\":\"ImageObject\",\"inLanguage\":\"fr-FR\",\"@id\":\"https:\\\/\\\/fundaciojoseppla.cat\\\/ruta-josep-pla\\\/#primaryimage\",\"url\":\"https:\\\/\\\/fundaciojoseppla.cat\\\/wp-content\\\/uploads\\\/2017\\\/12\\\/Ruta_Josep_Pla.jpg\",\"contentUrl\":\"https:\\\/\\\/fundaciojoseppla.cat\\\/wp-content\\\/uploads\\\/2017\\\/12\\\/Ruta_Josep_Pla.jpg\"},{\"@type\":\"BreadcrumbList\",\"@id\":\"https:\\\/\\\/fundaciojoseppla.cat\\\/ruta-josep-pla\\\/#breadcrumb\",\"itemListElement\":[{\"@type\":\"ListItem\",\"position\":1,\"name\":\"Inici\",\"item\":\"https:\\\/\\\/fundaciojoseppla.cat\\\/\"},{\"@type\":\"ListItem\",\"position\":2,\"name\":\"Ruta Josep Pla\"}]},{\"@type\":\"WebSite\",\"@id\":\"https:\\\/\\\/fundaciojoseppla.cat\\\/#website\",\"url\":\"https:\\\/\\\/fundaciojoseppla.cat\\\/\",\"name\":\"Fundaci\u00f3 Josep Pla\",\"description\":\"Fundacio Josep Pla Palafrugell\",\"publisher\":{\"@id\":\"https:\\\/\\\/fundaciojoseppla.cat\\\/#organization\"},\"potentialAction\":[{\"@type\":\"SearchAction\",\"target\":{\"@type\":\"EntryPoint\",\"urlTemplate\":\"https:\\\/\\\/fundaciojoseppla.cat\\\/?s={search_term_string}\"},\"query-input\":{\"@type\":\"PropertyValueSpecification\",\"valueRequired\":true,\"valueName\":\"search_term_string\"}}],\"inLanguage\":\"fr-FR\"},{\"@type\":\"Organization\",\"@id\":\"https:\\\/\\\/fundaciojoseppla.cat\\\/#organization\",\"name\":\"Fundaci\u00f3 Josep Pla\",\"url\":\"https:\\\/\\\/fundaciojoseppla.cat\\\/\",\"logo\":{\"@type\":\"ImageObject\",\"inLanguage\":\"fr-FR\",\"@id\":\"https:\\\/\\\/fundaciojoseppla.cat\\\/#\\\/schema\\\/logo\\\/image\\\/\",\"url\":\"https:\\\/\\\/fundaciojoseppla.cat\\\/wp-content\\\/uploads\\\/2018\\\/05\\\/negre-transparent-de-logo-vecto-FJP.png\",\"contentUrl\":\"https:\\\/\\\/fundaciojoseppla.cat\\\/wp-content\\\/uploads\\\/2018\\\/05\\\/negre-transparent-de-logo-vecto-FJP.png\",\"width\":600,\"height\":233,\"caption\":\"Fundaci\u00f3 Josep Pla\"},\"image\":{\"@id\":\"https:\\\/\\\/fundaciojoseppla.cat\\\/#\\\/schema\\\/logo\\\/image\\\/\"},\"sameAs\":[\"https:\\\/\\\/www.facebook.com\\\/FJosepPla\\\/\",\"https:\\\/\\\/x.com\\\/FJosepPla\",\"http:\\\/\\\/pinterest.com\\\/fjoseppla\\\/\",\"https:\\\/\\\/www.youtube.com\\\/user\\\/FJosepPla\"]}]}<\/script>\n<!-- \/ Yoast SEO plugin. -->","yoast_head_json":{"title":"Ruta Josep Pla - Fundaci\u00f3 Josep Pla","robots":{"index":"index","follow":"follow","max-snippet":"max-snippet:-1","max-image-preview":"max-image-preview:large","max-video-preview":"max-video-preview:-1"},"canonical":"https:\/\/fundaciojoseppla.cat\/ruta-josep-pla\/","og_locale":"fr_FR","og_type":"article","og_title":"Ruta Josep Pla - Fundaci\u00f3 Josep Pla","og_description":"Dessin original Josep Martinell Ruta Josep Pla Le Circuit Josep Pla est un itin\u00e9raire touristique et culturel con\u00e7u par la Fondation Josep Pla afin de faire conna\u00eetre aux lecteurs diff\u00e9rents endroits de Palafrugell et de sa commune significatifs de l\u2019univers planien. L\u2019itin\u00e9raire passe par le centre de la ville : la maison natale \u2013 dans [&hellip;]","og_url":"https:\/\/fundaciojoseppla.cat\/ruta-josep-pla\/","og_site_name":"Fundaci\u00f3 Josep Pla","article_publisher":"https:\/\/www.facebook.com\/FJosepPla\/","article_modified_time":"2026-04-09T17:40:00+00:00","og_image":[{"url":"https:\/\/fundaciojoseppla.cat\/wp-content\/uploads\/2017\/12\/Ruta_Josep_Pla.jpg","type":"","width":"","height":""}],"twitter_card":"summary_large_image","twitter_site":"@FJosepPla","twitter_misc":{"Dur\u00e9e de lecture estim\u00e9e":"3 minutes"},"schema":{"@context":"https:\/\/schema.org","@graph":[{"@type":"WebPage","@id":"https:\/\/fundaciojoseppla.cat\/ruta-josep-pla\/","url":"https:\/\/fundaciojoseppla.cat\/ruta-josep-pla\/","name":"Ruta Josep Pla - Fundaci\u00f3 Josep Pla","isPartOf":{"@id":"https:\/\/fundaciojoseppla.cat\/#website"},"primaryImageOfPage":{"@id":"https:\/\/fundaciojoseppla.cat\/ruta-josep-pla\/#primaryimage"},"image":{"@id":"https:\/\/fundaciojoseppla.cat\/ruta-josep-pla\/#primaryimage"},"thumbnailUrl":"https:\/\/fundaciojoseppla.cat\/wp-content\/uploads\/2017\/12\/Ruta_Josep_Pla.jpg","datePublished":"2018-02-08T18:21:27+00:00","dateModified":"2026-04-09T17:40:00+00:00","breadcrumb":{"@id":"https:\/\/fundaciojoseppla.cat\/ruta-josep-pla\/#breadcrumb"},"inLanguage":"fr-FR","potentialAction":[{"@type":"ReadAction","target":["https:\/\/fundaciojoseppla.cat\/ruta-josep-pla\/"]}]},{"@type":"ImageObject","inLanguage":"fr-FR","@id":"https:\/\/fundaciojoseppla.cat\/ruta-josep-pla\/#primaryimage","url":"https:\/\/fundaciojoseppla.cat\/wp-content\/uploads\/2017\/12\/Ruta_Josep_Pla.jpg","contentUrl":"https:\/\/fundaciojoseppla.cat\/wp-content\/uploads\/2017\/12\/Ruta_Josep_Pla.jpg"},{"@type":"BreadcrumbList","@id":"https:\/\/fundaciojoseppla.cat\/ruta-josep-pla\/#breadcrumb","itemListElement":[{"@type":"ListItem","position":1,"name":"Inici","item":"https:\/\/fundaciojoseppla.cat\/"},{"@type":"ListItem","position":2,"name":"Ruta Josep Pla"}]},{"@type":"WebSite","@id":"https:\/\/fundaciojoseppla.cat\/#website","url":"https:\/\/fundaciojoseppla.cat\/","name":"Fundaci\u00f3 Josep Pla","description":"Fundacio Josep Pla Palafrugell","publisher":{"@id":"https:\/\/fundaciojoseppla.cat\/#organization"},"potentialAction":[{"@type":"SearchAction","target":{"@type":"EntryPoint","urlTemplate":"https:\/\/fundaciojoseppla.cat\/?s={search_term_string}"},"query-input":{"@type":"PropertyValueSpecification","valueRequired":true,"valueName":"search_term_string"}}],"inLanguage":"fr-FR"},{"@type":"Organization","@id":"https:\/\/fundaciojoseppla.cat\/#organization","name":"Fundaci\u00f3 Josep Pla","url":"https:\/\/fundaciojoseppla.cat\/","logo":{"@type":"ImageObject","inLanguage":"fr-FR","@id":"https:\/\/fundaciojoseppla.cat\/#\/schema\/logo\/image\/","url":"https:\/\/fundaciojoseppla.cat\/wp-content\/uploads\/2018\/05\/negre-transparent-de-logo-vecto-FJP.png","contentUrl":"https:\/\/fundaciojoseppla.cat\/wp-content\/uploads\/2018\/05\/negre-transparent-de-logo-vecto-FJP.png","width":600,"height":233,"caption":"Fundaci\u00f3 Josep Pla"},"image":{"@id":"https:\/\/fundaciojoseppla.cat\/#\/schema\/logo\/image\/"},"sameAs":["https:\/\/www.facebook.com\/FJosepPla\/","https:\/\/x.com\/FJosepPla","http:\/\/pinterest.com\/fjoseppla\/","https:\/\/www.youtube.com\/user\/FJosepPla"]}]}},"publishpress_future_action":{"enabled":false,"date":"2026-05-05 19:16:16","action":"change-status","newStatus":"draft","terms":[],"taxonomy":"translation_priority","extraData":[]},"publishpress_future_workflow_manual_trigger":{"enabledWorkflows":[]},"_links":{"self":[{"href":"https:\/\/fundaciojoseppla.cat\/fr\/wp-json\/wp\/v2\/pages\/5822","targetHints":{"allow":["GET"]}}],"collection":[{"href":"https:\/\/fundaciojoseppla.cat\/fr\/wp-json\/wp\/v2\/pages"}],"about":[{"href":"https:\/\/fundaciojoseppla.cat\/fr\/wp-json\/wp\/v2\/types\/page"}],"author":[{"embeddable":true,"href":"https:\/\/fundaciojoseppla.cat\/fr\/wp-json\/wp\/v2\/users\/3"}],"replies":[{"embeddable":true,"href":"https:\/\/fundaciojoseppla.cat\/fr\/wp-json\/wp\/v2\/comments?post=5822"}],"version-history":[{"count":42,"href":"https:\/\/fundaciojoseppla.cat\/fr\/wp-json\/wp\/v2\/pages\/5822\/revisions"}],"predecessor-version":[{"id":47748,"href":"https:\/\/fundaciojoseppla.cat\/fr\/wp-json\/wp\/v2\/pages\/5822\/revisions\/47748"}],"wp:attachment":[{"href":"https:\/\/fundaciojoseppla.cat\/fr\/wp-json\/wp\/v2\/media?parent=5822"}],"curies":[{"name":"wp","href":"https:\/\/api.w.org\/{rel}","templated":true}]}}